{"id":1890,"date":"2019-07-03T19:19:08","date_gmt":"2019-07-03T19:19:08","guid":{"rendered":"https:\/\/aladresseducentreville.com\/hb_accommodation\/ardente-zimmer-fur-maximal-3-personen\/"},"modified":"2020-01-13T22:12:05","modified_gmt":"2020-01-13T22:12:05","slug":"ardente-zimmer-fur-maximal-3-personen","status":"publish","type":"hb_accommodation","link":"https:\/\/aladresseducentreville.com\/de\/hb_accommodation\/ardente-zimmer-fur-maximal-3-personen\/","title":{"rendered":"Ardente Zimmer f\u00fcr 3 Personen"},"content":{"rendered":"<p>[et_pb_section bb_built=&#8220;1&#8243; _builder_version=&#8220;3.0.47&#8243; inner_width=&#8220;auto&#8220; inner_max_width=&#8220;none&#8220;][et_pb_row _builder_version=&#8220;3.19.12&#8243; make_fullwidth=&#8220;on&#8220; use_custom_gutter=&#8220;on&#8220; custom_margin=&#8220;||0px|&#8220; custom_padding=&#8220;||0px|&#8220; padding_bottom_1=&#8220;0px&#8220; module_class=&#8220; et_pb_row_fullwidth et_pb_row_fullwidth&#8220; width=&#8220;89%&#8220; width_tablet=&#8220;80%&#8220; width_last_edited=&#8220;on|desktop&#8220; max_width=&#8220;89%&#8220; max_width_tablet=&#8220;80%&#8220; max_width_last_edited=&#8220;on|desktop&#8220;][et_pb_column type=&#8220;4_4&#8243;][et_pb_text admin_label=&#8220;NOM DE LA CHAMBRE &#8211; Ardente&#8220; _builder_version=&#8220;3.19.12&#8243; header_font=&#8220;|600|||||||&#8220; header_text_color=&#8220;#000000&#8243; text_text_color=&#8220;#000000&#8243; text_font_size=&#8220;18px&#8220; text_font_size_tablet=&#8220;16px&#8220; text_font_size_last_edited=&#8220;on|tablet&#8220;]<\/p>\n<h1>L&#8217;ARDENTE<\/h1>\n<p>&nbsp;<\/p>\n<p>L&#8217;Ardente ist ein 15,3 m\u00b2 gro\u00dfes Nichtrauchzimmer mit Gemeinschaftsbad. Es ist mit einem gro\u00dfen Doppelbett (Queen-Size), einem Einzelbett, einem kleinen Schreibtisch und einer verstellbaren Klimaanlage ausgestattet. Im Gemeinschaftsbad stehen Ihnen ein F\u00f6n und Hygieneprodukte zur Haar- und K\u00f6rperpflege zur Verf\u00fcgung. Eine schnelle Internetverbindung ist kostenlos verf\u00fcgbar. Im Preis pro Nacht ist f\u00fcr jede Person ein kulinarisches Fr\u00fchst\u00fcck enthalten.<\/p>\n<p>[\/et_pb_text][\/et_pb_column][\/et_pb_row][et_pb_row _builder_version=&#8220;3.19.12&#8243; module_alignment=&#8220;center&#8220; make_fullwidth=&#8220;on&#8220; use_custom_gutter=&#8220;on&#8220; module_class=&#8220; et_pb_row_fullwidth et_pb_row_fullwidth&#8220; width=&#8220;89%&#8220; width_tablet=&#8220;80%&#8220; width_last_edited=&#8220;on|desktop&#8220; max_width=&#8220;89%&#8220; max_width_tablet=&#8220;80%&#8220; max_width_last_edited=&#8220;on|desktop&#8220;][et_pb_column type=&#8220;1_6&#8243;][et_pb_image admin_label=&#8220;Image savons&#8220; _builder_version=&#8220;3.19.12&#8243; src=&#8220;https:\/\/aladresseducentreville.com\/wp-content\/uploads\/2019\/01\/savon-et-produits-pour-la-chambre.svg&#8220; align=&#8220;center&#8220; show_bottom_space=&#8220;off&#8220; custom_margin=&#8220;||0px|&#8220; custom_padding=&#8220;||0px|&#8220; max_width=&#8220;50%&#8220; module_alignment=&#8220;center&#8220; align_last_edited=&#8220;on|desktop&#8220; align_tablet=&#8220;center&#8220; \/][\/et_pb_column][et_pb_column type=&#8220;1_6&#8243;][et_pb_image admin_label=&#8220;Image climatiseur&#8220; _builder_version=&#8220;3.19.12&#8243; src=&#8220;https:\/\/aladresseducentreville.com\/wp-content\/uploads\/2019\/03\/air-conditioner.png&#8220; align=&#8220;center&#8220; show_bottom_space=&#8220;off&#8220; custom_margin=&#8220;||0px|&#8220; custom_padding=&#8220;||0px|&#8220; max_width=&#8220;50%&#8220; module_alignment=&#8220;center&#8220; alt=&#8220;Hotelzimmer mit Klimaanlage&#8220; align_last_edited=&#8220;on|desktop&#8220; align_tablet=&#8220;center&#8220; \/][\/et_pb_column][et_pb_column type=&#8220;1_6&#8243;][et_pb_image admin_label=&#8220;Image chambre sans fum\u00e9e&#8220; _builder_version=&#8220;3.19.12&#8243; src=&#8220;https:\/\/aladresseducentreville.com\/wp-content\/uploads\/2019\/01\/chambre-sans-fumee.png&#8220; align=&#8220;center&#8220; show_bottom_space=&#8220;off&#8220; custom_margin=&#8220;||0px|&#8220; custom_padding=&#8220;||0px|&#8220; max_width=&#8220;50%&#8220; module_alignment=&#8220;center&#8220; alt=&#8220;Nichtraucherzimmer&#8220; align_last_edited=&#8220;on|desktop&#8220; align_tablet=&#8220;center&#8220; \/][\/et_pb_column][et_pb_column type=&#8220;1_6&#8243;][et_pb_image admin_label=&#8220;Image wi-fi&#8220; _builder_version=&#8220;3.19.12&#8243; src=&#8220;https:\/\/aladresseducentreville.com\/wp-content\/uploads\/2019\/01\/internet-wi-fi-dans-la-chambre.png&#8220; align=&#8220;center&#8220; show_bottom_space=&#8220;off&#8220; custom_margin=&#8220;||0px|&#8220; custom_padding=&#8220;||0px|&#8220; max_width=&#8220;50%&#8220; module_alignment=&#8220;center&#8220; alt=&#8220;Hotelzimmer mit Wi-fi Internet&#8220; align_last_edited=&#8220;on|desktop&#8220; align_tablet=&#8220;center&#8220; \/][\/et_pb_column][et_pb_column type=&#8220;1_6&#8243;][et_pb_image admin_label=&#8220;Image s\u00e8che cheveux&#8220; _builder_version=&#8220;3.19.12&#8243; src=&#8220;https:\/\/aladresseducentreville.com\/wp-content\/uploads\/2019\/01\/seche-cheveux.png&#8220; align=&#8220;center&#8220; show_bottom_space=&#8220;off&#8220; custom_margin=&#8220;||0px|&#8220; custom_padding=&#8220;||0px|&#8220; max_width=&#8220;50%&#8220; module_alignment=&#8220;center&#8220; alt=&#8220;Hotelzimmer mit F\u00f6n&#8220; align_last_edited=&#8220;on|desktop&#8220; align_tablet=&#8220;center&#8220; \/][\/et_pb_column][et_pb_column type=&#8220;1_6&#8243;][et_pb_image admin_label=&#8220;Image petit d\u00e9jeuner&#8220; _builder_version=&#8220;3.19.12&#8243; src=&#8220;https:\/\/aladresseducentreville.com\/wp-content\/uploads\/2019\/01\/petit-dejeuner-inclus.png&#8220; align=&#8220;center&#8220; show_bottom_space=&#8220;off&#8220; custom_margin=&#8220;||0px|&#8220; custom_padding=&#8220;||0px|&#8220; max_width=&#8220;50%&#8220; module_alignment=&#8220;center&#8220; alt=&#8220;Hotelzimmer inklusive Fr\u00fchst\u00fcck&#8220; align_last_edited=&#8220;on|desktop&#8220; align_tablet=&#8220;center&#8220; \/][\/et_pb_column][\/et_pb_row][et_pb_row _builder_version=&#8220;3.19.12&#8243; background_size=&#8220;initial&#8220; background_position=&#8220;top_left&#8220; background_repeat=&#8220;repeat&#8220; make_fullwidth=&#8220;on&#8220; use_custom_gutter=&#8220;on&#8220; make_equal=&#8220;on&#8220; module_class=&#8220; et_pb_row_fullwidth et_pb_row_fullwidth&#8220; width=&#8220;89%&#8220; width_tablet=&#8220;80%&#8220; width_last_edited=&#8220;on|desktop&#8220; max_width=&#8220;89%&#8220; max_width_tablet=&#8220;80%&#8220; max_width_last_edited=&#8220;on|desktop&#8220;][et_pb_column type=&#8220;3_5&#8243;][et_pb_image admin_label=&#8220;Image principale&#8220; _builder_version=&#8220;3.19.12&#8243; src=&#8220;https:\/\/aladresseducentreville.com\/wp-content\/uploads\/2019\/01\/ardente-1000px.jpg&#8220; force_fullwidth=&#8220;on&#8220; show_bottom_space=&#8220;off&#8220; custom_margin=&#8220;||0px|&#8220; custom_padding=&#8220;||0px|&#8220; alt=&#8220;Zimmer Ardente der Pension&#8220; align_last_edited=&#8220;on|desktop&#8220; align_tablet=&#8220;center&#8220; \/][\/et_pb_column][et_pb_column type=&#8220;2_5&#8243;][et_pb_text admin_label=&#8220;hb Booking shortcodes &#8220; _builder_version=&#8220;3.19.12&#8243; background_size=&#8220;initial&#8220; background_position=&#8220;top_left&#8220; background_repeat=&#8220;repeat&#8220; custom_margin=&#8220;||0px|&#8220; custom_padding=&#8220;||0px|&#8220; disabled_on=&#8220;off|off|off&#8220; disabled=&#8220;off&#8220;]<\/p>\n<p>\nBitte beachten Sie, dass es mit unserem System nicht m\u00f6glich ist, f\u00fcr mehr als zwei Wochen zu reservieren. Daf\u00fcr m\u00fcssen Sie mit uns per E-Mail Kontakt aufnehmen. In diesem Fall verlangen wir eine nicht r\u00fcckzahlbare Vorauszahlung als Sicherheit.<\/p>\n<p><strong>Ankunft:<\/strong> zwischen 15 und 18\u00a0:00 Uhr<br \/>\n<strong>Abreise:<\/strong> bis 11:30 Uhr<br \/>\nZustellbetten stehen nicht zur Verf\u00fcgung.<br \/>\nHaustiere sind bei uns im Haus nicht zugelassen.<br \/>\nKinder sind bei uns herzlich Willkommen. F\u00fcr ein Kind unter 3 Jahren stellen wir Ihnen gerne unentgeltlich ein Kinderbett zur Verf\u00fcgung (1 pro Zimmer).<br \/>\nWir sprechen Franz\u00f6sisch, Englisch und Spanisch.<br \/>\n\u00d6ffentliche Parkpl\u00e4tze sind in der N\u00e4he f\u00fcr 14 $ CAD pro Tag verf\u00fcgbar (keine vorherige Reservierung).<br \/>\nKostenlose \u00f6ffentliche Parkpl\u00e4tze sind ebenfalls in der N\u00e4he verf\u00fcgbar (es gibt keine M\u00f6glichkeit diese zu reservieren)<\/p>\n\n<p>Wir akzeptieren folgende Kreditkarte:<\/p>\n<p><img decoding=\"async\" class=\"alignnone wp-image-1611\" src=\"https:\/\/aladresseducentreville.com\/wp-content\/uploads\/2019\/01\/visa-mastercard-interac.svg\" alt=\"\" width=\"250\" \/><\/p>\n<p>&nbsp;<\/p>\n<p>&nbsp;<\/p>\n<p>&nbsp;<\/p>\n<p>[\/et_pb_text][et_pb_button admin_label=&#8220;Bouton vers les chambres&#8220; _builder_version=&#8220;3.19.12&#8243; button_text=&#8220;Zur\u00fcck zu den anderen Zimmern&#8220; button_url=&#8220;https:\/\/aladresseducentreville.com\/de\/die-zimmer-unserer-pension\/&#8220; button_alignment=&#8220;center&#8220; custom_button=&#8220;on&#8220; button_text_color=&#8220;#002495&#8243; button_bg_color=&#8220;#ffffff&#8220; button_border_color=&#8220;#002495&#8243; button_icon=&#8220;%%27%%&#8220; button_icon_color=&#8220;#002495&#8243; button_icon_placement=&#8220;left&#8220; custom_padding=&#8220;20px|40px|20px|40px&#8220; button_on_hover=&#8220;off&#8220; custom_margin=&#8220;0px|||&#8220; \/][\/et_pb_column][\/et_pb_row][et_pb_row _builder_version=&#8220;3.19.12&#8243; make_fullwidth=&#8220;on&#8220; use_custom_gutter=&#8220;on&#8220; module_class=&#8220; et_pb_row_fullwidth et_pb_row_fullwidth&#8220; width=&#8220;89%&#8220; width_tablet=&#8220;80%&#8220; width_last_edited=&#8220;on|desktop&#8220; max_width=&#8220;89%&#8220; max_width_tablet=&#8220;80%&#8220; max_width_last_edited=&#8220;on|desktop&#8220;][et_pb_column type=&#8220;3_5&#8243;][et_pb_image admin_label=&#8220;Image secondaire 1&#8243; _builder_version=&#8220;3.19.12&#8243; src=&#8220;https:\/\/aladresseducentreville.com\/wp-content\/uploads\/2019\/01\/ardente-porte.jpg&#8220; alt=&#8220;Zimmer Ardente&#8220; align_last_edited=&#8220;on|desktop&#8220; align_tablet=&#8220;center&#8220; \/][\/et_pb_column][et_pb_column type=&#8220;2_5&#8243;][et_pb_image admin_label=&#8220;Image secondaire 2&#8243; _builder_version=&#8220;3.19.12&#8243; src=&#8220;https:\/\/aladresseducentreville.com\/wp-content\/uploads\/2019\/01\/ardente-verticale.jpg&#8220; alt=&#8220;Zimmer Ardente&#8220; align_last_edited=&#8220;on|desktop&#8220; align_tablet=&#8220;center&#8220; \/][\/et_pb_column][\/et_pb_row][et_pb_row _builder_version=&#8220;3.19.12&#8243; make_fullwidth=&#8220;on&#8220; use_custom_gutter=&#8220;on&#8220; module_class=&#8220; et_pb_row_fullwidth et_pb_row_fullwidth&#8220; width=&#8220;89%&#8220; width_tablet=&#8220;80%&#8220; width_last_edited=&#8220;on|desktop&#8220; max_width=&#8220;89%&#8220; max_width_tablet=&#8220;80%&#8220; max_width_last_edited=&#8220;on|desktop&#8220;][et_pb_column type=&#8220;4_4&#8243;][et_pb_text admin_label=&#8220;Texte \u00e0 proximit\u00e9 du gite&#8220; _builder_version=&#8220;3.19.12&#8243; header_font=&#8220;|600||on|||||&#8220; header_text_color=&#8220;#000000&#8243;]<\/p>\n<p>\nAktivit\u00e4ten in der N\u00e4he der Pension&#8230;<\/p>\n<p>[\/et_pb_text][\/et_pb_column][\/et_pb_row][et_pb_row _builder_version=&#8220;3.19.12&#8243; make_fullwidth=&#8220;on&#8220; use_custom_gutter=&#8220;on&#8220; gutter_width=&#8220;1&#8243; module_class=&#8220;ds-carousel et_pb_row_fullwidth et_pb_row_fullwidth et_pb_row_fullwidth et_pb_row_fullwidth et_pb_row_fullwidth et_pb_row_fullwidth et_pb_row_fullwidth&#8220; width=&#8220;100%&#8220; width_tablet=&#8220;100%&#8220; width_last_edited=&#8220;on|desktop&#8220; max_width=&#8220;100%&#8220; max_width_tablet=&#8220;100%&#8220; max_width_last_edited=&#8220;on|desktop&#8220;][et_pb_column type=&#8220;4_4&#8243;][et_pb_image admin_label=&#8220;Image place des arts avec lien&#8220; _builder_version=&#8220;3.19.12&#8243; src=&#8220;https:\/\/aladresseducentreville.com\/wp-content\/uploads\/2019\/01\/logo-place-des-arts-de-montreal.jpeg&#8220; align=&#8220;center&#8220; custom_margin=&#8220;||0px|&#8220; custom_padding=&#8220;0px|30px|0px|30px&#8220; module_alignment=&#8220;center&#8220; url=&#8220;https:\/\/placedesarts.com\/fr&#8220; url_new_window=&#8220;on&#8220; alt=&#8220;Place des arts de Montr\u00e9al&#8220; max_width=&#8220;54%&#8220; align_last_edited=&#8220;on|desktop&#8220; align_tablet=&#8220;center&#8220; \/][et_pb_image admin_label=&#8220;Image basilique&#8220; _builder_version=&#8220;3.19.12&#8243; src=&#8220;https:\/\/aladresseducentreville.com\/wp-content\/uploads\/2019\/03\/basilique-notre-dame-de-montreal.png&#8220; align=&#8220;center&#8220; custom_margin=&#8220;||0px|&#8220; custom_padding=&#8220;0px|30px|0px|30px&#8220; module_alignment=&#8220;center&#8220; alt=&#8220;Basilique Notre Dame de Montr\u00e9al&#8220; url=&#8220;https:\/\/www.basiliquenotredame.com\/fr\/&#8220; url_new_window=&#8220;on&#8220; align_last_edited=&#8220;on|desktop&#8220; align_tablet=&#8220;center&#8220; \/][et_pb_image admin_label=&#8220;Image Centre eaton&#8220; _builder_version=&#8220;3.19.12&#8243; src=&#8220;https:\/\/aladresseducentreville.com\/wp-content\/uploads\/2019\/01\/logo-centre-eaton-de-montreal.jpg&#8220; align=&#8220;center&#8220; custom_margin=&#8220;||0px|&#8220; custom_padding=&#8220;0px|30px|0px|30px&#8220; module_alignment=&#8220;center&#8220; alt=&#8220;Centre Eaton de Montr\u00e9al&#8220; url=&#8220;https:\/\/www.centreeatondemontreal.com\/fr\/&#8220; url_new_window=&#8220;on&#8220; max_width=&#8220;80%&#8220; align_last_edited=&#8220;on|desktop&#8220; align_tablet=&#8220;center&#8220; \/][et_pb_image admin_label=&#8220;Image MTL en lumi\u00e8re&#8220; _builder_version=&#8220;3.19.12&#8243; src=&#8220;https:\/\/aladresseducentreville.com\/wp-content\/uploads\/2019\/01\/montreal_en_lumiere-logo.jpg&#8220; align=&#8220;center&#8220; custom_margin=&#8220;||0px|&#8220; custom_padding=&#8220;0px|30px|0px|30px&#8220; module_alignment=&#8220;center&#8220; alt=&#8220;Festival Montr\u00e9al en Lumi\u00e8re&#8220; url=&#8220;https:\/\/www.montrealenlumiere.com\/&#8220; url_new_window=&#8220;on&#8220; align_last_edited=&#8220;on|desktop&#8220; align_tablet=&#8220;center&#8220; \/][et_pb_image admin_label=&#8220;Image festival de jazz &#8220; _builder_version=&#8220;3.19.12&#8243; src=&#8220;https:\/\/aladresseducentreville.com\/wp-content\/uploads\/2019\/01\/festival-de-jazz-de-montreal.png&#8220; align=&#8220;center&#8220; custom_margin=&#8220;||0px|&#8220; custom_padding=&#8220;0px|30px|0px|30px&#8220; module_alignment=&#8220;center&#8220; alt=&#8220;Festival de jazz de Montr\u00e9al&#8220; url=&#8220;https:\/\/www.montrealjazzfest.com\/&#8220; url_new_window=&#8220;on&#8220; max_width=&#8220;55%&#8220; align_last_edited=&#8220;on|desktop&#8220; align_tablet=&#8220;center&#8220; \/][et_pb_image admin_label=&#8220;Image vieux port &#8220; _builder_version=&#8220;3.19.12&#8243; src=&#8220;https:\/\/aladresseducentreville.com\/wp-content\/uploads\/2019\/01\/logo-vieux-port-de-montreal.png&#8220; align=&#8220;center&#8220; custom_margin=&#8220;||0px|&#8220; custom_padding=&#8220;0px|30px|0px|30px&#8220; module_alignment=&#8220;center&#8220; alt=&#8220;Der alte Hafen von Montreal&#8220; url=&#8220;https:\/\/www.societeduvieuxport.com\/la-societe-du-vieux-port&#8220; url_new_window=&#8220;on&#8220; align_last_edited=&#8220;on|desktop&#8220; align_tablet=&#8220;center&#8220; \/][et_pb_image admin_label=&#8220;Image quartier latin&#8220; _builder_version=&#8220;3.19.12&#8243; src=&#8220;https:\/\/aladresseducentreville.com\/wp-content\/uploads\/2019\/01\/logo-quartier-latin-de-montreal.png&#8220; align=&#8220;center&#8220; custom_margin=&#8220;||0px|&#8220; custom_padding=&#8220;0px|30px|0px|30px&#8220; module_alignment=&#8220;center&#8220; alt=&#8220;Quartier latin de Montr\u00e9al&#8220; url=&#8220;http:\/\/www.quartierlatin.com\/fr\/&#8220; url_new_window=&#8220;on&#8220; max_width=&#8220;85%&#8220; align_last_edited=&#8220;on|desktop&#8220; align_tablet=&#8220;center&#8220; \/][et_pb_image admin_label=&#8220;Image quartier des spectacles&#8220; _builder_version=&#8220;3.19.12&#8243; src=&#8220;https:\/\/aladresseducentreville.com\/wp-content\/uploads\/2019\/01\/logo-quartier-des-spectacles.png&#8220; align=&#8220;center&#8220; custom_margin=&#8220;||0px|&#8220; custom_padding=&#8220;0px|30px|0px|30px&#8220; module_alignment=&#8220;center&#8220; alt=&#8220;Quartier des spectacles de Montr\u00e9al&#8220; url=&#8220;https:\/\/www.quartierdesspectacles.com\/fr\/&#8220; url_new_window=&#8220;on&#8220; align_last_edited=&#8220;on|desktop&#8220; align_tablet=&#8220;center&#8220; \/][et_pb_image admin_label=&#8220;Image place des arts avec lien&#8220; _builder_version=&#8220;3.19.12&#8243; src=&#8220;https:\/\/aladresseducentreville.com\/wp-content\/uploads\/2019\/01\/logo-place-des-arts-de-montreal.jpeg&#8220; align=&#8220;center&#8220; custom_margin=&#8220;||0px|&#8220; custom_padding=&#8220;0px|30px|0px|30px&#8220; module_alignment=&#8220;center&#8220; url=&#8220;https:\/\/placedesarts.com\/fr&#8220; url_new_window=&#8220;on&#8220; alt=&#8220;Place des arts de Montr\u00e9al&#8220; max_width=&#8220;55%&#8220; align_last_edited=&#8220;on|desktop&#8220; align_tablet=&#8220;center&#8220; \/][et_pb_image admin_label=&#8220;Image basilique&#8220; _builder_version=&#8220;3.19.12&#8243; src=&#8220;https:\/\/aladresseducentreville.com\/wp-content\/uploads\/2019\/03\/basilique-notre-dame-de-montreal.png&#8220; align=&#8220;center&#8220; custom_margin=&#8220;||0px|&#8220; custom_padding=&#8220;0px|30px|0px|30px&#8220; module_alignment=&#8220;center&#8220; alt=&#8220;Basilique Notre Dame de Montr\u00e9al&#8220; url=&#8220;https:\/\/www.basiliquenotredame.com\/fr\/&#8220; url_new_window=&#8220;on&#8220; align_last_edited=&#8220;on|desktop&#8220; align_tablet=&#8220;center&#8220; \/][et_pb_image admin_label=&#8220;Image Centre eaton&#8220; _builder_version=&#8220;3.19.12&#8243; src=&#8220;https:\/\/aladresseducentreville.com\/wp-content\/uploads\/2019\/01\/logo-centre-eaton-de-montreal.jpg&#8220; align=&#8220;center&#8220; custom_margin=&#8220;||0px|&#8220; custom_padding=&#8220;0px|30px|0px|30px&#8220; module_alignment=&#8220;center&#8220; alt=&#8220;Centre Eaton de Montr\u00e9al&#8220; url=&#8220;https:\/\/www.centreeatondemontreal.com\/fr\/&#8220; url_new_window=&#8220;on&#8220; max_width=&#8220;80%&#8220; align_last_edited=&#8220;on|desktop&#8220; align_tablet=&#8220;center&#8220; \/][et_pb_image admin_label=&#8220;Image MTL en lumi\u00e8re&#8220; _builder_version=&#8220;3.19.12&#8243; src=&#8220;https:\/\/aladresseducentreville.com\/wp-content\/uploads\/2019\/01\/montreal_en_lumiere-logo.jpg&#8220; align=&#8220;center&#8220; custom_margin=&#8220;||0px|&#8220; custom_padding=&#8220;0px|30px|0px|30px&#8220; module_alignment=&#8220;center&#8220; alt=&#8220;Festival Montr\u00e9al en Lumi\u00e8re&#8220; url=&#8220;https:\/\/www.montrealenlumiere.com\/&#8220; url_new_window=&#8220;on&#8220; align_last_edited=&#8220;on|desktop&#8220; align_tablet=&#8220;center&#8220; \/][et_pb_image admin_label=&#8220;Image festival de jazz &#8220; _builder_version=&#8220;3.19.12&#8243; src=&#8220;https:\/\/aladresseducentreville.com\/wp-content\/uploads\/2019\/01\/festival-de-jazz-de-montreal.png&#8220; align=&#8220;center&#8220; custom_margin=&#8220;||0px|&#8220; custom_padding=&#8220;0px|30px|0px|30px&#8220; module_alignment=&#8220;center&#8220; alt=&#8220;Festival de jazz de Montr\u00e9al&#8220; url=&#8220;https:\/\/www.montrealjazzfest.com\/&#8220; url_new_window=&#8220;on&#8220; max_width=&#8220;55%&#8220; align_last_edited=&#8220;on|desktop&#8220; align_tablet=&#8220;center&#8220; \/][et_pb_image admin_label=&#8220;Image vieux port &#8220; _builder_version=&#8220;3.19.12&#8243; src=&#8220;https:\/\/aladresseducentreville.com\/wp-content\/uploads\/2019\/01\/logo-vieux-port-de-montreal.png&#8220; align=&#8220;center&#8220; custom_margin=&#8220;||0px|&#8220; custom_padding=&#8220;0px|30px|0px|30px&#8220; module_alignment=&#8220;center&#8220; alt=&#8220;Der alte Hafen von Montreal&#8220; url=&#8220;https:\/\/www.societeduvieuxport.com\/la-societe-du-vieux-port&#8220; url_new_window=&#8220;on&#8220; align_last_edited=&#8220;on|desktop&#8220; align_tablet=&#8220;center&#8220; \/][et_pb_image admin_label=&#8220;Image quartier latin&#8220; _builder_version=&#8220;3.19.12&#8243; src=&#8220;https:\/\/aladresseducentreville.com\/wp-content\/uploads\/2019\/01\/logo-quartier-latin-de-montreal.png&#8220; align=&#8220;center&#8220; custom_margin=&#8220;||0px|&#8220; custom_padding=&#8220;0px|30px|0px|30px&#8220; module_alignment=&#8220;center&#8220; alt=&#8220;Quartier latin de Montr\u00e9al&#8220; url=&#8220;http:\/\/www.quartierlatin.com\/fr\/&#8220; url_new_window=&#8220;on&#8220; max_width=&#8220;85%&#8220; align_last_edited=&#8220;on|desktop&#8220; align_tablet=&#8220;center&#8220; \/][et_pb_image admin_label=&#8220;Image quartier des spectacles&#8220; _builder_version=&#8220;3.19.12&#8243; src=&#8220;https:\/\/aladresseducentreville.com\/wp-content\/uploads\/2019\/01\/logo-quartier-des-spectacles.png&#8220; align=&#8220;center&#8220; custom_margin=&#8220;||0px|&#8220; custom_padding=&#8220;0px|30px|0px|30px&#8220; module_alignment=&#8220;center&#8220; alt=&#8220;Quartier des spectacles de Montr\u00e9al&#8220; url=&#8220;https:\/\/www.quartierdesspectacles.com\/fr\/&#8220; url_new_window=&#8220;on&#8220; align_last_edited=&#8220;on|desktop&#8220; align_tablet=&#8220;center&#8220; \/][\/et_pb_column][\/et_pb_row][\/et_pb_section]<\/p>\n","protected":false},"featured_media":0,"template":"","meta":{"_et_pb_use_builder":"on","_et_pb_old_content":"","_et_gb_content_width":"","inline_featured_image":false},"class_list":["post-1890","hb_accommodation","type-hb_accommodation","status-publish","hentry"],"yoast_head":"<!-- This site is optimized with the Yoast SEO plugin v27.5 - https:\/\/yoast.com\/product\/yoast-seo-wordpress\/ -->\n<title>Ardente Zimmer f\u00fcr 3 Personen | G\u00eete Adresse du Centre-ville<\/title>\n<meta name=\"robots\" content=\"index, follow, max-snippet:-1, max-image-preview:large, max-video-preview:-1\" \/>\n<link rel=\"canonical\" href=\"https:\/\/aladresseducentreville.com\/de\/hb_accommodation\/ardente-zimmer-fur-maximal-3-personen\/\" \/>\n<meta property=\"og:locale\" content=\"de_DE\" \/>\n<meta property=\"og:type\" content=\"article\" \/>\n<meta property=\"og:title\" content=\"Ardente Zimmer f\u00fcr 3 Personen | G\u00eete Adresse du Centre-ville\" \/>\n<meta property=\"og:description\" content=\"L&#039;ARDENTE &nbsp; L&#039;Ardente ist ein 15,3 m\u00b2 gro\u00dfes Nichtrauchzimmer mit Gemeinschaftsbad. Es ist mit einem gro\u00dfen Doppelbett (Queen-Size), einem Einzelbett, einem kleinen Schreibtisch und einer verstellbaren Klimaanlage ausgestattet. Im Gemeinschaftsbad stehen Ihnen ein F\u00f6n und Hygieneprodukte zur Haar- und K\u00f6rperpflege zur Verf\u00fcgung. Eine schnelle Internetverbindung ist kostenlos verf\u00fcgbar. Im Preis pro Nacht ist f\u00fcr jede [&hellip;]\" \/>\n<meta property=\"og:url\" content=\"https:\/\/aladresseducentreville.com\/de\/hb_accommodation\/ardente-zimmer-fur-maximal-3-personen\/\" \/>\n<meta property=\"og:site_name\" content=\"G\u00eete Adresse du Centre-ville\" \/>\n<meta property=\"article:modified_time\" content=\"2020-01-13T22:12:05+00:00\" \/>\n<meta property=\"og:image\" content=\"https:\/\/aladresseducentreville.com\/wp-content\/uploads\/2019\/01\/visa-mastercard-interac.svg\" \/>\n<meta name=\"twitter:card\" content=\"summary_large_image\" \/>\n<meta name=\"twitter:label1\" content=\"Gesch\u00e4tzte Lesezeit\" \/>\n\t<meta name=\"twitter:data1\" content=\"11\u00a0Minuten\" \/>\n<script type=\"application\/ld+json\" class=\"yoast-schema-graph\">{\"@context\":\"https:\\\/\\\/schema.org\",\"@graph\":[{\"@type\":\"WebPage\",\"@id\":\"https:\\\/\\\/aladresseducentreville.com\\\/de\\\/hb_accommodation\\\/ardente-zimmer-fur-maximal-3-personen\\\/\",\"url\":\"https:\\\/\\\/aladresseducentreville.com\\\/de\\\/hb_accommodation\\\/ardente-zimmer-fur-maximal-3-personen\\\/\",\"name\":\"Ardente Zimmer f\u00fcr 3 Personen | G\u00eete Adresse du Centre-ville\",\"isPartOf\":{\"@id\":\"https:\\\/\\\/aladresseducentreville.com\\\/de\\\/#website\"},\"primaryImageOfPage\":{\"@id\":\"https:\\\/\\\/aladresseducentreville.com\\\/de\\\/hb_accommodation\\\/ardente-zimmer-fur-maximal-3-personen\\\/#primaryimage\"},\"image\":{\"@id\":\"https:\\\/\\\/aladresseducentreville.com\\\/de\\\/hb_accommodation\\\/ardente-zimmer-fur-maximal-3-personen\\\/#primaryimage\"},\"thumbnailUrl\":\"https:\\\/\\\/aladresseducentreville.com\\\/wp-content\\\/uploads\\\/2019\\\/01\\\/visa-mastercard-interac.svg\",\"datePublished\":\"2019-07-03T19:19:08+00:00\",\"dateModified\":\"2020-01-13T22:12:05+00:00\",\"breadcrumb\":{\"@id\":\"https:\\\/\\\/aladresseducentreville.com\\\/de\\\/hb_accommodation\\\/ardente-zimmer-fur-maximal-3-personen\\\/#breadcrumb\"},\"inLanguage\":\"de\",\"potentialAction\":[{\"@type\":\"ReadAction\",\"target\":[\"https:\\\/\\\/aladresseducentreville.com\\\/de\\\/hb_accommodation\\\/ardente-zimmer-fur-maximal-3-personen\\\/\"]}]},{\"@type\":\"ImageObject\",\"inLanguage\":\"de\",\"@id\":\"https:\\\/\\\/aladresseducentreville.com\\\/de\\\/hb_accommodation\\\/ardente-zimmer-fur-maximal-3-personen\\\/#primaryimage\",\"url\":\"https:\\\/\\\/aladresseducentreville.com\\\/wp-content\\\/uploads\\\/2019\\\/01\\\/visa-mastercard-interac.svg\",\"contentUrl\":\"https:\\\/\\\/aladresseducentreville.com\\\/wp-content\\\/uploads\\\/2019\\\/01\\\/visa-mastercard-interac.svg\"},{\"@type\":\"BreadcrumbList\",\"@id\":\"https:\\\/\\\/aladresseducentreville.com\\\/de\\\/hb_accommodation\\\/ardente-zimmer-fur-maximal-3-personen\\\/#breadcrumb\",\"itemListElement\":[{\"@type\":\"ListItem\",\"position\":1,\"name\":\"Home\",\"item\":\"https:\\\/\\\/aladresseducentreville.com\\\/de\\\/\"},{\"@type\":\"ListItem\",\"position\":2,\"name\":\"Unterkunft\",\"item\":\"https:\\\/\\\/aladresseducentreville.com\\\/de\\\/hb_accommodation\\\/\"},{\"@type\":\"ListItem\",\"position\":3,\"name\":\"Ardente Zimmer f\u00fcr 3 Personen\"}]},{\"@type\":\"WebSite\",\"@id\":\"https:\\\/\\\/aladresseducentreville.com\\\/de\\\/#website\",\"url\":\"https:\\\/\\\/aladresseducentreville.com\\\/de\\\/\",\"name\":\"\u00c0 l'adresse du Centre-ville\",\"description\":\"Charmant G\u00eete B&amp;B situ\u00e9 \u00e0 Montr\u00e9al\",\"publisher\":{\"@id\":\"https:\\\/\\\/aladresseducentreville.com\\\/de\\\/#organization\"},\"potentialAction\":[{\"@type\":\"SearchAction\",\"target\":{\"@type\":\"EntryPoint\",\"urlTemplate\":\"https:\\\/\\\/aladresseducentreville.com\\\/de\\\/?s={search_term_string}\"},\"query-input\":{\"@type\":\"PropertyValueSpecification\",\"valueRequired\":true,\"valueName\":\"search_term_string\"}}],\"inLanguage\":\"de\"},{\"@type\":\"Organization\",\"@id\":\"https:\\\/\\\/aladresseducentreville.com\\\/de\\\/#organization\",\"name\":\"\u00c0 l'adresse du Centre-Ville\",\"url\":\"https:\\\/\\\/aladresseducentreville.com\\\/de\\\/\",\"logo\":{\"@type\":\"ImageObject\",\"inLanguage\":\"de\",\"@id\":\"https:\\\/\\\/aladresseducentreville.com\\\/de\\\/#\\\/schema\\\/logo\\\/image\\\/\",\"url\":\"https:\\\/\\\/aladresseducentreville.com\\\/wp-content\\\/uploads\\\/2019\\\/01\\\/logo-final-2.svg\",\"contentUrl\":\"https:\\\/\\\/aladresseducentreville.com\\\/wp-content\\\/uploads\\\/2019\\\/01\\\/logo-final-2.svg\",\"width\":1,\"height\":1,\"caption\":\"\u00c0 l'adresse du Centre-Ville\"},\"image\":{\"@id\":\"https:\\\/\\\/aladresseducentreville.com\\\/de\\\/#\\\/schema\\\/logo\\\/image\\\/\"}}]}<\/script>\n<!-- \/ Yoast SEO plugin. -->","yoast_head_json":{"title":"Ardente Zimmer f\u00fcr 3 Personen | G\u00eete Adresse du Centre-ville","robots":{"index":"index","follow":"follow","max-snippet":"max-snippet:-1","max-image-preview":"max-image-preview:large","max-video-preview":"max-video-preview:-1"},"canonical":"https:\/\/aladresseducentreville.com\/de\/hb_accommodation\/ardente-zimmer-fur-maximal-3-personen\/","og_locale":"de_DE","og_type":"article","og_title":"Ardente Zimmer f\u00fcr 3 Personen | G\u00eete Adresse du Centre-ville","og_description":"L'ARDENTE &nbsp; L'Ardente ist ein 15,3 m\u00b2 gro\u00dfes Nichtrauchzimmer mit Gemeinschaftsbad. Es ist mit einem gro\u00dfen Doppelbett (Queen-Size), einem Einzelbett, einem kleinen Schreibtisch und einer verstellbaren Klimaanlage ausgestattet. Im Gemeinschaftsbad stehen Ihnen ein F\u00f6n und Hygieneprodukte zur Haar- und K\u00f6rperpflege zur Verf\u00fcgung. Eine schnelle Internetverbindung ist kostenlos verf\u00fcgbar. Im Preis pro Nacht ist f\u00fcr jede [&hellip;]","og_url":"https:\/\/aladresseducentreville.com\/de\/hb_accommodation\/ardente-zimmer-fur-maximal-3-personen\/","og_site_name":"G\u00eete Adresse du Centre-ville","article_modified_time":"2020-01-13T22:12:05+00:00","og_image":[{"url":"https:\/\/aladresseducentreville.com\/wp-content\/uploads\/2019\/01\/visa-mastercard-interac.svg","type":"","width":"","height":""}],"twitter_card":"summary_large_image","twitter_misc":{"Gesch\u00e4tzte Lesezeit":"11\u00a0Minuten"},"schema":{"@context":"https:\/\/schema.org","@graph":[{"@type":"WebPage","@id":"https:\/\/aladresseducentreville.com\/de\/hb_accommodation\/ardente-zimmer-fur-maximal-3-personen\/","url":"https:\/\/aladresseducentreville.com\/de\/hb_accommodation\/ardente-zimmer-fur-maximal-3-personen\/","name":"Ardente Zimmer f\u00fcr 3 Personen | G\u00eete Adresse du Centre-ville","isPartOf":{"@id":"https:\/\/aladresseducentreville.com\/de\/#website"},"primaryImageOfPage":{"@id":"https:\/\/aladresseducentreville.com\/de\/hb_accommodation\/ardente-zimmer-fur-maximal-3-personen\/#primaryimage"},"image":{"@id":"https:\/\/aladresseducentreville.com\/de\/hb_accommodation\/ardente-zimmer-fur-maximal-3-personen\/#primaryimage"},"thumbnailUrl":"https:\/\/aladresseducentreville.com\/wp-content\/uploads\/2019\/01\/visa-mastercard-interac.svg","datePublished":"2019-07-03T19:19:08+00:00","dateModified":"2020-01-13T22:12:05+00:00","breadcrumb":{"@id":"https:\/\/aladresseducentreville.com\/de\/hb_accommodation\/ardente-zimmer-fur-maximal-3-personen\/#breadcrumb"},"inLanguage":"de","potentialAction":[{"@type":"ReadAction","target":["https:\/\/aladresseducentreville.com\/de\/hb_accommodation\/ardente-zimmer-fur-maximal-3-personen\/"]}]},{"@type":"ImageObject","inLanguage":"de","@id":"https:\/\/aladresseducentreville.com\/de\/hb_accommodation\/ardente-zimmer-fur-maximal-3-personen\/#primaryimage","url":"https:\/\/aladresseducentreville.com\/wp-content\/uploads\/2019\/01\/visa-mastercard-interac.svg","contentUrl":"https:\/\/aladresseducentreville.com\/wp-content\/uploads\/2019\/01\/visa-mastercard-interac.svg"},{"@type":"BreadcrumbList","@id":"https:\/\/aladresseducentreville.com\/de\/hb_accommodation\/ardente-zimmer-fur-maximal-3-personen\/#breadcrumb","itemListElement":[{"@type":"ListItem","position":1,"name":"Home","item":"https:\/\/aladresseducentreville.com\/de\/"},{"@type":"ListItem","position":2,"name":"Unterkunft","item":"https:\/\/aladresseducentreville.com\/de\/hb_accommodation\/"},{"@type":"ListItem","position":3,"name":"Ardente Zimmer f\u00fcr 3 Personen"}]},{"@type":"WebSite","@id":"https:\/\/aladresseducentreville.com\/de\/#website","url":"https:\/\/aladresseducentreville.com\/de\/","name":"\u00c0 l'adresse du Centre-ville","description":"Charmant G\u00eete B&amp;B situ\u00e9 \u00e0 Montr\u00e9al","publisher":{"@id":"https:\/\/aladresseducentreville.com\/de\/#organization"},"potentialAction":[{"@type":"SearchAction","target":{"@type":"EntryPoint","urlTemplate":"https:\/\/aladresseducentreville.com\/de\/?s={search_term_string}"},"query-input":{"@type":"PropertyValueSpecification","valueRequired":true,"valueName":"search_term_string"}}],"inLanguage":"de"},{"@type":"Organization","@id":"https:\/\/aladresseducentreville.com\/de\/#organization","name":"\u00c0 l'adresse du Centre-Ville","url":"https:\/\/aladresseducentreville.com\/de\/","logo":{"@type":"ImageObject","inLanguage":"de","@id":"https:\/\/aladresseducentreville.com\/de\/#\/schema\/logo\/image\/","url":"https:\/\/aladresseducentreville.com\/wp-content\/uploads\/2019\/01\/logo-final-2.svg","contentUrl":"https:\/\/aladresseducentreville.com\/wp-content\/uploads\/2019\/01\/logo-final-2.svg","width":1,"height":1,"caption":"\u00c0 l'adresse du Centre-Ville"},"image":{"@id":"https:\/\/aladresseducentreville.com\/de\/#\/schema\/logo\/image\/"}}]}},"_links":{"self":[{"href":"https:\/\/aladresseducentreville.com\/de\/wp-json\/wp\/v2\/hb_accommodation\/1890","targetHints":{"allow":["GET"]}}],"collection":[{"href":"https:\/\/aladresseducentreville.com\/de\/wp-json\/wp\/v2\/hb_accommodation"}],"about":[{"href":"https:\/\/aladresseducentreville.com\/de\/wp-json\/wp\/v2\/types\/hb_accommodation"}],"version-history":[{"count":0,"href":"https:\/\/aladresseducentreville.com\/de\/wp-json\/wp\/v2\/hb_accommodation\/1890\/revisions"}],"wp:attachment":[{"href":"https:\/\/aladresseducentreville.com\/de\/wp-json\/wp\/v2\/media?parent=1890"}],"curies":[{"name":"wp","href":"https:\/\/api.w.org\/{rel}","templated":true}]}}