{"id":1944,"date":"2019-07-03T21:05:10","date_gmt":"2019-07-03T21:05:10","guid":{"rendered":"https:\/\/aladresseducentreville.com\/hb_accommodation\/rustique-zimmer-fur-4-personen\/"},"modified":"2025-04-01T16:32:36","modified_gmt":"2025-04-01T16:32:36","slug":"rustique-zimmer-fur-4-personen","status":"publish","type":"hb_accommodation","link":"https:\/\/aladresseducentreville.com\/de\/hb_accommodation\/rustique-zimmer-fur-4-personen\/","title":{"rendered":"Rustique Zimmer f\u00fcr 2 Personen"},"content":{"rendered":"<p>[et_pb_section fb_built=&#8220;1&#8243; _builder_version=&#8220;4.16&#8243; global_colors_info=&#8220;{}&#8220;][et_pb_row use_custom_gutter=&#8220;on&#8220; module_class=&#8220; et_pb_row_fullwidth et_pb_row_fullwidth&#8220; _builder_version=&#8220;4.16&#8243; width=&#8220;89%&#8220; width_tablet=&#8220;80%&#8220; width_phone=&#8220;&#8220; width_last_edited=&#8220;on|desktop&#8220; max_width=&#8220;89%&#8220; max_width_tablet=&#8220;80%&#8220; max_width_phone=&#8220;&#8220; max_width_last_edited=&#8220;on|desktop&#8220; custom_margin=&#8220;||0px|&#8220; custom_padding=&#8220;||0px|&#8220; make_fullwidth=&#8220;on&#8220; global_colors_info=&#8220;{}&#8220;][et_pb_column type=&#8220;4_4&#8243; _builder_version=&#8220;4.16&#8243; custom_padding=&#8220;||0px|&#8220; global_colors_info=&#8220;{}&#8220; custom_padding__hover=&#8220;|||&#8220;][et_pb_text admin_label=&#8220;NOM DE LA CHAMBRE &#8211; voyageuse&#8220; _builder_version=&#8220;4.16&#8243; text_text_color=&#8220;#000000&#8243; text_font_size=&#8220;18px&#8220; header_font=&#8220;|600|||||||&#8220; header_text_color=&#8220;#000000&#8243; text_font_size_tablet=&#8220;16px&#8220; text_font_size_phone=&#8220;&#8220; text_font_size_last_edited=&#8220;on|tablet&#8220; global_colors_info=&#8220;{}&#8220;]<\/p>\n<h1>LA RUSTIQUE<\/h1>\n<p><\/p>\n<p>La <strong>Rustique<\/strong> ist ein 17,7 m\u00b2 gro\u00dfes Nichtrauchzimmer mit privatem Badezimmer. Es ist mit einem gro\u00dfen Doppelbett (Queen-Size), einem Doppelbett, einem kleinen Schreibtisch, einem Fernseher und einer verstellbaren Klimaanlage ausgestattet. Im Badezimmer stehen Ihnen ein F\u00f6n und Hygieneprodukte zur Haar- und K\u00f6rperpflege zur Verf\u00fcgung. Eine schnelle Internetverbindung ist kostenlos verf\u00fcgbar. Im Preis pro Nacht ist f\u00fcr jede Person ein kulinarisches Fr\u00fchst\u00fcck enthalten.<\/p>\n<p>[\/et_pb_text][\/et_pb_column][\/et_pb_row][et_pb_row use_custom_gutter=&#8220;on&#8220; module_class=&#8220; et_pb_row_fullwidth et_pb_row_fullwidth&#8220; _builder_version=&#8220;4.16&#8243; width=&#8220;89%&#8220; width_tablet=&#8220;80%&#8220; width_phone=&#8220;&#8220; width_last_edited=&#8220;on|desktop&#8220; max_width=&#8220;89%&#8220; max_width_tablet=&#8220;80%&#8220; max_width_phone=&#8220;&#8220; max_width_last_edited=&#8220;on|desktop&#8220; module_alignment=&#8220;center&#8220; make_fullwidth=&#8220;on&#8220; global_colors_info=&#8220;{}&#8220; column_structure=&#8220;1_6,1_6,1_6,1_6,1_6,1_6&#8243;][et_pb_column type=&#8220;1_6&#8243; _builder_version=&#8220;4.16&#8243; custom_padding=&#8220;|||&#8220; global_colors_info=&#8220;{}&#8220; custom_padding__hover=&#8220;|||&#8220;][et_pb_image src=&#8220;https:\/\/aladresseducentreville.com\/wp-content\/uploads\/2019\/01\/savon-et-produits-pour-la-chambre.svg&#8220; show_bottom_space=&#8220;off&#8220; align=&#8220;center&#8220; align_tablet=&#8220;center&#8220; align_phone=&#8220;&#8220; align_last_edited=&#8220;on|desktop&#8220; admin_label=&#8220;Image savons&#8220; _builder_version=&#8220;4.16&#8243; max_width=&#8220;50%&#8220; module_alignment=&#8220;center&#8220; custom_margin=&#8220;||0px|&#8220; custom_padding=&#8220;||0px|&#8220; global_colors_info=&#8220;{}&#8220;][\/et_pb_image][\/et_pb_column][et_pb_column type=&#8220;1_6&#8243; _builder_version=&#8220;4.16&#8243; custom_padding=&#8220;|||&#8220; global_colors_info=&#8220;{}&#8220; custom_padding__hover=&#8220;|||&#8220;][et_pb_image src=&#8220;https:\/\/aladresseducentreville.com\/wp-content\/uploads\/2019\/03\/air-conditioner.png&#8220; alt=&#8220;Hotelzimmer mit Klimaanlage&#8220; show_bottom_space=&#8220;off&#8220; align=&#8220;center&#8220; align_tablet=&#8220;center&#8220; align_phone=&#8220;&#8220; align_last_edited=&#8220;on|desktop&#8220; admin_label=&#8220;Image climatiseur&#8220; _builder_version=&#8220;4.16&#8243; max_width=&#8220;50%&#8220; module_alignment=&#8220;center&#8220; custom_margin=&#8220;||0px|&#8220; custom_padding=&#8220;||0px|&#8220; global_colors_info=&#8220;{}&#8220;][\/et_pb_image][\/et_pb_column][et_pb_column type=&#8220;1_6&#8243; _builder_version=&#8220;4.16&#8243; custom_padding=&#8220;|||&#8220; global_colors_info=&#8220;{}&#8220; custom_padding__hover=&#8220;|||&#8220;][et_pb_image src=&#8220;https:\/\/aladresseducentreville.com\/wp-content\/uploads\/2019\/01\/chambre-sans-fumee.png&#8220; alt=&#8220;Nichtraucherzimmer&#8220; show_bottom_space=&#8220;off&#8220; align=&#8220;center&#8220; align_tablet=&#8220;center&#8220; align_phone=&#8220;&#8220; align_last_edited=&#8220;on|desktop&#8220; admin_label=&#8220;Image chambre sans fum\u00e9e&#8220; _builder_version=&#8220;4.16&#8243; max_width=&#8220;50%&#8220; module_alignment=&#8220;center&#8220; custom_margin=&#8220;||0px|&#8220; custom_padding=&#8220;||0px|&#8220; global_colors_info=&#8220;{}&#8220;][\/et_pb_image][\/et_pb_column][et_pb_column type=&#8220;1_6&#8243; _builder_version=&#8220;4.16&#8243; custom_padding=&#8220;|||&#8220; global_colors_info=&#8220;{}&#8220; custom_padding__hover=&#8220;|||&#8220;][et_pb_image src=&#8220;https:\/\/aladresseducentreville.com\/wp-content\/uploads\/2019\/01\/internet-wi-fi-dans-la-chambre.png&#8220; alt=&#8220;Hotelzimmer mit Wi-fi Internet&#8220; show_bottom_space=&#8220;off&#8220; align=&#8220;center&#8220; align_tablet=&#8220;center&#8220; align_phone=&#8220;&#8220; align_last_edited=&#8220;on|desktop&#8220; admin_label=&#8220;Image wi-fi&#8220; _builder_version=&#8220;4.16&#8243; max_width=&#8220;50%&#8220; module_alignment=&#8220;center&#8220; custom_margin=&#8220;||0px|&#8220; custom_padding=&#8220;||0px|&#8220; global_colors_info=&#8220;{}&#8220;][\/et_pb_image][\/et_pb_column][et_pb_column type=&#8220;1_6&#8243; _builder_version=&#8220;4.16&#8243; custom_padding=&#8220;|||&#8220; global_colors_info=&#8220;{}&#8220; custom_padding__hover=&#8220;|||&#8220;][et_pb_image src=&#8220;https:\/\/aladresseducentreville.com\/wp-content\/uploads\/2019\/01\/seche-cheveux.png&#8220; alt=&#8220;Hotelzimmer mit F\u00f6n&#8220; show_bottom_space=&#8220;off&#8220; align=&#8220;center&#8220; align_tablet=&#8220;center&#8220; align_phone=&#8220;&#8220; align_last_edited=&#8220;on|desktop&#8220; admin_label=&#8220;Image s\u00e8che cheveux&#8220; _builder_version=&#8220;4.16&#8243; max_width=&#8220;50%&#8220; module_alignment=&#8220;center&#8220; custom_margin=&#8220;||0px|&#8220; custom_padding=&#8220;||0px|&#8220; global_colors_info=&#8220;{}&#8220;][\/et_pb_image][\/et_pb_column][et_pb_column type=&#8220;1_6&#8243; _builder_version=&#8220;4.16&#8243; custom_padding=&#8220;|||&#8220; global_colors_info=&#8220;{}&#8220; custom_padding__hover=&#8220;|||&#8220;][et_pb_image src=&#8220;https:\/\/aladresseducentreville.com\/wp-content\/uploads\/2019\/01\/petit-dejeuner-inclus.png&#8220; alt=&#8220;Hotelzimmer mit Fr\u00fchst\u00fcck&#8220; show_bottom_space=&#8220;off&#8220; align=&#8220;center&#8220; align_tablet=&#8220;center&#8220; align_phone=&#8220;&#8220; align_last_edited=&#8220;on|desktop&#8220; admin_label=&#8220;Image petit d\u00e9jeuner&#8220; _builder_version=&#8220;4.16&#8243; max_width=&#8220;50%&#8220; module_alignment=&#8220;center&#8220; custom_margin=&#8220;||0px|&#8220; custom_padding=&#8220;||0px|&#8220; global_colors_info=&#8220;{}&#8220;][\/et_pb_image][\/et_pb_column][\/et_pb_row][et_pb_row use_custom_gutter=&#8220;on&#8220; make_equal=&#8220;on&#8220; module_class=&#8220; et_pb_row_fullwidth et_pb_row_fullwidth&#8220; _builder_version=&#8220;4.16&#8243; background_size=&#8220;initial&#8220; background_position=&#8220;top_left&#8220; background_repeat=&#8220;repeat&#8220; width=&#8220;89%&#8220; width_tablet=&#8220;80%&#8220; width_phone=&#8220;&#8220; width_last_edited=&#8220;on|desktop&#8220; max_width=&#8220;89%&#8220; max_width_tablet=&#8220;80%&#8220; max_width_phone=&#8220;&#8220; max_width_last_edited=&#8220;on|desktop&#8220; make_fullwidth=&#8220;on&#8220; global_colors_info=&#8220;{}&#8220; column_structure=&#8220;3_5,2_5&#8243;][et_pb_column type=&#8220;3_5&#8243; _builder_version=&#8220;4.16&#8243; custom_padding=&#8220;|||&#8220; global_colors_info=&#8220;{}&#8220; custom_padding__hover=&#8220;|||&#8220;][et_pb_image src=&#8220;https:\/\/aladresseducentreville.com\/wp-content\/uploads\/2025\/04\/rustique3.jpg&#8220; alt=&#8220;Zimmer La Rustique der Pension&#8220; show_bottom_space=&#8220;off&#8220; force_fullwidth=&#8220;on&#8220; align_tablet=&#8220;center&#8220; align_phone=&#8220;&#8220; align_last_edited=&#8220;on|desktop&#8220; admin_label=&#8220;Image principale&#8220; _builder_version=&#8220;4.27.4&#8243; custom_margin=&#8220;||0px|&#8220; custom_padding=&#8220;||0px|&#8220; hover_enabled=&#8220;0&#8243; global_colors_info=&#8220;{}&#8220; title_text=&#8220;rustique3&#8243; sticky_enabled=&#8220;0&#8243;][\/et_pb_image][\/et_pb_column][et_pb_column type=&#8220;2_5&#8243; _builder_version=&#8220;4.16&#8243; custom_padding=&#8220;|||&#8220; global_colors_info=&#8220;{}&#8220; custom_padding__hover=&#8220;|||&#8220;][et_pb_text disabled_on=&#8220;on|on|on&#8220; admin_label=&#8220;hb Booking shortcodes &#8220; _builder_version=&#8220;4.16&#8243; background_size=&#8220;initial&#8220; background_position=&#8220;top_left&#8220; background_repeat=&#8220;repeat&#8220; custom_margin=&#8220;||0px|&#8220; custom_padding=&#8220;||0px|&#8220; disabled=&#8220;on&#8220; global_colors_info=&#8220;{}&#8220;]<\/p>\n<p>Bitte beachten Sie, dass es mit unserem System nicht m\u00f6glich ist, f\u00fcr mehr als zwei Wochen zu reservieren. Daf\u00fcr m\u00fcssen Sie mit uns per E-Mail Kontakt aufnehmen. In diesem Fall verlangen wir eine nicht r\u00fcckzahlbare Vorauszahlung als Sicherheit.<\/p>\n<p><strong>Ankunft:<\/strong> zwischen 15 und 18&nbsp;:00 Uhr<br \/><strong>Abreise:<\/strong> bis 11:30 Uhr<br \/>Zustellbetten stehen nicht zur Verf\u00fcgung.<br \/>Haustiere sind bei uns im Haus nicht zugelassen.<br \/>Kinder sind bei uns herzlich Willkommen. F\u00fcr ein Kind unter 3 Jahren stellen wir Ihnen gerne unentgeltlich ein Kinderbett zur Verf\u00fcgung (1 pro Zimmer).<br \/>Wir sprechen Franz\u00f6sisch, Englisch und Spanisch.<br \/>\u00d6ffentliche Parkpl\u00e4tze sind in der N\u00e4he f\u00fcr 14 $ CAD pro Tag verf\u00fcgbar (keine vorherige Reservierung).<br \/>Kostenlose \u00f6ffentliche Parkpl\u00e4tze sind ebenfalls in der N\u00e4he verf\u00fcgbar (es gibt keine M\u00f6glichkeit diese zu reservieren)<\/p>\n\n<p>Wir akzeptieren folgende Kreditkarte:<\/p>\n<p><img decoding=\"async\" class=\"alignnone wp-image-1611\" src=\"https:\/\/aladresseducentreville.com\/wp-content\/uploads\/2019\/01\/visa-mastercard-interac.svg\" alt=\"\" data-mce-src=\"https:\/\/aladresseducentreville.com\/wp-content\/uploads\/2019\/01\/visa-mastercard-interac.svg\" width=\"250\"><\/p>\n<p><\/p>\n<p><\/p>\n<p><\/p>\n<p>[\/et_pb_text][et_pb_button button_url=&#8220;https:\/\/aladresseducentreville.com\/de\/die-zimmer-unserer-pension\/&#8220; button_text=&#8220;Zur\u00fcck zu den Zimmern&#8220; button_alignment=&#8220;center&#8220; admin_label=&#8220;Bouton vers les chambres&#8220; _builder_version=&#8220;4.16&#8243; custom_button=&#8220;on&#8220; button_text_color=&#8220;#002495&#8243; button_bg_color=&#8220;#ffffff&#8220; button_border_color=&#8220;#002495&#8243; button_icon=&#8220;&#x3c;||divi||400&#8243; button_icon_color=&#8220;#002495&#8243; button_icon_placement=&#8220;left&#8220; button_on_hover=&#8220;off&#8220; custom_margin=&#8220;0px|||&#8220; custom_padding=&#8220;20px|40px|20px|40px&#8220; global_colors_info=&#8220;{}&#8220;][\/et_pb_button][\/et_pb_column][\/et_pb_row][et_pb_row use_custom_gutter=&#8220;on&#8220; module_class=&#8220; et_pb_row_fullwidth et_pb_row_fullwidth&#8220; _builder_version=&#8220;4.16&#8243; width=&#8220;89%&#8220; width_tablet=&#8220;80%&#8220; width_phone=&#8220;&#8220; width_last_edited=&#8220;on|desktop&#8220; max_width=&#8220;89%&#8220; max_width_tablet=&#8220;80%&#8220; max_width_phone=&#8220;&#8220; max_width_last_edited=&#8220;on|desktop&#8220; make_fullwidth=&#8220;on&#8220; global_colors_info=&#8220;{}&#8220; column_structure=&#8220;1_2,1_2&#8243; disabled_on=&#8220;on|on|on&#8220; disabled=&#8220;on&#8220;][et_pb_column type=&#8220;1_2&#8243; _builder_version=&#8220;4.16&#8243; custom_padding=&#8220;|||&#8220; global_colors_info=&#8220;{}&#8220; custom_padding__hover=&#8220;|||&#8220;][et_pb_image src=&#8220;https:\/\/aladresseducentreville.com\/wp-content\/uploads\/2019\/01\/Rustique3f.jpg&#8220; alt=&#8220;Zimmer Rustique&#8220; align_tablet=&#8220;center&#8220; align_phone=&#8220;&#8220; align_last_edited=&#8220;on|desktop&#8220; admin_label=&#8220;Image secondaire 1&#8243; _builder_version=&#8220;4.16&#8243; global_colors_info=&#8220;{}&#8220;][\/et_pb_image][\/et_pb_column][et_pb_column type=&#8220;1_2&#8243; _builder_version=&#8220;4.16&#8243; custom_padding=&#8220;|||&#8220; global_colors_info=&#8220;{}&#8220; custom_padding__hover=&#8220;|||&#8220;][et_pb_image src=&#8220;https:\/\/aladresseducentreville.com\/wp-content\/uploads\/2019\/01\/rustique2f.jpg&#8220; alt=&#8220;Zimmer Rustique&#8220; align_tablet=&#8220;center&#8220; align_phone=&#8220;&#8220; align_last_edited=&#8220;on|desktop&#8220; admin_label=&#8220;Image secondaire 2&#8243; _builder_version=&#8220;4.16&#8243; global_colors_info=&#8220;{}&#8220;][\/et_pb_image][\/et_pb_column][\/et_pb_row][et_pb_row use_custom_gutter=&#8220;on&#8220; module_class=&#8220; et_pb_row_fullwidth et_pb_row_fullwidth&#8220; _builder_version=&#8220;4.16&#8243; width=&#8220;89%&#8220; width_tablet=&#8220;80%&#8220; width_phone=&#8220;&#8220; width_last_edited=&#8220;on|desktop&#8220; max_width=&#8220;89%&#8220; max_width_tablet=&#8220;80%&#8220; max_width_phone=&#8220;&#8220; max_width_last_edited=&#8220;on|desktop&#8220; make_fullwidth=&#8220;on&#8220; global_colors_info=&#8220;{}&#8220;][et_pb_column type=&#8220;4_4&#8243; _builder_version=&#8220;4.16&#8243; custom_padding=&#8220;|||&#8220; global_colors_info=&#8220;{}&#8220; custom_padding__hover=&#8220;|||&#8220;][et_pb_text admin_label=&#8220;Texte \u00e0 proximit\u00e9 du gite&#8220; _builder_version=&#8220;4.16&#8243; header_font=&#8220;|600||on|||||&#8220; header_text_color=&#8220;#000000&#8243; global_colors_info=&#8220;{}&#8220;]<\/p>\n<p>Aktivit\u00e4ten in der N\u00e4he der Pension&#8230;<\/p>\n<p>[\/et_pb_text][\/et_pb_column][\/et_pb_row][et_pb_row use_custom_gutter=&#8220;on&#8220; gutter_width=&#8220;1&#8243; module_class=&#8220;ds-carousel et_pb_row_fullwidth et_pb_row_fullwidth et_pb_row_fullwidth et_pb_row_fullwidth&#8220; _builder_version=&#8220;4.16&#8243; width=&#8220;100%&#8220; width_tablet=&#8220;100%&#8220; width_phone=&#8220;&#8220; width_last_edited=&#8220;on|desktop&#8220; max_width=&#8220;100%&#8220; max_width_tablet=&#8220;100%&#8220; max_width_phone=&#8220;&#8220; max_width_last_edited=&#8220;on|desktop&#8220; make_fullwidth=&#8220;on&#8220; global_colors_info=&#8220;{}&#8220;][et_pb_column type=&#8220;4_4&#8243; _builder_version=&#8220;4.16&#8243; custom_padding=&#8220;|||&#8220; global_colors_info=&#8220;{}&#8220; custom_padding__hover=&#8220;|||&#8220;][et_pb_image src=&#8220;https:\/\/aladresseducentreville.com\/wp-content\/uploads\/2019\/01\/logo-place-des-arts-de-montreal.jpeg&#8220; alt=&#8220;Place des arts de Montr\u00e9al&#8220; url=&#8220;https:\/\/placedesarts.com\/fr&#8220; url_new_window=&#8220;on&#8220; align=&#8220;center&#8220; align_tablet=&#8220;center&#8220; align_phone=&#8220;&#8220; align_last_edited=&#8220;on|desktop&#8220; admin_label=&#8220;Image place des arts avec lien&#8220; _builder_version=&#8220;4.16&#8243; max_width=&#8220;54%&#8220; module_alignment=&#8220;center&#8220; custom_margin=&#8220;||0px|&#8220; custom_padding=&#8220;0px|30px|0px|30px&#8220; global_colors_info=&#8220;{}&#8220;][\/et_pb_image][et_pb_image src=&#8220;https:\/\/aladresseducentreville.com\/wp-content\/uploads\/2019\/03\/basilique-notre-dame-de-montreal.png&#8220; alt=&#8220;Basilique Notre Dame de Montr\u00e9al&#8220; url=&#8220;https:\/\/www.basiliquenotredame.com\/fr\/&#8220; url_new_window=&#8220;on&#8220; align=&#8220;center&#8220; align_tablet=&#8220;center&#8220; align_phone=&#8220;&#8220; align_last_edited=&#8220;on|desktop&#8220; admin_label=&#8220;Image basilique&#8220; _builder_version=&#8220;4.16&#8243; module_alignment=&#8220;center&#8220; custom_margin=&#8220;||0px|&#8220; custom_padding=&#8220;0px|30px|0px|30px&#8220; global_colors_info=&#8220;{}&#8220;][\/et_pb_image][et_pb_image src=&#8220;https:\/\/aladresseducentreville.com\/wp-content\/uploads\/2019\/01\/logo-centre-eaton-de-montreal.jpg&#8220; alt=&#8220;Centre Eaton de Montr\u00e9al&#8220; url=&#8220;https:\/\/www.centreeatondemontreal.com\/fr\/&#8220; url_new_window=&#8220;on&#8220; align=&#8220;center&#8220; align_tablet=&#8220;center&#8220; align_phone=&#8220;&#8220; align_last_edited=&#8220;on|desktop&#8220; admin_label=&#8220;Image Centre eaton&#8220; _builder_version=&#8220;4.16&#8243; max_width=&#8220;80%&#8220; module_alignment=&#8220;center&#8220; custom_margin=&#8220;||0px|&#8220; custom_padding=&#8220;0px|30px|0px|30px&#8220; global_colors_info=&#8220;{}&#8220;][\/et_pb_image][et_pb_image src=&#8220;https:\/\/aladresseducentreville.com\/wp-content\/uploads\/2019\/01\/montreal_en_lumiere-logo.jpg&#8220; alt=&#8220;Festival Montr\u00e9al en Lumi\u00e8re&#8220; url=&#8220;https:\/\/www.montrealenlumiere.com\/&#8220; url_new_window=&#8220;on&#8220; align=&#8220;center&#8220; align_tablet=&#8220;center&#8220; align_phone=&#8220;&#8220; align_last_edited=&#8220;on|desktop&#8220; admin_label=&#8220;Image MTL en lumi\u00e8re&#8220; _builder_version=&#8220;4.16&#8243; module_alignment=&#8220;center&#8220; custom_margin=&#8220;||0px|&#8220; custom_padding=&#8220;0px|30px|0px|30px&#8220; global_colors_info=&#8220;{}&#8220;][\/et_pb_image][et_pb_image src=&#8220;https:\/\/aladresseducentreville.com\/wp-content\/uploads\/2019\/01\/festival-de-jazz-de-montreal.png&#8220; alt=&#8220;Festival de jazz de Montr\u00e9al&#8220; url=&#8220;https:\/\/www.montrealjazzfest.com\/&#8220; url_new_window=&#8220;on&#8220; align=&#8220;center&#8220; align_tablet=&#8220;center&#8220; align_phone=&#8220;&#8220; align_last_edited=&#8220;on|desktop&#8220; admin_label=&#8220;Image festival de jazz &#8220; _builder_version=&#8220;4.16&#8243; max_width=&#8220;55%&#8220; module_alignment=&#8220;center&#8220; custom_margin=&#8220;||0px|&#8220; custom_padding=&#8220;0px|30px|0px|30px&#8220; global_colors_info=&#8220;{}&#8220;][\/et_pb_image][et_pb_image src=&#8220;https:\/\/aladresseducentreville.com\/wp-content\/uploads\/2019\/01\/logo-vieux-port-de-montreal.png&#8220; alt=&#8220;Der alte Hafen von Montreal&#8220; url=&#8220;https:\/\/www.societeduvieuxport.com\/la-societe-du-vieux-port&#8220; url_new_window=&#8220;on&#8220; align=&#8220;center&#8220; align_tablet=&#8220;center&#8220; align_phone=&#8220;&#8220; align_last_edited=&#8220;on|desktop&#8220; admin_label=&#8220;Image vieux port &#8220; _builder_version=&#8220;4.16&#8243; module_alignment=&#8220;center&#8220; custom_margin=&#8220;||0px|&#8220; custom_padding=&#8220;0px|30px|0px|30px&#8220; global_colors_info=&#8220;{}&#8220;][\/et_pb_image][et_pb_image src=&#8220;https:\/\/aladresseducentreville.com\/wp-content\/uploads\/2019\/01\/logo-quartier-latin-de-montreal.png&#8220; alt=&#8220;Quartier latin de Montr\u00e9al&#8220; url=&#8220;http:\/\/www.quartierlatin.com\/fr\/&#8220; url_new_window=&#8220;on&#8220; align=&#8220;center&#8220; align_tablet=&#8220;center&#8220; align_phone=&#8220;&#8220; align_last_edited=&#8220;on|desktop&#8220; admin_label=&#8220;Image quartier latin&#8220; _builder_version=&#8220;4.16&#8243; max_width=&#8220;85%&#8220; module_alignment=&#8220;center&#8220; custom_margin=&#8220;||0px|&#8220; custom_padding=&#8220;0px|30px|0px|30px&#8220; global_colors_info=&#8220;{}&#8220;][\/et_pb_image][et_pb_image src=&#8220;https:\/\/aladresseducentreville.com\/wp-content\/uploads\/2019\/01\/logo-quartier-des-spectacles.png&#8220; alt=&#8220;Quartier des spectacles de Montr\u00e9al&#8220; url=&#8220;https:\/\/www.quartierdesspectacles.com\/fr\/&#8220; url_new_window=&#8220;on&#8220; align=&#8220;center&#8220; align_tablet=&#8220;center&#8220; align_phone=&#8220;&#8220; align_last_edited=&#8220;on|desktop&#8220; admin_label=&#8220;Image quartier des spectacles&#8220; _builder_version=&#8220;4.16&#8243; module_alignment=&#8220;center&#8220; custom_margin=&#8220;||0px|&#8220; custom_padding=&#8220;0px|30px|0px|30px&#8220; global_colors_info=&#8220;{}&#8220;][\/et_pb_image][et_pb_image src=&#8220;https:\/\/aladresseducentreville.com\/wp-content\/uploads\/2019\/01\/logo-place-des-arts-de-montreal.jpeg&#8220; alt=&#8220;Place des arts de Montr\u00e9al&#8220; url=&#8220;https:\/\/placedesarts.com\/fr&#8220; url_new_window=&#8220;on&#8220; align=&#8220;center&#8220; align_tablet=&#8220;center&#8220; align_phone=&#8220;&#8220; align_last_edited=&#8220;on|desktop&#8220; admin_label=&#8220;Image place des arts avec lien&#8220; _builder_version=&#8220;4.16&#8243; max_width=&#8220;55%&#8220; module_alignment=&#8220;center&#8220; custom_margin=&#8220;||0px|&#8220; custom_padding=&#8220;0px|30px|0px|30px&#8220; global_colors_info=&#8220;{}&#8220;][\/et_pb_image][et_pb_image src=&#8220;https:\/\/aladresseducentreville.com\/wp-content\/uploads\/2019\/03\/basilique-notre-dame-de-montreal.png&#8220; alt=&#8220;Basilique Notre Dame de Montr\u00e9al&#8220; url=&#8220;https:\/\/www.basiliquenotredame.com\/fr\/&#8220; url_new_window=&#8220;on&#8220; align=&#8220;center&#8220; align_tablet=&#8220;center&#8220; align_phone=&#8220;&#8220; align_last_edited=&#8220;on|desktop&#8220; admin_label=&#8220;Image basilique&#8220; _builder_version=&#8220;4.16&#8243; module_alignment=&#8220;center&#8220; custom_margin=&#8220;||0px|&#8220; custom_padding=&#8220;0px|30px|0px|30px&#8220; global_colors_info=&#8220;{}&#8220;][\/et_pb_image][et_pb_image src=&#8220;https:\/\/aladresseducentreville.com\/wp-content\/uploads\/2019\/01\/logo-centre-eaton-de-montreal.jpg&#8220; alt=&#8220;Centre Eaton de Montr\u00e9al&#8220; url=&#8220;https:\/\/www.centreeatondemontreal.com\/fr\/&#8220; url_new_window=&#8220;on&#8220; align=&#8220;center&#8220; align_tablet=&#8220;center&#8220; align_phone=&#8220;&#8220; align_last_edited=&#8220;on|desktop&#8220; admin_label=&#8220;Image Centre eaton&#8220; _builder_version=&#8220;4.16&#8243; max_width=&#8220;80%&#8220; module_alignment=&#8220;center&#8220; custom_margin=&#8220;||0px|&#8220; custom_padding=&#8220;0px|30px|0px|30px&#8220; global_colors_info=&#8220;{}&#8220;][\/et_pb_image][et_pb_image src=&#8220;https:\/\/aladresseducentreville.com\/wp-content\/uploads\/2019\/01\/montreal_en_lumiere-logo.jpg&#8220; alt=&#8220;Festival Montr\u00e9al en Lumi\u00e8re&#8220; url=&#8220;https:\/\/www.montrealenlumiere.com\/&#8220; url_new_window=&#8220;on&#8220; align=&#8220;center&#8220; align_tablet=&#8220;center&#8220; align_phone=&#8220;&#8220; align_last_edited=&#8220;on|desktop&#8220; admin_label=&#8220;Image MTL en lumi\u00e8re&#8220; _builder_version=&#8220;4.16&#8243; module_alignment=&#8220;center&#8220; custom_margin=&#8220;||0px|&#8220; custom_padding=&#8220;0px|30px|0px|30px&#8220; global_colors_info=&#8220;{}&#8220;][\/et_pb_image][et_pb_image src=&#8220;https:\/\/aladresseducentreville.com\/wp-content\/uploads\/2019\/01\/festival-de-jazz-de-montreal.png&#8220; alt=&#8220;Festival de jazz de Montr\u00e9al&#8220; url=&#8220;https:\/\/www.montrealjazzfest.com\/&#8220; url_new_window=&#8220;on&#8220; align=&#8220;center&#8220; align_tablet=&#8220;center&#8220; align_phone=&#8220;&#8220; align_last_edited=&#8220;on|desktop&#8220; admin_label=&#8220;Image festival de jazz &#8220; _builder_version=&#8220;4.16&#8243; max_width=&#8220;55%&#8220; module_alignment=&#8220;center&#8220; custom_margin=&#8220;||0px|&#8220; custom_padding=&#8220;0px|30px|0px|30px&#8220; global_colors_info=&#8220;{}&#8220;][\/et_pb_image][et_pb_image src=&#8220;https:\/\/aladresseducentreville.com\/wp-content\/uploads\/2019\/01\/logo-vieux-port-de-montreal.png&#8220; alt=&#8220;Der alte Hafen von Montreal&#8220; url=&#8220;https:\/\/www.societeduvieuxport.com\/la-societe-du-vieux-port&#8220; url_new_window=&#8220;on&#8220; align=&#8220;center&#8220; align_tablet=&#8220;center&#8220; align_phone=&#8220;&#8220; align_last_edited=&#8220;on|desktop&#8220; admin_label=&#8220;Image vieux port &#8220; _builder_version=&#8220;4.16&#8243; module_alignment=&#8220;center&#8220; custom_margin=&#8220;||0px|&#8220; custom_padding=&#8220;0px|30px|0px|30px&#8220; global_colors_info=&#8220;{}&#8220;][\/et_pb_image][et_pb_image src=&#8220;https:\/\/aladresseducentreville.com\/wp-content\/uploads\/2019\/01\/logo-quartier-latin-de-montreal.png&#8220; alt=&#8220;Quartier latin de Montr\u00e9al&#8220; url=&#8220;http:\/\/www.quartierlatin.com\/fr\/&#8220; url_new_window=&#8220;on&#8220; align=&#8220;center&#8220; align_tablet=&#8220;center&#8220; align_phone=&#8220;&#8220; align_last_edited=&#8220;on|desktop&#8220; admin_label=&#8220;Image quartier latin&#8220; _builder_version=&#8220;4.16&#8243; max_width=&#8220;85%&#8220; module_alignment=&#8220;center&#8220; custom_margin=&#8220;||0px|&#8220; custom_padding=&#8220;0px|30px|0px|30px&#8220; global_colors_info=&#8220;{}&#8220;][\/et_pb_image][et_pb_image src=&#8220;https:\/\/aladresseducentreville.com\/wp-content\/uploads\/2019\/01\/logo-quartier-des-spectacles.png&#8220; alt=&#8220;Quartier des spectacles de Montr\u00e9al&#8220; url=&#8220;https:\/\/www.quartierdesspectacles.com\/fr\/&#8220; url_new_window=&#8220;on&#8220; align=&#8220;center&#8220; align_tablet=&#8220;center&#8220; align_phone=&#8220;&#8220; align_last_edited=&#8220;on|desktop&#8220; admin_label=&#8220;Image quartier des spectacles&#8220; _builder_version=&#8220;4.16&#8243; module_alignment=&#8220;center&#8220; custom_margin=&#8220;||0px|&#8220; custom_padding=&#8220;0px|30px|0px|30px&#8220; global_colors_info=&#8220;{}&#8220;][\/et_pb_image][\/et_pb_column][\/et_pb_row][\/et_pb_section]<\/p>\n","protected":false},"featured_media":0,"template":"","meta":{"_et_pb_use_builder":"on","_et_pb_old_content":"","_et_gb_content_width":"","inline_featured_image":false},"class_list":["post-1944","hb_accommodation","type-hb_accommodation","status-publish","hentry"],"yoast_head":"<!-- This site is optimized with the Yoast SEO plugin v27.5 - https:\/\/yoast.com\/product\/yoast-seo-wordpress\/ -->\n<title>Rustique Zimmer f\u00fcr 2 Personen | G\u00eete Adresse du Centre-ville<\/title>\n<meta name=\"robots\" content=\"index, follow, max-snippet:-1, max-image-preview:large, max-video-preview:-1\" \/>\n<link rel=\"canonical\" href=\"https:\/\/aladresseducentreville.com\/de\/hb_accommodation\/rustique-zimmer-fur-4-personen\/\" \/>\n<meta property=\"og:locale\" content=\"de_DE\" \/>\n<meta property=\"og:type\" content=\"article\" \/>\n<meta property=\"og:title\" content=\"Rustique Zimmer f\u00fcr 2 Personen | G\u00eete Adresse du Centre-ville\" \/>\n<meta property=\"og:description\" content=\"LA RUSTIQUELa Rustique ist ein 17,7 m\u00b2 gro\u00dfes Nichtrauchzimmer mit privatem Badezimmer. Es ist mit einem gro\u00dfen Doppelbett (Queen-Size), einem Doppelbett, einem kleinen Schreibtisch, einem Fernseher und einer verstellbaren Klimaanlage ausgestattet. Im Badezimmer stehen Ihnen ein F\u00f6n und Hygieneprodukte zur Haar- und K\u00f6rperpflege zur Verf\u00fcgung. Eine schnelle Internetverbindung ist kostenlos verf\u00fcgbar. Im Preis pro Nacht [&hellip;]\" \/>\n<meta property=\"og:url\" content=\"https:\/\/aladresseducentreville.com\/de\/hb_accommodation\/rustique-zimmer-fur-4-personen\/\" \/>\n<meta property=\"og:site_name\" content=\"G\u00eete Adresse du Centre-ville\" \/>\n<meta property=\"article:modified_time\" content=\"2025-04-01T16:32:36+00:00\" \/>\n<meta property=\"og:image\" content=\"https:\/\/aladresseducentreville.com\/wp-content\/uploads\/2019\/01\/visa-mastercard-interac.svg\" \/>\n<meta name=\"twitter:card\" content=\"summary_large_image\" \/>\n<meta name=\"twitter:label1\" content=\"Gesch\u00e4tzte Lesezeit\" \/>\n\t<meta name=\"twitter:data1\" content=\"6\u00a0Minuten\" \/>\n<script type=\"application\/ld+json\" class=\"yoast-schema-graph\">{\"@context\":\"https:\\\/\\\/schema.org\",\"@graph\":[{\"@type\":\"WebPage\",\"@id\":\"https:\\\/\\\/aladresseducentreville.com\\\/de\\\/hb_accommodation\\\/rustique-zimmer-fur-4-personen\\\/\",\"url\":\"https:\\\/\\\/aladresseducentreville.com\\\/de\\\/hb_accommodation\\\/rustique-zimmer-fur-4-personen\\\/\",\"name\":\"Rustique Zimmer f\u00fcr 2 Personen | G\u00eete Adresse du Centre-ville\",\"isPartOf\":{\"@id\":\"https:\\\/\\\/aladresseducentreville.com\\\/de\\\/#website\"},\"primaryImageOfPage\":{\"@id\":\"https:\\\/\\\/aladresseducentreville.com\\\/de\\\/hb_accommodation\\\/rustique-zimmer-fur-4-personen\\\/#primaryimage\"},\"image\":{\"@id\":\"https:\\\/\\\/aladresseducentreville.com\\\/de\\\/hb_accommodation\\\/rustique-zimmer-fur-4-personen\\\/#primaryimage\"},\"thumbnailUrl\":\"https:\\\/\\\/aladresseducentreville.com\\\/wp-content\\\/uploads\\\/2019\\\/01\\\/visa-mastercard-interac.svg\",\"datePublished\":\"2019-07-03T21:05:10+00:00\",\"dateModified\":\"2025-04-01T16:32:36+00:00\",\"breadcrumb\":{\"@id\":\"https:\\\/\\\/aladresseducentreville.com\\\/de\\\/hb_accommodation\\\/rustique-zimmer-fur-4-personen\\\/#breadcrumb\"},\"inLanguage\":\"de\",\"potentialAction\":[{\"@type\":\"ReadAction\",\"target\":[\"https:\\\/\\\/aladresseducentreville.com\\\/de\\\/hb_accommodation\\\/rustique-zimmer-fur-4-personen\\\/\"]}]},{\"@type\":\"ImageObject\",\"inLanguage\":\"de\",\"@id\":\"https:\\\/\\\/aladresseducentreville.com\\\/de\\\/hb_accommodation\\\/rustique-zimmer-fur-4-personen\\\/#primaryimage\",\"url\":\"https:\\\/\\\/aladresseducentreville.com\\\/wp-content\\\/uploads\\\/2019\\\/01\\\/visa-mastercard-interac.svg\",\"contentUrl\":\"https:\\\/\\\/aladresseducentreville.com\\\/wp-content\\\/uploads\\\/2019\\\/01\\\/visa-mastercard-interac.svg\"},{\"@type\":\"BreadcrumbList\",\"@id\":\"https:\\\/\\\/aladresseducentreville.com\\\/de\\\/hb_accommodation\\\/rustique-zimmer-fur-4-personen\\\/#breadcrumb\",\"itemListElement\":[{\"@type\":\"ListItem\",\"position\":1,\"name\":\"Home\",\"item\":\"https:\\\/\\\/aladresseducentreville.com\\\/de\\\/\"},{\"@type\":\"ListItem\",\"position\":2,\"name\":\"Unterkunft\",\"item\":\"https:\\\/\\\/aladresseducentreville.com\\\/de\\\/hb_accommodation\\\/\"},{\"@type\":\"ListItem\",\"position\":3,\"name\":\"Rustique Zimmer f\u00fcr 2 Personen\"}]},{\"@type\":\"WebSite\",\"@id\":\"https:\\\/\\\/aladresseducentreville.com\\\/de\\\/#website\",\"url\":\"https:\\\/\\\/aladresseducentreville.com\\\/de\\\/\",\"name\":\"\u00c0 l'adresse du Centre-ville\",\"description\":\"Charmant G\u00eete B&amp;B situ\u00e9 \u00e0 Montr\u00e9al\",\"publisher\":{\"@id\":\"https:\\\/\\\/aladresseducentreville.com\\\/de\\\/#organization\"},\"potentialAction\":[{\"@type\":\"SearchAction\",\"target\":{\"@type\":\"EntryPoint\",\"urlTemplate\":\"https:\\\/\\\/aladresseducentreville.com\\\/de\\\/?s={search_term_string}\"},\"query-input\":{\"@type\":\"PropertyValueSpecification\",\"valueRequired\":true,\"valueName\":\"search_term_string\"}}],\"inLanguage\":\"de\"},{\"@type\":\"Organization\",\"@id\":\"https:\\\/\\\/aladresseducentreville.com\\\/de\\\/#organization\",\"name\":\"\u00c0 l'adresse du Centre-Ville\",\"url\":\"https:\\\/\\\/aladresseducentreville.com\\\/de\\\/\",\"logo\":{\"@type\":\"ImageObject\",\"inLanguage\":\"de\",\"@id\":\"https:\\\/\\\/aladresseducentreville.com\\\/de\\\/#\\\/schema\\\/logo\\\/image\\\/\",\"url\":\"https:\\\/\\\/aladresseducentreville.com\\\/wp-content\\\/uploads\\\/2019\\\/01\\\/logo-final-2.svg\",\"contentUrl\":\"https:\\\/\\\/aladresseducentreville.com\\\/wp-content\\\/uploads\\\/2019\\\/01\\\/logo-final-2.svg\",\"width\":1,\"height\":1,\"caption\":\"\u00c0 l'adresse du Centre-Ville\"},\"image\":{\"@id\":\"https:\\\/\\\/aladresseducentreville.com\\\/de\\\/#\\\/schema\\\/logo\\\/image\\\/\"}}]}<\/script>\n<!-- \/ Yoast SEO plugin. -->","yoast_head_json":{"title":"Rustique Zimmer f\u00fcr 2 Personen | G\u00eete Adresse du Centre-ville","robots":{"index":"index","follow":"follow","max-snippet":"max-snippet:-1","max-image-preview":"max-image-preview:large","max-video-preview":"max-video-preview:-1"},"canonical":"https:\/\/aladresseducentreville.com\/de\/hb_accommodation\/rustique-zimmer-fur-4-personen\/","og_locale":"de_DE","og_type":"article","og_title":"Rustique Zimmer f\u00fcr 2 Personen | G\u00eete Adresse du Centre-ville","og_description":"LA RUSTIQUELa Rustique ist ein 17,7 m\u00b2 gro\u00dfes Nichtrauchzimmer mit privatem Badezimmer. Es ist mit einem gro\u00dfen Doppelbett (Queen-Size), einem Doppelbett, einem kleinen Schreibtisch, einem Fernseher und einer verstellbaren Klimaanlage ausgestattet. Im Badezimmer stehen Ihnen ein F\u00f6n und Hygieneprodukte zur Haar- und K\u00f6rperpflege zur Verf\u00fcgung. Eine schnelle Internetverbindung ist kostenlos verf\u00fcgbar. Im Preis pro Nacht [&hellip;]","og_url":"https:\/\/aladresseducentreville.com\/de\/hb_accommodation\/rustique-zimmer-fur-4-personen\/","og_site_name":"G\u00eete Adresse du Centre-ville","article_modified_time":"2025-04-01T16:32:36+00:00","og_image":[{"url":"https:\/\/aladresseducentreville.com\/wp-content\/uploads\/2019\/01\/visa-mastercard-interac.svg","type":"","width":"","height":""}],"twitter_card":"summary_large_image","twitter_misc":{"Gesch\u00e4tzte Lesezeit":"6\u00a0Minuten"},"schema":{"@context":"https:\/\/schema.org","@graph":[{"@type":"WebPage","@id":"https:\/\/aladresseducentreville.com\/de\/hb_accommodation\/rustique-zimmer-fur-4-personen\/","url":"https:\/\/aladresseducentreville.com\/de\/hb_accommodation\/rustique-zimmer-fur-4-personen\/","name":"Rustique Zimmer f\u00fcr 2 Personen | G\u00eete Adresse du Centre-ville","isPartOf":{"@id":"https:\/\/aladresseducentreville.com\/de\/#website"},"primaryImageOfPage":{"@id":"https:\/\/aladresseducentreville.com\/de\/hb_accommodation\/rustique-zimmer-fur-4-personen\/#primaryimage"},"image":{"@id":"https:\/\/aladresseducentreville.com\/de\/hb_accommodation\/rustique-zimmer-fur-4-personen\/#primaryimage"},"thumbnailUrl":"https:\/\/aladresseducentreville.com\/wp-content\/uploads\/2019\/01\/visa-mastercard-interac.svg","datePublished":"2019-07-03T21:05:10+00:00","dateModified":"2025-04-01T16:32:36+00:00","breadcrumb":{"@id":"https:\/\/aladresseducentreville.com\/de\/hb_accommodation\/rustique-zimmer-fur-4-personen\/#breadcrumb"},"inLanguage":"de","potentialAction":[{"@type":"ReadAction","target":["https:\/\/aladresseducentreville.com\/de\/hb_accommodation\/rustique-zimmer-fur-4-personen\/"]}]},{"@type":"ImageObject","inLanguage":"de","@id":"https:\/\/aladresseducentreville.com\/de\/hb_accommodation\/rustique-zimmer-fur-4-personen\/#primaryimage","url":"https:\/\/aladresseducentreville.com\/wp-content\/uploads\/2019\/01\/visa-mastercard-interac.svg","contentUrl":"https:\/\/aladresseducentreville.com\/wp-content\/uploads\/2019\/01\/visa-mastercard-interac.svg"},{"@type":"BreadcrumbList","@id":"https:\/\/aladresseducentreville.com\/de\/hb_accommodation\/rustique-zimmer-fur-4-personen\/#breadcrumb","itemListElement":[{"@type":"ListItem","position":1,"name":"Home","item":"https:\/\/aladresseducentreville.com\/de\/"},{"@type":"ListItem","position":2,"name":"Unterkunft","item":"https:\/\/aladresseducentreville.com\/de\/hb_accommodation\/"},{"@type":"ListItem","position":3,"name":"Rustique Zimmer f\u00fcr 2 Personen"}]},{"@type":"WebSite","@id":"https:\/\/aladresseducentreville.com\/de\/#website","url":"https:\/\/aladresseducentreville.com\/de\/","name":"\u00c0 l'adresse du Centre-ville","description":"Charmant G\u00eete B&amp;B situ\u00e9 \u00e0 Montr\u00e9al","publisher":{"@id":"https:\/\/aladresseducentreville.com\/de\/#organization"},"potentialAction":[{"@type":"SearchAction","target":{"@type":"EntryPoint","urlTemplate":"https:\/\/aladresseducentreville.com\/de\/?s={search_term_string}"},"query-input":{"@type":"PropertyValueSpecification","valueRequired":true,"valueName":"search_term_string"}}],"inLanguage":"de"},{"@type":"Organization","@id":"https:\/\/aladresseducentreville.com\/de\/#organization","name":"\u00c0 l'adresse du Centre-Ville","url":"https:\/\/aladresseducentreville.com\/de\/","logo":{"@type":"ImageObject","inLanguage":"de","@id":"https:\/\/aladresseducentreville.com\/de\/#\/schema\/logo\/image\/","url":"https:\/\/aladresseducentreville.com\/wp-content\/uploads\/2019\/01\/logo-final-2.svg","contentUrl":"https:\/\/aladresseducentreville.com\/wp-content\/uploads\/2019\/01\/logo-final-2.svg","width":1,"height":1,"caption":"\u00c0 l'adresse du Centre-Ville"},"image":{"@id":"https:\/\/aladresseducentreville.com\/de\/#\/schema\/logo\/image\/"}}]}},"_links":{"self":[{"href":"https:\/\/aladresseducentreville.com\/de\/wp-json\/wp\/v2\/hb_accommodation\/1944","targetHints":{"allow":["GET"]}}],"collection":[{"href":"https:\/\/aladresseducentreville.com\/de\/wp-json\/wp\/v2\/hb_accommodation"}],"about":[{"href":"https:\/\/aladresseducentreville.com\/de\/wp-json\/wp\/v2\/types\/hb_accommodation"}],"version-history":[{"count":2,"href":"https:\/\/aladresseducentreville.com\/de\/wp-json\/wp\/v2\/hb_accommodation\/1944\/revisions"}],"predecessor-version":[{"id":3174,"href":"https:\/\/aladresseducentreville.com\/de\/wp-json\/wp\/v2\/hb_accommodation\/1944\/revisions\/3174"}],"wp:attachment":[{"href":"https:\/\/aladresseducentreville.com\/de\/wp-json\/wp\/v2\/media?parent=1944"}],"curies":[{"name":"wp","href":"https:\/\/api.w.org\/{rel}","templated":true}]}}