{"id":1868,"date":"2019-07-03T02:12:57","date_gmt":"2019-07-03T02:12:57","guid":{"rendered":"https:\/\/aladresseducentreville.com\/eine-ausergewohnliche-pension\/"},"modified":"2020-09-03T20:28:58","modified_gmt":"2020-09-03T20:28:58","slug":"eine-ausergewohnliche-pension","status":"publish","type":"page","link":"https:\/\/aladresseducentreville.com\/de\/eine-ausergewohnliche-pension\/","title":{"rendered":"Eine au\u00dfergew\u00f6hnliche Pension"},"content":{"rendered":"<p>[et_pb_section bb_built=&#8220;1&#8243; specialty=&#8220;off&#8220; next_background_color=&#8220;#000000&#8243; _builder_version=&#8220;4.6.0&#8243; custom_margin=&#8220;0px|0px|0px|0px&#8220; custom_padding=&#8220;0px|0px|0px|0px&#8220; inner_max_width=&#8220;none&#8220; box_shadow_horizontal_tablet=&#8220;0px&#8220; box_shadow_vertical_tablet=&#8220;0px&#8220; box_shadow_blur_tablet=&#8220;40px&#8220; box_shadow_spread_tablet=&#8220;0px&#8220; vertical_offset_tablet=&#8220;0&#8243; horizontal_offset_tablet=&#8220;0&#8243;][et_pb_row _builder_version=&#8220;4.6.0&#8243; use_custom_gutter=&#8220;on&#8220; gutter_width=&#8220;1&#8243; custom_margin=&#8220;0px|0px|0px|0px&#8220; custom_padding=&#8220;100px|20%|900px|20%&#8220; background_image=&#8220;https:\/\/aladresseducentreville.com\/wp-content\/uploads\/2020\/09\/gite-adresse-centre-ville-1.jpg&#8220; custom_css_main_element=&#8220;background-size: cover;&#8220; module_class=&#8220; et_pb_row_fullwidth et_pb_row_fullwidth&#8220; width=&#8220;100%&#8220; width_last_edited=&#8220;on|desktop&#8220; max_width=&#8220;100%&#8220; max_width_last_edited=&#8220;on|desktop&#8220; box_shadow_horizontal_tablet=&#8220;0px&#8220; box_shadow_vertical_tablet=&#8220;0px&#8220; box_shadow_blur_tablet=&#8220;40px&#8220; box_shadow_spread_tablet=&#8220;0px&#8220; vertical_offset_tablet=&#8220;0&#8243; horizontal_offset_tablet=&#8220;0&#8243; z_index_tablet=&#8220;0&#8243;][et_pb_column type=&#8220;4_4&#8243; custom_padding__hover=&#8220;|||&#8220; custom_padding=&#8220;|||&#8220;][et_pb_text _builder_version=&#8220;3.23.3&#8243; border_width_all=&#8220;3px&#8220; border_color_all=&#8220;#002495&#8243; text_orientation=&#8220;center&#8220; custom_css_main_element=&#8220;border: 1px solid #002495;||padding: 30px;&#8220; header_font=&#8220;|600||on|||||&#8220; header_text_color=&#8220;#002495&#8243; header_font_size=&#8220;60&#8243; header_font_size_tablet=&#8220;40px&#8220; header_font_size_phone=&#8220;30px&#8220; header_font_size_last_edited=&#8220;on|tablet&#8220;]<\/p>\n<p>Unsere herzliche Pension<\/p>\n<p>[\/et_pb_text][\/et_pb_column][\/et_pb_row][\/et_pb_section][et_pb_section bb_built=&#8220;1&#8243; fullwidth=&#8220;off&#8220; specialty=&#8220;off&#8220; prev_background_color=&#8220;#000000&#8243; inner_width=&#8220;auto&#8220; inner_max_width=&#8220;none&#8220;][et_pb_row _builder_version=&#8220;3.19.12&#8243; module_id=&#8220;chambres&#8220; width=&#8220;80%&#8220; max_width=&#8220;1080px&#8220;][et_pb_column type=&#8220;4_4&#8243; custom_padding__hover=&#8220;|||&#8220; custom_padding=&#8220;|||&#8220;][et_pb_text admin_label=&#8220;Titre un g\u00eete d&#8217;exception&#8220; _builder_version=&#8220;3.19.12&#8243; text_font=&#8220;Oswald|||on|&#8220; text_text_color=&#8220;#002495&#8243; text_font_size=&#8220;64px&#8220; text_font_size_phone=&#8220;54px&#8220; text_font_size_last_edited=&#8220;on|desktop&#8220; text_line_height=&#8220;1.1em&#8220; background_size=&#8220;initial&#8220; background_position=&#8220;top_left&#8220; background_repeat=&#8220;repeat&#8220; background_layout=&#8220;dark&#8220; custom_padding=&#8220;0px|||&#8220; custom_css_main_element=&#8220;font-weight: 100;&#8220; use_border_color=&#8220;off&#8220; border_style=&#8220;solid&#8220; text_orientation=&#8220;center&#8220; saved_tabs=&#8220;all&#8220;]<\/p>\n<p>Eine <strong>au\u00dfergew\u00f6hnliche<\/strong> Pension<\/p>\n<p>[\/et_pb_text][et_pb_text admin_label=&#8220;Texte sur le gite&#8220; _builder_version=&#8220;3.23.3&#8243; text_text_color=&#8220;#000000&#8243; text_font_size=&#8220;20px&#8220; text_line_height=&#8220;1.8em&#8220; text_font_size_tablet=&#8220;18px&#8220; text_font_size_phone=&#8220;14px&#8220; text_font_size_last_edited=&#8220;on|phone&#8220; text_orientation=&#8220;left&#8220;]<\/p>\n<p>Die Saint-Christophe-Stra\u00dfe spiegelt das Bild von Montreal wider: sch\u00f6n, bunt und festlich. Gute Voraussetzungen f\u00fcr Nathalie und Robert, hier 1998 einen gemeinsamen Traum zu verwirklichen und ihre Pension in einem alten Haus aus dem Jahre 1875 zu er\u00f6ffnen. Die Pension ist ein Familienprojekt und hat sich schnell in eine unumg\u00e4ngliche Adresse im Stadtzentrum, einen Ruhehafen in einer Stadt der tausend Gesichter verwandelt. Montreal ist sowohl Sommer- als auch Winterstadt und hei\u00dft Besucher der ganzen Welt mit gro\u00dfer Freude willkommen. Und so \u00f6ffnen auch Nathalie und Robert die T\u00fcren ihrer Pension f\u00fcr Familien, Berufst\u00e4tige und Freunde, die vorbeikommen, um den Alltag der Montrealer zu erleben.<\/p>\n<p>Wir legen besonderen Wert darauf, dass unsere Pension eine Nichtraucherumgebung ist.<\/p>\n<p><img loading=\"lazy\" decoding=\"async\" class=\"aligncenter wp-image-1623 size-large\" src=\"https:\/\/aladresseducentreville.com\/wp-content\/uploads\/2019\/05\/Nathalie-et-Robert-devant-le-gite-683x1024.jpg\" alt=\"Nathalie et robert\" width=\"683\" height=\"1024\" srcset=\"https:\/\/aladresseducentreville.com\/wp-content\/uploads\/2019\/05\/Nathalie-et-Robert-devant-le-gite-683x1024.jpg 683w, https:\/\/aladresseducentreville.com\/wp-content\/uploads\/2019\/05\/Nathalie-et-Robert-devant-le-gite-200x300.jpg 200w, https:\/\/aladresseducentreville.com\/wp-content\/uploads\/2019\/05\/Nathalie-et-Robert-devant-le-gite-768x1151.jpg 768w, https:\/\/aladresseducentreville.com\/wp-content\/uploads\/2019\/05\/Nathalie-et-Robert-devant-le-gite-1080x1618.jpg 1080w, https:\/\/aladresseducentreville.com\/wp-content\/uploads\/2019\/05\/Nathalie-et-Robert-devant-le-gite.jpg 2002w\" sizes=\"(max-width: 683px) 100vw, 683px\" \/><\/p>\n<p>[\/et_pb_text][\/et_pb_column][\/et_pb_row][et_pb_row _builder_version=&#8220;3.19.12&#8243; module_id=&#8220;chambres&#8220; width=&#8220;80%&#8220; max_width=&#8220;1080px&#8220;][et_pb_column type=&#8220;4_4&#8243; custom_padding__hover=&#8220;|||&#8220; custom_padding=&#8220;|||&#8220;][et_pb_text admin_label=&#8220;Titre salle de s\u00e9jour&#8220; _builder_version=&#8220;3.19.12&#8243; text_font=&#8220;Oswald|||on|&#8220; text_text_color=&#8220;#002495&#8243; text_font_size=&#8220;64px&#8220; text_font_size_phone=&#8220;54px&#8220; text_font_size_last_edited=&#8220;on|desktop&#8220; text_line_height=&#8220;1.1em&#8220; background_size=&#8220;initial&#8220; background_position=&#8220;top_left&#8220; background_repeat=&#8220;repeat&#8220; background_layout=&#8220;dark&#8220; custom_padding=&#8220;0px|||&#8220; custom_css_main_element=&#8220;font-weight: 100;&#8220; use_border_color=&#8220;off&#8220; border_style=&#8220;solid&#8220; text_orientation=&#8220;center&#8220; saved_tabs=&#8220;all&#8220;]<\/p>\n<p><strong>Aufenthalt<\/strong>sraum<\/p>\n<p>[\/et_pb_text][\/et_pb_column][\/et_pb_row][et_pb_row _builder_version=&#8220;3.19.12&#8243; make_fullwidth=&#8220;on&#8220; use_custom_gutter=&#8220;on&#8220; gutter_width=&#8220;2&#8243; make_equal=&#8220;on&#8220; custom_padding=&#8220;|15%||15%&#8220; module_class=&#8220; et_pb_row_fullwidth et_pb_row_fullwidth&#8220; width=&#8220;94%&#8220; width_tablet=&#8220;80%&#8220; width_last_edited=&#8220;on|desktop&#8220; max_width=&#8220;94%&#8220; max_width_tablet=&#8220;80%&#8220; max_width_last_edited=&#8220;on|desktop&#8220;][et_pb_column type=&#8220;4_4&#8243; custom_padding__hover=&#8220;|||&#8220; custom_padding=&#8220;|||&#8220;][et_pb_image _builder_version=&#8220;3.19.12&#8243; src=&#8220;https:\/\/aladresseducentreville.com\/wp-content\/uploads\/2019\/03\/salle-de-sejour-du-gite.jpg&#8220; force_fullwidth=&#8220;on&#8220; show_bottom_space=&#8220;off&#8220; align_last_edited=&#8220;on|desktop&#8220; align_tablet=&#8220;center&#8220; \/][\/et_pb_column][\/et_pb_row][et_pb_row _builder_version=&#8220;3.19.12&#8243; module_id=&#8220;chambres&#8220; width=&#8220;80%&#8220; max_width=&#8220;1080px&#8220;][et_pb_column type=&#8220;4_4&#8243; custom_padding__hover=&#8220;|||&#8220; custom_padding=&#8220;|||&#8220;][et_pb_text admin_label=&#8220;Titre salle a manger&#8220; _builder_version=&#8220;3.19.12&#8243; text_font=&#8220;Oswald|||on|&#8220; text_text_color=&#8220;#002495&#8243; text_font_size=&#8220;64px&#8220; text_font_size_phone=&#8220;54px&#8220; text_font_size_last_edited=&#8220;on|desktop&#8220; text_line_height=&#8220;1.1em&#8220; background_size=&#8220;initial&#8220; background_position=&#8220;top_left&#8220; background_repeat=&#8220;repeat&#8220; background_layout=&#8220;dark&#8220; custom_padding=&#8220;0px|||&#8220; custom_css_main_element=&#8220;font-weight: 100;&#8220; use_border_color=&#8220;off&#8220; border_style=&#8220;solid&#8220; text_orientation=&#8220;center&#8220; saved_tabs=&#8220;all&#8220;]<\/p>\n<p><strong>Ess<\/strong>zimmer<\/p>\n<p>[\/et_pb_text][\/et_pb_column][\/et_pb_row][et_pb_row _builder_version=&#8220;3.19.12&#8243; make_fullwidth=&#8220;on&#8220; use_custom_gutter=&#8220;on&#8220; module_class=&#8220; et_pb_row_fullwidth et_pb_row_fullwidth&#8220; width=&#8220;89%&#8220; width_tablet=&#8220;80%&#8220; width_last_edited=&#8220;on|desktop&#8220; max_width=&#8220;89%&#8220; max_width_tablet=&#8220;80%&#8220; max_width_last_edited=&#8220;on|desktop&#8220;][et_pb_column type=&#8220;2_3&#8243; custom_padding__hover=&#8220;|||&#8220; custom_padding=&#8220;|0px||&#8220;][et_pb_image _builder_version=&#8220;3.19.12&#8243; src=&#8220;https:\/\/aladresseducentreville.com\/wp-content\/uploads\/2019\/03\/salle-a-diner-du-gite-3.jpg&#8220; align_last_edited=&#8220;on|desktop&#8220; align_tablet=&#8220;center&#8220; \/][\/et_pb_column][et_pb_column type=&#8220;1_3&#8243; custom_padding__hover=&#8220;|||&#8220; custom_padding=&#8220;|||&#8220;][et_pb_image _builder_version=&#8220;3.19.12&#8243; src=&#8220;https:\/\/aladresseducentreville.com\/wp-content\/uploads\/2019\/03\/salle-a-diner-du-gite.jpg&#8220; force_fullwidth=&#8220;on&#8220; align_last_edited=&#8220;on|desktop&#8220; align_tablet=&#8220;center&#8220; \/][et_pb_image _builder_version=&#8220;3.19.12&#8243; src=&#8220;https:\/\/aladresseducentreville.com\/wp-content\/uploads\/2019\/03\/salle-a-diner-du-gite-2.jpg&#8220; force_fullwidth=&#8220;on&#8220; show_bottom_space=&#8220;off&#8220; align_last_edited=&#8220;on|desktop&#8220; align_tablet=&#8220;center&#8220; \/][\/et_pb_column][\/et_pb_row][et_pb_row _builder_version=&#8220;3.19.12&#8243; module_id=&#8220;chambres&#8220; width=&#8220;80%&#8220; max_width=&#8220;1080px&#8220;][et_pb_column type=&#8220;4_4&#8243; custom_padding__hover=&#8220;|||&#8220; custom_padding=&#8220;|||&#8220;][et_pb_text admin_label=&#8220;Titre terrasse&#8220; _builder_version=&#8220;3.23.3&#8243; text_font=&#8220;Oswald|||on|&#8220; text_text_color=&#8220;#002495&#8243; text_font_size=&#8220;64px&#8220; text_font_size_phone=&#8220;30px&#8220; text_font_size_last_edited=&#8220;on|phone&#8220; text_line_height=&#8220;1.1em&#8220; background_size=&#8220;initial&#8220; background_position=&#8220;top_left&#8220; background_repeat=&#8220;repeat&#8220; background_layout=&#8220;dark&#8220; custom_padding=&#8220;0px|||&#8220; custom_css_main_element=&#8220;font-weight: 100;&#8220; use_border_color=&#8220;off&#8220; border_style=&#8220;solid&#8220; text_orientation=&#8220;center&#8220; saved_tabs=&#8220;all&#8220; text_font_size_tablet=&#8220;55px&#8220; text_text_shadow_horizontal_length=&#8220;text_text_shadow_style,%91object Object%93&#8243; text_text_shadow_horizontal_length_tablet=&#8220;0px&#8220; text_text_shadow_vertical_length=&#8220;text_text_shadow_style,%91object Object%93&#8243; text_text_shadow_vertical_length_tablet=&#8220;0px&#8220; text_text_shadow_blur_strength=&#8220;text_text_shadow_style,%91object Object%93&#8243; text_text_shadow_blur_strength_tablet=&#8220;1px&#8220; link_text_shadow_horizontal_length=&#8220;link_text_shadow_style,%91object Object%93&#8243; link_text_shadow_horizontal_length_tablet=&#8220;0px&#8220; link_text_shadow_vertical_length=&#8220;link_text_shadow_style,%91object Object%93&#8243; link_text_shadow_vertical_length_tablet=&#8220;0px&#8220; link_text_shadow_blur_strength=&#8220;link_text_shadow_style,%91object Object%93&#8243; link_text_shadow_blur_strength_tablet=&#8220;1px&#8220; ul_text_shadow_horizontal_length=&#8220;ul_text_shadow_style,%91object Object%93&#8243; ul_text_shadow_horizontal_length_tablet=&#8220;0px&#8220; ul_text_shadow_vertical_length=&#8220;ul_text_shadow_style,%91object Object%93&#8243; ul_text_shadow_vertical_length_tablet=&#8220;0px&#8220; ul_text_shadow_blur_strength=&#8220;ul_text_shadow_style,%91object Object%93&#8243; ul_text_shadow_blur_strength_tablet=&#8220;1px&#8220; ol_text_shadow_horizontal_length=&#8220;ol_text_shadow_style,%91object Object%93&#8243; ol_text_shadow_horizontal_length_tablet=&#8220;0px&#8220; ol_text_shadow_vertical_length=&#8220;ol_text_shadow_style,%91object Object%93&#8243; ol_text_shadow_vertical_length_tablet=&#8220;0px&#8220; ol_text_shadow_blur_strength=&#8220;ol_text_shadow_style,%91object Object%93&#8243; ol_text_shadow_blur_strength_tablet=&#8220;1px&#8220; quote_text_shadow_horizontal_length=&#8220;quote_text_shadow_style,%91object Object%93&#8243; quote_text_shadow_horizontal_length_tablet=&#8220;0px&#8220; quote_text_shadow_vertical_length=&#8220;quote_text_shadow_style,%91object Object%93&#8243; quote_text_shadow_vertical_length_tablet=&#8220;0px&#8220; quote_text_shadow_blur_strength=&#8220;quote_text_shadow_style,%91object Object%93&#8243; quote_text_shadow_blur_strength_tablet=&#8220;1px&#8220; header_text_shadow_horizontal_length=&#8220;header_text_shadow_style,%91object Object%93&#8243; header_text_shadow_horizontal_length_tablet=&#8220;0px&#8220; header_text_shadow_vertical_length=&#8220;header_text_shadow_style,%91object Object%93&#8243; header_text_shadow_vertical_length_tablet=&#8220;0px&#8220; header_text_shadow_blur_strength=&#8220;header_text_shadow_style,%91object Object%93&#8243; header_text_shadow_blur_strength_tablet=&#8220;1px&#8220; header_2_text_shadow_horizontal_length=&#8220;header_2_text_shadow_style,%91object Object%93&#8243; header_2_text_shadow_horizontal_length_tablet=&#8220;0px&#8220; header_2_text_shadow_vertical_length=&#8220;header_2_text_shadow_style,%91object Object%93&#8243; header_2_text_shadow_vertical_length_tablet=&#8220;0px&#8220; header_2_text_shadow_blur_strength=&#8220;header_2_text_shadow_style,%91object Object%93&#8243; header_2_text_shadow_blur_strength_tablet=&#8220;1px&#8220; header_3_text_shadow_horizontal_length=&#8220;header_3_text_shadow_style,%91object Object%93&#8243; header_3_text_shadow_horizontal_length_tablet=&#8220;0px&#8220; header_3_text_shadow_vertical_length=&#8220;header_3_text_shadow_style,%91object Object%93&#8243; header_3_text_shadow_vertical_length_tablet=&#8220;0px&#8220; header_3_text_shadow_blur_strength=&#8220;header_3_text_shadow_style,%91object Object%93&#8243; header_3_text_shadow_blur_strength_tablet=&#8220;1px&#8220; header_4_text_shadow_horizontal_length=&#8220;header_4_text_shadow_style,%91object Object%93&#8243; header_4_text_shadow_horizontal_length_tablet=&#8220;0px&#8220; header_4_text_shadow_vertical_length=&#8220;header_4_text_shadow_style,%91object Object%93&#8243; header_4_text_shadow_vertical_length_tablet=&#8220;0px&#8220; header_4_text_shadow_blur_strength=&#8220;header_4_text_shadow_style,%91object Object%93&#8243; header_4_text_shadow_blur_strength_tablet=&#8220;1px&#8220; header_5_text_shadow_horizontal_length=&#8220;header_5_text_shadow_style,%91object Object%93&#8243; header_5_text_shadow_horizontal_length_tablet=&#8220;0px&#8220; header_5_text_shadow_vertical_length=&#8220;header_5_text_shadow_style,%91object Object%93&#8243; header_5_text_shadow_vertical_length_tablet=&#8220;0px&#8220; header_5_text_shadow_blur_strength=&#8220;header_5_text_shadow_style,%91object Object%93&#8243; header_5_text_shadow_blur_strength_tablet=&#8220;1px&#8220; header_6_text_shadow_horizontal_length=&#8220;header_6_text_shadow_style,%91object Object%93&#8243; header_6_text_shadow_horizontal_length_tablet=&#8220;0px&#8220; header_6_text_shadow_vertical_length=&#8220;header_6_text_shadow_style,%91object Object%93&#8243; header_6_text_shadow_vertical_length_tablet=&#8220;0px&#8220; header_6_text_shadow_blur_strength=&#8220;header_6_text_shadow_style,%91object Object%93&#8243; header_6_text_shadow_blur_strength_tablet=&#8220;1px&#8220; box_shadow_horizontal_tablet=&#8220;0px&#8220; box_shadow_vertical_tablet=&#8220;0px&#8220; box_shadow_blur_tablet=&#8220;40px&#8220; box_shadow_spread_tablet=&#8220;0px&#8220; z_index_tablet=&#8220;500&#8243;]<\/p>\n<p>Unsere <strong>Terrasse<\/strong><\/p>\n<p>[\/et_pb_text][\/et_pb_column][\/et_pb_row][et_pb_row _builder_version=&#8220;3.19.12&#8243; make_fullwidth=&#8220;on&#8220; use_custom_gutter=&#8220;on&#8220; module_class=&#8220; et_pb_row_fullwidth et_pb_row_fullwidth&#8220; width=&#8220;89%&#8220; width_tablet=&#8220;80%&#8220; width_last_edited=&#8220;on|desktop&#8220; max_width=&#8220;89%&#8220; max_width_tablet=&#8220;80%&#8220; max_width_last_edited=&#8220;on|desktop&#8220;][et_pb_column type=&#8220;1_2&#8243; custom_padding__hover=&#8220;|||&#8220; custom_padding=&#8220;|||&#8220;][et_pb_image _builder_version=&#8220;3.19.12&#8243; src=&#8220;https:\/\/aladresseducentreville.com\/wp-content\/uploads\/2019\/03\/terrasse-du-gite-2.jpeg&#8220; force_fullwidth=&#8220;on&#8220; align_last_edited=&#8220;on|desktop&#8220; align_tablet=&#8220;center&#8220; \/][\/et_pb_column][et_pb_column type=&#8220;1_2&#8243; custom_padding__hover=&#8220;|||&#8220; custom_padding=&#8220;|||&#8220;][et_pb_image _builder_version=&#8220;3.19.12&#8243; src=&#8220;https:\/\/aladresseducentreville.com\/wp-content\/uploads\/2019\/03\/terrasse-du-gite.jpeg&#8220; force_fullwidth=&#8220;on&#8220; align_last_edited=&#8220;on|desktop&#8220; align_tablet=&#8220;center&#8220; \/][\/et_pb_column][\/et_pb_row][et_pb_row _builder_version=&#8220;3.19.12&#8243; module_id=&#8220;chambres&#8220; width=&#8220;80%&#8220; max_width=&#8220;1080px&#8220;][et_pb_column type=&#8220;4_4&#8243; custom_padding__hover=&#8220;|||&#8220; custom_padding=&#8220;|||&#8220;][et_pb_text admin_label=&#8220;Titre r\u00e9server&#8220; _builder_version=&#8220;3.19.12&#8243; text_font=&#8220;Oswald|||on|&#8220; text_text_color=&#8220;#002495&#8243; text_font_size=&#8220;64px&#8220; text_font_size_phone=&#8220;54px&#8220; text_font_size_last_edited=&#8220;on|desktop&#8220; text_line_height=&#8220;1.1em&#8220; background_size=&#8220;initial&#8220; background_position=&#8220;top_left&#8220; background_repeat=&#8220;repeat&#8220; background_layout=&#8220;dark&#8220; custom_padding=&#8220;0px|||&#8220; custom_css_main_element=&#8220;font-weight: 100;&#8220; use_border_color=&#8220;off&#8220; border_style=&#8220;solid&#8220; text_orientation=&#8220;center&#8220; saved_tabs=&#8220;all&#8220;]<\/p>\n<p>Reservieren Sie ein <strong>Zimmer<\/strong><\/p>\n<p>[\/et_pb_text][et_pb_button _builder_version=&#8220;3.19.12&#8243; button_text=&#8220;SCHAUEN SIE SICH ALLE UNTERKUNFTSOPTIONEN AN&#8220; button_url=&#8220;https:\/\/aladresseducentreville.com\/de\/die-zimmer-unserer-pension\/&#8220; button_alignment=&#8220;center&#8220; custom_button=&#8220;on&#8220; button_text_color=&#8220;#002495&#8243; button_border_color=&#8220;#002495&#8243; button_use_icon=&#8220;off&#8220; custom_padding=&#8220;10px|20px|10px|20px&#8220; \/][\/et_pb_column][\/et_pb_row][\/et_pb_section]<\/p>\n","protected":false},"excerpt":{"rendered":"<p>Unsere herzliche Pension Eine au\u00dfergew\u00f6hnliche Pension Die Saint-Christophe-Stra\u00dfe spiegelt das Bild von Montreal wider: sch\u00f6n, bunt und festlich. Gute Voraussetzungen f\u00fcr Nathalie und Robert, hier 1998 einen gemeinsamen Traum zu verwirklichen und ihre Pension in einem alten Haus aus dem Jahre 1875 zu er\u00f6ffnen. Die Pension ist ein Familienprojekt und hat sich schnell in eine [&hellip;]<\/p>\n","protected":false},"author":1,"featured_media":0,"parent":0,"menu_order":0,"comment_status":"closed","ping_status":"closed","template":"","meta":{"_et_pb_use_builder":"on","_et_pb_old_content":"","_et_gb_content_width":"","inline_featured_image":false,"footnotes":""},"class_list":["post-1868","page","type-page","status-publish","hentry"],"yoast_head":"<!-- This site is optimized with the Yoast SEO plugin v27.5 - https:\/\/yoast.com\/product\/yoast-seo-wordpress\/ -->\n<title>Eine au\u00dfergew\u00f6hnliche Pension | G\u00eete Adresse du Centre-ville<\/title>\n<meta name=\"robots\" content=\"index, follow, max-snippet:-1, max-image-preview:large, max-video-preview:-1\" \/>\n<link rel=\"canonical\" href=\"https:\/\/aladresseducentreville.com\/de\/eine-ausergewohnliche-pension\/\" \/>\n<meta property=\"og:locale\" content=\"de_DE\" \/>\n<meta property=\"og:type\" content=\"article\" \/>\n<meta property=\"og:title\" content=\"Eine au\u00dfergew\u00f6hnliche Pension | G\u00eete Adresse du Centre-ville\" \/>\n<meta property=\"og:description\" content=\"Unsere herzliche Pension Eine au\u00dfergew\u00f6hnliche Pension Die Saint-Christophe-Stra\u00dfe spiegelt das Bild von Montreal wider: sch\u00f6n, bunt und festlich. Gute Voraussetzungen f\u00fcr Nathalie und Robert, hier 1998 einen gemeinsamen Traum zu verwirklichen und ihre Pension in einem alten Haus aus dem Jahre 1875 zu er\u00f6ffnen. Die Pension ist ein Familienprojekt und hat sich schnell in eine [&hellip;]\" \/>\n<meta property=\"og:url\" content=\"https:\/\/aladresseducentreville.com\/de\/eine-ausergewohnliche-pension\/\" \/>\n<meta property=\"og:site_name\" content=\"G\u00eete Adresse du Centre-ville\" \/>\n<meta property=\"article:modified_time\" content=\"2020-09-03T20:28:58+00:00\" \/>\n<meta property=\"og:image\" content=\"https:\/\/aladresseducentreville.com\/wp-content\/uploads\/2019\/05\/Nathalie-et-Robert-devant-le-gite-683x1024.jpg\" \/>\n<meta name=\"twitter:card\" content=\"summary_large_image\" \/>\n<meta name=\"twitter:label1\" content=\"Gesch\u00e4tzte Lesezeit\" \/>\n\t<meta name=\"twitter:data1\" content=\"10\u00a0Minuten\" \/>\n<script type=\"application\/ld+json\" class=\"yoast-schema-graph\">{\"@context\":\"https:\\\/\\\/schema.org\",\"@graph\":[{\"@type\":\"WebPage\",\"@id\":\"https:\\\/\\\/aladresseducentreville.com\\\/de\\\/eine-ausergewohnliche-pension\\\/\",\"url\":\"https:\\\/\\\/aladresseducentreville.com\\\/de\\\/eine-ausergewohnliche-pension\\\/\",\"name\":\"Eine au\u00dfergew\u00f6hnliche Pension | G\u00eete Adresse du Centre-ville\",\"isPartOf\":{\"@id\":\"https:\\\/\\\/aladresseducentreville.com\\\/de\\\/#website\"},\"primaryImageOfPage\":{\"@id\":\"https:\\\/\\\/aladresseducentreville.com\\\/de\\\/eine-ausergewohnliche-pension\\\/#primaryimage\"},\"image\":{\"@id\":\"https:\\\/\\\/aladresseducentreville.com\\\/de\\\/eine-ausergewohnliche-pension\\\/#primaryimage\"},\"thumbnailUrl\":\"https:\\\/\\\/aladresseducentreville.com\\\/wp-content\\\/uploads\\\/2019\\\/05\\\/Nathalie-et-Robert-devant-le-gite-683x1024.jpg\",\"datePublished\":\"2019-07-03T02:12:57+00:00\",\"dateModified\":\"2020-09-03T20:28:58+00:00\",\"breadcrumb\":{\"@id\":\"https:\\\/\\\/aladresseducentreville.com\\\/de\\\/eine-ausergewohnliche-pension\\\/#breadcrumb\"},\"inLanguage\":\"de\",\"potentialAction\":[{\"@type\":\"ReadAction\",\"target\":[\"https:\\\/\\\/aladresseducentreville.com\\\/de\\\/eine-ausergewohnliche-pension\\\/\"]}]},{\"@type\":\"ImageObject\",\"inLanguage\":\"de\",\"@id\":\"https:\\\/\\\/aladresseducentreville.com\\\/de\\\/eine-ausergewohnliche-pension\\\/#primaryimage\",\"url\":\"https:\\\/\\\/aladresseducentreville.com\\\/wp-content\\\/uploads\\\/2019\\\/05\\\/Nathalie-et-Robert-devant-le-gite-683x1024.jpg\",\"contentUrl\":\"https:\\\/\\\/aladresseducentreville.com\\\/wp-content\\\/uploads\\\/2019\\\/05\\\/Nathalie-et-Robert-devant-le-gite-683x1024.jpg\"},{\"@type\":\"BreadcrumbList\",\"@id\":\"https:\\\/\\\/aladresseducentreville.com\\\/de\\\/eine-ausergewohnliche-pension\\\/#breadcrumb\",\"itemListElement\":[{\"@type\":\"ListItem\",\"position\":1,\"name\":\"Home\",\"item\":\"https:\\\/\\\/aladresseducentreville.com\\\/de\\\/\"},{\"@type\":\"ListItem\",\"position\":2,\"name\":\"Eine au\u00dfergew\u00f6hnliche Pension\"}]},{\"@type\":\"WebSite\",\"@id\":\"https:\\\/\\\/aladresseducentreville.com\\\/de\\\/#website\",\"url\":\"https:\\\/\\\/aladresseducentreville.com\\\/de\\\/\",\"name\":\"\u00c0 l'adresse du Centre-ville\",\"description\":\"Charmant G\u00eete B&amp;B situ\u00e9 \u00e0 Montr\u00e9al\",\"publisher\":{\"@id\":\"https:\\\/\\\/aladresseducentreville.com\\\/de\\\/#organization\"},\"potentialAction\":[{\"@type\":\"SearchAction\",\"target\":{\"@type\":\"EntryPoint\",\"urlTemplate\":\"https:\\\/\\\/aladresseducentreville.com\\\/de\\\/?s={search_term_string}\"},\"query-input\":{\"@type\":\"PropertyValueSpecification\",\"valueRequired\":true,\"valueName\":\"search_term_string\"}}],\"inLanguage\":\"de\"},{\"@type\":\"Organization\",\"@id\":\"https:\\\/\\\/aladresseducentreville.com\\\/de\\\/#organization\",\"name\":\"\u00c0 l'adresse du Centre-Ville\",\"url\":\"https:\\\/\\\/aladresseducentreville.com\\\/de\\\/\",\"logo\":{\"@type\":\"ImageObject\",\"inLanguage\":\"de\",\"@id\":\"https:\\\/\\\/aladresseducentreville.com\\\/de\\\/#\\\/schema\\\/logo\\\/image\\\/\",\"url\":\"https:\\\/\\\/aladresseducentreville.com\\\/wp-content\\\/uploads\\\/2019\\\/01\\\/logo-final-2.svg\",\"contentUrl\":\"https:\\\/\\\/aladresseducentreville.com\\\/wp-content\\\/uploads\\\/2019\\\/01\\\/logo-final-2.svg\",\"width\":1,\"height\":1,\"caption\":\"\u00c0 l'adresse du Centre-Ville\"},\"image\":{\"@id\":\"https:\\\/\\\/aladresseducentreville.com\\\/de\\\/#\\\/schema\\\/logo\\\/image\\\/\"}}]}<\/script>\n<!-- \/ Yoast SEO plugin. -->","yoast_head_json":{"title":"Eine au\u00dfergew\u00f6hnliche Pension | G\u00eete Adresse du Centre-ville","robots":{"index":"index","follow":"follow","max-snippet":"max-snippet:-1","max-image-preview":"max-image-preview:large","max-video-preview":"max-video-preview:-1"},"canonical":"https:\/\/aladresseducentreville.com\/de\/eine-ausergewohnliche-pension\/","og_locale":"de_DE","og_type":"article","og_title":"Eine au\u00dfergew\u00f6hnliche Pension | G\u00eete Adresse du Centre-ville","og_description":"Unsere herzliche Pension Eine au\u00dfergew\u00f6hnliche Pension Die Saint-Christophe-Stra\u00dfe spiegelt das Bild von Montreal wider: sch\u00f6n, bunt und festlich. Gute Voraussetzungen f\u00fcr Nathalie und Robert, hier 1998 einen gemeinsamen Traum zu verwirklichen und ihre Pension in einem alten Haus aus dem Jahre 1875 zu er\u00f6ffnen. Die Pension ist ein Familienprojekt und hat sich schnell in eine [&hellip;]","og_url":"https:\/\/aladresseducentreville.com\/de\/eine-ausergewohnliche-pension\/","og_site_name":"G\u00eete Adresse du Centre-ville","article_modified_time":"2020-09-03T20:28:58+00:00","og_image":[{"url":"https:\/\/aladresseducentreville.com\/wp-content\/uploads\/2019\/05\/Nathalie-et-Robert-devant-le-gite-683x1024.jpg","type":"","width":"","height":""}],"twitter_card":"summary_large_image","twitter_misc":{"Gesch\u00e4tzte Lesezeit":"10\u00a0Minuten"},"schema":{"@context":"https:\/\/schema.org","@graph":[{"@type":"WebPage","@id":"https:\/\/aladresseducentreville.com\/de\/eine-ausergewohnliche-pension\/","url":"https:\/\/aladresseducentreville.com\/de\/eine-ausergewohnliche-pension\/","name":"Eine au\u00dfergew\u00f6hnliche Pension | G\u00eete Adresse du Centre-ville","isPartOf":{"@id":"https:\/\/aladresseducentreville.com\/de\/#website"},"primaryImageOfPage":{"@id":"https:\/\/aladresseducentreville.com\/de\/eine-ausergewohnliche-pension\/#primaryimage"},"image":{"@id":"https:\/\/aladresseducentreville.com\/de\/eine-ausergewohnliche-pension\/#primaryimage"},"thumbnailUrl":"https:\/\/aladresseducentreville.com\/wp-content\/uploads\/2019\/05\/Nathalie-et-Robert-devant-le-gite-683x1024.jpg","datePublished":"2019-07-03T02:12:57+00:00","dateModified":"2020-09-03T20:28:58+00:00","breadcrumb":{"@id":"https:\/\/aladresseducentreville.com\/de\/eine-ausergewohnliche-pension\/#breadcrumb"},"inLanguage":"de","potentialAction":[{"@type":"ReadAction","target":["https:\/\/aladresseducentreville.com\/de\/eine-ausergewohnliche-pension\/"]}]},{"@type":"ImageObject","inLanguage":"de","@id":"https:\/\/aladresseducentreville.com\/de\/eine-ausergewohnliche-pension\/#primaryimage","url":"https:\/\/aladresseducentreville.com\/wp-content\/uploads\/2019\/05\/Nathalie-et-Robert-devant-le-gite-683x1024.jpg","contentUrl":"https:\/\/aladresseducentreville.com\/wp-content\/uploads\/2019\/05\/Nathalie-et-Robert-devant-le-gite-683x1024.jpg"},{"@type":"BreadcrumbList","@id":"https:\/\/aladresseducentreville.com\/de\/eine-ausergewohnliche-pension\/#breadcrumb","itemListElement":[{"@type":"ListItem","position":1,"name":"Home","item":"https:\/\/aladresseducentreville.com\/de\/"},{"@type":"ListItem","position":2,"name":"Eine au\u00dfergew\u00f6hnliche Pension"}]},{"@type":"WebSite","@id":"https:\/\/aladresseducentreville.com\/de\/#website","url":"https:\/\/aladresseducentreville.com\/de\/","name":"\u00c0 l'adresse du Centre-ville","description":"Charmant G\u00eete B&amp;B situ\u00e9 \u00e0 Montr\u00e9al","publisher":{"@id":"https:\/\/aladresseducentreville.com\/de\/#organization"},"potentialAction":[{"@type":"SearchAction","target":{"@type":"EntryPoint","urlTemplate":"https:\/\/aladresseducentreville.com\/de\/?s={search_term_string}"},"query-input":{"@type":"PropertyValueSpecification","valueRequired":true,"valueName":"search_term_string"}}],"inLanguage":"de"},{"@type":"Organization","@id":"https:\/\/aladresseducentreville.com\/de\/#organization","name":"\u00c0 l'adresse du Centre-Ville","url":"https:\/\/aladresseducentreville.com\/de\/","logo":{"@type":"ImageObject","inLanguage":"de","@id":"https:\/\/aladresseducentreville.com\/de\/#\/schema\/logo\/image\/","url":"https:\/\/aladresseducentreville.com\/wp-content\/uploads\/2019\/01\/logo-final-2.svg","contentUrl":"https:\/\/aladresseducentreville.com\/wp-content\/uploads\/2019\/01\/logo-final-2.svg","width":1,"height":1,"caption":"\u00c0 l'adresse du Centre-Ville"},"image":{"@id":"https:\/\/aladresseducentreville.com\/de\/#\/schema\/logo\/image\/"}}]}},"_links":{"self":[{"href":"https:\/\/aladresseducentreville.com\/de\/wp-json\/wp\/v2\/pages\/1868","targetHints":{"allow":["GET"]}}],"collection":[{"href":"https:\/\/aladresseducentreville.com\/de\/wp-json\/wp\/v2\/pages"}],"about":[{"href":"https:\/\/aladresseducentreville.com\/de\/wp-json\/wp\/v2\/types\/page"}],"author":[{"embeddable":true,"href":"https:\/\/aladresseducentreville.com\/de\/wp-json\/wp\/v2\/users\/1"}],"replies":[{"embeddable":true,"href":"https:\/\/aladresseducentreville.com\/de\/wp-json\/wp\/v2\/comments?post=1868"}],"version-history":[{"count":0,"href":"https:\/\/aladresseducentreville.com\/de\/wp-json\/wp\/v2\/pages\/1868\/revisions"}],"wp:attachment":[{"href":"https:\/\/aladresseducentreville.com\/de\/wp-json\/wp\/v2\/media?parent=1868"}],"curies":[{"name":"wp","href":"https:\/\/api.w.org\/{rel}","templated":true}]}}