{"id":1646,"date":"2019-06-01T17:58:08","date_gmt":"2019-06-01T17:58:08","guid":{"rendered":"https:\/\/aladresseducentreville.com\/hb_accommodation\/auguste-double-occupancy-room\/"},"modified":"2022-03-17T21:54:26","modified_gmt":"2022-03-17T21:54:26","slug":"auguste-double-occupancy-room","status":"publish","type":"hb_accommodation","link":"https:\/\/aladresseducentreville.com\/en\/hb_accommodation\/auguste-double-occupancy-room\/","title":{"rendered":"Auguste &#8211; Double occupancy room"},"content":{"rendered":"<p>[et_pb_section bb_built=&#8221;1&#8243; _builder_version=&#8221;3.0.47&#8243; inner_width=&#8221;auto&#8221; inner_max_width=&#8221;none&#8221;][et_pb_row _builder_version=&#8221;3.19.12&#8243; make_fullwidth=&#8221;on&#8221; use_custom_gutter=&#8221;on&#8221; custom_margin=&#8221;||0px|&#8221; custom_padding=&#8221;||0px|&#8221; module_class=&#8221; et_pb_row_fullwidth et_pb_row_fullwidth et_pb_row_fullwidth et_pb_row_fullwidth et_pb_row_fullwidth et_pb_row_fullwidth et_pb_row_fullwidth et_pb_row_fullwidth&#8221; width=&#8221;89%&#8221; width_tablet=&#8221;80%&#8221; width_last_edited=&#8221;on|desktop&#8221; max_width=&#8221;89%&#8221; max_width_tablet=&#8221;80%&#8221; max_width_last_edited=&#8221;on|desktop&#8221;][et_pb_column type=&#8221;4_4&#8243; custom_padding__hover=&#8221;|||&#8221; custom_padding=&#8221;||0px|&#8221;][et_pb_text admin_label=&#8221;NOM DE LA CHAMBRE &#8211; Auguste&#8221; _builder_version=&#8221;4.2.1&#8243; header_font=&#8221;|600|||||||&#8221; header_text_color=&#8221;#000000&#8243; text_text_color=&#8221;#000000&#8243; text_font_size=&#8221;18px&#8221; text_font_size_tablet=&#8221;16px&#8221; text_font_size_last_edited=&#8221;on|tablet&#8221; text_text_shadow_horizontal_length=&#8221;text_text_shadow_style,%91object Object%93&#8243; text_text_shadow_horizontal_length_tablet=&#8221;0px&#8221; text_text_shadow_vertical_length=&#8221;text_text_shadow_style,%91object Object%93&#8243; text_text_shadow_vertical_length_tablet=&#8221;0px&#8221; text_text_shadow_blur_strength=&#8221;text_text_shadow_style,%91object Object%93&#8243; text_text_shadow_blur_strength_tablet=&#8221;1px&#8221; link_text_shadow_horizontal_length=&#8221;link_text_shadow_style,%91object Object%93&#8243; link_text_shadow_horizontal_length_tablet=&#8221;0px&#8221; link_text_shadow_vertical_length=&#8221;link_text_shadow_style,%91object Object%93&#8243; link_text_shadow_vertical_length_tablet=&#8221;0px&#8221; link_text_shadow_blur_strength=&#8221;link_text_shadow_style,%91object Object%93&#8243; link_text_shadow_blur_strength_tablet=&#8221;1px&#8221; ul_text_shadow_horizontal_length=&#8221;ul_text_shadow_style,%91object Object%93&#8243; ul_text_shadow_horizontal_length_tablet=&#8221;0px&#8221; ul_text_shadow_vertical_length=&#8221;ul_text_shadow_style,%91object Object%93&#8243; ul_text_shadow_vertical_length_tablet=&#8221;0px&#8221; ul_text_shadow_blur_strength=&#8221;ul_text_shadow_style,%91object Object%93&#8243; ul_text_shadow_blur_strength_tablet=&#8221;1px&#8221; ol_text_shadow_horizontal_length=&#8221;ol_text_shadow_style,%91object Object%93&#8243; ol_text_shadow_horizontal_length_tablet=&#8221;0px&#8221; ol_text_shadow_vertical_length=&#8221;ol_text_shadow_style,%91object Object%93&#8243; ol_text_shadow_vertical_length_tablet=&#8221;0px&#8221; ol_text_shadow_blur_strength=&#8221;ol_text_shadow_style,%91object Object%93&#8243; ol_text_shadow_blur_strength_tablet=&#8221;1px&#8221; quote_text_shadow_horizontal_length=&#8221;quote_text_shadow_style,%91object Object%93&#8243; quote_text_shadow_horizontal_length_tablet=&#8221;0px&#8221; quote_text_shadow_vertical_length=&#8221;quote_text_shadow_style,%91object Object%93&#8243; quote_text_shadow_vertical_length_tablet=&#8221;0px&#8221; quote_text_shadow_blur_strength=&#8221;quote_text_shadow_style,%91object Object%93&#8243; quote_text_shadow_blur_strength_tablet=&#8221;1px&#8221; header_text_shadow_horizontal_length=&#8221;header_text_shadow_style,%91object Object%93&#8243; header_text_shadow_horizontal_length_tablet=&#8221;0px&#8221; header_text_shadow_vertical_length=&#8221;header_text_shadow_style,%91object Object%93&#8243; header_text_shadow_vertical_length_tablet=&#8221;0px&#8221; header_text_shadow_blur_strength=&#8221;header_text_shadow_style,%91object Object%93&#8243; header_text_shadow_blur_strength_tablet=&#8221;1px&#8221; header_2_text_shadow_horizontal_length=&#8221;header_2_text_shadow_style,%91object Object%93&#8243; header_2_text_shadow_horizontal_length_tablet=&#8221;0px&#8221; header_2_text_shadow_vertical_length=&#8221;header_2_text_shadow_style,%91object Object%93&#8243; header_2_text_shadow_vertical_length_tablet=&#8221;0px&#8221; header_2_text_shadow_blur_strength=&#8221;header_2_text_shadow_style,%91object Object%93&#8243; header_2_text_shadow_blur_strength_tablet=&#8221;1px&#8221; header_3_text_shadow_horizontal_length=&#8221;header_3_text_shadow_style,%91object Object%93&#8243; header_3_text_shadow_horizontal_length_tablet=&#8221;0px&#8221; header_3_text_shadow_vertical_length=&#8221;header_3_text_shadow_style,%91object Object%93&#8243; header_3_text_shadow_vertical_length_tablet=&#8221;0px&#8221; header_3_text_shadow_blur_strength=&#8221;header_3_text_shadow_style,%91object Object%93&#8243; header_3_text_shadow_blur_strength_tablet=&#8221;1px&#8221; header_4_text_shadow_horizontal_length=&#8221;header_4_text_shadow_style,%91object Object%93&#8243; header_4_text_shadow_horizontal_length_tablet=&#8221;0px&#8221; header_4_text_shadow_vertical_length=&#8221;header_4_text_shadow_style,%91object Object%93&#8243; header_4_text_shadow_vertical_length_tablet=&#8221;0px&#8221; header_4_text_shadow_blur_strength=&#8221;header_4_text_shadow_style,%91object Object%93&#8243; header_4_text_shadow_blur_strength_tablet=&#8221;1px&#8221; header_5_text_shadow_horizontal_length=&#8221;header_5_text_shadow_style,%91object Object%93&#8243; header_5_text_shadow_horizontal_length_tablet=&#8221;0px&#8221; header_5_text_shadow_vertical_length=&#8221;header_5_text_shadow_style,%91object Object%93&#8243; header_5_text_shadow_vertical_length_tablet=&#8221;0px&#8221; header_5_text_shadow_blur_strength=&#8221;header_5_text_shadow_style,%91object Object%93&#8243; header_5_text_shadow_blur_strength_tablet=&#8221;1px&#8221; header_6_text_shadow_horizontal_length=&#8221;header_6_text_shadow_style,%91object Object%93&#8243; header_6_text_shadow_horizontal_length_tablet=&#8221;0px&#8221; header_6_text_shadow_vertical_length=&#8221;header_6_text_shadow_style,%91object Object%93&#8243; header_6_text_shadow_vertical_length_tablet=&#8221;0px&#8221; header_6_text_shadow_blur_strength=&#8221;header_6_text_shadow_style,%91object Object%93&#8243; header_6_text_shadow_blur_strength_tablet=&#8221;1px&#8221; box_shadow_horizontal_tablet=&#8221;0px&#8221; box_shadow_vertical_tablet=&#8221;0px&#8221; box_shadow_blur_tablet=&#8221;40px&#8221; box_shadow_spread_tablet=&#8221;0px&#8221; vertical_offset_tablet=&#8221;0&#8243; horizontal_offset_tablet=&#8221;0&#8243; z_index_tablet=&#8221;0&#8243;]<\/p>\n<h1>L&#8217;AUGUSTE<\/h1>\n<p>&nbsp;<\/p>\n<p>L&#8217;Auguste is a non-smoking room of 13.5 square meters (165 square feet) with shared bathroom. It is equipped with a large bed (Queen size), a single bed, a small desk and an adjustable temperature air conditioner. The shared bathroom is equipped with a hairdryer and hygienic toiletries for the body and hair. High speed internet is available for free.\u00a0<\/p>\n<p>[\/et_pb_text][\/et_pb_column][\/et_pb_row][et_pb_row _builder_version=&#8221;3.19.12&#8243; module_alignment=&#8221;center&#8221; make_fullwidth=&#8221;on&#8221; use_custom_gutter=&#8221;on&#8221; module_class=&#8221; et_pb_row_fullwidth et_pb_row_fullwidth et_pb_row_fullwidth et_pb_row_fullwidth et_pb_row_fullwidth et_pb_row_fullwidth et_pb_row_fullwidth et_pb_row_fullwidth&#8221; width=&#8221;89%&#8221; width_tablet=&#8221;80%&#8221; width_last_edited=&#8221;on|desktop&#8221; max_width=&#8221;89%&#8221; max_width_tablet=&#8221;80%&#8221; max_width_last_edited=&#8221;on|desktop&#8221;][et_pb_column type=&#8221;1_6&#8243; custom_padding__hover=&#8221;|||&#8221; custom_padding=&#8221;|||&#8221;][et_pb_image admin_label=&#8221;Image savons&#8221; _builder_version=&#8221;3.19.12&#8243; src=&#8221;https:\/\/aladresseducentreville.com\/wp-content\/uploads\/2019\/01\/savon-et-produits-pour-la-chambre.svg&#8221; align=&#8221;center&#8221; show_bottom_space=&#8221;off&#8221; custom_margin=&#8221;||0px|&#8221; custom_padding=&#8221;||0px|&#8221; max_width=&#8221;50%&#8221; module_alignment=&#8221;center&#8221; align_last_edited=&#8221;on|desktop&#8221; align_tablet=&#8221;center&#8221; \/][\/et_pb_column][et_pb_column type=&#8221;1_6&#8243; custom_padding__hover=&#8221;|||&#8221; custom_padding=&#8221;|||&#8221;][et_pb_image admin_label=&#8221;Image climatiseur&#8221; _builder_version=&#8221;3.19.12&#8243; src=&#8221;https:\/\/aladresseducentreville.com\/wp-content\/uploads\/2019\/03\/air-conditioner.png&#8221; align=&#8221;center&#8221; show_bottom_space=&#8221;off&#8221; custom_margin=&#8221;||0px|&#8221; custom_padding=&#8221;||0px|&#8221; max_width=&#8221;50%&#8221; module_alignment=&#8221;center&#8221; alt=&#8221;air-conditioned hotel room&#8221; align_last_edited=&#8221;on|desktop&#8221; align_tablet=&#8221;center&#8221; \/][\/et_pb_column][et_pb_column type=&#8221;1_6&#8243; custom_padding__hover=&#8221;|||&#8221; custom_padding=&#8221;|||&#8221;][et_pb_image admin_label=&#8221;Image chambre sans fum\u00e9e&#8221; _builder_version=&#8221;3.19.12&#8243; src=&#8221;https:\/\/aladresseducentreville.com\/wp-content\/uploads\/2019\/01\/chambre-sans-fumee.png&#8221; align=&#8221;center&#8221; show_bottom_space=&#8221;off&#8221; custom_margin=&#8221;||0px|&#8221; custom_padding=&#8221;||0px|&#8221; max_width=&#8221;50%&#8221; module_alignment=&#8221;center&#8221; alt=&#8221;smoke-free hotel room&#8221; align_last_edited=&#8221;on|desktop&#8221; align_tablet=&#8221;center&#8221; \/][\/et_pb_column][et_pb_column type=&#8221;1_6&#8243; custom_padding__hover=&#8221;|||&#8221; custom_padding=&#8221;|||&#8221;][et_pb_image admin_label=&#8221;Image wi-fi&#8221; _builder_version=&#8221;3.19.12&#8243; src=&#8221;https:\/\/aladresseducentreville.com\/wp-content\/uploads\/2019\/01\/internet-wi-fi-dans-la-chambre.png&#8221; align=&#8221;center&#8221; show_bottom_space=&#8221;off&#8221; custom_margin=&#8221;||0px|&#8221; custom_padding=&#8221;||0px|&#8221; max_width=&#8221;50%&#8221; module_alignment=&#8221;center&#8221; alt=&#8221;Hotel room with internet wi-fi&#8221; align_last_edited=&#8221;on|desktop&#8221; align_tablet=&#8221;center&#8221; \/][\/et_pb_column][et_pb_column type=&#8221;1_6&#8243; custom_padding__hover=&#8221;|||&#8221; custom_padding=&#8221;|||&#8221;][et_pb_image admin_label=&#8221;Image s\u00e8che cheveux&#8221; _builder_version=&#8221;3.19.12&#8243; src=&#8221;https:\/\/aladresseducentreville.com\/wp-content\/uploads\/2019\/01\/seche-cheveux.png&#8221; align=&#8221;center&#8221; show_bottom_space=&#8221;off&#8221; custom_margin=&#8221;||0px|&#8221; custom_padding=&#8221;||0px|&#8221; max_width=&#8221;50%&#8221; module_alignment=&#8221;center&#8221; alt=&#8221;Hotel room with hair dryer&#8221; align_last_edited=&#8221;on|desktop&#8221; align_tablet=&#8221;center&#8221; \/][\/et_pb_column][et_pb_column type=&#8221;1_6&#8243; custom_padding__hover=&#8221;|||&#8221; custom_padding=&#8221;|||&#8221;][et_pb_image admin_label=&#8221;Image petit d\u00e9jeuner&#8221; _builder_version=&#8221;3.19.12&#8243; src=&#8221;https:\/\/aladresseducentreville.com\/wp-content\/uploads\/2019\/01\/petit-dejeuner-inclus.png&#8221; align=&#8221;center&#8221; show_bottom_space=&#8221;off&#8221; custom_margin=&#8221;||0px|&#8221; custom_padding=&#8221;||0px|&#8221; max_width=&#8221;50%&#8221; module_alignment=&#8221;center&#8221; alt=&#8221;Hotel room with breakfast included&#8221; align_last_edited=&#8221;on|desktop&#8221; align_tablet=&#8221;center&#8221; disabled_on=&#8221;off|off|off&#8221; disabled=&#8221;off&#8221; \/][\/et_pb_column][\/et_pb_row][et_pb_row _builder_version=&#8221;3.19.12&#8243; background_size=&#8221;initial&#8221; background_position=&#8221;top_left&#8221; background_repeat=&#8221;repeat&#8221; make_fullwidth=&#8221;on&#8221; use_custom_gutter=&#8221;on&#8221; make_equal=&#8221;on&#8221; module_class=&#8221; et_pb_row_fullwidth et_pb_row_fullwidth et_pb_row_fullwidth et_pb_row_fullwidth et_pb_row_fullwidth et_pb_row_fullwidth et_pb_row_fullwidth et_pb_row_fullwidth&#8221; width=&#8221;89%&#8221; width_tablet=&#8221;80%&#8221; width_last_edited=&#8221;on|desktop&#8221; max_width=&#8221;89%&#8221; max_width_tablet=&#8221;80%&#8221; max_width_last_edited=&#8221;on|desktop&#8221;][et_pb_column type=&#8221;3_5&#8243; custom_padding__hover=&#8221;|||&#8221; custom_padding=&#8221;|||&#8221;][et_pb_image admin_label=&#8221;Image principale&#8221; _builder_version=&#8221;3.19.12&#8243; src=&#8221;https:\/\/aladresseducentreville.com\/wp-content\/uploads\/2019\/01\/chambre-auguste.jpg&#8221; force_fullwidth=&#8221;on&#8221; show_bottom_space=&#8221;off&#8221; custom_margin=&#8221;||0px|&#8221; custom_padding=&#8221;||0px|&#8221; align_last_edited=&#8221;on|desktop&#8221; align_tablet=&#8221;center&#8221; \/][\/et_pb_column][et_pb_column type=&#8221;2_5&#8243; custom_padding__hover=&#8221;|||&#8221; custom_padding=&#8221;|||&#8221;][et_pb_text admin_label=&#8221;hb Booking shortcodes &#8221; _builder_version=&#8221;4.14.7&#8243; background_size=&#8221;initial&#8221; background_position=&#8221;top_left&#8221; background_repeat=&#8221;repeat&#8221; custom_margin=&#8221;||0px|&#8221; custom_padding=&#8221;||0px|&#8221; disabled_on=&#8221;off|off|off&#8221; disabled=&#8221;off&#8221; text_text_shadow_horizontal_length=&#8221;text_text_shadow_style,%91object Object%93&#8243; text_text_shadow_horizontal_length_tablet=&#8221;0px&#8221; text_text_shadow_vertical_length=&#8221;text_text_shadow_style,%91object Object%93&#8243; text_text_shadow_vertical_length_tablet=&#8221;0px&#8221; text_text_shadow_blur_strength=&#8221;text_text_shadow_style,%91object Object%93&#8243; text_text_shadow_blur_strength_tablet=&#8221;1px&#8221; link_text_shadow_horizontal_length=&#8221;link_text_shadow_style,%91object Object%93&#8243; link_text_shadow_horizontal_length_tablet=&#8221;0px&#8221; link_text_shadow_vertical_length=&#8221;link_text_shadow_style,%91object Object%93&#8243; link_text_shadow_vertical_length_tablet=&#8221;0px&#8221; link_text_shadow_blur_strength=&#8221;link_text_shadow_style,%91object Object%93&#8243; link_text_shadow_blur_strength_tablet=&#8221;1px&#8221; ul_text_shadow_horizontal_length=&#8221;ul_text_shadow_style,%91object Object%93&#8243; ul_text_shadow_horizontal_length_tablet=&#8221;0px&#8221; ul_text_shadow_vertical_length=&#8221;ul_text_shadow_style,%91object Object%93&#8243; ul_text_shadow_vertical_length_tablet=&#8221;0px&#8221; ul_text_shadow_blur_strength=&#8221;ul_text_shadow_style,%91object Object%93&#8243; ul_text_shadow_blur_strength_tablet=&#8221;1px&#8221; ol_text_shadow_horizontal_length=&#8221;ol_text_shadow_style,%91object Object%93&#8243; ol_text_shadow_horizontal_length_tablet=&#8221;0px&#8221; ol_text_shadow_vertical_length=&#8221;ol_text_shadow_style,%91object Object%93&#8243; ol_text_shadow_vertical_length_tablet=&#8221;0px&#8221; ol_text_shadow_blur_strength=&#8221;ol_text_shadow_style,%91object Object%93&#8243; ol_text_shadow_blur_strength_tablet=&#8221;1px&#8221; quote_text_shadow_horizontal_length=&#8221;quote_text_shadow_style,%91object Object%93&#8243; quote_text_shadow_horizontal_length_tablet=&#8221;0px&#8221; quote_text_shadow_vertical_length=&#8221;quote_text_shadow_style,%91object Object%93&#8243; quote_text_shadow_vertical_length_tablet=&#8221;0px&#8221; quote_text_shadow_blur_strength=&#8221;quote_text_shadow_style,%91object Object%93&#8243; quote_text_shadow_blur_strength_tablet=&#8221;1px&#8221; header_text_shadow_horizontal_length=&#8221;header_text_shadow_style,%91object Object%93&#8243; header_text_shadow_horizontal_length_tablet=&#8221;0px&#8221; header_text_shadow_vertical_length=&#8221;header_text_shadow_style,%91object Object%93&#8243; header_text_shadow_vertical_length_tablet=&#8221;0px&#8221; header_text_shadow_blur_strength=&#8221;header_text_shadow_style,%91object Object%93&#8243; header_text_shadow_blur_strength_tablet=&#8221;1px&#8221; header_2_text_shadow_horizontal_length=&#8221;header_2_text_shadow_style,%91object Object%93&#8243; header_2_text_shadow_horizontal_length_tablet=&#8221;0px&#8221; header_2_text_shadow_vertical_length=&#8221;header_2_text_shadow_style,%91object Object%93&#8243; header_2_text_shadow_vertical_length_tablet=&#8221;0px&#8221; header_2_text_shadow_blur_strength=&#8221;header_2_text_shadow_style,%91object Object%93&#8243; header_2_text_shadow_blur_strength_tablet=&#8221;1px&#8221; header_3_text_shadow_horizontal_length=&#8221;header_3_text_shadow_style,%91object Object%93&#8243; header_3_text_shadow_horizontal_length_tablet=&#8221;0px&#8221; header_3_text_shadow_vertical_length=&#8221;header_3_text_shadow_style,%91object Object%93&#8243; header_3_text_shadow_vertical_length_tablet=&#8221;0px&#8221; header_3_text_shadow_blur_strength=&#8221;header_3_text_shadow_style,%91object Object%93&#8243; header_3_text_shadow_blur_strength_tablet=&#8221;1px&#8221; header_4_text_shadow_horizontal_length=&#8221;header_4_text_shadow_style,%91object Object%93&#8243; header_4_text_shadow_horizontal_length_tablet=&#8221;0px&#8221; header_4_text_shadow_vertical_length=&#8221;header_4_text_shadow_style,%91object Object%93&#8243; header_4_text_shadow_vertical_length_tablet=&#8221;0px&#8221; header_4_text_shadow_blur_strength=&#8221;header_4_text_shadow_style,%91object Object%93&#8243; header_4_text_shadow_blur_strength_tablet=&#8221;1px&#8221; header_5_text_shadow_horizontal_length=&#8221;header_5_text_shadow_style,%91object Object%93&#8243; header_5_text_shadow_horizontal_length_tablet=&#8221;0px&#8221; header_5_text_shadow_vertical_length=&#8221;header_5_text_shadow_style,%91object Object%93&#8243; header_5_text_shadow_vertical_length_tablet=&#8221;0px&#8221; header_5_text_shadow_blur_strength=&#8221;header_5_text_shadow_style,%91object Object%93&#8243; header_5_text_shadow_blur_strength_tablet=&#8221;1px&#8221; header_6_text_shadow_horizontal_length=&#8221;header_6_text_shadow_style,%91object Object%93&#8243; header_6_text_shadow_horizontal_length_tablet=&#8221;0px&#8221; header_6_text_shadow_vertical_length=&#8221;header_6_text_shadow_style,%91object Object%93&#8243; header_6_text_shadow_vertical_length_tablet=&#8221;0px&#8221; header_6_text_shadow_blur_strength=&#8221;header_6_text_shadow_style,%91object Object%93&#8243; header_6_text_shadow_blur_strength_tablet=&#8221;1px&#8221; box_shadow_horizontal_tablet=&#8221;0px&#8221; box_shadow_vertical_tablet=&#8221;0px&#8221; box_shadow_blur_tablet=&#8221;40px&#8221; box_shadow_spread_tablet=&#8221;0px&#8221; vertical_offset_tablet=&#8221;0&#8243; horizontal_offset_tablet=&#8221;0&#8243; z_index_tablet=&#8221;0&#8243;]<\/p>\n<p>Please note that it is not possible to make reservations for stays longer than two weeks through our system. To do so, you must contact us by email. A non-refundable deposit will be required.<\/p>\n<p>Arrival hours: between 12:00 and 18:00.<br \/>Check-out time: until 11:00 am.<br \/>If your room is not ready, we will be happy to hold your luggage so you can go for a walk. After 6:00 pm, arrivals will be done autonomously (door code, your room number, indication of parking possibilities). No arrival after 6:00 pm.<br \/>No extra beds are available.<br \/>Pets are not allowed in the establishment.<br \/>We speak English, French and Spanish.<br \/>Public parking is available nearby (without prior reservation) at a rate of $14 CAD per day.<br \/>Free public parking is available nearby (no reservations required).<\/p>\n\n<p>[\/et_pb_text][et_pb_button admin_label=&#8221;Bouton vers les chambres&#8221; _builder_version=&#8221;3.19.12&#8243; button_text=&#8221;Back to other rooms&#8221; button_url=&#8221;https:\/\/aladresseducentreville.com\/en\/rooms-in-our-bed-breakfast\/&#8221; button_alignment=&#8221;center&#8221; custom_button=&#8221;on&#8221; button_text_color=&#8221;#002495&#8243; button_bg_color=&#8221;#ffffff&#8221; button_border_color=&#8221;#002495&#8243; button_icon=&#8221;&amp;#x3c;||divi||400&#8243; button_icon_color=&#8221;#002495&#8243; button_icon_placement=&#8221;left&#8221; custom_padding=&#8221;20px|40px|20px|40px&#8221; button_on_hover=&#8221;off&#8221; custom_margin=&#8221;0px|||&#8221; \/][\/et_pb_column][\/et_pb_row][et_pb_row _builder_version=&#8221;3.19.12&#8243; make_fullwidth=&#8221;on&#8221; use_custom_gutter=&#8221;on&#8221; module_class=&#8221; et_pb_row_fullwidth et_pb_row_fullwidth et_pb_row_fullwidth et_pb_row_fullwidth et_pb_row_fullwidth et_pb_row_fullwidth et_pb_row_fullwidth et_pb_row_fullwidth&#8221; width=&#8221;89%&#8221; width_tablet=&#8221;80%&#8221; width_last_edited=&#8221;on|desktop&#8221; max_width=&#8221;89%&#8221; max_width_tablet=&#8221;80%&#8221; max_width_last_edited=&#8221;on|desktop&#8221;][et_pb_column type=&#8221;3_5&#8243; custom_padding__hover=&#8221;|||&#8221; custom_padding=&#8221;|||&#8221;][et_pb_image admin_label=&#8221;Image secondaire 1&#8243; _builder_version=&#8221;3.19.12&#8243; src=&#8221;https:\/\/aladresseducentreville.com\/wp-content\/uploads\/2019\/01\/auguste2.jpg&#8221; align_last_edited=&#8221;on|desktop&#8221; align_tablet=&#8221;center&#8221; \/][\/et_pb_column][et_pb_column type=&#8221;2_5&#8243; custom_padding__hover=&#8221;|||&#8221; custom_padding=&#8221;|||&#8221;][et_pb_image admin_label=&#8221;Image secondaire 2&#8243; _builder_version=&#8221;3.19.12&#8243; src=&#8221;https:\/\/aladresseducentreville.com\/wp-content\/uploads\/2019\/01\/auguste3.jpg&#8221; align_last_edited=&#8221;on|desktop&#8221; align_tablet=&#8221;center&#8221; \/][\/et_pb_column][\/et_pb_row][et_pb_row _builder_version=&#8221;3.19.12&#8243; make_fullwidth=&#8221;on&#8221; use_custom_gutter=&#8221;on&#8221; module_class=&#8221; et_pb_row_fullwidth et_pb_row_fullwidth et_pb_row_fullwidth et_pb_row_fullwidth et_pb_row_fullwidth et_pb_row_fullwidth et_pb_row_fullwidth et_pb_row_fullwidth&#8221; width=&#8221;89%&#8221; width_tablet=&#8221;80%&#8221; width_last_edited=&#8221;on|desktop&#8221; max_width=&#8221;89%&#8221; max_width_tablet=&#8221;80%&#8221; max_width_last_edited=&#8221;on|desktop&#8221;][et_pb_column type=&#8221;4_4&#8243; custom_padding__hover=&#8221;|||&#8221; custom_padding=&#8221;|||&#8221;][et_pb_text _builder_version=&#8221;3.19.12&#8243; header_font=&#8221;|600||on|||||&#8221; header_text_color=&#8221;#000000&#8243; text_orientation=&#8221;left&#8221;]<\/p>\n<h1>Activities nearby&#8230;<\/h1>\n<p>[\/et_pb_text][\/et_pb_column][\/et_pb_row][et_pb_row _builder_version=&#8221;3.19.12&#8243; make_fullwidth=&#8221;on&#8221; use_custom_gutter=&#8221;on&#8221; gutter_width=&#8221;1&#8243; module_class=&#8221;ds-carousel et_pb_row_fullwidth et_pb_row_fullwidth et_pb_row_fullwidth et_pb_row_fullwidth et_pb_row_fullwidth et_pb_row_fullwidth et_pb_row_fullwidth et_pb_row_fullwidth et_pb_row_fullwidth et_pb_row_fullwidth et_pb_row_fullwidth et_pb_row_fullwidth et_pb_row_fullwidth et_pb_row_fullwidth et_pb_row_fullwidth et_pb_row_fullwidth et_pb_row_fullwidth et_pb_row_fullwidth&#8221; width=&#8221;100%&#8221; width_tablet=&#8221;100%&#8221; width_last_edited=&#8221;on|desktop&#8221; max_width=&#8221;100%&#8221; max_width_tablet=&#8221;100%&#8221; max_width_last_edited=&#8221;on|desktop&#8221;][et_pb_column type=&#8221;4_4&#8243; custom_padding__hover=&#8221;|||&#8221; custom_padding=&#8221;|||&#8221;][et_pb_image admin_label=&#8221;Image place des arts avec lien&#8221; _builder_version=&#8221;3.19.12&#8243; src=&#8221;https:\/\/aladresseducentreville.com\/wp-content\/uploads\/2019\/01\/logo-place-des-arts-de-montreal.jpeg&#8221; align=&#8221;center&#8221; custom_margin=&#8221;||0px|&#8221; custom_padding=&#8221;0px|30px|0px|30px&#8221; module_alignment=&#8221;center&#8221; url=&#8221;https:\/\/placedesarts.com\/fr&#8221; url_new_window=&#8221;on&#8221; alt=&#8221;Place des arts de Montr\u00e9al&#8221; max_width=&#8221;54%&#8221; align_last_edited=&#8221;on|desktop&#8221; align_tablet=&#8221;center&#8221; \/][et_pb_image admin_label=&#8221;Image basilique&#8221; _builder_version=&#8221;3.19.12&#8243; src=&#8221;https:\/\/aladresseducentreville.com\/wp-content\/uploads\/2019\/03\/basilique-notre-dame-de-montreal.png&#8221; align=&#8221;center&#8221; custom_margin=&#8221;||0px|&#8221; custom_padding=&#8221;0px|30px|0px|30px&#8221; module_alignment=&#8221;center&#8221; alt=&#8221;Basilique Notre Dame de Montr\u00e9al&#8221; url=&#8221;https:\/\/www.basiliquenotredame.com\/fr\/&#8221; url_new_window=&#8221;on&#8221; align_last_edited=&#8221;on|desktop&#8221; align_tablet=&#8221;center&#8221; \/][et_pb_image admin_label=&#8221;Image Centre eaton&#8221; _builder_version=&#8221;3.19.12&#8243; src=&#8221;https:\/\/aladresseducentreville.com\/wp-content\/uploads\/2019\/01\/logo-centre-eaton-de-montreal.jpg&#8221; align=&#8221;center&#8221; custom_margin=&#8221;||0px|&#8221; custom_padding=&#8221;0px|30px|0px|30px&#8221; module_alignment=&#8221;center&#8221; alt=&#8221;centre Eaton de Montr\u00e9al&#8221; url=&#8221;https:\/\/www.centreeatondemontreal.com\/fr\/&#8221; url_new_window=&#8221;on&#8221; max_width=&#8221;80%&#8221; align_last_edited=&#8221;on|desktop&#8221; align_tablet=&#8221;center&#8221; \/][et_pb_image admin_label=&#8221;Image MTL en lumi\u00e8re&#8221; _builder_version=&#8221;3.19.12&#8243; src=&#8221;https:\/\/aladresseducentreville.com\/wp-content\/uploads\/2019\/01\/montreal_en_lumiere-logo.jpg&#8221; align=&#8221;center&#8221; custom_margin=&#8221;||0px|&#8221; custom_padding=&#8221;0px|30px|0px|30px&#8221; module_alignment=&#8221;center&#8221; alt=&#8221;festival Montr\u00e9al en Lumi\u00e8re&#8221; url=&#8221;https:\/\/www.montrealenlumiere.com\/&#8221; url_new_window=&#8221;on&#8221; align_last_edited=&#8221;on|desktop&#8221; align_tablet=&#8221;center&#8221; \/][et_pb_image admin_label=&#8221;Image festival de jazz &#8221; _builder_version=&#8221;3.19.12&#8243; src=&#8221;https:\/\/aladresseducentreville.com\/wp-content\/uploads\/2019\/01\/festival-de-jazz-de-montreal.png&#8221; align=&#8221;center&#8221; custom_margin=&#8221;||0px|&#8221; custom_padding=&#8221;0px|30px|0px|30px&#8221; module_alignment=&#8221;center&#8221; alt=&#8221;festival de jazz de Montr\u00e9al&#8221; url=&#8221;https:\/\/www.montrealjazzfest.com\/&#8221; url_new_window=&#8221;on&#8221; max_width=&#8221;55%&#8221; align_last_edited=&#8221;on|desktop&#8221; align_tablet=&#8221;center&#8221; \/][et_pb_image admin_label=&#8221;Image vieux port &#8221; _builder_version=&#8221;3.19.12&#8243; src=&#8221;https:\/\/aladresseducentreville.com\/wp-content\/uploads\/2019\/01\/logo-vieux-port-de-montreal.png&#8221; align=&#8221;center&#8221; custom_margin=&#8221;||0px|&#8221; custom_padding=&#8221;0px|30px|0px|30px&#8221; module_alignment=&#8221;center&#8221; alt=&#8221;vieux port de montr\u00e9al&#8221; url=&#8221;https:\/\/www.societeduvieuxport.com\/la-societe-du-vieux-port&#8221; url_new_window=&#8221;on&#8221; align_last_edited=&#8221;on|desktop&#8221; align_tablet=&#8221;center&#8221; \/][et_pb_image admin_label=&#8221;Image quartier latin&#8221; _builder_version=&#8221;3.19.12&#8243; src=&#8221;https:\/\/aladresseducentreville.com\/wp-content\/uploads\/2019\/01\/logo-quartier-latin-de-montreal.png&#8221; align=&#8221;center&#8221; custom_margin=&#8221;||0px|&#8221; custom_padding=&#8221;0px|30px|0px|30px&#8221; module_alignment=&#8221;center&#8221; alt=&#8221;quartier latin de montr\u00e9al&#8221; url=&#8221;http:\/\/www.quartierlatin.com\/fr\/&#8221; url_new_window=&#8221;on&#8221; max_width=&#8221;85%&#8221; align_last_edited=&#8221;on|desktop&#8221; align_tablet=&#8221;center&#8221; \/][et_pb_image admin_label=&#8221;Image quartier des spectacles&#8221; _builder_version=&#8221;3.19.12&#8243; src=&#8221;https:\/\/aladresseducentreville.com\/wp-content\/uploads\/2019\/01\/logo-quartier-des-spectacles.png&#8221; align=&#8221;center&#8221; custom_margin=&#8221;||0px|&#8221; custom_padding=&#8221;0px|30px|0px|30px&#8221; module_alignment=&#8221;center&#8221; alt=&#8221;quartier des spectacles de montr\u00e9al&#8221; url=&#8221;https:\/\/www.quartierdesspectacles.com\/fr\/&#8221; url_new_window=&#8221;on&#8221; align_last_edited=&#8221;on|desktop&#8221; align_tablet=&#8221;center&#8221; \/][et_pb_image admin_label=&#8221;Image place des arts avec lien&#8221; _builder_version=&#8221;3.19.12&#8243; src=&#8221;https:\/\/aladresseducentreville.com\/wp-content\/uploads\/2019\/01\/logo-place-des-arts-de-montreal.jpeg&#8221; align=&#8221;center&#8221; custom_margin=&#8221;||0px|&#8221; custom_padding=&#8221;0px|30px|0px|30px&#8221; module_alignment=&#8221;center&#8221; url=&#8221;https:\/\/placedesarts.com\/fr&#8221; url_new_window=&#8221;on&#8221; alt=&#8221;Place des arts de Montr\u00e9al&#8221; max_width=&#8221;55%&#8221; align_last_edited=&#8221;on|desktop&#8221; align_tablet=&#8221;center&#8221; \/][et_pb_image admin_label=&#8221;Image basilique&#8221; _builder_version=&#8221;3.19.12&#8243; src=&#8221;https:\/\/aladresseducentreville.com\/wp-content\/uploads\/2019\/03\/basilique-notre-dame-de-montreal.png&#8221; align=&#8221;center&#8221; custom_margin=&#8221;||0px|&#8221; custom_padding=&#8221;0px|30px|0px|30px&#8221; module_alignment=&#8221;center&#8221; alt=&#8221;Basilique Notre Dame de Montr\u00e9al&#8221; url=&#8221;https:\/\/www.basiliquenotredame.com\/fr\/&#8221; url_new_window=&#8221;on&#8221; align_last_edited=&#8221;on|desktop&#8221; align_tablet=&#8221;center&#8221; \/][et_pb_image admin_label=&#8221;Image Centre eaton&#8221; _builder_version=&#8221;3.19.12&#8243; src=&#8221;https:\/\/aladresseducentreville.com\/wp-content\/uploads\/2019\/01\/logo-centre-eaton-de-montreal.jpg&#8221; align=&#8221;center&#8221; custom_margin=&#8221;||0px|&#8221; custom_padding=&#8221;0px|30px|0px|30px&#8221; module_alignment=&#8221;center&#8221; alt=&#8221;centre Eaton de Montr\u00e9al&#8221; url=&#8221;https:\/\/www.centreeatondemontreal.com\/fr\/&#8221; url_new_window=&#8221;on&#8221; max_width=&#8221;80%&#8221; align_last_edited=&#8221;on|desktop&#8221; align_tablet=&#8221;center&#8221; \/][et_pb_image admin_label=&#8221;Image MTL en lumi\u00e8re&#8221; _builder_version=&#8221;3.19.12&#8243; src=&#8221;https:\/\/aladresseducentreville.com\/wp-content\/uploads\/2019\/01\/montreal_en_lumiere-logo.jpg&#8221; align=&#8221;center&#8221; custom_margin=&#8221;||0px|&#8221; custom_padding=&#8221;0px|30px|0px|30px&#8221; module_alignment=&#8221;center&#8221; alt=&#8221;festival Montr\u00e9al en Lumi\u00e8re&#8221; url=&#8221;https:\/\/www.montrealenlumiere.com\/&#8221; url_new_window=&#8221;on&#8221; align_last_edited=&#8221;on|desktop&#8221; align_tablet=&#8221;center&#8221; \/][et_pb_image admin_label=&#8221;Image festival de jazz &#8221; _builder_version=&#8221;3.19.12&#8243; src=&#8221;https:\/\/aladresseducentreville.com\/wp-content\/uploads\/2019\/01\/festival-de-jazz-de-montreal.png&#8221; align=&#8221;center&#8221; custom_margin=&#8221;||0px|&#8221; custom_padding=&#8221;0px|30px|0px|30px&#8221; module_alignment=&#8221;center&#8221; alt=&#8221;festival de jazz de Montr\u00e9al&#8221; url=&#8221;https:\/\/www.montrealjazzfest.com\/&#8221; url_new_window=&#8221;on&#8221; max_width=&#8221;55%&#8221; align_last_edited=&#8221;on|desktop&#8221; align_tablet=&#8221;center&#8221; \/][et_pb_image admin_label=&#8221;Image vieux port &#8221; _builder_version=&#8221;3.19.12&#8243; src=&#8221;https:\/\/aladresseducentreville.com\/wp-content\/uploads\/2019\/01\/logo-vieux-port-de-montreal.png&#8221; align=&#8221;center&#8221; custom_margin=&#8221;||0px|&#8221; custom_padding=&#8221;0px|30px|0px|30px&#8221; module_alignment=&#8221;center&#8221; alt=&#8221;vieux port de montr\u00e9al&#8221; url=&#8221;https:\/\/www.societeduvieuxport.com\/la-societe-du-vieux-port&#8221; url_new_window=&#8221;on&#8221; align_last_edited=&#8221;on|desktop&#8221; align_tablet=&#8221;center&#8221; \/][et_pb_image admin_label=&#8221;Image quartier latin&#8221; _builder_version=&#8221;3.19.12&#8243; src=&#8221;https:\/\/aladresseducentreville.com\/wp-content\/uploads\/2019\/01\/logo-quartier-latin-de-montreal.png&#8221; align=&#8221;center&#8221; custom_margin=&#8221;||0px|&#8221; custom_padding=&#8221;0px|30px|0px|30px&#8221; module_alignment=&#8221;center&#8221; alt=&#8221;quartier latin de montr\u00e9al&#8221; url=&#8221;http:\/\/www.quartierlatin.com\/fr\/&#8221; url_new_window=&#8221;on&#8221; max_width=&#8221;85%&#8221; align_last_edited=&#8221;on|desktop&#8221; align_tablet=&#8221;center&#8221; \/][et_pb_image admin_label=&#8221;Image quartier des spectacles&#8221; _builder_version=&#8221;3.19.12&#8243; src=&#8221;https:\/\/aladresseducentreville.com\/wp-content\/uploads\/2019\/01\/logo-quartier-des-spectacles.png&#8221; align=&#8221;center&#8221; custom_margin=&#8221;||0px|&#8221; custom_padding=&#8221;0px|30px|0px|30px&#8221; module_alignment=&#8221;center&#8221; alt=&#8221;quartier des spectacles de montr\u00e9al&#8221; url=&#8221;https:\/\/www.quartierdesspectacles.com\/fr\/&#8221; url_new_window=&#8221;on&#8221; align_last_edited=&#8221;on|desktop&#8221; align_tablet=&#8221;center&#8221; \/][\/et_pb_column][\/et_pb_row][\/et_pb_section]<\/p>\n","protected":false},"featured_media":0,"template":"","meta":{"_et_pb_use_builder":"on","_et_pb_old_content":"[hb_booking_form]\r\n\r\n<h3>Description<\/h3>\r\n\r\nbalbalalalalalalalalalala\r\n\r\n<h3>Disponibilit\u00e9<\/h3>\r\n[hb_availability]\r\n\r\n<h3>Tarification par nuit\u00e9e<\/h3>\r\n[hb_rates]\r\n\r\n<h3>Pr\u00eat \u00e0 r\u00e9server ?<\/h3>\r\n[hb_booking_form]","_et_gb_content_width":"","inline_featured_image":false},"class_list":["post-1646","hb_accommodation","type-hb_accommodation","status-publish","hentry"],"yoast_head":"<!-- This site is optimized with the Yoast SEO plugin v27.5 - https:\/\/yoast.com\/product\/yoast-seo-wordpress\/ -->\n<title>Auguste - Double occupancy room | G\u00eete Adresse du Centre-ville<\/title>\n<meta name=\"description\" content=\"The Auguste Room is non-smoking. Room size is 13.5 sqm and shared bathroom. Equipped with a large bed and an adjustable air conditioner.\" \/>\n<meta name=\"robots\" content=\"index, follow, max-snippet:-1, max-image-preview:large, max-video-preview:-1\" \/>\n<link rel=\"canonical\" href=\"https:\/\/aladresseducentreville.com\/en\/hb_accommodation\/auguste-double-occupancy-room\/\" \/>\n<meta property=\"og:locale\" content=\"en_US\" \/>\n<meta property=\"og:type\" content=\"article\" \/>\n<meta property=\"og:title\" content=\"Auguste - Double occupancy room | G\u00eete Adresse du Centre-ville\" \/>\n<meta property=\"og:description\" content=\"The Auguste Room is non-smoking. Room size is 13.5 sqm and shared bathroom. Equipped with a large bed and an adjustable air conditioner.\" \/>\n<meta property=\"og:url\" content=\"https:\/\/aladresseducentreville.com\/en\/hb_accommodation\/auguste-double-occupancy-room\/\" \/>\n<meta property=\"og:site_name\" content=\"G\u00eete Adresse du Centre-ville\" \/>\n<meta property=\"article:modified_time\" content=\"2022-03-17T21:54:26+00:00\" \/>\n<meta name=\"twitter:card\" content=\"summary_large_image\" \/>\n<meta name=\"twitter:label1\" content=\"Est. reading time\" \/>\n\t<meta name=\"twitter:data1\" content=\"18 minutes\" \/>\n<script type=\"application\/ld+json\" class=\"yoast-schema-graph\">{\"@context\":\"https:\\\/\\\/schema.org\",\"@graph\":[{\"@type\":\"WebPage\",\"@id\":\"https:\\\/\\\/aladresseducentreville.com\\\/en\\\/hb_accommodation\\\/auguste-double-occupancy-room\\\/\",\"url\":\"https:\\\/\\\/aladresseducentreville.com\\\/en\\\/hb_accommodation\\\/auguste-double-occupancy-room\\\/\",\"name\":\"Auguste - Double occupancy room | G\u00eete Adresse du Centre-ville\",\"isPartOf\":{\"@id\":\"https:\\\/\\\/aladresseducentreville.com\\\/en\\\/#website\"},\"datePublished\":\"2019-06-01T17:58:08+00:00\",\"dateModified\":\"2022-03-17T21:54:26+00:00\",\"description\":\"The Auguste Room is non-smoking. Room size is 13.5 sqm and shared bathroom. Equipped with a large bed and an adjustable air conditioner.\",\"breadcrumb\":{\"@id\":\"https:\\\/\\\/aladresseducentreville.com\\\/en\\\/hb_accommodation\\\/auguste-double-occupancy-room\\\/#breadcrumb\"},\"inLanguage\":\"en-US\",\"potentialAction\":[{\"@type\":\"ReadAction\",\"target\":[\"https:\\\/\\\/aladresseducentreville.com\\\/en\\\/hb_accommodation\\\/auguste-double-occupancy-room\\\/\"]}]},{\"@type\":\"BreadcrumbList\",\"@id\":\"https:\\\/\\\/aladresseducentreville.com\\\/en\\\/hb_accommodation\\\/auguste-double-occupancy-room\\\/#breadcrumb\",\"itemListElement\":[{\"@type\":\"ListItem\",\"position\":1,\"name\":\"Home\",\"item\":\"https:\\\/\\\/aladresseducentreville.com\\\/en\\\/\"},{\"@type\":\"ListItem\",\"position\":2,\"name\":\"Accommodation\",\"item\":\"https:\\\/\\\/aladresseducentreville.com\\\/en\\\/hb_accommodation\\\/\"},{\"@type\":\"ListItem\",\"position\":3,\"name\":\"Auguste &#8211; Double occupancy room\"}]},{\"@type\":\"WebSite\",\"@id\":\"https:\\\/\\\/aladresseducentreville.com\\\/en\\\/#website\",\"url\":\"https:\\\/\\\/aladresseducentreville.com\\\/en\\\/\",\"name\":\"\u00c0 l'adresse du Centre-ville\",\"description\":\"Charmant G\u00eete B&amp;B situ\u00e9 \u00e0 Montr\u00e9al\",\"publisher\":{\"@id\":\"https:\\\/\\\/aladresseducentreville.com\\\/en\\\/#organization\"},\"potentialAction\":[{\"@type\":\"SearchAction\",\"target\":{\"@type\":\"EntryPoint\",\"urlTemplate\":\"https:\\\/\\\/aladresseducentreville.com\\\/en\\\/?s={search_term_string}\"},\"query-input\":{\"@type\":\"PropertyValueSpecification\",\"valueRequired\":true,\"valueName\":\"search_term_string\"}}],\"inLanguage\":\"en-US\"},{\"@type\":\"Organization\",\"@id\":\"https:\\\/\\\/aladresseducentreville.com\\\/en\\\/#organization\",\"name\":\"\u00c0 l'adresse du Centre-Ville\",\"url\":\"https:\\\/\\\/aladresseducentreville.com\\\/en\\\/\",\"logo\":{\"@type\":\"ImageObject\",\"inLanguage\":\"en-US\",\"@id\":\"https:\\\/\\\/aladresseducentreville.com\\\/en\\\/#\\\/schema\\\/logo\\\/image\\\/\",\"url\":\"https:\\\/\\\/aladresseducentreville.com\\\/wp-content\\\/uploads\\\/2019\\\/01\\\/logo-final-2.svg\",\"contentUrl\":\"https:\\\/\\\/aladresseducentreville.com\\\/wp-content\\\/uploads\\\/2019\\\/01\\\/logo-final-2.svg\",\"width\":1,\"height\":1,\"caption\":\"\u00c0 l'adresse du Centre-Ville\"},\"image\":{\"@id\":\"https:\\\/\\\/aladresseducentreville.com\\\/en\\\/#\\\/schema\\\/logo\\\/image\\\/\"}}]}<\/script>\n<!-- \/ Yoast SEO plugin. -->","yoast_head_json":{"title":"Auguste - Double occupancy room | G\u00eete Adresse du Centre-ville","description":"The Auguste Room is non-smoking. Room size is 13.5 sqm and shared bathroom. Equipped with a large bed and an adjustable air conditioner.","robots":{"index":"index","follow":"follow","max-snippet":"max-snippet:-1","max-image-preview":"max-image-preview:large","max-video-preview":"max-video-preview:-1"},"canonical":"https:\/\/aladresseducentreville.com\/en\/hb_accommodation\/auguste-double-occupancy-room\/","og_locale":"en_US","og_type":"article","og_title":"Auguste - Double occupancy room | G\u00eete Adresse du Centre-ville","og_description":"The Auguste Room is non-smoking. Room size is 13.5 sqm and shared bathroom. Equipped with a large bed and an adjustable air conditioner.","og_url":"https:\/\/aladresseducentreville.com\/en\/hb_accommodation\/auguste-double-occupancy-room\/","og_site_name":"G\u00eete Adresse du Centre-ville","article_modified_time":"2022-03-17T21:54:26+00:00","twitter_card":"summary_large_image","twitter_misc":{"Est. reading time":"18 minutes"},"schema":{"@context":"https:\/\/schema.org","@graph":[{"@type":"WebPage","@id":"https:\/\/aladresseducentreville.com\/en\/hb_accommodation\/auguste-double-occupancy-room\/","url":"https:\/\/aladresseducentreville.com\/en\/hb_accommodation\/auguste-double-occupancy-room\/","name":"Auguste - Double occupancy room | G\u00eete Adresse du Centre-ville","isPartOf":{"@id":"https:\/\/aladresseducentreville.com\/en\/#website"},"datePublished":"2019-06-01T17:58:08+00:00","dateModified":"2022-03-17T21:54:26+00:00","description":"The Auguste Room is non-smoking. Room size is 13.5 sqm and shared bathroom. Equipped with a large bed and an adjustable air conditioner.","breadcrumb":{"@id":"https:\/\/aladresseducentreville.com\/en\/hb_accommodation\/auguste-double-occupancy-room\/#breadcrumb"},"inLanguage":"en-US","potentialAction":[{"@type":"ReadAction","target":["https:\/\/aladresseducentreville.com\/en\/hb_accommodation\/auguste-double-occupancy-room\/"]}]},{"@type":"BreadcrumbList","@id":"https:\/\/aladresseducentreville.com\/en\/hb_accommodation\/auguste-double-occupancy-room\/#breadcrumb","itemListElement":[{"@type":"ListItem","position":1,"name":"Home","item":"https:\/\/aladresseducentreville.com\/en\/"},{"@type":"ListItem","position":2,"name":"Accommodation","item":"https:\/\/aladresseducentreville.com\/en\/hb_accommodation\/"},{"@type":"ListItem","position":3,"name":"Auguste &#8211; Double occupancy room"}]},{"@type":"WebSite","@id":"https:\/\/aladresseducentreville.com\/en\/#website","url":"https:\/\/aladresseducentreville.com\/en\/","name":"\u00c0 l'adresse du Centre-ville","description":"Charmant G\u00eete B&amp;B situ\u00e9 \u00e0 Montr\u00e9al","publisher":{"@id":"https:\/\/aladresseducentreville.com\/en\/#organization"},"potentialAction":[{"@type":"SearchAction","target":{"@type":"EntryPoint","urlTemplate":"https:\/\/aladresseducentreville.com\/en\/?s={search_term_string}"},"query-input":{"@type":"PropertyValueSpecification","valueRequired":true,"valueName":"search_term_string"}}],"inLanguage":"en-US"},{"@type":"Organization","@id":"https:\/\/aladresseducentreville.com\/en\/#organization","name":"\u00c0 l'adresse du Centre-Ville","url":"https:\/\/aladresseducentreville.com\/en\/","logo":{"@type":"ImageObject","inLanguage":"en-US","@id":"https:\/\/aladresseducentreville.com\/en\/#\/schema\/logo\/image\/","url":"https:\/\/aladresseducentreville.com\/wp-content\/uploads\/2019\/01\/logo-final-2.svg","contentUrl":"https:\/\/aladresseducentreville.com\/wp-content\/uploads\/2019\/01\/logo-final-2.svg","width":1,"height":1,"caption":"\u00c0 l'adresse du Centre-Ville"},"image":{"@id":"https:\/\/aladresseducentreville.com\/en\/#\/schema\/logo\/image\/"}}]}},"_links":{"self":[{"href":"https:\/\/aladresseducentreville.com\/en\/wp-json\/wp\/v2\/hb_accommodation\/1646","targetHints":{"allow":["GET"]}}],"collection":[{"href":"https:\/\/aladresseducentreville.com\/en\/wp-json\/wp\/v2\/hb_accommodation"}],"about":[{"href":"https:\/\/aladresseducentreville.com\/en\/wp-json\/wp\/v2\/types\/hb_accommodation"}],"version-history":[{"count":0,"href":"https:\/\/aladresseducentreville.com\/en\/wp-json\/wp\/v2\/hb_accommodation\/1646\/revisions"}],"wp:attachment":[{"href":"https:\/\/aladresseducentreville.com\/en\/wp-json\/wp\/v2\/media?parent=1646"}],"curies":[{"name":"wp","href":"https:\/\/api.w.org\/{rel}","templated":true}]}}