{"id":1727,"date":"2019-06-17T15:38:53","date_gmt":"2019-06-17T15:38:53","guid":{"rendered":"https:\/\/aladresseducentreville.com\/hb_accommodation\/rustique-quadruple-occupancy-room\/"},"modified":"2025-04-01T16:31:42","modified_gmt":"2025-04-01T16:31:42","slug":"rustique-quadruple-occupancy-room","status":"publish","type":"hb_accommodation","link":"https:\/\/aladresseducentreville.com\/en\/hb_accommodation\/rustique-quadruple-occupancy-room\/","title":{"rendered":"Rustique Double Occupancy Room"},"content":{"rendered":"<p>[et_pb_section fb_built=&#8221;1&#8243; _builder_version=&#8221;4.16&#8243; global_colors_info=&#8221;{}&#8221;][et_pb_row use_custom_gutter=&#8221;on&#8221; module_class=&#8221; et_pb_row_fullwidth et_pb_row_fullwidth et_pb_row_fullwidth et_pb_row_fullwidth et_pb_row_fullwidth et_pb_row_fullwidth et_pb_row_fullwidth et_pb_row_fullwidth&#8221; _builder_version=&#8221;4.16&#8243; width=&#8221;89%&#8221; width_tablet=&#8221;80%&#8221; width_phone=&#8221;&#8221; width_last_edited=&#8221;on|desktop&#8221; max_width=&#8221;89%&#8221; max_width_tablet=&#8221;80%&#8221; max_width_phone=&#8221;&#8221; max_width_last_edited=&#8221;on|desktop&#8221; custom_margin=&#8221;||0px|&#8221; custom_padding=&#8221;||0px|&#8221; make_fullwidth=&#8221;on&#8221; global_colors_info=&#8221;{}&#8221;][et_pb_column type=&#8221;4_4&#8243; _builder_version=&#8221;4.16&#8243; custom_padding=&#8221;||0px|&#8221; global_colors_info=&#8221;{}&#8221; custom_padding__hover=&#8221;|||&#8221;][et_pb_text admin_label=&#8221;NOM DE LA CHAMBRE &#8211; voyageuse&#8221; _builder_version=&#8221;4.27.4&#8243; text_text_color=&#8221;#000000&#8243; text_font_size=&#8221;18px&#8221; header_font=&#8221;|600|||||||&#8221; header_text_color=&#8221;#000000&#8243; hover_enabled=&#8221;0&#8243; text_font_size_tablet=&#8221;16px&#8221; text_font_size_phone=&#8221;&#8221; text_font_size_last_edited=&#8221;on|tablet&#8221; global_colors_info=&#8221;{}&#8221; sticky_enabled=&#8221;0&#8243;]<\/p>\n<h1>LA RUSTIQUE<\/h1>\n<p>[\/et_pb_text][\/et_pb_column][\/et_pb_row][et_pb_row use_custom_gutter=&#8221;on&#8221; disabled_on=&#8221;on||&#8221; module_class=&#8221; et_pb_row_fullwidth et_pb_row_fullwidth et_pb_row_fullwidth et_pb_row_fullwidth et_pb_row_fullwidth et_pb_row_fullwidth et_pb_row_fullwidth et_pb_row_fullwidth&#8221; _builder_version=&#8221;4.16&#8243; width=&#8221;89%&#8221; width_tablet=&#8221;80%&#8221; width_phone=&#8221;&#8221; width_last_edited=&#8221;on|desktop&#8221; max_width=&#8221;89%&#8221; max_width_tablet=&#8221;80%&#8221; max_width_phone=&#8221;&#8221; max_width_last_edited=&#8221;on|desktop&#8221; module_alignment=&#8221;center&#8221; make_fullwidth=&#8221;on&#8221; global_colors_info=&#8221;{}&#8221; column_structure=&#8221;1_6,1_6,1_6,1_6,1_6,1_6&#8243;][et_pb_column type=&#8221;1_6&#8243; _builder_version=&#8221;4.16&#8243; custom_padding=&#8221;|||&#8221; global_colors_info=&#8221;{}&#8221; custom_padding__hover=&#8221;|||&#8221;][et_pb_image src=&#8221;https:\/\/aladresseducentreville.com\/wp-content\/uploads\/2019\/01\/savon-et-produits-pour-la-chambre.svg&#8221; show_bottom_space=&#8221;off&#8221; align=&#8221;center&#8221; align_tablet=&#8221;center&#8221; align_phone=&#8221;&#8221; align_last_edited=&#8221;on|desktop&#8221; admin_label=&#8221;Image savons&#8221; _builder_version=&#8221;4.16&#8243; max_width=&#8221;50%&#8221; module_alignment=&#8221;center&#8221; custom_margin=&#8221;||0px|&#8221; custom_padding=&#8221;||0px|&#8221; global_colors_info=&#8221;{}&#8221;][\/et_pb_image][\/et_pb_column][et_pb_column type=&#8221;1_6&#8243; _builder_version=&#8221;4.16&#8243; custom_padding=&#8221;|||&#8221; global_colors_info=&#8221;{}&#8221; custom_padding__hover=&#8221;|||&#8221;][et_pb_image src=&#8221;https:\/\/aladresseducentreville.com\/wp-content\/uploads\/2019\/03\/air-conditioner.png&#8221; alt=&#8221;air-conditioned hotel room&#8221; show_bottom_space=&#8221;off&#8221; align=&#8221;center&#8221; align_tablet=&#8221;center&#8221; align_phone=&#8221;&#8221; align_last_edited=&#8221;on|desktop&#8221; admin_label=&#8221;Image climatiseur&#8221; _builder_version=&#8221;4.16&#8243; max_width=&#8221;50%&#8221; module_alignment=&#8221;center&#8221; custom_margin=&#8221;||0px|&#8221; custom_padding=&#8221;||0px|&#8221; global_colors_info=&#8221;{}&#8221;][\/et_pb_image][\/et_pb_column][et_pb_column type=&#8221;1_6&#8243; _builder_version=&#8221;4.16&#8243; custom_padding=&#8221;|||&#8221; global_colors_info=&#8221;{}&#8221; custom_padding__hover=&#8221;|||&#8221;][et_pb_image src=&#8221;https:\/\/aladresseducentreville.com\/wp-content\/uploads\/2019\/01\/chambre-sans-fumee.png&#8221; alt=&#8221;smoke free hotel room&#8221; show_bottom_space=&#8221;off&#8221; align=&#8221;center&#8221; align_tablet=&#8221;center&#8221; align_phone=&#8221;&#8221; align_last_edited=&#8221;on|desktop&#8221; admin_label=&#8221;Image chambre sans fum\u00e9e&#8221; _builder_version=&#8221;4.16&#8243; max_width=&#8221;50%&#8221; module_alignment=&#8221;center&#8221; custom_margin=&#8221;||0px|&#8221; custom_padding=&#8221;||0px|&#8221; global_colors_info=&#8221;{}&#8221;][\/et_pb_image][\/et_pb_column][et_pb_column type=&#8221;1_6&#8243; _builder_version=&#8221;4.16&#8243; custom_padding=&#8221;|||&#8221; global_colors_info=&#8221;{}&#8221; custom_padding__hover=&#8221;|||&#8221;][et_pb_image src=&#8221;https:\/\/aladresseducentreville.com\/wp-content\/uploads\/2019\/01\/internet-wi-fi-dans-la-chambre.png&#8221; alt=&#8221;room with wifi internet&#8221; show_bottom_space=&#8221;off&#8221; align=&#8221;center&#8221; align_tablet=&#8221;center&#8221; align_phone=&#8221;&#8221; align_last_edited=&#8221;on|desktop&#8221; admin_label=&#8221;Image wi-fi&#8221; _builder_version=&#8221;4.16&#8243; max_width=&#8221;50%&#8221; module_alignment=&#8221;center&#8221; custom_margin=&#8221;||0px|&#8221; custom_padding=&#8221;||0px|&#8221; global_colors_info=&#8221;{}&#8221;][\/et_pb_image][\/et_pb_column][et_pb_column type=&#8221;1_6&#8243; _builder_version=&#8221;4.16&#8243; custom_padding=&#8221;|||&#8221; global_colors_info=&#8221;{}&#8221; custom_padding__hover=&#8221;|||&#8221;][et_pb_image src=&#8221;https:\/\/aladresseducentreville.com\/wp-content\/uploads\/2019\/01\/seche-cheveux.png&#8221; alt=&#8221;room with hair dryer&#8221; show_bottom_space=&#8221;off&#8221; align=&#8221;center&#8221; align_tablet=&#8221;center&#8221; align_phone=&#8221;&#8221; align_last_edited=&#8221;on|desktop&#8221; admin_label=&#8221;Image s\u00e8che cheveux&#8221; _builder_version=&#8221;4.16&#8243; max_width=&#8221;50%&#8221; module_alignment=&#8221;center&#8221; custom_margin=&#8221;||0px|&#8221; custom_padding=&#8221;||0px|&#8221; global_colors_info=&#8221;{}&#8221;][\/et_pb_image][\/et_pb_column][et_pb_column type=&#8221;1_6&#8243; _builder_version=&#8221;4.16&#8243; custom_padding=&#8221;|||&#8221; global_colors_info=&#8221;{}&#8221; custom_padding__hover=&#8221;|||&#8221;][et_pb_image src=&#8221;https:\/\/aladresseducentreville.com\/wp-content\/uploads\/2019\/01\/petit-dejeuner-inclus.png&#8221; alt=&#8221;hotel room with breakfast included&#8221; show_bottom_space=&#8221;off&#8221; align=&#8221;center&#8221; align_tablet=&#8221;center&#8221; align_phone=&#8221;&#8221; align_last_edited=&#8221;on|desktop&#8221; disabled_on=&#8221;off|off|off&#8221; admin_label=&#8221;Image petit d\u00e9jeuner&#8221; _builder_version=&#8221;4.16&#8243; max_width=&#8221;50%&#8221; module_alignment=&#8221;center&#8221; custom_margin=&#8221;||0px|&#8221; custom_padding=&#8221;||0px|&#8221; global_colors_info=&#8221;{}&#8221;][\/et_pb_image][\/et_pb_column][\/et_pb_row][et_pb_row use_custom_gutter=&#8221;on&#8221; make_equal=&#8221;on&#8221; module_class=&#8221; et_pb_row_fullwidth et_pb_row_fullwidth et_pb_row_fullwidth et_pb_row_fullwidth et_pb_row_fullwidth et_pb_row_fullwidth et_pb_row_fullwidth et_pb_row_fullwidth&#8221; _builder_version=&#8221;4.16&#8243; background_size=&#8221;initial&#8221; background_position=&#8221;top_left&#8221; background_repeat=&#8221;repeat&#8221; width=&#8221;89%&#8221; width_tablet=&#8221;80%&#8221; width_phone=&#8221;&#8221; width_last_edited=&#8221;on|desktop&#8221; max_width=&#8221;89%&#8221; max_width_tablet=&#8221;80%&#8221; max_width_phone=&#8221;&#8221; max_width_last_edited=&#8221;on|desktop&#8221; make_fullwidth=&#8221;on&#8221; global_colors_info=&#8221;{}&#8221; column_structure=&#8221;3_5,2_5&#8243;][et_pb_column type=&#8221;3_5&#8243; _builder_version=&#8221;4.16&#8243; custom_padding=&#8221;|||&#8221; global_colors_info=&#8221;{}&#8221; custom_padding__hover=&#8221;|||&#8221;][et_pb_image src=&#8221;https:\/\/aladresseducentreville.com\/wp-content\/uploads\/2025\/04\/rustique3.jpg&#8221; alt=&#8221;Rustique Room of our Bed and Breakfast&#8221; show_bottom_space=&#8221;off&#8221; force_fullwidth=&#8221;on&#8221; align_tablet=&#8221;center&#8221; align_phone=&#8221;&#8221; align_last_edited=&#8221;on|desktop&#8221; admin_label=&#8221;Image principale&#8221; _builder_version=&#8221;4.27.4&#8243; custom_margin=&#8221;||0px|&#8221; custom_padding=&#8221;||0px|&#8221; hover_enabled=&#8221;0&#8243; global_colors_info=&#8221;{}&#8221; title_text=&#8221;rustique3&#8243; sticky_enabled=&#8221;0&#8243;][\/et_pb_image][\/et_pb_column][et_pb_column type=&#8221;2_5&#8243; _builder_version=&#8221;4.16&#8243; custom_padding=&#8221;|||&#8221; global_colors_info=&#8221;{}&#8221; custom_padding__hover=&#8221;|||&#8221;][et_pb_text disabled_on=&#8221;off|off|off&#8221; admin_label=&#8221;hb Booking shortcodes &#8221; _builder_version=&#8221;4.16&#8243; background_size=&#8221;initial&#8221; background_position=&#8221;top_left&#8221; background_repeat=&#8221;repeat&#8221; vertical_offset_tablet=&#8221;0&#8243; horizontal_offset_tablet=&#8221;0&#8243; custom_margin=&#8221;||0px|&#8221; custom_padding=&#8221;||0px|&#8221; hover_enabled=&#8221;0&#8243; z_index_tablet=&#8221;0&#8243; text_text_shadow_horizontal_length_tablet=&#8221;0px&#8221; text_text_shadow_vertical_length_tablet=&#8221;0px&#8221; text_text_shadow_blur_strength_tablet=&#8221;1px&#8221; link_text_shadow_horizontal_length_tablet=&#8221;0px&#8221; link_text_shadow_vertical_length_tablet=&#8221;0px&#8221; link_text_shadow_blur_strength_tablet=&#8221;1px&#8221; ul_text_shadow_horizontal_length_tablet=&#8221;0px&#8221; ul_text_shadow_vertical_length_tablet=&#8221;0px&#8221; ul_text_shadow_blur_strength_tablet=&#8221;1px&#8221; ol_text_shadow_horizontal_length_tablet=&#8221;0px&#8221; ol_text_shadow_vertical_length_tablet=&#8221;0px&#8221; ol_text_shadow_blur_strength_tablet=&#8221;1px&#8221; quote_text_shadow_horizontal_length_tablet=&#8221;0px&#8221; quote_text_shadow_vertical_length_tablet=&#8221;0px&#8221; quote_text_shadow_blur_strength_tablet=&#8221;1px&#8221; header_text_shadow_horizontal_length_tablet=&#8221;0px&#8221; header_text_shadow_vertical_length_tablet=&#8221;0px&#8221; header_text_shadow_blur_strength_tablet=&#8221;1px&#8221; header_2_text_shadow_horizontal_length_tablet=&#8221;0px&#8221; header_2_text_shadow_vertical_length_tablet=&#8221;0px&#8221; header_2_text_shadow_blur_strength_tablet=&#8221;1px&#8221; header_3_text_shadow_horizontal_length_tablet=&#8221;0px&#8221; header_3_text_shadow_vertical_length_tablet=&#8221;0px&#8221; header_3_text_shadow_blur_strength_tablet=&#8221;1px&#8221; header_4_text_shadow_horizontal_length_tablet=&#8221;0px&#8221; header_4_text_shadow_vertical_length_tablet=&#8221;0px&#8221; header_4_text_shadow_blur_strength_tablet=&#8221;1px&#8221; header_5_text_shadow_horizontal_length_tablet=&#8221;0px&#8221; header_5_text_shadow_vertical_length_tablet=&#8221;0px&#8221; header_5_text_shadow_blur_strength_tablet=&#8221;1px&#8221; header_6_text_shadow_horizontal_length_tablet=&#8221;0px&#8221; header_6_text_shadow_vertical_length_tablet=&#8221;0px&#8221; header_6_text_shadow_blur_strength_tablet=&#8221;1px&#8221; box_shadow_horizontal_tablet=&#8221;0px&#8221; box_shadow_vertical_tablet=&#8221;0px&#8221; box_shadow_blur_tablet=&#8221;40px&#8221; box_shadow_spread_tablet=&#8221;0px&#8221; global_colors_info=&#8221;{}&#8221; sticky_enabled=&#8221;0&#8243;]<\/p>\n<p>Please note that it is not possible to make reservations for stays longer than two weeks through our system. To do so, you must contact us by email. A non-refundable deposit will be required.<\/p>\n<p>Arrival hours: between 12:00 and 18:00.<br \/>Check-out time: until 11:00 am.<br \/>If your room is not ready, we will be happy to hold your luggage so you can go for a walk. After 6:00 pm, arrivals will be done autonomously (door code, your room number, indication of parking possibilities). No arrival after 6:00 pm.<br \/>No extra beds are available.<br \/>Pets are not allowed in the establishment.<br \/>We speak English, French and Spanish.<br \/>Public parking is available nearby (without prior reservation) at a rate of $14 CAD per day.<br \/>Free public parking is available nearby (no reservations required).<\/p>\n\n<p>We accept the following credit cards:<\/p>\n<p><img loading=\"lazy\" decoding=\"async\" class=\"alignnone\" src=\"https:\/\/aladresseducentreville.com\/wp-content\/uploads\/2019\/01\/visa-mastercard-interac.svg\" alt=\"\" width=\"300\" height=\"77\" \/><\/p>\n<p>[\/et_pb_text][et_pb_button button_url=&#8221;https:\/\/aladresseducentreville.com\/en\/rooms-in-our-bed-breakfast\/&#8221; button_text=&#8221;Back to other accommodations&#8221; button_alignment=&#8221;center&#8221; admin_label=&#8221;Bouton vers les chambres&#8221; _builder_version=&#8221;4.16&#8243; custom_button=&#8221;on&#8221; button_text_color=&#8221;#002495&#8243; button_bg_color=&#8221;#ffffff&#8221; button_border_color=&#8221;#002495&#8243; button_icon=&#8221;&#x3c;||divi||400&#8243; button_icon_color=&#8221;#002495&#8243; button_icon_placement=&#8221;left&#8221; button_on_hover=&#8221;off&#8221; custom_margin=&#8221;0px|||&#8221; custom_padding=&#8221;20px|40px|20px|40px&#8221; z_index_tablet=&#8221;500&#8243; button_text_shadow_horizontal_length_tablet=&#8221;0px&#8221; button_text_shadow_vertical_length_tablet=&#8221;0px&#8221; button_text_shadow_blur_strength_tablet=&#8221;1px&#8221; box_shadow_horizontal_tablet=&#8221;0px&#8221; box_shadow_vertical_tablet=&#8221;0px&#8221; box_shadow_blur_tablet=&#8221;40px&#8221; box_shadow_spread_tablet=&#8221;0px&#8221; global_colors_info=&#8221;{}&#8221;][\/et_pb_button][\/et_pb_column][\/et_pb_row][et_pb_row use_custom_gutter=&#8221;on&#8221; module_class=&#8221; et_pb_row_fullwidth et_pb_row_fullwidth et_pb_row_fullwidth et_pb_row_fullwidth et_pb_row_fullwidth et_pb_row_fullwidth et_pb_row_fullwidth et_pb_row_fullwidth&#8221; _builder_version=&#8221;4.16&#8243; width=&#8221;89%&#8221; width_tablet=&#8221;80%&#8221; width_phone=&#8221;&#8221; width_last_edited=&#8221;on|desktop&#8221; max_width=&#8221;89%&#8221; max_width_tablet=&#8221;80%&#8221; max_width_phone=&#8221;&#8221; max_width_last_edited=&#8221;on|desktop&#8221; make_fullwidth=&#8221;on&#8221; global_colors_info=&#8221;{}&#8221; column_structure=&#8221;1_2,1_2&#8243; disabled_on=&#8221;on|on|on&#8221; disabled=&#8221;on&#8221;][et_pb_column type=&#8221;1_2&#8243; _builder_version=&#8221;4.16&#8243; custom_padding=&#8221;|||&#8221; global_colors_info=&#8221;{}&#8221; custom_padding__hover=&#8221;|||&#8221;][et_pb_image src=&#8221;https:\/\/aladresseducentreville.com\/wp-content\/uploads\/2019\/01\/Rustique3f.jpg&#8221; alt=&#8221;Rustique room&#8221; align_tablet=&#8221;center&#8221; align_phone=&#8221;&#8221; align_last_edited=&#8221;on|desktop&#8221; admin_label=&#8221;Image secondaire 1&#8243; _builder_version=&#8221;4.16&#8243; global_colors_info=&#8221;{}&#8221;][\/et_pb_image][\/et_pb_column][et_pb_column type=&#8221;1_2&#8243; _builder_version=&#8221;4.16&#8243; custom_padding=&#8221;|||&#8221; global_colors_info=&#8221;{}&#8221; custom_padding__hover=&#8221;|||&#8221;][et_pb_image src=&#8221;https:\/\/aladresseducentreville.com\/wp-content\/uploads\/2019\/01\/rustique2f.jpg&#8221; alt=&#8221;Rustique room&#8221; align_tablet=&#8221;center&#8221; align_phone=&#8221;&#8221; align_last_edited=&#8221;on|desktop&#8221; admin_label=&#8221;Image secondaire 2&#8243; _builder_version=&#8221;4.16&#8243; global_colors_info=&#8221;{}&#8221;][\/et_pb_image][\/et_pb_column][\/et_pb_row][et_pb_row use_custom_gutter=&#8221;on&#8221; module_class=&#8221; et_pb_row_fullwidth et_pb_row_fullwidth et_pb_row_fullwidth et_pb_row_fullwidth et_pb_row_fullwidth et_pb_row_fullwidth et_pb_row_fullwidth et_pb_row_fullwidth&#8221; _builder_version=&#8221;4.16&#8243; width=&#8221;89%&#8221; width_tablet=&#8221;80%&#8221; width_phone=&#8221;&#8221; width_last_edited=&#8221;on|desktop&#8221; max_width=&#8221;89%&#8221; max_width_tablet=&#8221;80%&#8221; max_width_phone=&#8221;&#8221; max_width_last_edited=&#8221;on|desktop&#8221; make_fullwidth=&#8221;on&#8221; global_colors_info=&#8221;{}&#8221;][et_pb_column type=&#8221;4_4&#8243; _builder_version=&#8221;4.16&#8243; custom_padding=&#8221;|||&#8221; global_colors_info=&#8221;{}&#8221; custom_padding__hover=&#8221;|||&#8221;][et_pb_text admin_label=&#8221;Texte \u00e0 proximit\u00e9 du gite&#8221; _builder_version=&#8221;4.16&#8243; header_font=&#8221;|600||on|||||&#8221; header_text_color=&#8221;#000000&#8243; hover_enabled=&#8221;0&#8243; global_colors_info=&#8221;{}&#8221; sticky_enabled=&#8221;0&#8243;]<\/p>\n<h1>Activities nearby<\/h1>\n<p>[\/et_pb_text][\/et_pb_column][\/et_pb_row][et_pb_row use_custom_gutter=&#8221;on&#8221; gutter_width=&#8221;1&#8243; module_class=&#8221;ds-carousel et_pb_row_fullwidth et_pb_row_fullwidth et_pb_row_fullwidth et_pb_row_fullwidth et_pb_row_fullwidth et_pb_row_fullwidth et_pb_row_fullwidth et_pb_row_fullwidth et_pb_row_fullwidth et_pb_row_fullwidth&#8221; _builder_version=&#8221;4.16&#8243; width=&#8221;100%&#8221; width_tablet=&#8221;100%&#8221; width_phone=&#8221;&#8221; width_last_edited=&#8221;on|desktop&#8221; max_width=&#8221;100%&#8221; max_width_tablet=&#8221;100%&#8221; max_width_phone=&#8221;&#8221; max_width_last_edited=&#8221;on|desktop&#8221; make_fullwidth=&#8221;on&#8221; global_colors_info=&#8221;{}&#8221;][et_pb_column type=&#8221;4_4&#8243; _builder_version=&#8221;4.16&#8243; custom_padding=&#8221;|||&#8221; global_colors_info=&#8221;{}&#8221; custom_padding__hover=&#8221;|||&#8221;][et_pb_image src=&#8221;https:\/\/aladresseducentreville.com\/wp-content\/uploads\/2019\/01\/logo-place-des-arts-de-montreal.jpeg&#8221; alt=&#8221;Place des arts de Montr\u00e9al&#8221; url=&#8221;https:\/\/placedesarts.com\/fr&#8221; url_new_window=&#8221;on&#8221; align=&#8221;center&#8221; align_tablet=&#8221;center&#8221; align_phone=&#8221;&#8221; align_last_edited=&#8221;on|desktop&#8221; admin_label=&#8221;Image place des arts avec lien&#8221; _builder_version=&#8221;4.16&#8243; max_width=&#8221;54%&#8221; module_alignment=&#8221;center&#8221; custom_margin=&#8221;||0px|&#8221; custom_padding=&#8221;0px|30px|0px|30px&#8221; global_colors_info=&#8221;{}&#8221;][\/et_pb_image][et_pb_image src=&#8221;https:\/\/aladresseducentreville.com\/wp-content\/uploads\/2019\/03\/basilique-notre-dame-de-montreal.png&#8221; alt=&#8221;Basilica Notre Dame de Montr\u00e9al&#8221; url=&#8221;https:\/\/www.basiliquenotredame.com\/fr\/&#8221; url_new_window=&#8221;on&#8221; align=&#8221;center&#8221; align_tablet=&#8221;center&#8221; align_phone=&#8221;&#8221; align_last_edited=&#8221;on|desktop&#8221; admin_label=&#8221;Image basilique&#8221; _builder_version=&#8221;4.16&#8243; module_alignment=&#8221;center&#8221; custom_margin=&#8221;||0px|&#8221; custom_padding=&#8221;0px|30px|0px|30px&#8221; global_colors_info=&#8221;{}&#8221;][\/et_pb_image][et_pb_image src=&#8221;https:\/\/aladresseducentreville.com\/wp-content\/uploads\/2019\/01\/logo-centre-eaton-de-montreal.jpg&#8221; alt=&#8221;Montreal Eaton Center&#8221; url=&#8221;https:\/\/www.centreeatondemontreal.com\/fr\/&#8221; url_new_window=&#8221;on&#8221; align=&#8221;center&#8221; align_tablet=&#8221;center&#8221; align_phone=&#8221;&#8221; align_last_edited=&#8221;on|desktop&#8221; admin_label=&#8221;Image Centre eaton&#8221; _builder_version=&#8221;4.16&#8243; max_width=&#8221;80%&#8221; module_alignment=&#8221;center&#8221; custom_margin=&#8221;||0px|&#8221; custom_padding=&#8221;0px|30px|0px|30px&#8221; global_colors_info=&#8221;{}&#8221;][\/et_pb_image][et_pb_image src=&#8221;https:\/\/aladresseducentreville.com\/wp-content\/uploads\/2019\/01\/montreal_en_lumiere-logo.jpg&#8221; alt=&#8221;Festival Montr\u00e9al en Lumi\u00e8re&#8221; url=&#8221;https:\/\/www.montrealenlumiere.com\/&#8221; url_new_window=&#8221;on&#8221; align=&#8221;center&#8221; align_tablet=&#8221;center&#8221; align_phone=&#8221;&#8221; align_last_edited=&#8221;on|desktop&#8221; admin_label=&#8221;Image MTL en lumi\u00e8re&#8221; _builder_version=&#8221;4.16&#8243; module_alignment=&#8221;center&#8221; custom_margin=&#8221;||0px|&#8221; custom_padding=&#8221;0px|30px|0px|30px&#8221; global_colors_info=&#8221;{}&#8221;][\/et_pb_image][et_pb_image src=&#8221;https:\/\/aladresseducentreville.com\/wp-content\/uploads\/2019\/01\/festival-de-jazz-de-montreal.png&#8221; alt=&#8221;Festival de jazz de Montr\u00e9al&#8221; url=&#8221;https:\/\/www.montrealjazzfest.com\/&#8221; url_new_window=&#8221;on&#8221; align=&#8221;center&#8221; align_tablet=&#8221;center&#8221; align_phone=&#8221;&#8221; align_last_edited=&#8221;on|desktop&#8221; admin_label=&#8221;Image festival de jazz &#8221; _builder_version=&#8221;4.16&#8243; max_width=&#8221;55%&#8221; module_alignment=&#8221;center&#8221; custom_margin=&#8221;||0px|&#8221; custom_padding=&#8221;0px|30px|0px|30px&#8221; global_colors_info=&#8221;{}&#8221;][\/et_pb_image][et_pb_image src=&#8221;https:\/\/aladresseducentreville.com\/wp-content\/uploads\/2019\/01\/logo-vieux-port-de-montreal.png&#8221; alt=&#8221;Montreal Old Port&#8221; url=&#8221;https:\/\/www.societeduvieuxport.com\/la-societe-du-vieux-port&#8221; url_new_window=&#8221;on&#8221; align=&#8221;center&#8221; align_tablet=&#8221;center&#8221; align_phone=&#8221;&#8221; align_last_edited=&#8221;on|desktop&#8221; admin_label=&#8221;Image vieux port &#8221; _builder_version=&#8221;4.16&#8243; module_alignment=&#8221;center&#8221; custom_margin=&#8221;||0px|&#8221; custom_padding=&#8221;0px|30px|0px|30px&#8221; global_colors_info=&#8221;{}&#8221;][\/et_pb_image][et_pb_image src=&#8221;https:\/\/aladresseducentreville.com\/wp-content\/uploads\/2019\/01\/logo-quartier-latin-de-montreal.png&#8221; alt=&#8221;Montreal Latin Quarter&#8221; url=&#8221;http:\/\/www.quartierlatin.com\/fr\/&#8221; url_new_window=&#8221;on&#8221; align=&#8221;center&#8221; align_tablet=&#8221;center&#8221; align_phone=&#8221;&#8221; align_last_edited=&#8221;on|desktop&#8221; admin_label=&#8221;Image quartier latin&#8221; _builder_version=&#8221;4.16&#8243; max_width=&#8221;85%&#8221; module_alignment=&#8221;center&#8221; custom_margin=&#8221;||0px|&#8221; custom_padding=&#8221;0px|30px|0px|30px&#8221; global_colors_info=&#8221;{}&#8221;][\/et_pb_image][et_pb_image src=&#8221;https:\/\/aladresseducentreville.com\/wp-content\/uploads\/2019\/01\/logo-quartier-des-spectacles.png&#8221; alt=&#8221;quartier des spectacles de montreal&#8221; url=&#8221;https:\/\/www.quartierdesspectacles.com\/fr\/&#8221; url_new_window=&#8221;on&#8221; align=&#8221;center&#8221; align_tablet=&#8221;center&#8221; align_phone=&#8221;&#8221; align_last_edited=&#8221;on|desktop&#8221; admin_label=&#8221;Image quartier des spectacles&#8221; _builder_version=&#8221;4.16&#8243; module_alignment=&#8221;center&#8221; custom_margin=&#8221;||0px|&#8221; custom_padding=&#8221;0px|30px|0px|30px&#8221; global_colors_info=&#8221;{}&#8221;][\/et_pb_image][et_pb_image src=&#8221;https:\/\/aladresseducentreville.com\/wp-content\/uploads\/2019\/01\/logo-place-des-arts-de-montreal.jpeg&#8221; alt=&#8221;Place des arts de Montr\u00e9al&#8221; url=&#8221;https:\/\/placedesarts.com\/fr&#8221; url_new_window=&#8221;on&#8221; align=&#8221;center&#8221; align_tablet=&#8221;center&#8221; align_phone=&#8221;&#8221; align_last_edited=&#8221;on|desktop&#8221; admin_label=&#8221;Image place des arts avec lien&#8221; _builder_version=&#8221;4.16&#8243; max_width=&#8221;55%&#8221; module_alignment=&#8221;center&#8221; custom_margin=&#8221;||0px|&#8221; custom_padding=&#8221;0px|30px|0px|30px&#8221; global_colors_info=&#8221;{}&#8221;][\/et_pb_image][et_pb_image src=&#8221;https:\/\/aladresseducentreville.com\/wp-content\/uploads\/2019\/03\/basilique-notre-dame-de-montreal.png&#8221; alt=&#8221;Basilica Notre Dame de Montr\u00e9al&#8221; url=&#8221;https:\/\/www.basiliquenotredame.com\/fr\/&#8221; url_new_window=&#8221;on&#8221; align=&#8221;center&#8221; align_tablet=&#8221;center&#8221; align_phone=&#8221;&#8221; align_last_edited=&#8221;on|desktop&#8221; admin_label=&#8221;Image basilique&#8221; _builder_version=&#8221;4.16&#8243; module_alignment=&#8221;center&#8221; custom_margin=&#8221;||0px|&#8221; custom_padding=&#8221;0px|30px|0px|30px&#8221; global_colors_info=&#8221;{}&#8221;][\/et_pb_image][et_pb_image src=&#8221;https:\/\/aladresseducentreville.com\/wp-content\/uploads\/2019\/01\/logo-centre-eaton-de-montreal.jpg&#8221; alt=&#8221;Montreal Eaton Center&#8221; url=&#8221;https:\/\/www.centreeatondemontreal.com\/fr\/&#8221; url_new_window=&#8221;on&#8221; align=&#8221;center&#8221; align_tablet=&#8221;center&#8221; align_phone=&#8221;&#8221; align_last_edited=&#8221;on|desktop&#8221; admin_label=&#8221;Image Centre eaton&#8221; _builder_version=&#8221;4.16&#8243; max_width=&#8221;80%&#8221; module_alignment=&#8221;center&#8221; custom_margin=&#8221;||0px|&#8221; custom_padding=&#8221;0px|30px|0px|30px&#8221; global_colors_info=&#8221;{}&#8221;][\/et_pb_image][et_pb_image src=&#8221;https:\/\/aladresseducentreville.com\/wp-content\/uploads\/2019\/01\/montreal_en_lumiere-logo.jpg&#8221; alt=&#8221;Festival Montr\u00e9al en Lumi\u00e8re&#8221; url=&#8221;https:\/\/www.montrealenlumiere.com\/&#8221; url_new_window=&#8221;on&#8221; align=&#8221;center&#8221; align_tablet=&#8221;center&#8221; align_phone=&#8221;&#8221; align_last_edited=&#8221;on|desktop&#8221; admin_label=&#8221;Image MTL en lumi\u00e8re&#8221; _builder_version=&#8221;4.16&#8243; module_alignment=&#8221;center&#8221; custom_margin=&#8221;||0px|&#8221; custom_padding=&#8221;0px|30px|0px|30px&#8221; global_colors_info=&#8221;{}&#8221;][\/et_pb_image][et_pb_image src=&#8221;https:\/\/aladresseducentreville.com\/wp-content\/uploads\/2019\/01\/festival-de-jazz-de-montreal.png&#8221; alt=&#8221;Festival de jazz de Montr\u00e9al&#8221; url=&#8221;https:\/\/www.montrealjazzfest.com\/&#8221; url_new_window=&#8221;on&#8221; align=&#8221;center&#8221; align_tablet=&#8221;center&#8221; align_phone=&#8221;&#8221; align_last_edited=&#8221;on|desktop&#8221; admin_label=&#8221;Image festival de jazz &#8221; _builder_version=&#8221;4.16&#8243; max_width=&#8221;55%&#8221; module_alignment=&#8221;center&#8221; custom_margin=&#8221;||0px|&#8221; custom_padding=&#8221;0px|30px|0px|30px&#8221; global_colors_info=&#8221;{}&#8221;][\/et_pb_image][et_pb_image src=&#8221;https:\/\/aladresseducentreville.com\/wp-content\/uploads\/2019\/01\/logo-vieux-port-de-montreal.png&#8221; alt=&#8221;Montreal Old Port&#8221; url=&#8221;https:\/\/www.societeduvieuxport.com\/la-societe-du-vieux-port&#8221; url_new_window=&#8221;on&#8221; align=&#8221;center&#8221; align_tablet=&#8221;center&#8221; align_phone=&#8221;&#8221; align_last_edited=&#8221;on|desktop&#8221; admin_label=&#8221;Image vieux port &#8221; _builder_version=&#8221;4.16&#8243; module_alignment=&#8221;center&#8221; custom_margin=&#8221;||0px|&#8221; custom_padding=&#8221;0px|30px|0px|30px&#8221; global_colors_info=&#8221;{}&#8221;][\/et_pb_image][et_pb_image src=&#8221;https:\/\/aladresseducentreville.com\/wp-content\/uploads\/2019\/01\/logo-quartier-latin-de-montreal.png&#8221; alt=&#8221;Montreal Latin Quarter&#8221; url=&#8221;http:\/\/www.quartierlatin.com\/fr\/&#8221; url_new_window=&#8221;on&#8221; align=&#8221;center&#8221; align_tablet=&#8221;center&#8221; align_phone=&#8221;&#8221; align_last_edited=&#8221;on|desktop&#8221; admin_label=&#8221;Image quartier latin&#8221; _builder_version=&#8221;4.16&#8243; max_width=&#8221;85%&#8221; module_alignment=&#8221;center&#8221; custom_margin=&#8221;||0px|&#8221; custom_padding=&#8221;0px|30px|0px|30px&#8221; global_colors_info=&#8221;{}&#8221;][\/et_pb_image][et_pb_image src=&#8221;https:\/\/aladresseducentreville.com\/wp-content\/uploads\/2019\/01\/logo-quartier-des-spectacles.png&#8221; alt=&#8221;quartier des spectacles de montreal&#8221; url=&#8221;https:\/\/www.quartierdesspectacles.com\/fr\/&#8221; url_new_window=&#8221;on&#8221; align=&#8221;center&#8221; align_tablet=&#8221;center&#8221; align_phone=&#8221;&#8221; align_last_edited=&#8221;on|desktop&#8221; admin_label=&#8221;Image quartier des spectacles&#8221; _builder_version=&#8221;4.16&#8243; module_alignment=&#8221;center&#8221; custom_margin=&#8221;||0px|&#8221; custom_padding=&#8221;0px|30px|0px|30px&#8221; global_colors_info=&#8221;{}&#8221;][\/et_pb_image][\/et_pb_column][\/et_pb_row][\/et_pb_section]<\/p>\n","protected":false},"featured_media":0,"template":"","meta":{"_et_pb_use_builder":"on","_et_pb_old_content":"","_et_gb_content_width":"","inline_featured_image":false},"class_list":["post-1727","hb_accommodation","type-hb_accommodation","status-publish","hentry"],"yoast_head":"<!-- This site is optimized with the Yoast SEO plugin v27.5 - https:\/\/yoast.com\/product\/yoast-seo-wordpress\/ -->\n<title>Rustique Double Occupancy Room | G\u00eete Adresse du Centre-ville<\/title>\n<meta name=\"robots\" content=\"index, follow, max-snippet:-1, max-image-preview:large, max-video-preview:-1\" \/>\n<link rel=\"canonical\" href=\"https:\/\/aladresseducentreville.com\/en\/hb_accommodation\/rustique-quadruple-occupancy-room\/\" \/>\n<meta property=\"og:locale\" content=\"en_US\" \/>\n<meta property=\"og:type\" content=\"article\" \/>\n<meta property=\"og:title\" content=\"Rustique Double Occupancy Room | G\u00eete Adresse du Centre-ville\" \/>\n<meta property=\"og:description\" content=\"LA RUSTIQUEPlease note that it is not possible to make reservations for stays longer than two weeks through our system. To do so, you must contact us by email. A non-refundable deposit will be required.Arrival hours: between 12:00 and 18:00.Check-out time: until 11:00 am.If your room is not ready, we will be happy to hold [&hellip;]\" \/>\n<meta property=\"og:url\" content=\"https:\/\/aladresseducentreville.com\/en\/hb_accommodation\/rustique-quadruple-occupancy-room\/\" \/>\n<meta property=\"og:site_name\" content=\"G\u00eete Adresse du Centre-ville\" \/>\n<meta property=\"article:modified_time\" content=\"2025-04-01T16:31:42+00:00\" \/>\n<meta property=\"og:image\" content=\"https:\/\/aladresseducentreville.com\/wp-content\/uploads\/2019\/01\/visa-mastercard-interac.svg\" \/>\n<meta name=\"twitter:card\" content=\"summary_large_image\" \/>\n<meta name=\"twitter:label1\" content=\"Est. reading time\" \/>\n\t<meta name=\"twitter:data1\" content=\"6 minutes\" \/>\n<script type=\"application\/ld+json\" class=\"yoast-schema-graph\">{\"@context\":\"https:\\\/\\\/schema.org\",\"@graph\":[{\"@type\":\"WebPage\",\"@id\":\"https:\\\/\\\/aladresseducentreville.com\\\/en\\\/hb_accommodation\\\/rustique-quadruple-occupancy-room\\\/\",\"url\":\"https:\\\/\\\/aladresseducentreville.com\\\/en\\\/hb_accommodation\\\/rustique-quadruple-occupancy-room\\\/\",\"name\":\"Rustique Double Occupancy Room | G\u00eete Adresse du Centre-ville\",\"isPartOf\":{\"@id\":\"https:\\\/\\\/aladresseducentreville.com\\\/en\\\/#website\"},\"primaryImageOfPage\":{\"@id\":\"https:\\\/\\\/aladresseducentreville.com\\\/en\\\/hb_accommodation\\\/rustique-quadruple-occupancy-room\\\/#primaryimage\"},\"image\":{\"@id\":\"https:\\\/\\\/aladresseducentreville.com\\\/en\\\/hb_accommodation\\\/rustique-quadruple-occupancy-room\\\/#primaryimage\"},\"thumbnailUrl\":\"https:\\\/\\\/aladresseducentreville.com\\\/wp-content\\\/uploads\\\/2019\\\/01\\\/visa-mastercard-interac.svg\",\"datePublished\":\"2019-06-17T15:38:53+00:00\",\"dateModified\":\"2025-04-01T16:31:42+00:00\",\"breadcrumb\":{\"@id\":\"https:\\\/\\\/aladresseducentreville.com\\\/en\\\/hb_accommodation\\\/rustique-quadruple-occupancy-room\\\/#breadcrumb\"},\"inLanguage\":\"en-US\",\"potentialAction\":[{\"@type\":\"ReadAction\",\"target\":[\"https:\\\/\\\/aladresseducentreville.com\\\/en\\\/hb_accommodation\\\/rustique-quadruple-occupancy-room\\\/\"]}]},{\"@type\":\"ImageObject\",\"inLanguage\":\"en-US\",\"@id\":\"https:\\\/\\\/aladresseducentreville.com\\\/en\\\/hb_accommodation\\\/rustique-quadruple-occupancy-room\\\/#primaryimage\",\"url\":\"https:\\\/\\\/aladresseducentreville.com\\\/wp-content\\\/uploads\\\/2019\\\/01\\\/visa-mastercard-interac.svg\",\"contentUrl\":\"https:\\\/\\\/aladresseducentreville.com\\\/wp-content\\\/uploads\\\/2019\\\/01\\\/visa-mastercard-interac.svg\"},{\"@type\":\"BreadcrumbList\",\"@id\":\"https:\\\/\\\/aladresseducentreville.com\\\/en\\\/hb_accommodation\\\/rustique-quadruple-occupancy-room\\\/#breadcrumb\",\"itemListElement\":[{\"@type\":\"ListItem\",\"position\":1,\"name\":\"Home\",\"item\":\"https:\\\/\\\/aladresseducentreville.com\\\/en\\\/\"},{\"@type\":\"ListItem\",\"position\":2,\"name\":\"Accommodation\",\"item\":\"https:\\\/\\\/aladresseducentreville.com\\\/en\\\/hb_accommodation\\\/\"},{\"@type\":\"ListItem\",\"position\":3,\"name\":\"Rustique Double Occupancy Room\"}]},{\"@type\":\"WebSite\",\"@id\":\"https:\\\/\\\/aladresseducentreville.com\\\/en\\\/#website\",\"url\":\"https:\\\/\\\/aladresseducentreville.com\\\/en\\\/\",\"name\":\"\u00c0 l'adresse du Centre-ville\",\"description\":\"Charmant G\u00eete B&amp;B situ\u00e9 \u00e0 Montr\u00e9al\",\"publisher\":{\"@id\":\"https:\\\/\\\/aladresseducentreville.com\\\/en\\\/#organization\"},\"potentialAction\":[{\"@type\":\"SearchAction\",\"target\":{\"@type\":\"EntryPoint\",\"urlTemplate\":\"https:\\\/\\\/aladresseducentreville.com\\\/en\\\/?s={search_term_string}\"},\"query-input\":{\"@type\":\"PropertyValueSpecification\",\"valueRequired\":true,\"valueName\":\"search_term_string\"}}],\"inLanguage\":\"en-US\"},{\"@type\":\"Organization\",\"@id\":\"https:\\\/\\\/aladresseducentreville.com\\\/en\\\/#organization\",\"name\":\"\u00c0 l'adresse du Centre-Ville\",\"url\":\"https:\\\/\\\/aladresseducentreville.com\\\/en\\\/\",\"logo\":{\"@type\":\"ImageObject\",\"inLanguage\":\"en-US\",\"@id\":\"https:\\\/\\\/aladresseducentreville.com\\\/en\\\/#\\\/schema\\\/logo\\\/image\\\/\",\"url\":\"https:\\\/\\\/aladresseducentreville.com\\\/wp-content\\\/uploads\\\/2019\\\/01\\\/logo-final-2.svg\",\"contentUrl\":\"https:\\\/\\\/aladresseducentreville.com\\\/wp-content\\\/uploads\\\/2019\\\/01\\\/logo-final-2.svg\",\"width\":1,\"height\":1,\"caption\":\"\u00c0 l'adresse du Centre-Ville\"},\"image\":{\"@id\":\"https:\\\/\\\/aladresseducentreville.com\\\/en\\\/#\\\/schema\\\/logo\\\/image\\\/\"}}]}<\/script>\n<!-- \/ Yoast SEO plugin. -->","yoast_head_json":{"title":"Rustique Double Occupancy Room | G\u00eete Adresse du Centre-ville","robots":{"index":"index","follow":"follow","max-snippet":"max-snippet:-1","max-image-preview":"max-image-preview:large","max-video-preview":"max-video-preview:-1"},"canonical":"https:\/\/aladresseducentreville.com\/en\/hb_accommodation\/rustique-quadruple-occupancy-room\/","og_locale":"en_US","og_type":"article","og_title":"Rustique Double Occupancy Room | G\u00eete Adresse du Centre-ville","og_description":"LA RUSTIQUEPlease note that it is not possible to make reservations for stays longer than two weeks through our system. To do so, you must contact us by email. A non-refundable deposit will be required.Arrival hours: between 12:00 and 18:00.Check-out time: until 11:00 am.If your room is not ready, we will be happy to hold [&hellip;]","og_url":"https:\/\/aladresseducentreville.com\/en\/hb_accommodation\/rustique-quadruple-occupancy-room\/","og_site_name":"G\u00eete Adresse du Centre-ville","article_modified_time":"2025-04-01T16:31:42+00:00","og_image":[{"url":"https:\/\/aladresseducentreville.com\/wp-content\/uploads\/2019\/01\/visa-mastercard-interac.svg","type":"","width":"","height":""}],"twitter_card":"summary_large_image","twitter_misc":{"Est. reading time":"6 minutes"},"schema":{"@context":"https:\/\/schema.org","@graph":[{"@type":"WebPage","@id":"https:\/\/aladresseducentreville.com\/en\/hb_accommodation\/rustique-quadruple-occupancy-room\/","url":"https:\/\/aladresseducentreville.com\/en\/hb_accommodation\/rustique-quadruple-occupancy-room\/","name":"Rustique Double Occupancy Room | G\u00eete Adresse du Centre-ville","isPartOf":{"@id":"https:\/\/aladresseducentreville.com\/en\/#website"},"primaryImageOfPage":{"@id":"https:\/\/aladresseducentreville.com\/en\/hb_accommodation\/rustique-quadruple-occupancy-room\/#primaryimage"},"image":{"@id":"https:\/\/aladresseducentreville.com\/en\/hb_accommodation\/rustique-quadruple-occupancy-room\/#primaryimage"},"thumbnailUrl":"https:\/\/aladresseducentreville.com\/wp-content\/uploads\/2019\/01\/visa-mastercard-interac.svg","datePublished":"2019-06-17T15:38:53+00:00","dateModified":"2025-04-01T16:31:42+00:00","breadcrumb":{"@id":"https:\/\/aladresseducentreville.com\/en\/hb_accommodation\/rustique-quadruple-occupancy-room\/#breadcrumb"},"inLanguage":"en-US","potentialAction":[{"@type":"ReadAction","target":["https:\/\/aladresseducentreville.com\/en\/hb_accommodation\/rustique-quadruple-occupancy-room\/"]}]},{"@type":"ImageObject","inLanguage":"en-US","@id":"https:\/\/aladresseducentreville.com\/en\/hb_accommodation\/rustique-quadruple-occupancy-room\/#primaryimage","url":"https:\/\/aladresseducentreville.com\/wp-content\/uploads\/2019\/01\/visa-mastercard-interac.svg","contentUrl":"https:\/\/aladresseducentreville.com\/wp-content\/uploads\/2019\/01\/visa-mastercard-interac.svg"},{"@type":"BreadcrumbList","@id":"https:\/\/aladresseducentreville.com\/en\/hb_accommodation\/rustique-quadruple-occupancy-room\/#breadcrumb","itemListElement":[{"@type":"ListItem","position":1,"name":"Home","item":"https:\/\/aladresseducentreville.com\/en\/"},{"@type":"ListItem","position":2,"name":"Accommodation","item":"https:\/\/aladresseducentreville.com\/en\/hb_accommodation\/"},{"@type":"ListItem","position":3,"name":"Rustique Double Occupancy Room"}]},{"@type":"WebSite","@id":"https:\/\/aladresseducentreville.com\/en\/#website","url":"https:\/\/aladresseducentreville.com\/en\/","name":"\u00c0 l'adresse du Centre-ville","description":"Charmant G\u00eete B&amp;B situ\u00e9 \u00e0 Montr\u00e9al","publisher":{"@id":"https:\/\/aladresseducentreville.com\/en\/#organization"},"potentialAction":[{"@type":"SearchAction","target":{"@type":"EntryPoint","urlTemplate":"https:\/\/aladresseducentreville.com\/en\/?s={search_term_string}"},"query-input":{"@type":"PropertyValueSpecification","valueRequired":true,"valueName":"search_term_string"}}],"inLanguage":"en-US"},{"@type":"Organization","@id":"https:\/\/aladresseducentreville.com\/en\/#organization","name":"\u00c0 l'adresse du Centre-Ville","url":"https:\/\/aladresseducentreville.com\/en\/","logo":{"@type":"ImageObject","inLanguage":"en-US","@id":"https:\/\/aladresseducentreville.com\/en\/#\/schema\/logo\/image\/","url":"https:\/\/aladresseducentreville.com\/wp-content\/uploads\/2019\/01\/logo-final-2.svg","contentUrl":"https:\/\/aladresseducentreville.com\/wp-content\/uploads\/2019\/01\/logo-final-2.svg","width":1,"height":1,"caption":"\u00c0 l'adresse du Centre-Ville"},"image":{"@id":"https:\/\/aladresseducentreville.com\/en\/#\/schema\/logo\/image\/"}}]}},"_links":{"self":[{"href":"https:\/\/aladresseducentreville.com\/en\/wp-json\/wp\/v2\/hb_accommodation\/1727","targetHints":{"allow":["GET"]}}],"collection":[{"href":"https:\/\/aladresseducentreville.com\/en\/wp-json\/wp\/v2\/hb_accommodation"}],"about":[{"href":"https:\/\/aladresseducentreville.com\/en\/wp-json\/wp\/v2\/types\/hb_accommodation"}],"version-history":[{"count":2,"href":"https:\/\/aladresseducentreville.com\/en\/wp-json\/wp\/v2\/hb_accommodation\/1727\/revisions"}],"predecessor-version":[{"id":3172,"href":"https:\/\/aladresseducentreville.com\/en\/wp-json\/wp\/v2\/hb_accommodation\/1727\/revisions\/3172"}],"wp:attachment":[{"href":"https:\/\/aladresseducentreville.com\/en\/wp-json\/wp\/v2\/media?parent=1727"}],"curies":[{"name":"wp","href":"https:\/\/api.w.org\/{rel}","templated":true}]}}