{"id":1993,"date":"2019-07-25T02:18:02","date_gmt":"2019-07-25T02:18:02","guid":{"rendered":"https:\/\/aladresseducentreville.com\/hb_accommodation\/ardente-habitacion-en-ocupacion-triple\/"},"modified":"2020-09-03T20:16:58","modified_gmt":"2020-09-03T20:16:58","slug":"ardente-habitacion-en-ocupacion-triple","status":"publish","type":"hb_accommodation","link":"https:\/\/aladresseducentreville.com\/es\/hb_accommodation\/ardente-habitacion-en-ocupacion-triple\/","title":{"rendered":"Ardente Habitaci\u00f3n de ocupaci\u00f3n triple"},"content":{"rendered":"<p>[et_pb_section bb_built=\u00bb1&#8243; _builder_version=\u00bb3.0.47&#8243; inner_width=\u00bbauto\u00bb inner_max_width=\u00bbnone\u00bb][et_pb_row _builder_version=\u00bb3.19.12&#8243; make_fullwidth=\u00bbon\u00bb use_custom_gutter=\u00bbon\u00bb custom_margin=\u00bb||0px|\u00bb custom_padding=\u00bb||0px|\u00bb module_class=\u00bb et_pb_row_fullwidth et_pb_row_fullwidth et_pb_row_fullwidth\u00bb width=\u00bb89%\u00bb width_tablet=\u00bb80%\u00bb width_last_edited=\u00bbon|desktop\u00bb max_width=\u00bb89%\u00bb max_width_tablet=\u00bb80%\u00bb max_width_last_edited=\u00bbon|desktop\u00bb][et_pb_column type=\u00bb4_4&#8243; custom_padding__hover=\u00bb|||\u00bb custom_padding=\u00bb||0px|\u00bb][et_pb_text admin_label=\u00bbNOM DE LA CHAMBRE &#8211; Ardente\u00bb _builder_version=\u00bb3.19.12&#8243; header_font=\u00bb|600|||||||\u00bb header_text_color=\u00bb#000000&#8243; text_text_color=\u00bb#000000&#8243; text_font_size=\u00bb18px\u00bb text_font_size_tablet=\u00bb16px\u00bb text_font_size_last_edited=\u00bbon|tablet\u00bb text_orientation=\u00bbleft\u00bb]<\/p>\n<h1>L&#8217;ARDENTE<\/h1>\n<p>&nbsp;<\/p>\n<p>L&#8217;Ardente es una habitaci\u00f3n para no fumadores de 15,3 metros cuadrados (165 pies cuadrados) con cuarto de ba\u00f1o compartido. Est\u00e1 equipada con una gran cama de matrimonio (formato \u00abQueen\u00bb), una cama individual, un peque\u00f1o escritorio y aire acondicionado ajustable. El cuarto de ba\u00f1o com\u00fan est\u00e1 equipado con secador de pelo y productos de higiene para el cuerpo y el cabello. Hay internet inal\u00e1mbrico de alta velocidad disponible de manera gratuita. El desayuno gastron\u00f3mico para cada persona est\u00e1 incluido en la tarifa por noche.<\/p>\n<p>[\/et_pb_text][\/et_pb_column][\/et_pb_row][et_pb_row _builder_version=\u00bb3.19.12&#8243; module_alignment=\u00bbcenter\u00bb make_fullwidth=\u00bbon\u00bb use_custom_gutter=\u00bbon\u00bb module_class=\u00bb et_pb_row_fullwidth et_pb_row_fullwidth et_pb_row_fullwidth\u00bb width=\u00bb89%\u00bb width_tablet=\u00bb80%\u00bb width_last_edited=\u00bbon|desktop\u00bb max_width=\u00bb89%\u00bb max_width_tablet=\u00bb80%\u00bb max_width_last_edited=\u00bbon|desktop\u00bb][et_pb_column type=\u00bb1_6&#8243; custom_padding__hover=\u00bb|||\u00bb custom_padding=\u00bb|||\u00bb][et_pb_image admin_label=\u00bbImage savons\u00bb _builder_version=\u00bb3.19.12&#8243; src=\u00bbhttps:\/\/aladresseducentreville.com\/wp-content\/uploads\/2019\/01\/savon-et-produits-pour-la-chambre.svg\u00bb align=\u00bbcenter\u00bb show_bottom_space=\u00bboff\u00bb custom_margin=\u00bb||0px|\u00bb custom_padding=\u00bb||0px|\u00bb max_width=\u00bb50%\u00bb module_alignment=\u00bbcenter\u00bb align_last_edited=\u00bbon|desktop\u00bb align_tablet=\u00bbcenter\u00bb \/][\/et_pb_column][et_pb_column type=\u00bb1_6&#8243; custom_padding__hover=\u00bb|||\u00bb custom_padding=\u00bb|||\u00bb][et_pb_image admin_label=\u00bbImage climatiseur\u00bb _builder_version=\u00bb3.19.12&#8243; src=\u00bbhttps:\/\/aladresseducentreville.com\/wp-content\/uploads\/2019\/03\/air-conditioner.png\u00bb align=\u00bbcenter\u00bb show_bottom_space=\u00bboff\u00bb custom_margin=\u00bb||0px|\u00bb custom_padding=\u00bb||0px|\u00bb max_width=\u00bb50%\u00bb module_alignment=\u00bbcenter\u00bb alt=\u00bbhabitaci\u00f3n de hotel acondicionada\u00bb align_last_edited=\u00bbon|desktop\u00bb align_tablet=\u00bbcenter\u00bb \/][\/et_pb_column][et_pb_column type=\u00bb1_6&#8243; custom_padding__hover=\u00bb|||\u00bb custom_padding=\u00bb|||\u00bb][et_pb_image admin_label=\u00bbImage chambre sans fum\u00e9e\u00bb _builder_version=\u00bb3.19.12&#8243; src=\u00bbhttps:\/\/aladresseducentreville.com\/wp-content\/uploads\/2019\/01\/chambre-sans-fumee.png\u00bb align=\u00bbcenter\u00bb show_bottom_space=\u00bboff\u00bb custom_margin=\u00bb||0px|\u00bb custom_padding=\u00bb||0px|\u00bb max_width=\u00bb50%\u00bb module_alignment=\u00bbcenter\u00bb alt=\u00bbhabitaci\u00f3n de hotel sin humo\u00bb align_last_edited=\u00bbon|desktop\u00bb align_tablet=\u00bbcenter\u00bb \/][\/et_pb_column][et_pb_column type=\u00bb1_6&#8243; custom_padding__hover=\u00bb|||\u00bb custom_padding=\u00bb|||\u00bb][et_pb_image admin_label=\u00bbImage wi-fi\u00bb _builder_version=\u00bb3.19.12&#8243; src=\u00bbhttps:\/\/aladresseducentreville.com\/wp-content\/uploads\/2019\/01\/internet-wi-fi-dans-la-chambre.png\u00bb align=\u00bbcenter\u00bb show_bottom_space=\u00bboff\u00bb custom_margin=\u00bb||0px|\u00bb custom_padding=\u00bb||0px|\u00bb max_width=\u00bb50%\u00bb module_alignment=\u00bbcenter\u00bb alt=\u00bbhabitaci\u00f3n de hotel con internet wifi\u00bb align_last_edited=\u00bbon|desktop\u00bb align_tablet=\u00bbcenter\u00bb \/][\/et_pb_column][et_pb_column type=\u00bb1_6&#8243; custom_padding__hover=\u00bb|||\u00bb custom_padding=\u00bb|||\u00bb][et_pb_image admin_label=\u00bbImage s\u00e8che cheveux\u00bb _builder_version=\u00bb3.19.12&#8243; src=\u00bbhttps:\/\/aladresseducentreville.com\/wp-content\/uploads\/2019\/01\/seche-cheveux.png\u00bb align=\u00bbcenter\u00bb show_bottom_space=\u00bboff\u00bb custom_margin=\u00bb||0px|\u00bb custom_padding=\u00bb||0px|\u00bb max_width=\u00bb50%\u00bb module_alignment=\u00bbcenter\u00bb alt=\u00bbhabitaci\u00f3n de hotel con secador de pelo\u00bb align_last_edited=\u00bbon|desktop\u00bb align_tablet=\u00bbcenter\u00bb \/][\/et_pb_column][et_pb_column type=\u00bb1_6&#8243; custom_padding__hover=\u00bb|||\u00bb custom_padding=\u00bb|||\u00bb][et_pb_image admin_label=\u00bbImage petit d\u00e9jeuner\u00bb _builder_version=\u00bb3.19.12&#8243; src=\u00bbhttps:\/\/aladresseducentreville.com\/wp-content\/uploads\/2019\/01\/petit-dejeuner-inclus.png\u00bb align=\u00bbcenter\u00bb show_bottom_space=\u00bboff\u00bb custom_margin=\u00bb||0px|\u00bb custom_padding=\u00bb||0px|\u00bb max_width=\u00bb50%\u00bb module_alignment=\u00bbcenter\u00bb alt=\u00bbhabitaci\u00f3n de hotel con desayuno incluido\u00bb align_last_edited=\u00bbon|desktop\u00bb align_tablet=\u00bbcenter\u00bb disabled_on=\u00bbon|on|on\u00bb disabled=\u00bbon\u00bb \/][\/et_pb_column][\/et_pb_row][et_pb_row _builder_version=\u00bb3.19.12&#8243; background_size=\u00bbinitial\u00bb background_position=\u00bbtop_left\u00bb background_repeat=\u00bbrepeat\u00bb make_fullwidth=\u00bbon\u00bb use_custom_gutter=\u00bbon\u00bb make_equal=\u00bbon\u00bb module_class=\u00bb et_pb_row_fullwidth et_pb_row_fullwidth et_pb_row_fullwidth\u00bb width=\u00bb89%\u00bb width_tablet=\u00bb80%\u00bb width_last_edited=\u00bbon|desktop\u00bb max_width=\u00bb89%\u00bb max_width_tablet=\u00bb80%\u00bb max_width_last_edited=\u00bbon|desktop\u00bb][et_pb_column type=\u00bb3_5&#8243; custom_padding__hover=\u00bb|||\u00bb custom_padding=\u00bb|||\u00bb][et_pb_image admin_label=\u00bbImage principale\u00bb _builder_version=\u00bb3.19.12&#8243; src=\u00bbhttps:\/\/aladresseducentreville.com\/wp-content\/uploads\/2019\/01\/ardente-1000px.jpg\u00bb force_fullwidth=\u00bbon\u00bb show_bottom_space=\u00bboff\u00bb custom_margin=\u00bb||0px|\u00bb custom_padding=\u00bb||0px|\u00bb alt=\u00bbhabitaci\u00f3n ardente de la pensi\u00f3n\u00bb align_last_edited=\u00bbon|desktop\u00bb align_tablet=\u00bbcenter\u00bb \/][\/et_pb_column][et_pb_column type=\u00bb2_5&#8243; custom_padding__hover=\u00bb|||\u00bb custom_padding=\u00bb|||\u00bb][et_pb_text admin_label=\u00bbhb Booking shortcodes \u00bb _builder_version=\u00bb3.19.12&#8243; background_size=\u00bbinitial\u00bb background_position=\u00bbtop_left\u00bb background_repeat=\u00bbrepeat\u00bb custom_margin=\u00bb||0px|\u00bb custom_padding=\u00bb||0px|\u00bb disabled_on=\u00bbon|on|on\u00bb disabled=\u00bbon\u00bb text_orientation=\u00bbleft\u00bb]<\/p>\n<p>\nTenga en cuenta que no es posible reservar para estancias de m\u00e1s de dos semanas mediante nuestro sistema. Para realizarlo, debe ponerse en contacto con nosotros por correo electr\u00f3nico. Se exigir\u00e1 un dep\u00f3sito de garant\u00eda no reembolsable.<\/p>\n<p><strong>Horas de llegada<\/strong>: entre 15:00 y 18:00.<br \/><strong>Horas de salida:<\/strong>\u00a0hasta 11:30.<br \/>No hay camas supletorias disponibles.<br \/>No se admiten animales de compa\u00f1\u00eda en este establecimiento.<br \/>Todos los ni\u00f1os son bienvenidos y los menores de 3 a\u00f1os se pueden alojar de manera gratuita mediante una cama de beb\u00e9 (1 por habitaci\u00f3n).<br \/>Hablamos franc\u00e9s, ingl\u00e9s y un poquito de espa\u00f1ol.<br \/>Un parking p\u00fablico est\u00e1 disponible en las cercan\u00edas (sin reserva previa) por un coste de 14$ CAD al d\u00eda.<br \/>Hay estacionamiento p\u00fablico y gratuito en las proximidades (sin posibilidad de reserva).<\/p>\n\n<p>Aceptamos las siguientes tarjetas de cr\u00e9dito:<\/p>\n<p><img decoding=\"async\" class=\"alignnone wp-image-1611\" src=\"https:\/\/aladresseducentreville.com\/wp-content\/uploads\/2019\/01\/visa-mastercard-interac.svg\" alt=\"\" width=\"200\" \/><\/p>\n<p>[\/et_pb_text][et_pb_button admin_label=\u00bbBouton vers les chambres\u00bb _builder_version=\u00bb3.19.12&#8243; button_text=\u00bbRegrese a las otras habitaciones\u00bb button_url=\u00bbhttps:\/\/aladresseducentreville.com\/es\/las-habitaciones-de-nuestra-pension\/\u00bb button_alignment=\u00bbcenter\u00bb custom_button=\u00bbon\u00bb button_text_color=\u00bb#002495&#8243; button_bg_color=\u00bb#ffffff\u00bb button_border_color=\u00bb#002495&#8243; button_icon=\u00bb%%27%%\u00bb button_icon_color=\u00bb#002495&#8243; button_icon_placement=\u00bbleft\u00bb custom_padding=\u00bb20px|40px|20px|40px\u00bb button_on_hover=\u00bboff\u00bb custom_margin=\u00bb0px|||\u00bb \/][\/et_pb_column][\/et_pb_row][et_pb_row _builder_version=\u00bb3.19.12&#8243; make_fullwidth=\u00bbon\u00bb use_custom_gutter=\u00bbon\u00bb module_class=\u00bb et_pb_row_fullwidth et_pb_row_fullwidth et_pb_row_fullwidth\u00bb width=\u00bb89%\u00bb width_tablet=\u00bb80%\u00bb width_last_edited=\u00bbon|desktop\u00bb max_width=\u00bb89%\u00bb max_width_tablet=\u00bb80%\u00bb max_width_last_edited=\u00bbon|desktop\u00bb][et_pb_column type=\u00bb3_5&#8243; custom_padding__hover=\u00bb|||\u00bb custom_padding=\u00bb|||\u00bb][et_pb_image admin_label=\u00bbImage secondaire 1&#8243; _builder_version=\u00bb3.19.12&#8243; src=\u00bbhttps:\/\/aladresseducentreville.com\/wp-content\/uploads\/2019\/01\/ardente-porte.jpg\u00bb alt=\u00bbhabitaci\u00f3n ardente\u00bb align_last_edited=\u00bbon|desktop\u00bb align_tablet=\u00bbcenter\u00bb \/][\/et_pb_column][et_pb_column type=\u00bb2_5&#8243; custom_padding__hover=\u00bb|||\u00bb custom_padding=\u00bb|||\u00bb][et_pb_image admin_label=\u00bbImage secondaire 2&#8243; _builder_version=\u00bb3.19.12&#8243; src=\u00bbhttps:\/\/aladresseducentreville.com\/wp-content\/uploads\/2019\/01\/ardente-verticale.jpg\u00bb alt=\u00bbhabitaci\u00f3n ardente\u00bb align_last_edited=\u00bbon|desktop\u00bb align_tablet=\u00bbcenter\u00bb \/][\/et_pb_column][\/et_pb_row][et_pb_row _builder_version=\u00bb3.19.12&#8243; make_fullwidth=\u00bbon\u00bb use_custom_gutter=\u00bbon\u00bb module_class=\u00bb et_pb_row_fullwidth et_pb_row_fullwidth et_pb_row_fullwidth\u00bb width=\u00bb89%\u00bb width_tablet=\u00bb80%\u00bb width_last_edited=\u00bbon|desktop\u00bb max_width=\u00bb89%\u00bb max_width_tablet=\u00bb80%\u00bb max_width_last_edited=\u00bbon|desktop\u00bb][et_pb_column type=\u00bb4_4&#8243; custom_padding__hover=\u00bb|||\u00bb custom_padding=\u00bb|||\u00bb][et_pb_text admin_label=\u00bbTexte \u00e0 proximit\u00e9 du gite\u00bb _builder_version=\u00bb3.19.12&#8243; header_font=\u00bb|600||on|||||\u00bb header_text_color=\u00bb#000000&#8243; text_orientation=\u00bbleft\u00bb]<\/p>\n<h1>Actividades en las cercan\u00edas de la pensi\u00f3n&#8230;<\/h1>\n<p>[\/et_pb_text][\/et_pb_column][\/et_pb_row][et_pb_row _builder_version=\u00bb3.19.12&#8243; make_fullwidth=\u00bbon\u00bb use_custom_gutter=\u00bbon\u00bb gutter_width=\u00bb1&#8243; module_class=\u00bbds-carousel et_pb_row_fullwidth et_pb_row_fullwidth et_pb_row_fullwidth et_pb_row_fullwidth et_pb_row_fullwidth et_pb_row_fullwidth et_pb_row_fullwidth et_pb_row_fullwidth\u00bb width=\u00bb100%\u00bb width_tablet=\u00bb100%\u00bb width_last_edited=\u00bbon|desktop\u00bb max_width=\u00bb100%\u00bb max_width_tablet=\u00bb100%\u00bb max_width_last_edited=\u00bbon|desktop\u00bb][et_pb_column type=\u00bb4_4&#8243; custom_padding__hover=\u00bb|||\u00bb custom_padding=\u00bb|||\u00bb][et_pb_image admin_label=\u00bbImage place des arts avec lien\u00bb _builder_version=\u00bb3.19.12&#8243; src=\u00bbhttps:\/\/aladresseducentreville.com\/wp-content\/uploads\/2019\/01\/logo-place-des-arts-de-montreal.jpeg\u00bb align=\u00bbcenter\u00bb custom_margin=\u00bb||0px|\u00bb custom_padding=\u00bb0px|30px|0px|30px\u00bb module_alignment=\u00bbcenter\u00bb url=\u00bbhttps:\/\/placedesarts.com\/fr\u00bb url_new_window=\u00bbon\u00bb alt=\u00bbPlaces des Arts de Montreal\u00bb max_width=\u00bb54%\u00bb align_last_edited=\u00bbon|desktop\u00bb align_tablet=\u00bbcenter\u00bb \/][et_pb_image admin_label=\u00bbImage basilique\u00bb _builder_version=\u00bb3.19.12&#8243; src=\u00bbhttps:\/\/aladresseducentreville.com\/wp-content\/uploads\/2019\/03\/basilique-notre-dame-de-montreal.png\u00bb align=\u00bbcenter\u00bb custom_margin=\u00bb||0px|\u00bb custom_padding=\u00bb0px|30px|0px|30px\u00bb module_alignment=\u00bbcenter\u00bb alt=\u00bbBas\u00edlica Notre-Dame de Montreal\u00bb url=\u00bbhttps:\/\/www.basiliquenotredame.ca\/fr\/\u00bb url_new_window=\u00bbon\u00bb align_last_edited=\u00bbon|desktop\u00bb align_tablet=\u00bbcenter\u00bb \/][et_pb_image admin_label=\u00bbImage Centre eaton\u00bb _builder_version=\u00bb3.19.12&#8243; src=\u00bbhttps:\/\/aladresseducentreville.com\/wp-content\/uploads\/2019\/01\/logo-centre-eaton-de-montreal.jpg\u00bb align=\u00bbcenter\u00bb custom_margin=\u00bb||0px|\u00bb custom_padding=\u00bb0px|30px|0px|30px\u00bb module_alignment=\u00bbcenter\u00bb alt=\u00bbCentre Eaton de Montreal\u00bb url=\u00bbhttps:\/\/www.centreeatondemontreal.com\/fr\/\u00bb url_new_window=\u00bbon\u00bb max_width=\u00bb80%\u00bb align_last_edited=\u00bbon|desktop\u00bb align_tablet=\u00bbcenter\u00bb \/][et_pb_image admin_label=\u00bbImage MTL en lumi\u00e8re\u00bb _builder_version=\u00bb3.19.12&#8243; src=\u00bbhttps:\/\/aladresseducentreville.com\/wp-content\/uploads\/2019\/01\/montreal_en_lumiere-logo.jpg\u00bb align=\u00bbcenter\u00bb custom_margin=\u00bb||0px|\u00bb custom_padding=\u00bb0px|30px|0px|30px\u00bb module_alignment=\u00bbcenter\u00bb alt=\u00bbFestival Montr\u00e9al en Lumi\u00e8re\u00bb url=\u00bbhttps:\/\/www.montrealenlumiere.com\/\u00bb url_new_window=\u00bbon\u00bb align_last_edited=\u00bbon|desktop\u00bb align_tablet=\u00bbcenter\u00bb \/][et_pb_image admin_label=\u00bbImage festival de jazz \u00bb _builder_version=\u00bb3.19.12&#8243; src=\u00bbhttps:\/\/aladresseducentreville.com\/wp-content\/uploads\/2019\/01\/festival-de-jazz-de-montreal.png\u00bb align=\u00bbcenter\u00bb custom_margin=\u00bb||0px|\u00bb custom_padding=\u00bb0px|30px|0px|30px\u00bb module_alignment=\u00bbcenter\u00bb alt=\u00bbFestival de jazz de Montreal\u00bb url=\u00bbhttps:\/\/www.montrealjazzfest.com\/\u00bb url_new_window=\u00bbon\u00bb max_width=\u00bb55%\u00bb align_last_edited=\u00bbon|desktop\u00bb align_tablet=\u00bbcenter\u00bb \/][et_pb_image admin_label=\u00bbImage vieux port \u00bb _builder_version=\u00bb3.19.12&#8243; src=\u00bbhttps:\/\/aladresseducentreville.com\/wp-content\/uploads\/2019\/01\/logo-vieux-port-de-montreal.png\u00bb align=\u00bbcenter\u00bb custom_margin=\u00bb||0px|\u00bb custom_padding=\u00bb0px|30px|0px|30px\u00bb module_alignment=\u00bbcenter\u00bb alt=\u00bbPuerto viejo de Montreal\u00bb url=\u00bbhttps:\/\/www.societeduvieuxport.com\/la-societe-du-vieux-port\u00bb url_new_window=\u00bbon\u00bb align_last_edited=\u00bbon|desktop\u00bb align_tablet=\u00bbcenter\u00bb \/][et_pb_image admin_label=\u00bbImage quartier latin\u00bb _builder_version=\u00bb3.19.12&#8243; src=\u00bbhttps:\/\/aladresseducentreville.com\/wp-content\/uploads\/2019\/01\/logo-quartier-latin-de-montreal.png\u00bb align=\u00bbcenter\u00bb custom_margin=\u00bb||0px|\u00bb custom_padding=\u00bb0px|30px|0px|30px\u00bb module_alignment=\u00bbcenter\u00bb alt=\u00bbBarrio latino de Montreal\u00bb url=\u00bbhttp:\/\/www.quartierlatin.ca\/fr\u00bb url_new_window=\u00bbon\u00bb max_width=\u00bb85%\u00bb align_last_edited=\u00bbon|desktop\u00bb align_tablet=\u00bbcenter\u00bb \/][et_pb_image admin_label=\u00bbImage quartier des spectacles\u00bb _builder_version=\u00bb3.19.12&#8243; src=\u00bbhttps:\/\/aladresseducentreville.com\/wp-content\/uploads\/2019\/01\/logo-quartier-des-spectacles.png\u00bb align=\u00bbcenter\u00bb custom_margin=\u00bb||0px|\u00bb custom_padding=\u00bb0px|30px|0px|30px\u00bb module_alignment=\u00bbcenter\u00bb alt=\u00bbBarrio de los espect\u00e1culos de Montreal\u00bb url=\u00bbhttps:\/\/www.quartierdesspectacles.com\/fr\/\u00bb url_new_window=\u00bbon\u00bb align_last_edited=\u00bbon|desktop\u00bb align_tablet=\u00bbcenter\u00bb \/][et_pb_image admin_label=\u00bbImage place des arts avec lien\u00bb _builder_version=\u00bb3.19.12&#8243; src=\u00bbhttps:\/\/aladresseducentreville.com\/wp-content\/uploads\/2019\/01\/logo-place-des-arts-de-montreal.jpeg\u00bb align=\u00bbcenter\u00bb custom_margin=\u00bb||0px|\u00bb custom_padding=\u00bb0px|30px|0px|30px\u00bb module_alignment=\u00bbcenter\u00bb url=\u00bbhttps:\/\/placedesarts.com\/fr\u00bb url_new_window=\u00bbon\u00bb alt=\u00bbPlaces des Arts de Montreal\u00bb max_width=\u00bb55%\u00bb align_last_edited=\u00bbon|desktop\u00bb align_tablet=\u00bbcenter\u00bb \/][et_pb_image admin_label=\u00bbImage basilique\u00bb _builder_version=\u00bb3.19.12&#8243; src=\u00bbhttps:\/\/aladresseducentreville.com\/wp-content\/uploads\/2019\/03\/basilique-notre-dame-de-montreal.png\u00bb align=\u00bbcenter\u00bb custom_margin=\u00bb||0px|\u00bb custom_padding=\u00bb0px|30px|0px|30px\u00bb module_alignment=\u00bbcenter\u00bb alt=\u00bbBas\u00edlica Notre-Dame de Montreal\u00bb url=\u00bbhttps:\/\/www.basiliquenotredame.ca\/fr\/\u00bb url_new_window=\u00bbon\u00bb align_last_edited=\u00bbon|desktop\u00bb align_tablet=\u00bbcenter\u00bb \/][et_pb_image admin_label=\u00bbImage Centre eaton\u00bb _builder_version=\u00bb3.19.12&#8243; src=\u00bbhttps:\/\/aladresseducentreville.com\/wp-content\/uploads\/2019\/01\/logo-centre-eaton-de-montreal.jpg\u00bb align=\u00bbcenter\u00bb custom_margin=\u00bb||0px|\u00bb custom_padding=\u00bb0px|30px|0px|30px\u00bb module_alignment=\u00bbcenter\u00bb alt=\u00bbCentre Eaton de Montreal\u00bb url=\u00bbhttps:\/\/www.centreeatondemontreal.com\/fr\/\u00bb url_new_window=\u00bbon\u00bb max_width=\u00bb80%\u00bb align_last_edited=\u00bbon|desktop\u00bb align_tablet=\u00bbcenter\u00bb \/][et_pb_image admin_label=\u00bbImage MTL en lumi\u00e8re\u00bb _builder_version=\u00bb3.19.12&#8243; src=\u00bbhttps:\/\/aladresseducentreville.com\/wp-content\/uploads\/2019\/01\/montreal_en_lumiere-logo.jpg\u00bb align=\u00bbcenter\u00bb custom_margin=\u00bb||0px|\u00bb custom_padding=\u00bb0px|30px|0px|30px\u00bb module_alignment=\u00bbcenter\u00bb alt=\u00bbFestival Montr\u00e9al en Lumi\u00e8re\u00bb url=\u00bbhttps:\/\/www.montrealenlumiere.com\/\u00bb url_new_window=\u00bbon\u00bb align_last_edited=\u00bbon|desktop\u00bb align_tablet=\u00bbcenter\u00bb \/][et_pb_image admin_label=\u00bbImage festival de jazz \u00bb _builder_version=\u00bb3.19.12&#8243; src=\u00bbhttps:\/\/aladresseducentreville.com\/wp-content\/uploads\/2019\/01\/festival-de-jazz-de-montreal.png\u00bb align=\u00bbcenter\u00bb custom_margin=\u00bb||0px|\u00bb custom_padding=\u00bb0px|30px|0px|30px\u00bb module_alignment=\u00bbcenter\u00bb alt=\u00bbFestival de jazz de Montreal\u00bb url=\u00bbhttps:\/\/www.montrealjazzfest.com\/\u00bb url_new_window=\u00bbon\u00bb max_width=\u00bb55%\u00bb align_last_edited=\u00bbon|desktop\u00bb align_tablet=\u00bbcenter\u00bb \/][et_pb_image admin_label=\u00bbImage vieux port \u00bb _builder_version=\u00bb3.19.12&#8243; src=\u00bbhttps:\/\/aladresseducentreville.com\/wp-content\/uploads\/2019\/01\/logo-vieux-port-de-montreal.png\u00bb align=\u00bbcenter\u00bb custom_margin=\u00bb||0px|\u00bb custom_padding=\u00bb0px|30px|0px|30px\u00bb module_alignment=\u00bbcenter\u00bb alt=\u00bbPuerto viejo de Montreal\u00bb url=\u00bbhttps:\/\/www.societeduvieuxport.com\/la-societe-du-vieux-port\u00bb url_new_window=\u00bbon\u00bb align_last_edited=\u00bbon|desktop\u00bb align_tablet=\u00bbcenter\u00bb \/][et_pb_image admin_label=\u00bbImage quartier latin\u00bb _builder_version=\u00bb3.19.12&#8243; src=\u00bbhttps:\/\/aladresseducentreville.com\/wp-content\/uploads\/2019\/01\/logo-quartier-latin-de-montreal.png\u00bb align=\u00bbcenter\u00bb custom_margin=\u00bb||0px|\u00bb custom_padding=\u00bb0px|30px|0px|30px\u00bb module_alignment=\u00bbcenter\u00bb alt=\u00bbBarrio latino de Montreal\u00bb url=\u00bbhttp:\/\/www.quartierlatin.ca\/fr\u00bb url_new_window=\u00bbon\u00bb max_width=\u00bb85%\u00bb align_last_edited=\u00bbon|desktop\u00bb align_tablet=\u00bbcenter\u00bb \/][et_pb_image admin_label=\u00bbImage quartier des spectacles\u00bb _builder_version=\u00bb3.19.12&#8243; src=\u00bbhttps:\/\/aladresseducentreville.com\/wp-content\/uploads\/2019\/01\/logo-quartier-des-spectacles.png\u00bb align=\u00bbcenter\u00bb custom_margin=\u00bb||0px|\u00bb custom_padding=\u00bb0px|30px|0px|30px\u00bb module_alignment=\u00bbcenter\u00bb alt=\u00bbBarrio de los espect\u00e1culos de Montreal\u00bb url=\u00bbhttps:\/\/www.quartierdesspectacles.com\/fr\/\u00bb url_new_window=\u00bbon\u00bb align_last_edited=\u00bbon|desktop\u00bb align_tablet=\u00bbcenter\u00bb \/][\/et_pb_column][\/et_pb_row][\/et_pb_section]<\/p>\n","protected":false},"featured_media":0,"template":"","meta":{"_et_pb_use_builder":"on","_et_pb_old_content":"","_et_gb_content_width":"","inline_featured_image":false},"class_list":["post-1993","hb_accommodation","type-hb_accommodation","status-publish","hentry"],"yoast_head":"<!-- This site is optimized with the Yoast SEO plugin v27.5 - https:\/\/yoast.com\/product\/yoast-seo-wordpress\/ -->\n<title>Ardente Habitaci\u00f3n de ocupaci\u00f3n triple | G\u00eete Adresse du Centre-ville<\/title>\n<meta name=\"robots\" content=\"index, follow, max-snippet:-1, max-image-preview:large, max-video-preview:-1\" \/>\n<link rel=\"canonical\" href=\"https:\/\/aladresseducentreville.com\/es\/hb_accommodation\/ardente-habitacion-en-ocupacion-triple\/\" \/>\n<meta property=\"og:locale\" content=\"es_ES\" \/>\n<meta property=\"og:type\" content=\"article\" \/>\n<meta property=\"og:title\" content=\"Ardente Habitaci\u00f3n de ocupaci\u00f3n triple | G\u00eete Adresse du Centre-ville\" \/>\n<meta property=\"og:description\" content=\"L&#039;ARDENTE &nbsp; L&#039;Ardente es una habitaci\u00f3n para no fumadores de 15,3 metros cuadrados (165 pies cuadrados) con cuarto de ba\u00f1o compartido. Est\u00e1 equipada con una gran cama de matrimonio (formato &quot;Queen&quot;), una cama individual, un peque\u00f1o escritorio y aire acondicionado ajustable. El cuarto de ba\u00f1o com\u00fan est\u00e1 equipado con secador de pelo y productos de [&hellip;]\" \/>\n<meta property=\"og:url\" content=\"https:\/\/aladresseducentreville.com\/es\/hb_accommodation\/ardente-habitacion-en-ocupacion-triple\/\" \/>\n<meta property=\"og:site_name\" content=\"G\u00eete Adresse du Centre-ville\" \/>\n<meta property=\"article:modified_time\" content=\"2020-09-03T20:16:58+00:00\" \/>\n<meta property=\"og:image\" content=\"https:\/\/aladresseducentreville.com\/wp-content\/uploads\/2019\/01\/visa-mastercard-interac.svg\" \/>\n<meta name=\"twitter:card\" content=\"summary_large_image\" \/>\n<meta name=\"twitter:label1\" content=\"Tiempo de lectura\" \/>\n\t<meta name=\"twitter:data1\" content=\"11 minutos\" \/>\n<script type=\"application\/ld+json\" class=\"yoast-schema-graph\">{\"@context\":\"https:\\\/\\\/schema.org\",\"@graph\":[{\"@type\":\"WebPage\",\"@id\":\"https:\\\/\\\/aladresseducentreville.com\\\/es\\\/hb_accommodation\\\/ardente-habitacion-en-ocupacion-triple\\\/\",\"url\":\"https:\\\/\\\/aladresseducentreville.com\\\/es\\\/hb_accommodation\\\/ardente-habitacion-en-ocupacion-triple\\\/\",\"name\":\"Ardente Habitaci\u00f3n de ocupaci\u00f3n triple | G\u00eete Adresse du Centre-ville\",\"isPartOf\":{\"@id\":\"https:\\\/\\\/aladresseducentreville.com\\\/es\\\/#website\"},\"primaryImageOfPage\":{\"@id\":\"https:\\\/\\\/aladresseducentreville.com\\\/es\\\/hb_accommodation\\\/ardente-habitacion-en-ocupacion-triple\\\/#primaryimage\"},\"image\":{\"@id\":\"https:\\\/\\\/aladresseducentreville.com\\\/es\\\/hb_accommodation\\\/ardente-habitacion-en-ocupacion-triple\\\/#primaryimage\"},\"thumbnailUrl\":\"https:\\\/\\\/aladresseducentreville.com\\\/wp-content\\\/uploads\\\/2019\\\/01\\\/visa-mastercard-interac.svg\",\"datePublished\":\"2019-07-25T02:18:02+00:00\",\"dateModified\":\"2020-09-03T20:16:58+00:00\",\"breadcrumb\":{\"@id\":\"https:\\\/\\\/aladresseducentreville.com\\\/es\\\/hb_accommodation\\\/ardente-habitacion-en-ocupacion-triple\\\/#breadcrumb\"},\"inLanguage\":\"es\",\"potentialAction\":[{\"@type\":\"ReadAction\",\"target\":[\"https:\\\/\\\/aladresseducentreville.com\\\/es\\\/hb_accommodation\\\/ardente-habitacion-en-ocupacion-triple\\\/\"]}]},{\"@type\":\"ImageObject\",\"inLanguage\":\"es\",\"@id\":\"https:\\\/\\\/aladresseducentreville.com\\\/es\\\/hb_accommodation\\\/ardente-habitacion-en-ocupacion-triple\\\/#primaryimage\",\"url\":\"https:\\\/\\\/aladresseducentreville.com\\\/wp-content\\\/uploads\\\/2019\\\/01\\\/visa-mastercard-interac.svg\",\"contentUrl\":\"https:\\\/\\\/aladresseducentreville.com\\\/wp-content\\\/uploads\\\/2019\\\/01\\\/visa-mastercard-interac.svg\"},{\"@type\":\"BreadcrumbList\",\"@id\":\"https:\\\/\\\/aladresseducentreville.com\\\/es\\\/hb_accommodation\\\/ardente-habitacion-en-ocupacion-triple\\\/#breadcrumb\",\"itemListElement\":[{\"@type\":\"ListItem\",\"position\":1,\"name\":\"Home\",\"item\":\"https:\\\/\\\/aladresseducentreville.com\\\/es\\\/\"},{\"@type\":\"ListItem\",\"position\":2,\"name\":\"Alojamiento\",\"item\":\"https:\\\/\\\/aladresseducentreville.com\\\/es\\\/hb_accommodation\\\/\"},{\"@type\":\"ListItem\",\"position\":3,\"name\":\"Ardente Habitaci\u00f3n de ocupaci\u00f3n triple\"}]},{\"@type\":\"WebSite\",\"@id\":\"https:\\\/\\\/aladresseducentreville.com\\\/es\\\/#website\",\"url\":\"https:\\\/\\\/aladresseducentreville.com\\\/es\\\/\",\"name\":\"\u00c0 l'adresse du Centre-ville\",\"description\":\"Charmant G\u00eete B&amp;B situ\u00e9 \u00e0 Montr\u00e9al\",\"publisher\":{\"@id\":\"https:\\\/\\\/aladresseducentreville.com\\\/es\\\/#organization\"},\"potentialAction\":[{\"@type\":\"SearchAction\",\"target\":{\"@type\":\"EntryPoint\",\"urlTemplate\":\"https:\\\/\\\/aladresseducentreville.com\\\/es\\\/?s={search_term_string}\"},\"query-input\":{\"@type\":\"PropertyValueSpecification\",\"valueRequired\":true,\"valueName\":\"search_term_string\"}}],\"inLanguage\":\"es\"},{\"@type\":\"Organization\",\"@id\":\"https:\\\/\\\/aladresseducentreville.com\\\/es\\\/#organization\",\"name\":\"\u00c0 l'adresse du Centre-Ville\",\"url\":\"https:\\\/\\\/aladresseducentreville.com\\\/es\\\/\",\"logo\":{\"@type\":\"ImageObject\",\"inLanguage\":\"es\",\"@id\":\"https:\\\/\\\/aladresseducentreville.com\\\/es\\\/#\\\/schema\\\/logo\\\/image\\\/\",\"url\":\"https:\\\/\\\/aladresseducentreville.com\\\/wp-content\\\/uploads\\\/2019\\\/01\\\/logo-final-2.svg\",\"contentUrl\":\"https:\\\/\\\/aladresseducentreville.com\\\/wp-content\\\/uploads\\\/2019\\\/01\\\/logo-final-2.svg\",\"width\":1,\"height\":1,\"caption\":\"\u00c0 l'adresse du Centre-Ville\"},\"image\":{\"@id\":\"https:\\\/\\\/aladresseducentreville.com\\\/es\\\/#\\\/schema\\\/logo\\\/image\\\/\"}}]}<\/script>\n<!-- \/ Yoast SEO plugin. -->","yoast_head_json":{"title":"Ardente Habitaci\u00f3n de ocupaci\u00f3n triple | G\u00eete Adresse du Centre-ville","robots":{"index":"index","follow":"follow","max-snippet":"max-snippet:-1","max-image-preview":"max-image-preview:large","max-video-preview":"max-video-preview:-1"},"canonical":"https:\/\/aladresseducentreville.com\/es\/hb_accommodation\/ardente-habitacion-en-ocupacion-triple\/","og_locale":"es_ES","og_type":"article","og_title":"Ardente Habitaci\u00f3n de ocupaci\u00f3n triple | G\u00eete Adresse du Centre-ville","og_description":"L'ARDENTE &nbsp; L'Ardente es una habitaci\u00f3n para no fumadores de 15,3 metros cuadrados (165 pies cuadrados) con cuarto de ba\u00f1o compartido. Est\u00e1 equipada con una gran cama de matrimonio (formato \"Queen\"), una cama individual, un peque\u00f1o escritorio y aire acondicionado ajustable. El cuarto de ba\u00f1o com\u00fan est\u00e1 equipado con secador de pelo y productos de [&hellip;]","og_url":"https:\/\/aladresseducentreville.com\/es\/hb_accommodation\/ardente-habitacion-en-ocupacion-triple\/","og_site_name":"G\u00eete Adresse du Centre-ville","article_modified_time":"2020-09-03T20:16:58+00:00","og_image":[{"url":"https:\/\/aladresseducentreville.com\/wp-content\/uploads\/2019\/01\/visa-mastercard-interac.svg","type":"","width":"","height":""}],"twitter_card":"summary_large_image","twitter_misc":{"Tiempo de lectura":"11 minutos"},"schema":{"@context":"https:\/\/schema.org","@graph":[{"@type":"WebPage","@id":"https:\/\/aladresseducentreville.com\/es\/hb_accommodation\/ardente-habitacion-en-ocupacion-triple\/","url":"https:\/\/aladresseducentreville.com\/es\/hb_accommodation\/ardente-habitacion-en-ocupacion-triple\/","name":"Ardente Habitaci\u00f3n de ocupaci\u00f3n triple | G\u00eete Adresse du Centre-ville","isPartOf":{"@id":"https:\/\/aladresseducentreville.com\/es\/#website"},"primaryImageOfPage":{"@id":"https:\/\/aladresseducentreville.com\/es\/hb_accommodation\/ardente-habitacion-en-ocupacion-triple\/#primaryimage"},"image":{"@id":"https:\/\/aladresseducentreville.com\/es\/hb_accommodation\/ardente-habitacion-en-ocupacion-triple\/#primaryimage"},"thumbnailUrl":"https:\/\/aladresseducentreville.com\/wp-content\/uploads\/2019\/01\/visa-mastercard-interac.svg","datePublished":"2019-07-25T02:18:02+00:00","dateModified":"2020-09-03T20:16:58+00:00","breadcrumb":{"@id":"https:\/\/aladresseducentreville.com\/es\/hb_accommodation\/ardente-habitacion-en-ocupacion-triple\/#breadcrumb"},"inLanguage":"es","potentialAction":[{"@type":"ReadAction","target":["https:\/\/aladresseducentreville.com\/es\/hb_accommodation\/ardente-habitacion-en-ocupacion-triple\/"]}]},{"@type":"ImageObject","inLanguage":"es","@id":"https:\/\/aladresseducentreville.com\/es\/hb_accommodation\/ardente-habitacion-en-ocupacion-triple\/#primaryimage","url":"https:\/\/aladresseducentreville.com\/wp-content\/uploads\/2019\/01\/visa-mastercard-interac.svg","contentUrl":"https:\/\/aladresseducentreville.com\/wp-content\/uploads\/2019\/01\/visa-mastercard-interac.svg"},{"@type":"BreadcrumbList","@id":"https:\/\/aladresseducentreville.com\/es\/hb_accommodation\/ardente-habitacion-en-ocupacion-triple\/#breadcrumb","itemListElement":[{"@type":"ListItem","position":1,"name":"Home","item":"https:\/\/aladresseducentreville.com\/es\/"},{"@type":"ListItem","position":2,"name":"Alojamiento","item":"https:\/\/aladresseducentreville.com\/es\/hb_accommodation\/"},{"@type":"ListItem","position":3,"name":"Ardente Habitaci\u00f3n de ocupaci\u00f3n triple"}]},{"@type":"WebSite","@id":"https:\/\/aladresseducentreville.com\/es\/#website","url":"https:\/\/aladresseducentreville.com\/es\/","name":"\u00c0 l'adresse du Centre-ville","description":"Charmant G\u00eete B&amp;B situ\u00e9 \u00e0 Montr\u00e9al","publisher":{"@id":"https:\/\/aladresseducentreville.com\/es\/#organization"},"potentialAction":[{"@type":"SearchAction","target":{"@type":"EntryPoint","urlTemplate":"https:\/\/aladresseducentreville.com\/es\/?s={search_term_string}"},"query-input":{"@type":"PropertyValueSpecification","valueRequired":true,"valueName":"search_term_string"}}],"inLanguage":"es"},{"@type":"Organization","@id":"https:\/\/aladresseducentreville.com\/es\/#organization","name":"\u00c0 l'adresse du Centre-Ville","url":"https:\/\/aladresseducentreville.com\/es\/","logo":{"@type":"ImageObject","inLanguage":"es","@id":"https:\/\/aladresseducentreville.com\/es\/#\/schema\/logo\/image\/","url":"https:\/\/aladresseducentreville.com\/wp-content\/uploads\/2019\/01\/logo-final-2.svg","contentUrl":"https:\/\/aladresseducentreville.com\/wp-content\/uploads\/2019\/01\/logo-final-2.svg","width":1,"height":1,"caption":"\u00c0 l'adresse du Centre-Ville"},"image":{"@id":"https:\/\/aladresseducentreville.com\/es\/#\/schema\/logo\/image\/"}}]}},"_links":{"self":[{"href":"https:\/\/aladresseducentreville.com\/es\/wp-json\/wp\/v2\/hb_accommodation\/1993","targetHints":{"allow":["GET"]}}],"collection":[{"href":"https:\/\/aladresseducentreville.com\/es\/wp-json\/wp\/v2\/hb_accommodation"}],"about":[{"href":"https:\/\/aladresseducentreville.com\/es\/wp-json\/wp\/v2\/types\/hb_accommodation"}],"version-history":[{"count":0,"href":"https:\/\/aladresseducentreville.com\/es\/wp-json\/wp\/v2\/hb_accommodation\/1993\/revisions"}],"wp:attachment":[{"href":"https:\/\/aladresseducentreville.com\/es\/wp-json\/wp\/v2\/media?parent=1993"}],"curies":[{"name":"wp","href":"https:\/\/api.w.org\/{rel}","templated":true}]}}