{"id":1969,"date":"2019-07-24T18:48:13","date_gmt":"2019-07-24T18:48:13","guid":{"rendered":"https:\/\/aladresseducentreville.com\/una-pension-excepcional\/"},"modified":"2020-09-03T20:29:34","modified_gmt":"2020-09-03T20:29:34","slug":"una-pension-excepcional","status":"publish","type":"page","link":"https:\/\/aladresseducentreville.com\/es\/una-pension-excepcional\/","title":{"rendered":"Una pensi\u00f3n excepcional"},"content":{"rendered":"<p>[et_pb_section bb_built=\u00bb1&#8243; specialty=\u00bboff\u00bb next_background_color=\u00bb#000000&#8243; _builder_version=\u00bb4.6.0&#8243; custom_margin=\u00bb0px|0px|0px|0px\u00bb custom_padding=\u00bb0px|0px|0px|0px\u00bb inner_max_width=\u00bbnone\u00bb box_shadow_horizontal_tablet=\u00bb0px\u00bb box_shadow_vertical_tablet=\u00bb0px\u00bb box_shadow_blur_tablet=\u00bb40px\u00bb box_shadow_spread_tablet=\u00bb0px\u00bb vertical_offset_tablet=\u00bb0&#8243; horizontal_offset_tablet=\u00bb0&#8243;][et_pb_row _builder_version=\u00bb4.6.0&#8243; use_custom_gutter=\u00bbon\u00bb gutter_width=\u00bb1&#8243; custom_margin=\u00bb0px|0px|0px|0px\u00bb custom_padding=\u00bb100px|20%|900px|20%\u00bb background_image=\u00bbhttps:\/\/aladresseducentreville.com\/wp-content\/uploads\/2020\/09\/gite-adresse-centre-ville-1.jpg\u00bb custom_css_main_element=\u00bbbackground-size: cover;\u00bb module_class=\u00bb et_pb_row_fullwidth et_pb_row_fullwidth\u00bb width=\u00bb100%\u00bb width_last_edited=\u00bbon|desktop\u00bb max_width=\u00bb100%\u00bb max_width_last_edited=\u00bbon|desktop\u00bb box_shadow_horizontal_tablet=\u00bb0px\u00bb box_shadow_vertical_tablet=\u00bb0px\u00bb box_shadow_blur_tablet=\u00bb40px\u00bb box_shadow_spread_tablet=\u00bb0px\u00bb vertical_offset_tablet=\u00bb0&#8243; horizontal_offset_tablet=\u00bb0&#8243; z_index_tablet=\u00bb0&#8243;][et_pb_column type=\u00bb4_4&#8243; custom_padding__hover=\u00bb|||\u00bb custom_padding=\u00bb|||\u00bb][et_pb_text _builder_version=\u00bb3.23.3&#8243; border_width_all=\u00bb3px\u00bb border_color_all=\u00bb#002495&#8243; text_orientation=\u00bbcenter\u00bb custom_css_main_element=\u00bbborder: 1px solid #002495;||padding: 30px;\u00bb header_font=\u00bb|600||on|||||\u00bb header_text_color=\u00bb#002495&#8243; header_font_size=\u00bb60&#8243; header_font_size_tablet=\u00bb40px\u00bb header_font_size_phone=\u00bb30px\u00bb header_font_size_last_edited=\u00bbon|tablet\u00bb]<\/p>\n<h1>NUESTRA ACOGEDORA PENSI\u00d3N<\/h1>\n<p>[\/et_pb_text][\/et_pb_column][\/et_pb_row][\/et_pb_section][et_pb_section bb_built=\u00bb1&#8243; fullwidth=\u00bboff\u00bb specialty=\u00bboff\u00bb prev_background_color=\u00bb#000000&#8243; inner_width=\u00bbauto\u00bb inner_max_width=\u00bbnone\u00bb][et_pb_row _builder_version=\u00bb3.19.12&#8243; module_id=\u00bbchambres\u00bb width=\u00bb80%\u00bb max_width=\u00bb1080px\u00bb][et_pb_column type=\u00bb4_4&#8243; custom_padding__hover=\u00bb|||\u00bb custom_padding=\u00bb|||\u00bb][et_pb_text admin_label=\u00bbTitre un g\u00eete d&#8217;exception\u00bb _builder_version=\u00bb3.19.12&#8243; text_font=\u00bbOswald|||on|\u00bb text_text_color=\u00bb#002495&#8243; text_font_size=\u00bb64px\u00bb text_font_size_phone=\u00bb54px\u00bb text_font_size_last_edited=\u00bbon|desktop\u00bb text_line_height=\u00bb1.1em\u00bb background_size=\u00bbinitial\u00bb background_position=\u00bbtop_left\u00bb background_repeat=\u00bbrepeat\u00bb background_layout=\u00bbdark\u00bb custom_padding=\u00bb0px|||\u00bb custom_css_main_element=\u00bbfont-weight: 100;\u00bb use_border_color=\u00bboff\u00bb border_style=\u00bbsolid\u00bb text_orientation=\u00bbcenter\u00bb saved_tabs=\u00bball\u00bb]<\/p>\n<p>Una pensi\u00f3n\u00a0<strong>excepcional<\/strong><\/p>\n<p>[\/et_pb_text][et_pb_text admin_label=\u00bbTexte sur le gite\u00bb _builder_version=\u00bb3.23.3&#8243; text_text_color=\u00bb#000000&#8243; text_font_size=\u00bb20px\u00bb text_line_height=\u00bb1.8em\u00bb text_font_size_tablet=\u00bb18px\u00bb text_font_size_phone=\u00bb14px\u00bb text_font_size_last_edited=\u00bbon|phone\u00bb text_orientation=\u00bbleft\u00bb]<\/p>\n<p>Hermosa, festiva y colorida: la calle Saint-Christophe, a imagen de Montreal, era el lugar perfecto para que en 1998 Nathalie y Robert lograsen hacer realidad el sue\u00f1o que compart\u00edan al adquirir su posada, asentada en una antigua casa de 1875. Proyecto familiar, la pensi\u00f3n se convirti\u00f3 r\u00e1pidamente en una direcci\u00f3n indispensable del centro urbano, s\u00edmbolo de tranquilidad en pleno centro de una ciudad con m\u00faltiples personalidades.<\/p>\n<p>Ciudad estival y ciudad invernal, Montreal recibe con entusiasmo a visitantes de todo el mundo y es con un placer cada vez mayor que Nathalie y Robert abren las puertas de su casa de hu\u00e9spedes a familias, a profesionales y a amigos que vienen, por un momento, a compartir la vida cotidiana de los montrealeses.<\/p>\n<p>Nos complace ofrecer un entorno estrictamente no fumador.<\/p>\n<p><img loading=\"lazy\" decoding=\"async\" class=\"aligncenter wp-image-1623 size-large\" src=\"https:\/\/aladresseducentreville.com\/wp-content\/uploads\/2019\/05\/Nathalie-et-Robert-devant-le-gite-683x1024.jpg\" alt=\"Nathalie et robert\" width=\"683\" height=\"1024\" srcset=\"https:\/\/aladresseducentreville.com\/wp-content\/uploads\/2019\/05\/Nathalie-et-Robert-devant-le-gite-683x1024.jpg 683w, https:\/\/aladresseducentreville.com\/wp-content\/uploads\/2019\/05\/Nathalie-et-Robert-devant-le-gite-200x300.jpg 200w, https:\/\/aladresseducentreville.com\/wp-content\/uploads\/2019\/05\/Nathalie-et-Robert-devant-le-gite-768x1151.jpg 768w, https:\/\/aladresseducentreville.com\/wp-content\/uploads\/2019\/05\/Nathalie-et-Robert-devant-le-gite-1080x1618.jpg 1080w, https:\/\/aladresseducentreville.com\/wp-content\/uploads\/2019\/05\/Nathalie-et-Robert-devant-le-gite.jpg 2002w\" sizes=\"(max-width: 683px) 100vw, 683px\" \/><\/p>\n<p>[\/et_pb_text][\/et_pb_column][\/et_pb_row][et_pb_row _builder_version=\u00bb3.19.12&#8243; module_id=\u00bbchambres\u00bb width=\u00bb80%\u00bb max_width=\u00bb1080px\u00bb][et_pb_column type=\u00bb4_4&#8243; custom_padding__hover=\u00bb|||\u00bb custom_padding=\u00bb|||\u00bb][et_pb_text admin_label=\u00bbTitre salle de s\u00e9jour\u00bb _builder_version=\u00bb3.19.12&#8243; text_font=\u00bbOswald|||on|\u00bb text_text_color=\u00bb#002495&#8243; text_font_size=\u00bb64px\u00bb text_font_size_phone=\u00bb54px\u00bb text_font_size_last_edited=\u00bbon|desktop\u00bb text_line_height=\u00bb1.1em\u00bb background_size=\u00bbinitial\u00bb background_position=\u00bbtop_left\u00bb background_repeat=\u00bbrepeat\u00bb background_layout=\u00bbdark\u00bb custom_padding=\u00bb0px|||\u00bb custom_css_main_element=\u00bbfont-weight: 100;\u00bb use_border_color=\u00bboff\u00bb border_style=\u00bbsolid\u00bb text_orientation=\u00bbcenter\u00bb saved_tabs=\u00bball\u00bb]<\/p>\n<p><strong>Sala de estar<\/strong><\/p>\n<p>[\/et_pb_text][\/et_pb_column][\/et_pb_row][et_pb_row _builder_version=\u00bb3.19.12&#8243; make_fullwidth=\u00bbon\u00bb use_custom_gutter=\u00bbon\u00bb gutter_width=\u00bb2&#8243; make_equal=\u00bbon\u00bb custom_padding=\u00bb|15%||15%\u00bb module_class=\u00bb et_pb_row_fullwidth et_pb_row_fullwidth\u00bb width=\u00bb94%\u00bb width_tablet=\u00bb80%\u00bb width_last_edited=\u00bbon|desktop\u00bb max_width=\u00bb94%\u00bb max_width_tablet=\u00bb80%\u00bb max_width_last_edited=\u00bbon|desktop\u00bb][et_pb_column type=\u00bb4_4&#8243; custom_padding__hover=\u00bb|||\u00bb custom_padding=\u00bb|||\u00bb][et_pb_image _builder_version=\u00bb3.19.12&#8243; src=\u00bbhttps:\/\/aladresseducentreville.com\/wp-content\/uploads\/2019\/03\/salle-de-sejour-du-gite.jpg\u00bb force_fullwidth=\u00bbon\u00bb show_bottom_space=\u00bboff\u00bb align_last_edited=\u00bbon|desktop\u00bb align_tablet=\u00bbcenter\u00bb \/][\/et_pb_column][\/et_pb_row][et_pb_row _builder_version=\u00bb3.19.12&#8243; module_id=\u00bbchambres\u00bb width=\u00bb80%\u00bb max_width=\u00bb1080px\u00bb][et_pb_column type=\u00bb4_4&#8243; custom_padding__hover=\u00bb|||\u00bb custom_padding=\u00bb|||\u00bb][et_pb_text admin_label=\u00bbTitre salle a manger\u00bb _builder_version=\u00bb3.19.12&#8243; text_font=\u00bbOswald|||on|\u00bb text_text_color=\u00bb#002495&#8243; text_font_size=\u00bb64px\u00bb text_font_size_phone=\u00bb54px\u00bb text_font_size_last_edited=\u00bbon|desktop\u00bb text_line_height=\u00bb1.1em\u00bb background_size=\u00bbinitial\u00bb background_position=\u00bbtop_left\u00bb background_repeat=\u00bbrepeat\u00bb background_layout=\u00bbdark\u00bb custom_padding=\u00bb0px|||\u00bb custom_css_main_element=\u00bbfont-weight: 100;\u00bb use_border_color=\u00bboff\u00bb border_style=\u00bbsolid\u00bb text_orientation=\u00bbcenter\u00bb saved_tabs=\u00bball\u00bb]<\/p>\n<p><strong>Comedor<\/strong><\/p>\n<p>[\/et_pb_text][\/et_pb_column][\/et_pb_row][et_pb_row _builder_version=\u00bb3.19.12&#8243; make_fullwidth=\u00bbon\u00bb use_custom_gutter=\u00bbon\u00bb module_class=\u00bb et_pb_row_fullwidth et_pb_row_fullwidth\u00bb width=\u00bb89%\u00bb width_tablet=\u00bb80%\u00bb width_last_edited=\u00bbon|desktop\u00bb max_width=\u00bb89%\u00bb max_width_tablet=\u00bb80%\u00bb max_width_last_edited=\u00bbon|desktop\u00bb][et_pb_column type=\u00bb2_3&#8243; custom_padding__hover=\u00bb|||\u00bb custom_padding=\u00bb|0px||\u00bb][et_pb_image _builder_version=\u00bb3.19.12&#8243; src=\u00bbhttps:\/\/aladresseducentreville.com\/wp-content\/uploads\/2019\/03\/salle-a-diner-du-gite-3.jpg\u00bb align_last_edited=\u00bbon|desktop\u00bb align_tablet=\u00bbcenter\u00bb \/][\/et_pb_column][et_pb_column type=\u00bb1_3&#8243; custom_padding__hover=\u00bb|||\u00bb custom_padding=\u00bb|||\u00bb][et_pb_image _builder_version=\u00bb3.19.12&#8243; src=\u00bbhttps:\/\/aladresseducentreville.com\/wp-content\/uploads\/2019\/03\/salle-a-diner-du-gite.jpg\u00bb force_fullwidth=\u00bbon\u00bb align_last_edited=\u00bbon|desktop\u00bb align_tablet=\u00bbcenter\u00bb \/][et_pb_image _builder_version=\u00bb3.19.12&#8243; src=\u00bbhttps:\/\/aladresseducentreville.com\/wp-content\/uploads\/2019\/03\/salle-a-diner-du-gite-2.jpg\u00bb force_fullwidth=\u00bbon\u00bb show_bottom_space=\u00bboff\u00bb align_last_edited=\u00bbon|desktop\u00bb align_tablet=\u00bbcenter\u00bb \/][\/et_pb_column][\/et_pb_row][et_pb_row _builder_version=\u00bb3.19.12&#8243; module_id=\u00bbchambres\u00bb width=\u00bb80%\u00bb max_width=\u00bb1080px\u00bb][et_pb_column type=\u00bb4_4&#8243; custom_padding__hover=\u00bb|||\u00bb custom_padding=\u00bb|||\u00bb][et_pb_text admin_label=\u00bbTitre terrasse\u00bb _builder_version=\u00bb3.23.3&#8243; text_font=\u00bbOswald|||on|\u00bb text_text_color=\u00bb#002495&#8243; text_font_size=\u00bb64px\u00bb text_font_size_phone=\u00bb30px\u00bb text_font_size_last_edited=\u00bbon|phone\u00bb text_line_height=\u00bb1.1em\u00bb background_size=\u00bbinitial\u00bb background_position=\u00bbtop_left\u00bb background_repeat=\u00bbrepeat\u00bb background_layout=\u00bbdark\u00bb custom_padding=\u00bb0px|||\u00bb custom_css_main_element=\u00bbfont-weight: 100;\u00bb use_border_color=\u00bboff\u00bb border_style=\u00bbsolid\u00bb text_orientation=\u00bbcenter\u00bb saved_tabs=\u00bball\u00bb text_font_size_tablet=\u00bb55px\u00bb text_text_shadow_horizontal_length=\u00bbtext_text_shadow_style,%91object Object%93&#8243; text_text_shadow_horizontal_length_tablet=\u00bb0px\u00bb text_text_shadow_vertical_length=\u00bbtext_text_shadow_style,%91object Object%93&#8243; text_text_shadow_vertical_length_tablet=\u00bb0px\u00bb text_text_shadow_blur_strength=\u00bbtext_text_shadow_style,%91object Object%93&#8243; text_text_shadow_blur_strength_tablet=\u00bb1px\u00bb link_text_shadow_horizontal_length=\u00bblink_text_shadow_style,%91object Object%93&#8243; link_text_shadow_horizontal_length_tablet=\u00bb0px\u00bb link_text_shadow_vertical_length=\u00bblink_text_shadow_style,%91object Object%93&#8243; link_text_shadow_vertical_length_tablet=\u00bb0px\u00bb link_text_shadow_blur_strength=\u00bblink_text_shadow_style,%91object Object%93&#8243; link_text_shadow_blur_strength_tablet=\u00bb1px\u00bb ul_text_shadow_horizontal_length=\u00bbul_text_shadow_style,%91object Object%93&#8243; ul_text_shadow_horizontal_length_tablet=\u00bb0px\u00bb ul_text_shadow_vertical_length=\u00bbul_text_shadow_style,%91object Object%93&#8243; ul_text_shadow_vertical_length_tablet=\u00bb0px\u00bb ul_text_shadow_blur_strength=\u00bbul_text_shadow_style,%91object Object%93&#8243; ul_text_shadow_blur_strength_tablet=\u00bb1px\u00bb ol_text_shadow_horizontal_length=\u00bbol_text_shadow_style,%91object Object%93&#8243; ol_text_shadow_horizontal_length_tablet=\u00bb0px\u00bb ol_text_shadow_vertical_length=\u00bbol_text_shadow_style,%91object Object%93&#8243; ol_text_shadow_vertical_length_tablet=\u00bb0px\u00bb ol_text_shadow_blur_strength=\u00bbol_text_shadow_style,%91object Object%93&#8243; ol_text_shadow_blur_strength_tablet=\u00bb1px\u00bb quote_text_shadow_horizontal_length=\u00bbquote_text_shadow_style,%91object Object%93&#8243; quote_text_shadow_horizontal_length_tablet=\u00bb0px\u00bb quote_text_shadow_vertical_length=\u00bbquote_text_shadow_style,%91object Object%93&#8243; quote_text_shadow_vertical_length_tablet=\u00bb0px\u00bb quote_text_shadow_blur_strength=\u00bbquote_text_shadow_style,%91object Object%93&#8243; quote_text_shadow_blur_strength_tablet=\u00bb1px\u00bb header_text_shadow_horizontal_length=\u00bbheader_text_shadow_style,%91object Object%93&#8243; header_text_shadow_horizontal_length_tablet=\u00bb0px\u00bb header_text_shadow_vertical_length=\u00bbheader_text_shadow_style,%91object Object%93&#8243; header_text_shadow_vertical_length_tablet=\u00bb0px\u00bb header_text_shadow_blur_strength=\u00bbheader_text_shadow_style,%91object Object%93&#8243; header_text_shadow_blur_strength_tablet=\u00bb1px\u00bb header_2_text_shadow_horizontal_length=\u00bbheader_2_text_shadow_style,%91object Object%93&#8243; header_2_text_shadow_horizontal_length_tablet=\u00bb0px\u00bb header_2_text_shadow_vertical_length=\u00bbheader_2_text_shadow_style,%91object Object%93&#8243; header_2_text_shadow_vertical_length_tablet=\u00bb0px\u00bb header_2_text_shadow_blur_strength=\u00bbheader_2_text_shadow_style,%91object Object%93&#8243; header_2_text_shadow_blur_strength_tablet=\u00bb1px\u00bb header_3_text_shadow_horizontal_length=\u00bbheader_3_text_shadow_style,%91object Object%93&#8243; header_3_text_shadow_horizontal_length_tablet=\u00bb0px\u00bb header_3_text_shadow_vertical_length=\u00bbheader_3_text_shadow_style,%91object Object%93&#8243; header_3_text_shadow_vertical_length_tablet=\u00bb0px\u00bb header_3_text_shadow_blur_strength=\u00bbheader_3_text_shadow_style,%91object Object%93&#8243; header_3_text_shadow_blur_strength_tablet=\u00bb1px\u00bb header_4_text_shadow_horizontal_length=\u00bbheader_4_text_shadow_style,%91object Object%93&#8243; header_4_text_shadow_horizontal_length_tablet=\u00bb0px\u00bb header_4_text_shadow_vertical_length=\u00bbheader_4_text_shadow_style,%91object Object%93&#8243; header_4_text_shadow_vertical_length_tablet=\u00bb0px\u00bb header_4_text_shadow_blur_strength=\u00bbheader_4_text_shadow_style,%91object Object%93&#8243; header_4_text_shadow_blur_strength_tablet=\u00bb1px\u00bb header_5_text_shadow_horizontal_length=\u00bbheader_5_text_shadow_style,%91object Object%93&#8243; header_5_text_shadow_horizontal_length_tablet=\u00bb0px\u00bb header_5_text_shadow_vertical_length=\u00bbheader_5_text_shadow_style,%91object Object%93&#8243; header_5_text_shadow_vertical_length_tablet=\u00bb0px\u00bb header_5_text_shadow_blur_strength=\u00bbheader_5_text_shadow_style,%91object Object%93&#8243; header_5_text_shadow_blur_strength_tablet=\u00bb1px\u00bb header_6_text_shadow_horizontal_length=\u00bbheader_6_text_shadow_style,%91object Object%93&#8243; header_6_text_shadow_horizontal_length_tablet=\u00bb0px\u00bb header_6_text_shadow_vertical_length=\u00bbheader_6_text_shadow_style,%91object Object%93&#8243; header_6_text_shadow_vertical_length_tablet=\u00bb0px\u00bb header_6_text_shadow_blur_strength=\u00bbheader_6_text_shadow_style,%91object Object%93&#8243; header_6_text_shadow_blur_strength_tablet=\u00bb1px\u00bb box_shadow_horizontal_tablet=\u00bb0px\u00bb box_shadow_vertical_tablet=\u00bb0px\u00bb box_shadow_blur_tablet=\u00bb40px\u00bb box_shadow_spread_tablet=\u00bb0px\u00bb z_index_tablet=\u00bb500&#8243;]<\/p>\n<p>Nuestra <strong>terraza<\/strong><\/p>\n<p>[\/et_pb_text][\/et_pb_column][\/et_pb_row][et_pb_row _builder_version=\u00bb3.19.12&#8243; make_fullwidth=\u00bbon\u00bb use_custom_gutter=\u00bbon\u00bb module_class=\u00bb et_pb_row_fullwidth et_pb_row_fullwidth\u00bb width=\u00bb89%\u00bb width_tablet=\u00bb80%\u00bb width_last_edited=\u00bbon|desktop\u00bb max_width=\u00bb89%\u00bb max_width_tablet=\u00bb80%\u00bb max_width_last_edited=\u00bbon|desktop\u00bb][et_pb_column type=\u00bb1_2&#8243; custom_padding__hover=\u00bb|||\u00bb custom_padding=\u00bb|||\u00bb][et_pb_image _builder_version=\u00bb3.19.12&#8243; src=\u00bbhttps:\/\/aladresseducentreville.com\/wp-content\/uploads\/2019\/03\/terrasse-du-gite-2.jpeg\u00bb force_fullwidth=\u00bbon\u00bb align_last_edited=\u00bbon|desktop\u00bb align_tablet=\u00bbcenter\u00bb \/][\/et_pb_column][et_pb_column type=\u00bb1_2&#8243; custom_padding__hover=\u00bb|||\u00bb custom_padding=\u00bb|||\u00bb][et_pb_image _builder_version=\u00bb3.19.12&#8243; src=\u00bbhttps:\/\/aladresseducentreville.com\/wp-content\/uploads\/2019\/03\/terrasse-du-gite.jpeg\u00bb force_fullwidth=\u00bbon\u00bb align_last_edited=\u00bbon|desktop\u00bb align_tablet=\u00bbcenter\u00bb \/][\/et_pb_column][\/et_pb_row][et_pb_row _builder_version=\u00bb3.19.12&#8243; module_id=\u00bbchambres\u00bb width=\u00bb80%\u00bb max_width=\u00bb1080px\u00bb][et_pb_column type=\u00bb4_4&#8243; custom_padding__hover=\u00bb|||\u00bb custom_padding=\u00bb|||\u00bb][et_pb_text admin_label=\u00bbTitre r\u00e9server\u00bb _builder_version=\u00bb3.19.12&#8243; text_font=\u00bbOswald|||on|\u00bb text_text_color=\u00bb#002495&#8243; text_font_size=\u00bb64px\u00bb text_font_size_phone=\u00bb54px\u00bb text_font_size_last_edited=\u00bbon|desktop\u00bb text_line_height=\u00bb1.1em\u00bb background_size=\u00bbinitial\u00bb background_position=\u00bbtop_left\u00bb background_repeat=\u00bbrepeat\u00bb background_layout=\u00bbdark\u00bb custom_padding=\u00bb0px|||\u00bb custom_css_main_element=\u00bbfont-weight: 100;\u00bb use_border_color=\u00bboff\u00bb border_style=\u00bbsolid\u00bb text_orientation=\u00bbcenter\u00bb saved_tabs=\u00bball\u00bb]<\/p>\n<p>Reserve una <strong>h<\/strong><strong>abitaci\u00f3n<\/strong><\/p>\n<p>[\/et_pb_text][et_pb_button _builder_version=\u00bb3.19.12&#8243; button_text=\u00bbVER TODOS LOS TIPOS DE ALOJAMIENTO\u00bb button_url=\u00bbhttps:\/\/aladresseducentreville.com\/es\/las-habitaciones-de-nuestra-pension\/\u00bb button_alignment=\u00bbcenter\u00bb custom_button=\u00bbon\u00bb button_text_color=\u00bb#002495&#8243; button_border_color=\u00bb#002495&#8243; button_use_icon=\u00bboff\u00bb custom_padding=\u00bb10px|20px|10px|20px\u00bb \/][\/et_pb_column][\/et_pb_row][\/et_pb_section]<\/p>\n","protected":false},"excerpt":{"rendered":"<p>NUESTRA ACOGEDORA PENSI\u00d3N Una pensi\u00f3n\u00a0excepcional Hermosa, festiva y colorida: la calle Saint-Christophe, a imagen de Montreal, era el lugar perfecto para que en 1998 Nathalie y Robert lograsen hacer realidad el sue\u00f1o que compart\u00edan al adquirir su posada, asentada en una antigua casa de 1875. Proyecto familiar, la pensi\u00f3n se convirti\u00f3 r\u00e1pidamente en una direcci\u00f3n [&hellip;]<\/p>\n","protected":false},"author":1,"featured_media":0,"parent":0,"menu_order":0,"comment_status":"closed","ping_status":"closed","template":"","meta":{"_et_pb_use_builder":"on","_et_pb_old_content":"","_et_gb_content_width":"","inline_featured_image":false,"footnotes":""},"class_list":["post-1969","page","type-page","status-publish","hentry"],"yoast_head":"<!-- This site is optimized with the Yoast SEO plugin v27.5 - https:\/\/yoast.com\/product\/yoast-seo-wordpress\/ -->\n<title>Una pensi\u00f3n excepcional | G\u00eete Adresse du Centre-ville<\/title>\n<meta name=\"robots\" content=\"index, follow, max-snippet:-1, max-image-preview:large, max-video-preview:-1\" \/>\n<link rel=\"canonical\" href=\"https:\/\/aladresseducentreville.com\/es\/una-pension-excepcional\/\" \/>\n<meta property=\"og:locale\" content=\"es_ES\" \/>\n<meta property=\"og:type\" content=\"article\" \/>\n<meta property=\"og:title\" content=\"Una pensi\u00f3n excepcional | G\u00eete Adresse du Centre-ville\" \/>\n<meta property=\"og:description\" content=\"NUESTRA ACOGEDORA PENSI\u00d3N Una pensi\u00f3n\u00a0excepcional Hermosa, festiva y colorida: la calle Saint-Christophe, a imagen de Montreal, era el lugar perfecto para que en 1998 Nathalie y Robert lograsen hacer realidad el sue\u00f1o que compart\u00edan al adquirir su posada, asentada en una antigua casa de 1875. Proyecto familiar, la pensi\u00f3n se convirti\u00f3 r\u00e1pidamente en una direcci\u00f3n [&hellip;]\" \/>\n<meta property=\"og:url\" content=\"https:\/\/aladresseducentreville.com\/es\/una-pension-excepcional\/\" \/>\n<meta property=\"og:site_name\" content=\"G\u00eete Adresse du Centre-ville\" \/>\n<meta property=\"article:modified_time\" content=\"2020-09-03T20:29:34+00:00\" \/>\n<meta property=\"og:image\" content=\"https:\/\/aladresseducentreville.com\/wp-content\/uploads\/2019\/05\/Nathalie-et-Robert-devant-le-gite-683x1024.jpg\" \/>\n<meta name=\"twitter:card\" content=\"summary_large_image\" \/>\n<meta name=\"twitter:label1\" content=\"Tiempo de lectura\" \/>\n\t<meta name=\"twitter:data1\" content=\"10 minutos\" \/>\n<script type=\"application\/ld+json\" class=\"yoast-schema-graph\">{\"@context\":\"https:\\\/\\\/schema.org\",\"@graph\":[{\"@type\":\"WebPage\",\"@id\":\"https:\\\/\\\/aladresseducentreville.com\\\/es\\\/una-pension-excepcional\\\/\",\"url\":\"https:\\\/\\\/aladresseducentreville.com\\\/es\\\/una-pension-excepcional\\\/\",\"name\":\"Una pensi\u00f3n excepcional | G\u00eete Adresse du Centre-ville\",\"isPartOf\":{\"@id\":\"https:\\\/\\\/aladresseducentreville.com\\\/es\\\/#website\"},\"primaryImageOfPage\":{\"@id\":\"https:\\\/\\\/aladresseducentreville.com\\\/es\\\/una-pension-excepcional\\\/#primaryimage\"},\"image\":{\"@id\":\"https:\\\/\\\/aladresseducentreville.com\\\/es\\\/una-pension-excepcional\\\/#primaryimage\"},\"thumbnailUrl\":\"https:\\\/\\\/aladresseducentreville.com\\\/wp-content\\\/uploads\\\/2019\\\/05\\\/Nathalie-et-Robert-devant-le-gite-683x1024.jpg\",\"datePublished\":\"2019-07-24T18:48:13+00:00\",\"dateModified\":\"2020-09-03T20:29:34+00:00\",\"breadcrumb\":{\"@id\":\"https:\\\/\\\/aladresseducentreville.com\\\/es\\\/una-pension-excepcional\\\/#breadcrumb\"},\"inLanguage\":\"es\",\"potentialAction\":[{\"@type\":\"ReadAction\",\"target\":[\"https:\\\/\\\/aladresseducentreville.com\\\/es\\\/una-pension-excepcional\\\/\"]}]},{\"@type\":\"ImageObject\",\"inLanguage\":\"es\",\"@id\":\"https:\\\/\\\/aladresseducentreville.com\\\/es\\\/una-pension-excepcional\\\/#primaryimage\",\"url\":\"https:\\\/\\\/aladresseducentreville.com\\\/wp-content\\\/uploads\\\/2019\\\/05\\\/Nathalie-et-Robert-devant-le-gite-683x1024.jpg\",\"contentUrl\":\"https:\\\/\\\/aladresseducentreville.com\\\/wp-content\\\/uploads\\\/2019\\\/05\\\/Nathalie-et-Robert-devant-le-gite-683x1024.jpg\"},{\"@type\":\"BreadcrumbList\",\"@id\":\"https:\\\/\\\/aladresseducentreville.com\\\/es\\\/una-pension-excepcional\\\/#breadcrumb\",\"itemListElement\":[{\"@type\":\"ListItem\",\"position\":1,\"name\":\"Home\",\"item\":\"https:\\\/\\\/aladresseducentreville.com\\\/es\\\/\"},{\"@type\":\"ListItem\",\"position\":2,\"name\":\"Una pensi\u00f3n excepcional\"}]},{\"@type\":\"WebSite\",\"@id\":\"https:\\\/\\\/aladresseducentreville.com\\\/es\\\/#website\",\"url\":\"https:\\\/\\\/aladresseducentreville.com\\\/es\\\/\",\"name\":\"\u00c0 l'adresse du Centre-ville\",\"description\":\"Charmant G\u00eete B&amp;B situ\u00e9 \u00e0 Montr\u00e9al\",\"publisher\":{\"@id\":\"https:\\\/\\\/aladresseducentreville.com\\\/es\\\/#organization\"},\"potentialAction\":[{\"@type\":\"SearchAction\",\"target\":{\"@type\":\"EntryPoint\",\"urlTemplate\":\"https:\\\/\\\/aladresseducentreville.com\\\/es\\\/?s={search_term_string}\"},\"query-input\":{\"@type\":\"PropertyValueSpecification\",\"valueRequired\":true,\"valueName\":\"search_term_string\"}}],\"inLanguage\":\"es\"},{\"@type\":\"Organization\",\"@id\":\"https:\\\/\\\/aladresseducentreville.com\\\/es\\\/#organization\",\"name\":\"\u00c0 l'adresse du Centre-Ville\",\"url\":\"https:\\\/\\\/aladresseducentreville.com\\\/es\\\/\",\"logo\":{\"@type\":\"ImageObject\",\"inLanguage\":\"es\",\"@id\":\"https:\\\/\\\/aladresseducentreville.com\\\/es\\\/#\\\/schema\\\/logo\\\/image\\\/\",\"url\":\"https:\\\/\\\/aladresseducentreville.com\\\/wp-content\\\/uploads\\\/2019\\\/01\\\/logo-final-2.svg\",\"contentUrl\":\"https:\\\/\\\/aladresseducentreville.com\\\/wp-content\\\/uploads\\\/2019\\\/01\\\/logo-final-2.svg\",\"width\":1,\"height\":1,\"caption\":\"\u00c0 l'adresse du Centre-Ville\"},\"image\":{\"@id\":\"https:\\\/\\\/aladresseducentreville.com\\\/es\\\/#\\\/schema\\\/logo\\\/image\\\/\"}}]}<\/script>\n<!-- \/ Yoast SEO plugin. -->","yoast_head_json":{"title":"Una pensi\u00f3n excepcional | G\u00eete Adresse du Centre-ville","robots":{"index":"index","follow":"follow","max-snippet":"max-snippet:-1","max-image-preview":"max-image-preview:large","max-video-preview":"max-video-preview:-1"},"canonical":"https:\/\/aladresseducentreville.com\/es\/una-pension-excepcional\/","og_locale":"es_ES","og_type":"article","og_title":"Una pensi\u00f3n excepcional | G\u00eete Adresse du Centre-ville","og_description":"NUESTRA ACOGEDORA PENSI\u00d3N Una pensi\u00f3n\u00a0excepcional Hermosa, festiva y colorida: la calle Saint-Christophe, a imagen de Montreal, era el lugar perfecto para que en 1998 Nathalie y Robert lograsen hacer realidad el sue\u00f1o que compart\u00edan al adquirir su posada, asentada en una antigua casa de 1875. Proyecto familiar, la pensi\u00f3n se convirti\u00f3 r\u00e1pidamente en una direcci\u00f3n [&hellip;]","og_url":"https:\/\/aladresseducentreville.com\/es\/una-pension-excepcional\/","og_site_name":"G\u00eete Adresse du Centre-ville","article_modified_time":"2020-09-03T20:29:34+00:00","og_image":[{"url":"https:\/\/aladresseducentreville.com\/wp-content\/uploads\/2019\/05\/Nathalie-et-Robert-devant-le-gite-683x1024.jpg","type":"","width":"","height":""}],"twitter_card":"summary_large_image","twitter_misc":{"Tiempo de lectura":"10 minutos"},"schema":{"@context":"https:\/\/schema.org","@graph":[{"@type":"WebPage","@id":"https:\/\/aladresseducentreville.com\/es\/una-pension-excepcional\/","url":"https:\/\/aladresseducentreville.com\/es\/una-pension-excepcional\/","name":"Una pensi\u00f3n excepcional | G\u00eete Adresse du Centre-ville","isPartOf":{"@id":"https:\/\/aladresseducentreville.com\/es\/#website"},"primaryImageOfPage":{"@id":"https:\/\/aladresseducentreville.com\/es\/una-pension-excepcional\/#primaryimage"},"image":{"@id":"https:\/\/aladresseducentreville.com\/es\/una-pension-excepcional\/#primaryimage"},"thumbnailUrl":"https:\/\/aladresseducentreville.com\/wp-content\/uploads\/2019\/05\/Nathalie-et-Robert-devant-le-gite-683x1024.jpg","datePublished":"2019-07-24T18:48:13+00:00","dateModified":"2020-09-03T20:29:34+00:00","breadcrumb":{"@id":"https:\/\/aladresseducentreville.com\/es\/una-pension-excepcional\/#breadcrumb"},"inLanguage":"es","potentialAction":[{"@type":"ReadAction","target":["https:\/\/aladresseducentreville.com\/es\/una-pension-excepcional\/"]}]},{"@type":"ImageObject","inLanguage":"es","@id":"https:\/\/aladresseducentreville.com\/es\/una-pension-excepcional\/#primaryimage","url":"https:\/\/aladresseducentreville.com\/wp-content\/uploads\/2019\/05\/Nathalie-et-Robert-devant-le-gite-683x1024.jpg","contentUrl":"https:\/\/aladresseducentreville.com\/wp-content\/uploads\/2019\/05\/Nathalie-et-Robert-devant-le-gite-683x1024.jpg"},{"@type":"BreadcrumbList","@id":"https:\/\/aladresseducentreville.com\/es\/una-pension-excepcional\/#breadcrumb","itemListElement":[{"@type":"ListItem","position":1,"name":"Home","item":"https:\/\/aladresseducentreville.com\/es\/"},{"@type":"ListItem","position":2,"name":"Una pensi\u00f3n excepcional"}]},{"@type":"WebSite","@id":"https:\/\/aladresseducentreville.com\/es\/#website","url":"https:\/\/aladresseducentreville.com\/es\/","name":"\u00c0 l'adresse du Centre-ville","description":"Charmant G\u00eete B&amp;B situ\u00e9 \u00e0 Montr\u00e9al","publisher":{"@id":"https:\/\/aladresseducentreville.com\/es\/#organization"},"potentialAction":[{"@type":"SearchAction","target":{"@type":"EntryPoint","urlTemplate":"https:\/\/aladresseducentreville.com\/es\/?s={search_term_string}"},"query-input":{"@type":"PropertyValueSpecification","valueRequired":true,"valueName":"search_term_string"}}],"inLanguage":"es"},{"@type":"Organization","@id":"https:\/\/aladresseducentreville.com\/es\/#organization","name":"\u00c0 l'adresse du Centre-Ville","url":"https:\/\/aladresseducentreville.com\/es\/","logo":{"@type":"ImageObject","inLanguage":"es","@id":"https:\/\/aladresseducentreville.com\/es\/#\/schema\/logo\/image\/","url":"https:\/\/aladresseducentreville.com\/wp-content\/uploads\/2019\/01\/logo-final-2.svg","contentUrl":"https:\/\/aladresseducentreville.com\/wp-content\/uploads\/2019\/01\/logo-final-2.svg","width":1,"height":1,"caption":"\u00c0 l'adresse du Centre-Ville"},"image":{"@id":"https:\/\/aladresseducentreville.com\/es\/#\/schema\/logo\/image\/"}}]}},"_links":{"self":[{"href":"https:\/\/aladresseducentreville.com\/es\/wp-json\/wp\/v2\/pages\/1969","targetHints":{"allow":["GET"]}}],"collection":[{"href":"https:\/\/aladresseducentreville.com\/es\/wp-json\/wp\/v2\/pages"}],"about":[{"href":"https:\/\/aladresseducentreville.com\/es\/wp-json\/wp\/v2\/types\/page"}],"author":[{"embeddable":true,"href":"https:\/\/aladresseducentreville.com\/es\/wp-json\/wp\/v2\/users\/1"}],"replies":[{"embeddable":true,"href":"https:\/\/aladresseducentreville.com\/es\/wp-json\/wp\/v2\/comments?post=1969"}],"version-history":[{"count":0,"href":"https:\/\/aladresseducentreville.com\/es\/wp-json\/wp\/v2\/pages\/1969\/revisions"}],"wp:attachment":[{"href":"https:\/\/aladresseducentreville.com\/es\/wp-json\/wp\/v2\/media?parent=1969"}],"curies":[{"name":"wp","href":"https:\/\/api.w.org\/{rel}","templated":true}]}}