{"id":1976,"date":"2019-07-25T01:30:21","date_gmt":"2019-07-25T01:30:21","guid":{"rendered":"https:\/\/aladresseducentreville.com\/agradable-y-comoda-pension-en-montreal\/"},"modified":"2024-11-25T18:17:57","modified_gmt":"2024-11-25T18:17:57","slug":"agradable-y-comoda-pension-en-montreal","status":"publish","type":"page","link":"https:\/\/aladresseducentreville.com\/es\/","title":{"rendered":"Agradable y c\u00f3moda pensi\u00f3n en Montreal"},"content":{"rendered":"<p>[et_pb_section fb_built=\u00bb1&#8243; _builder_version=\u00bb4.16&#8243; custom_margin=\u00bb0px|0px|0px|0px\u00bb custom_padding=\u00bb0px|0px|0px|0px\u00bb global_colors_info=\u00bb{}\u00bb][et_pb_row use_custom_gutter=\u00bbon\u00bb gutter_width=\u00bb1&#8243; module_class=\u00bb et_pb_row_fullwidth et_pb_row_fullwidth et_pb_row_fullwidth et_pb_row_fullwidth et_pb_row_fullwidth et_pb_row_fullwidth et_pb_row_fullwidth et_pb_row_fullwidth et_pb_row_fullwidth et_pb_row_fullwidth et_pb_row_fullwidth et_pb_row_fullwidth\u00bb _builder_version=\u00bb4.16&#8243; background_color=\u00bbrgba(42,52,137,0.8)\u00bb background_image=\u00bbhttps:\/\/aladresseducentreville.com\/wp-content\/uploads\/2019\/01\/pont-jacques-cartier-centre-ville-de-montreal-1.jpg\u00bb background_position=\u00bbcenter_right\u00bb background_blend=\u00bboverlay\u00bb width=\u00bb100%\u00bb width_tablet=\u00bb100%\u00bb width_phone=\u00bb\u00bb width_last_edited=\u00bbon|desktop\u00bb max_width=\u00bb100%\u00bb max_width_tablet=\u00bb100%\u00bb max_width_phone=\u00bb\u00bb max_width_last_edited=\u00bbon|desktop\u00bb module_alignment=\u00bbcenter\u00bb custom_margin=\u00bb0px|0px|0px|0px\u00bb custom_padding=\u00bb16%|20%|20%|20%\u00bb make_fullwidth=\u00bbon\u00bb global_colors_info=\u00bb{}\u00bb][et_pb_column type=\u00bb4_4&#8243; _builder_version=\u00bb4.16&#8243; custom_padding=\u00bb|||\u00bb global_colors_info=\u00bb{}\u00bb custom_padding__hover=\u00bb|||\u00bb][et_pb_text admin_label=\u00bbImage logo\u00bb _builder_version=\u00bb4.16&#8243; text_text_color=\u00bb#ffffff\u00bb header_font=\u00bb|||on|||||\u00bb header_text_align=\u00bbcenter\u00bb header_text_color=\u00bb#ffffff\u00bb header_font_size=\u00bb45px\u00bb header_3_font=\u00bb|||on|||||\u00bb header_3_text_align=\u00bbcenter\u00bb header_3_text_color=\u00bb#ffffff\u00bb text_orientation=\u00bbcenter\u00bb custom_padding=\u00bb||30px\u00bb global_colors_info=\u00bb{}\u00bb]<\/p>\n<p>\n<a href=\"https:\/\/aladresseducentreville.com\/wp-content\/uploads\/2019\/01\/logo-blanc.svg\"><img decoding=\"async\" class=\"aligncenter wp-image-1066\" src=\"https:\/\/aladresseducentreville.com\/wp-content\/uploads\/2019\/01\/logo-blanc.svg\" alt=\"\" width=\"500\" \/><\/a><\/p>\n<p>[\/et_pb_text][et_pb_text admin_label=\u00bbTitre header\u00bb _builder_version=\u00bb4.16&#8243; text_text_color=\u00bb#ffffff\u00bb header_font=\u00bb|||on|||||\u00bb header_text_align=\u00bbcenter\u00bb header_text_color=\u00bb#ffffff\u00bb header_font_size=\u00bb25px\u00bb header_3_font=\u00bb|||on|||||\u00bb header_3_text_align=\u00bbcenter\u00bb header_3_text_color=\u00bb#ffffff\u00bb text_orientation=\u00bbcenter\u00bb global_colors_info=\u00bb{}\u00bb]<\/p>\n<h1>C\u00f3modas habitaciones para hu\u00e9spedes en una pensi\u00f3n situada en pleno coraz\u00f3n del barrio de los espect\u00e1culos de Montreal<\/h1>\n<p>[\/et_pb_text][\/et_pb_column][\/et_pb_row][\/et_pb_section][et_pb_section fb_built=\u00bb1&#8243; disabled_on=\u00bbon||\u00bb admin_label=\u00bbsection pr\u00e9sentation moniteur et tablette\u00bb _builder_version=\u00bb4.16&#8243; background_color=\u00bb#F0F3F2&#8243; custom_padding=\u00bb0px|||\u00bb custom_css_main_element=\u00bbz-index: 9999;\u00bb transparent_background=\u00bboff\u00bb collapsed=\u00bboff\u00bb global_colors_info=\u00bb{}\u00bb][et_pb_row column_structure=\u00bb1_3,1_3,1_3&#8243; use_custom_gutter=\u00bbon\u00bb gutter_width=\u00bb2&#8243; admin_label=\u00bbrow\u00bb module_class=\u00bbflex-row-wrapper\u00bb _builder_version=\u00bb4.16&#8243; background_size=\u00bbinitial\u00bb background_position=\u00bbtop_left\u00bb background_repeat=\u00bbrepeat\u00bb max_width=\u00bb1080px\u00bb custom_padding=\u00bb0px||0px|\u00bb border_color_all=\u00bb#ffffff\u00bb global_colors_info=\u00bb{}\u00bb][et_pb_column type=\u00bb1_3&#8243; _builder_version=\u00bb4.16&#8243; background_color=\u00bb#ffffff\u00bb custom_padding=\u00bb||40px|\u00bb global_colors_info=\u00bb{}\u00bb custom_padding__hover=\u00bb|||\u00bb][et_pb_image src=\u00bbhttps:\/\/aladresseducentreville.com\/wp-content\/uploads\/2019\/02\/facade-du-gite.jpg\u00bb url=\u00bbhttps:\/\/aladresseducentreville.com\/es\/una-pension-excepcional\/\u00bb use_overlay=\u00bbon\u00bb overlay_icon_color=\u00bb#ffffff\u00bb hover_overlay_color=\u00bbrgba(12,113,195,0.5)\u00bb hover_icon=\u00bb&#xe03e;||divi||400&#8243; align_tablet=\u00bbcenter\u00bb align_phone=\u00bb\u00bb align_last_edited=\u00bbon|desktop\u00bb module_class=\u00bbtilt\u00bb _builder_version=\u00bb4.16&#8243; vertical_offset_tablet=\u00bb0&#8243; horizontal_offset_tablet=\u00bb0&#8243; custom_margin=\u00bb-80px|||\u00bb animation_style=\u00bbslide\u00bb animation_direction=\u00bbleft\u00bb animation_duration=\u00bb500ms\u00bb animation_intensity_slide=\u00bb10%\u00bb z_index_tablet=\u00bb0&#8243; border_width_all=\u00bb2px\u00bb border_color_all=\u00bb#ffffff\u00bb box_shadow_horizontal_tablet=\u00bb0px\u00bb box_shadow_vertical_tablet=\u00bb0px\u00bb box_shadow_blur_tablet=\u00bb40px\u00bb box_shadow_spread_tablet=\u00bb0px\u00bb use_border_color=\u00bboff\u00bb global_colors_info=\u00bb{}\u00bb]<\/p>\n<p>\n&nbsp;<\/p>\n<p>&nbsp;<\/p>\n<p>[\/et_pb_image][et_pb_text admin_label=\u00bbTitre Le Gite\u00bb module_class=\u00bb animated fadeInLeftBig delay2 duration2 eds-on-scroll \u00bb _builder_version=\u00bb4.16&#8243; text_font=\u00bbOswald|||on|\u00bb text_font_size=\u00bb28&#8243; text_line_height=\u00bb1.1em\u00bb background_size=\u00bbinitial\u00bb background_position=\u00bbtop_left\u00bb background_repeat=\u00bbrepeat\u00bb text_orientation=\u00bbcenter\u00bb module_alignment=\u00bbcenter\u00bb use_border_color=\u00bboff\u00bb border_style=\u00bbsolid\u00bb global_colors_info=\u00bb{}\u00bb]<\/p>\n<p>\nla pensi\u00f3n<\/p>\n<p>[\/et_pb_text][et_pb_text admin_label=\u00bbTexte le gite\u00bb _builder_version=\u00bb4.16&#8243; text_text_color=\u00bb#444444&#8243; text_font_size=\u00bb16&#8243; text_line_height=\u00bb1.9em\u00bb background_size=\u00bbinitial\u00bb background_position=\u00bbtop_left\u00bb background_repeat=\u00bbrepeat\u00bb text_orientation=\u00bbcenter\u00bb module_alignment=\u00bbcenter\u00bb custom_padding=\u00bb|20px||20px\u00bb use_border_color=\u00bboff\u00bb border_style=\u00bbsolid\u00bb global_colors_info=\u00bb{}\u00bb]<\/p>\n<p>\nHermosa, festiva y colorida: la calle Saint-Christophe, a imagen de Montreal, era el lugar indicado para que en 1998 Nathalie y Robert lograsen hacer realidad el sue\u00f1o que compart\u00edan al adquirir su pensi\u00f3n, asentada en una casa ancestral de 1875.<\/p>\n<p>[\/et_pb_text][et_pb_button button_url=\u00bbhttps:\/\/aladresseducentreville.com\/es\/una-pension-excepcional\/\u00bb button_text=\u00bbPara saber m\u00e1s\u00bb button_alignment=\u00bbcenter\u00bb admin_label=\u00bbBouton vers page du Gite\u00bb module_class=\u00bbbutton-lift button-header\u00bb _builder_version=\u00bb4.16&#8243; custom_button=\u00bbon\u00bb button_text_size=\u00bb16px\u00bb button_text_color=\u00bb#ffffff\u00bb button_bg_color=\u00bb#002495&#8243; button_border_color=\u00bb#002495&#8243; button_border_radius=\u00bb1px\u00bb button_font=\u00bb|700||on|||||\u00bb button_icon=\u00bb&#x35;||divi||400&#8243; button_icon_color=\u00bb#ffffff\u00bb button_on_hover=\u00bboff\u00bb custom_css_main_element=\u00bbbox-shadow: 0 25px 55px 0 rgba(0, 0, 0, 0.21), 0 16px 28px 0 rgba(0, 0, 0, 0.22);\u00bb global_colors_info=\u00bb{}\u00bb button_text_size__hover_enabled=\u00bboff\u00bb button_text_size__hover=\u00bbnull\u00bb button_one_text_size__hover_enabled=\u00bboff\u00bb button_one_text_size__hover=\u00bbnull\u00bb button_two_text_size__hover_enabled=\u00bboff\u00bb button_two_text_size__hover=\u00bbnull\u00bb button_text_color__hover_enabled=\u00bbon\u00bb button_text_color__hover=\u00bb#002495&#8243; button_one_text_color__hover_enabled=\u00bboff\u00bb button_one_text_color__hover=\u00bbnull\u00bb button_two_text_color__hover_enabled=\u00bboff\u00bb button_two_text_color__hover=\u00bbnull\u00bb button_border_width__hover_enabled=\u00bboff\u00bb button_border_width__hover=\u00bbnull\u00bb button_one_border_width__hover_enabled=\u00bboff\u00bb button_one_border_width__hover=\u00bbnull\u00bb button_two_border_width__hover_enabled=\u00bboff\u00bb button_two_border_width__hover=\u00bbnull\u00bb button_border_color__hover_enabled=\u00bbon\u00bb button_border_color__hover=\u00bb#ffffff\u00bb button_one_border_color__hover_enabled=\u00bboff\u00bb button_one_border_color__hover=\u00bbnull\u00bb button_two_border_color__hover_enabled=\u00bboff\u00bb button_two_border_color__hover=\u00bbnull\u00bb button_border_radius__hover_enabled=\u00bbon\u00bb button_border_radius__hover=\u00bb1px\u00bb button_one_border_radius__hover_enabled=\u00bboff\u00bb button_one_border_radius__hover=\u00bbnull\u00bb button_two_border_radius__hover_enabled=\u00bboff\u00bb button_two_border_radius__hover=\u00bbnull\u00bb button_letter_spacing__hover_enabled=\u00bbon\u00bb button_letter_spacing__hover=\u00bb0px\u00bb button_one_letter_spacing__hover_enabled=\u00bboff\u00bb button_one_letter_spacing__hover=\u00bbnull\u00bb button_two_letter_spacing__hover_enabled=\u00bboff\u00bb button_two_letter_spacing__hover=\u00bbnull\u00bb button_bg_color__hover_enabled=\u00bbon\u00bb button_bg_color__hover=\u00bb#ffffff\u00bb button_one_bg_color__hover_enabled=\u00bboff\u00bb button_one_bg_color__hover=\u00bbnull\u00bb button_two_bg_color__hover_enabled=\u00bboff\u00bb button_two_bg_color__hover=\u00bbnull\u00bb]<\/p>\n<p>\n&nbsp;<\/p>\n<p>&nbsp;<\/p>\n<p>[\/et_pb_button][\/et_pb_column][et_pb_column type=\u00bb1_3&#8243; _builder_version=\u00bb4.16&#8243; background_color=\u00bb#ffffff\u00bb custom_padding=\u00bb||40px|\u00bb global_colors_info=\u00bb{}\u00bb custom_padding__hover=\u00bb|||\u00bb][et_pb_image src=\u00bbhttps:\/\/aladresseducentreville.com\/wp-content\/uploads\/2019\/02\/chambre-du-gite.jpg\u00bb url=\u00bbhttps:\/\/aladresseducentreville.com\/es\/las-habitaciones-de-nuestra-pension\/\u00bb use_overlay=\u00bbon\u00bb overlay_icon_color=\u00bb#ffffff\u00bb hover_overlay_color=\u00bbrgba(12,113,195,0.5)\u00bb hover_icon=\u00bb&#xe03e;||divi||400&#8243; align_tablet=\u00bbcenter\u00bb align_phone=\u00bb\u00bb align_last_edited=\u00bbon|desktop\u00bb module_class=\u00bbtilt\u00bb _builder_version=\u00bb4.16&#8243; vertical_offset_tablet=\u00bb0&#8243; horizontal_offset_tablet=\u00bb0&#8243; custom_margin=\u00bb-80px|||\u00bb animation_style=\u00bbslide\u00bb animation_direction=\u00bbtop\u00bb animation_duration=\u00bb500ms\u00bb animation_intensity_slide=\u00bb10%\u00bb z_index_tablet=\u00bb0&#8243; border_width_all=\u00bb2px\u00bb border_color_all=\u00bb#ffffff\u00bb box_shadow_horizontal_tablet=\u00bb0px\u00bb box_shadow_vertical_tablet=\u00bb0px\u00bb box_shadow_blur_tablet=\u00bb40px\u00bb box_shadow_spread_tablet=\u00bb0px\u00bb use_border_color=\u00bboff\u00bb global_colors_info=\u00bb{}\u00bb]<\/p>\n<p>\n&nbsp;<\/p>\n<p>&nbsp;<\/p>\n<p>[\/et_pb_image][et_pb_text admin_label=\u00bbTitre hebergement\u00bb module_class=\u00bb animated fadeInDownBig delay2 duration2 eds-on-scroll \u00bb _builder_version=\u00bb4.16&#8243; text_font=\u00bbOswald|||on|\u00bb text_font_size=\u00bb28&#8243; text_line_height=\u00bb1.1em\u00bb background_size=\u00bbinitial\u00bb background_position=\u00bbtop_left\u00bb background_repeat=\u00bbrepeat\u00bb text_orientation=\u00bbcenter\u00bb module_alignment=\u00bbcenter\u00bb use_border_color=\u00bboff\u00bb global_colors_info=\u00bb{}\u00bb]<\/p>\n<p>\nNuestras habitaciones<\/p>\n<p>[\/et_pb_text][et_pb_text admin_label=\u00bbTexte intro h\u00e9bergement\u00bb _builder_version=\u00bb4.16&#8243; text_text_color=\u00bb#444444&#8243; text_font_size=\u00bb16&#8243; text_line_height=\u00bb1.9em\u00bb background_size=\u00bbinitial\u00bb background_position=\u00bbtop_left\u00bb background_repeat=\u00bbrepeat\u00bb text_orientation=\u00bbcenter\u00bb module_alignment=\u00bbcenter\u00bb custom_padding=\u00bb|20px||20px\u00bb use_border_color=\u00bboff\u00bb global_colors_info=\u00bb{}\u00bb]<\/p>\n<p>\nNo solo habitaciones espaciosas, acogedoras y agradables, la pensi\u00f3n \u00c0 l\u2019Adresse du Centre-Ville ofrece la atm\u00f3sfera apacible, c\u00e1lida y familiar de un hogar donde es un placer disfrutar de momentos de relajaci\u00f3n y descanso.<\/p>\n<p>[\/et_pb_text][et_pb_button button_url=\u00bbhttps:\/\/aladresseducentreville.com\/es\/las-habitaciones-de-nuestra-pension\/\u00bb button_text=\u00bbVisitar\u00bb button_alignment=\u00bbcenter\u00bb module_class=\u00bbbutton-lift button-header\u00bb _builder_version=\u00bb4.16&#8243; custom_button=\u00bbon\u00bb button_text_size=\u00bb16px\u00bb button_text_color=\u00bb#ffffff\u00bb button_bg_color=\u00bb#002495&#8243; button_border_color=\u00bb#002495&#8243; button_border_radius=\u00bb1px\u00bb button_font=\u00bb|700||on|||||\u00bb button_icon=\u00bb&#x35;||divi||400&#8243; button_icon_color=\u00bb#ffffff\u00bb button_on_hover=\u00bboff\u00bb custom_css_main_element=\u00bbbox-shadow: 0 25px 55px 0 rgba(0, 0, 0, 0.21), 0 16px 28px 0 rgba(0, 0, 0, 0.22);\u00bb global_colors_info=\u00bb{}\u00bb button_text_size__hover_enabled=\u00bboff\u00bb button_text_size__hover=\u00bbnull\u00bb button_one_text_size__hover_enabled=\u00bboff\u00bb button_one_text_size__hover=\u00bbnull\u00bb button_two_text_size__hover_enabled=\u00bboff\u00bb button_two_text_size__hover=\u00bbnull\u00bb button_text_color__hover_enabled=\u00bbon\u00bb button_text_color__hover=\u00bb#002495&#8243; button_one_text_color__hover_enabled=\u00bboff\u00bb button_one_text_color__hover=\u00bbnull\u00bb button_two_text_color__hover_enabled=\u00bboff\u00bb button_two_text_color__hover=\u00bbnull\u00bb button_border_width__hover_enabled=\u00bboff\u00bb button_border_width__hover=\u00bbnull\u00bb button_one_border_width__hover_enabled=\u00bboff\u00bb button_one_border_width__hover=\u00bbnull\u00bb button_two_border_width__hover_enabled=\u00bboff\u00bb button_two_border_width__hover=\u00bbnull\u00bb button_border_color__hover_enabled=\u00bbon\u00bb button_border_color__hover=\u00bb#ffffff\u00bb button_one_border_color__hover_enabled=\u00bboff\u00bb button_one_border_color__hover=\u00bbnull\u00bb button_two_border_color__hover_enabled=\u00bboff\u00bb button_two_border_color__hover=\u00bbnull\u00bb button_border_radius__hover_enabled=\u00bbon\u00bb button_border_radius__hover=\u00bb1px\u00bb button_one_border_radius__hover_enabled=\u00bboff\u00bb button_one_border_radius__hover=\u00bbnull\u00bb button_two_border_radius__hover_enabled=\u00bboff\u00bb button_two_border_radius__hover=\u00bbnull\u00bb button_letter_spacing__hover_enabled=\u00bbon\u00bb button_letter_spacing__hover=\u00bb0px\u00bb button_one_letter_spacing__hover_enabled=\u00bboff\u00bb button_one_letter_spacing__hover=\u00bbnull\u00bb button_two_letter_spacing__hover_enabled=\u00bboff\u00bb button_two_letter_spacing__hover=\u00bbnull\u00bb button_bg_color__hover_enabled=\u00bbon\u00bb button_bg_color__hover=\u00bb#ffffff\u00bb button_one_bg_color__hover_enabled=\u00bboff\u00bb button_one_bg_color__hover=\u00bbnull\u00bb button_two_bg_color__hover_enabled=\u00bboff\u00bb button_two_bg_color__hover=\u00bbnull\u00bb]<\/p>\n<p>\n&nbsp;<\/p>\n<p>&nbsp;<\/p>\n<p>[\/et_pb_button][\/et_pb_column][et_pb_column type=\u00bb1_3&#8243; _builder_version=\u00bb4.16&#8243; background_color=\u00bb#ffffff\u00bb custom_padding=\u00bb||40px|\u00bb global_colors_info=\u00bb{}\u00bb custom_padding__hover=\u00bb|||\u00bb][et_pb_image src=\u00bbhttps:\/\/aladresseducentreville.com\/wp-content\/uploads\/2019\/02\/oeufs-du-petit-dejeuner.jpg\u00bb url=\u00bbhttps:\/\/aladresseducentreville.com\/es\/fabulosos-desayunos-gastronomicos\/\u00bb use_overlay=\u00bbon\u00bb overlay_icon_color=\u00bb#ffffff\u00bb hover_overlay_color=\u00bbrgba(12,113,195,0.5)\u00bb hover_icon=\u00bb&#xe03e;||divi||400&#8243; align_tablet=\u00bbcenter\u00bb align_phone=\u00bb\u00bb align_last_edited=\u00bbon|desktop\u00bb module_class=\u00bbtilt\u00bb _builder_version=\u00bb4.16&#8243; vertical_offset_tablet=\u00bb0&#8243; horizontal_offset_tablet=\u00bb0&#8243; custom_margin=\u00bb-80px|||\u00bb animation_style=\u00bbslide\u00bb animation_direction=\u00bbright\u00bb animation_duration=\u00bb500ms\u00bb animation_intensity_slide=\u00bb10%\u00bb z_index_tablet=\u00bb0&#8243; border_width_all=\u00bb2px\u00bb border_color_all=\u00bb#ffffff\u00bb box_shadow_horizontal_tablet=\u00bb0px\u00bb box_shadow_vertical_tablet=\u00bb0px\u00bb box_shadow_blur_tablet=\u00bb40px\u00bb box_shadow_spread_tablet=\u00bb0px\u00bb use_border_color=\u00bboff\u00bb global_colors_info=\u00bb{}\u00bb]<\/p>\n<p>\n&nbsp;<\/p>\n<p>&nbsp;<\/p>\n<p>[\/et_pb_image][et_pb_text admin_label=\u00bbtitre petit d\u00e9jeuner\u00bb module_class=\u00bb animated fadeInRightBig delay2 duration2 eds-on-scroll \u00bb _builder_version=\u00bb4.16&#8243; text_font=\u00bbOswald|||on|||||\u00bb text_font_size=\u00bb28&#8243; text_line_height=\u00bb1.1em\u00bb background_size=\u00bbinitial\u00bb background_position=\u00bbtop_left\u00bb background_repeat=\u00bbrepeat\u00bb text_orientation=\u00bbcenter\u00bb module_alignment=\u00bbcenter\u00bb use_border_color=\u00bboff\u00bb global_colors_info=\u00bb{}\u00bb]<\/p>\n<p>\nEl desayuno<\/p>\n<p>[\/et_pb_text][et_pb_text disabled_on=\u00bbon|on|on\u00bb admin_label=\u00bbTexte intro d\u00e9jeuners\u00bb _builder_version=\u00bb4.16&#8243; text_text_color=\u00bb#444444&#8243; text_font_size=\u00bb16&#8243; text_line_height=\u00bb1.9em\u00bb background_size=\u00bbinitial\u00bb background_position=\u00bbtop_left\u00bb background_repeat=\u00bbrepeat\u00bb text_orientation=\u00bbcenter\u00bb module_alignment=\u00bbcenter\u00bb custom_padding=\u00bb|20px||20px\u00bb use_border_color=\u00bboff\u00bb disabled=\u00bbon\u00bb global_colors_info=\u00bb{}\u00bb]<\/p>\n<p>\nContinuando con la tradici\u00f3n culinaria de Montreal, ciudad donde el amor por la gastronom\u00eda es omnipresente, la pensi\u00f3n \u00c0 l\u2019Adresse du Centre-Ville vibra desde hace m\u00e1s de 20 a\u00f1os al ritmo de sus desayunos, coloridos y variados, copiosos y creativos.<\/p>\n<p>[\/et_pb_text][et_pb_text admin_label=\u00bbTexte intro d\u00e9jeuners\u00bb _builder_version=\u00bb4.16&#8243; text_text_color=\u00bb#444444&#8243; text_font_size=\u00bb16px\u00bb text_line_height=\u00bb1.9em\u00bb background_size=\u00bbinitial\u00bb background_position=\u00bbtop_left\u00bb background_repeat=\u00bbrepeat\u00bb vertical_offset_tablet=\u00bb0&#8243; horizontal_offset_tablet=\u00bb0&#8243; text_orientation=\u00bbcenter\u00bb module_alignment=\u00bbcenter\u00bb custom_padding=\u00bb|20px||20px\u00bb z_index_tablet=\u00bb0&#8243; text_text_shadow_horizontal_length_tablet=\u00bb0px\u00bb text_text_shadow_vertical_length_tablet=\u00bb0px\u00bb text_text_shadow_blur_strength_tablet=\u00bb1px\u00bb link_text_shadow_horizontal_length_tablet=\u00bb0px\u00bb link_text_shadow_vertical_length_tablet=\u00bb0px\u00bb link_text_shadow_blur_strength_tablet=\u00bb1px\u00bb ul_text_shadow_horizontal_length_tablet=\u00bb0px\u00bb ul_text_shadow_vertical_length_tablet=\u00bb0px\u00bb ul_text_shadow_blur_strength_tablet=\u00bb1px\u00bb ol_text_shadow_horizontal_length_tablet=\u00bb0px\u00bb ol_text_shadow_vertical_length_tablet=\u00bb0px\u00bb ol_text_shadow_blur_strength_tablet=\u00bb1px\u00bb quote_text_shadow_horizontal_length_tablet=\u00bb0px\u00bb quote_text_shadow_vertical_length_tablet=\u00bb0px\u00bb quote_text_shadow_blur_strength_tablet=\u00bb1px\u00bb header_text_shadow_horizontal_length_tablet=\u00bb0px\u00bb header_text_shadow_vertical_length_tablet=\u00bb0px\u00bb header_text_shadow_blur_strength_tablet=\u00bb1px\u00bb header_2_text_shadow_horizontal_length_tablet=\u00bb0px\u00bb header_2_text_shadow_vertical_length_tablet=\u00bb0px\u00bb header_2_text_shadow_blur_strength_tablet=\u00bb1px\u00bb header_3_text_shadow_horizontal_length_tablet=\u00bb0px\u00bb header_3_text_shadow_vertical_length_tablet=\u00bb0px\u00bb header_3_text_shadow_blur_strength_tablet=\u00bb1px\u00bb header_4_text_shadow_horizontal_length_tablet=\u00bb0px\u00bb header_4_text_shadow_vertical_length_tablet=\u00bb0px\u00bb header_4_text_shadow_blur_strength_tablet=\u00bb1px\u00bb header_5_text_shadow_horizontal_length_tablet=\u00bb0px\u00bb header_5_text_shadow_vertical_length_tablet=\u00bb0px\u00bb header_5_text_shadow_blur_strength_tablet=\u00bb1px\u00bb header_6_text_shadow_horizontal_length_tablet=\u00bb0px\u00bb header_6_text_shadow_vertical_length_tablet=\u00bb0px\u00bb header_6_text_shadow_blur_strength_tablet=\u00bb1px\u00bb box_shadow_horizontal_tablet=\u00bb0px\u00bb box_shadow_vertical_tablet=\u00bb0px\u00bb box_shadow_blur_tablet=\u00bb40px\u00bb box_shadow_spread_tablet=\u00bb0px\u00bb use_border_color=\u00bboff\u00bb global_colors_info=\u00bb{}\u00bb]<\/p>\n<p>No servimos el desayuno en este momento. Gracias por su comprensi\u00f3n.<\/p>\n<p>[\/et_pb_text][et_pb_button button_url=\u00bbhttps:\/\/aladresseducentreville.com\/es\/fabulosos-desayunos-gastronomicos\/\u00bb button_text=\u00bbPara saber m\u00e1s\u00bb button_alignment=\u00bbcenter\u00bb disabled_on=\u00bbon|on|on\u00bb module_class=\u00bbbutton-lift button-header\u00bb _builder_version=\u00bb4.16&#8243; custom_button=\u00bbon\u00bb button_text_size=\u00bb16px\u00bb button_text_color=\u00bb#ffffff\u00bb button_bg_color=\u00bb#002495&#8243; button_border_color=\u00bb#002495&#8243; button_border_radius=\u00bb1px\u00bb button_font=\u00bb|700||on|||||\u00bb button_icon=\u00bb&#x35;||divi||400&#8243; button_icon_color=\u00bb#ffffff\u00bb button_on_hover=\u00bboff\u00bb custom_css_main_element=\u00bbbox-shadow: 0 25px 55px 0 rgba(0, 0, 0, 0.21), 0 16px 28px 0 rgba(0, 0, 0, 0.22);\u00bb disabled=\u00bbon\u00bb global_colors_info=\u00bb{}\u00bb button_text_size__hover_enabled=\u00bboff\u00bb button_text_size__hover=\u00bbnull\u00bb button_one_text_size__hover_enabled=\u00bboff\u00bb button_one_text_size__hover=\u00bbnull\u00bb button_two_text_size__hover_enabled=\u00bboff\u00bb button_two_text_size__hover=\u00bbnull\u00bb button_text_color__hover_enabled=\u00bbon\u00bb button_text_color__hover=\u00bb#002495&#8243; button_one_text_color__hover_enabled=\u00bboff\u00bb button_one_text_color__hover=\u00bbnull\u00bb button_two_text_color__hover_enabled=\u00bboff\u00bb button_two_text_color__hover=\u00bbnull\u00bb button_border_width__hover_enabled=\u00bboff\u00bb button_border_width__hover=\u00bbnull\u00bb button_one_border_width__hover_enabled=\u00bboff\u00bb button_one_border_width__hover=\u00bbnull\u00bb button_two_border_width__hover_enabled=\u00bboff\u00bb button_two_border_width__hover=\u00bbnull\u00bb button_border_color__hover_enabled=\u00bbon\u00bb button_border_color__hover=\u00bb#ffffff\u00bb button_one_border_color__hover_enabled=\u00bboff\u00bb button_one_border_color__hover=\u00bbnull\u00bb button_two_border_color__hover_enabled=\u00bboff\u00bb button_two_border_color__hover=\u00bbnull\u00bb button_border_radius__hover_enabled=\u00bbon\u00bb button_border_radius__hover=\u00bb1px\u00bb button_one_border_radius__hover_enabled=\u00bboff\u00bb button_one_border_radius__hover=\u00bbnull\u00bb button_two_border_radius__hover_enabled=\u00bboff\u00bb button_two_border_radius__hover=\u00bbnull\u00bb button_letter_spacing__hover_enabled=\u00bbon\u00bb button_letter_spacing__hover=\u00bb0px\u00bb button_one_letter_spacing__hover_enabled=\u00bboff\u00bb button_one_letter_spacing__hover=\u00bbnull\u00bb button_two_letter_spacing__hover_enabled=\u00bboff\u00bb button_two_letter_spacing__hover=\u00bbnull\u00bb button_bg_color__hover_enabled=\u00bbon\u00bb button_bg_color__hover=\u00bb#ffffff\u00bb button_one_bg_color__hover_enabled=\u00bboff\u00bb button_one_bg_color__hover=\u00bbnull\u00bb button_two_bg_color__hover_enabled=\u00bboff\u00bb button_two_bg_color__hover=\u00bbnull\u00bb]<\/p>\n<p>\n&nbsp;<\/p>\n<p>&nbsp;<\/p>\n<p>[\/et_pb_button][\/et_pb_column][\/et_pb_row][\/et_pb_section][et_pb_section fb_built=\u00bb1&#8243; disabled_on=\u00bb|on|on\u00bb admin_label=\u00bbsection pr\u00e9sentation telephone mobile\u00bb _builder_version=\u00bb4.16&#8243; background_color=\u00bb#F0F3F2&#8243; custom_padding=\u00bb0px|||\u00bb custom_css_main_element=\u00bbz-index: 9999;\u00bb transparent_background=\u00bboff\u00bb collapsed=\u00bboff\u00bb global_colors_info=\u00bb{}\u00bb][et_pb_row use_custom_gutter=\u00bbon\u00bb gutter_width=\u00bb2&#8243; admin_label=\u00bbrow\u00bb _builder_version=\u00bb4.16&#8243; background_size=\u00bbinitial\u00bb background_position=\u00bbtop_left\u00bb background_repeat=\u00bbrepeat\u00bb width_phone=\u00bb50px\u00bb max_width_phone=\u00bb1280px\u00bb z_index_tablet=\u00bb500&#8243; border_color_all=\u00bb#ffffff\u00bb box_shadow_horizontal_tablet=\u00bb0px\u00bb box_shadow_vertical_tablet=\u00bb0px\u00bb box_shadow_blur_tablet=\u00bb40px\u00bb box_shadow_spread_tablet=\u00bb0px\u00bb global_colors_info=\u00bb{}\u00bb][et_pb_column type=\u00bb4_4&#8243; _builder_version=\u00bb4.16&#8243; custom_padding=\u00bb|||\u00bb global_colors_info=\u00bb{}\u00bb custom_padding__hover=\u00bb|||\u00bb][et_pb_image src=\u00bbhttps:\/\/aladresseducentreville.com\/wp-content\/uploads\/2019\/02\/facade-du-gite.jpg\u00bb align_tablet=\u00bbcenter\u00bb align_phone=\u00bb\u00bb align_last_edited=\u00bbon|desktop\u00bb module_class=\u00bbtilt\u00bb _builder_version=\u00bb4.16&#8243; vertical_offset_tablet=\u00bb0&#8243; horizontal_offset_tablet=\u00bb0&#8243; animation_style=\u00bbslide\u00bb animation_direction=\u00bbleft\u00bb animation_duration=\u00bb500ms\u00bb animation_intensity_slide=\u00bb10%\u00bb z_index_tablet=\u00bb500&#8243; border_width_all=\u00bb2px\u00bb border_color_all=\u00bb#ffffff\u00bb box_shadow_horizontal_tablet=\u00bb0px\u00bb box_shadow_vertical_tablet=\u00bb0px\u00bb box_shadow_blur_tablet=\u00bb40px\u00bb box_shadow_spread_tablet=\u00bb0px\u00bb use_border_color=\u00bboff\u00bb global_colors_info=\u00bb{}\u00bb]<\/p>\n<p>\n&nbsp;<\/p>\n<p>&nbsp;<\/p>\n<p>[\/et_pb_image][et_pb_text admin_label=\u00bbTitre Le Gite\u00bb module_class=\u00bb animated fadeInLeftBig delay2 duration2 eds-on-scroll \u00bb _builder_version=\u00bb4.16&#8243; text_font=\u00bbOswald|||on|\u00bb text_font_size=\u00bb28&#8243; text_line_height=\u00bb1.1em\u00bb background_size=\u00bbinitial\u00bb background_position=\u00bbtop_left\u00bb background_repeat=\u00bbrepeat\u00bb text_orientation=\u00bbcenter\u00bb module_alignment=\u00bbcenter\u00bb use_border_color=\u00bboff\u00bb border_style=\u00bbsolid\u00bb global_colors_info=\u00bb{}\u00bb]<\/p>\n<p>\nla pensi\u00f3n<\/p>\n<p>[\/et_pb_text][et_pb_text admin_label=\u00bbTexte le gite\u00bb _builder_version=\u00bb4.16&#8243; text_text_color=\u00bb#444444&#8243; text_font_size=\u00bb16&#8243; text_line_height=\u00bb1.9em\u00bb background_size=\u00bbinitial\u00bb background_position=\u00bbtop_left\u00bb background_repeat=\u00bbrepeat\u00bb text_orientation=\u00bbcenter\u00bb module_alignment=\u00bbcenter\u00bb custom_padding=\u00bb|20px||20px\u00bb use_border_color=\u00bboff\u00bb border_style=\u00bbsolid\u00bb global_colors_info=\u00bb{}\u00bb]<\/p>\n<p>\nHermosa, festiva y colorida: la calle Saint-Christophe, a imagen de Montreal, era el lugar indicado para que en 1998 Nathalie y Robert lograsen hacer realidad el sue\u00f1o que compart\u00edan al adquirir su pensi\u00f3n, asentada en una casa ancestral de 1875.<\/p>\n<p>[\/et_pb_text][et_pb_button button_url=\u00bbhttps:\/\/aladresseducentreville.com\/es\/una-pension-excepcional\/\u00bb button_text=\u00bbPara saber m\u00e1s\u00bb button_alignment=\u00bbcenter\u00bb admin_label=\u00bbBouton vers page du Gite\u00bb module_class=\u00bbbutton-lift button-header\u00bb _builder_version=\u00bb4.16&#8243; custom_button=\u00bbon\u00bb button_text_size=\u00bb16px\u00bb button_text_color=\u00bb#ffffff\u00bb button_bg_color=\u00bb#002495&#8243; button_border_color=\u00bb#002495&#8243; button_border_radius=\u00bb1px\u00bb button_font=\u00bb|700||on|||||\u00bb button_icon=\u00bb&#x35;||divi||400&#8243; button_icon_color=\u00bb#ffffff\u00bb button_on_hover=\u00bboff\u00bb custom_css_main_element=\u00bbbox-shadow: 0 25px 55px 0 rgba(0, 0, 0, 0.21), 0 16px 28px 0 rgba(0, 0, 0, 0.22);\u00bb global_colors_info=\u00bb{}\u00bb button_text_size__hover_enabled=\u00bboff\u00bb button_text_size__hover=\u00bbnull\u00bb button_one_text_size__hover_enabled=\u00bboff\u00bb button_one_text_size__hover=\u00bbnull\u00bb button_two_text_size__hover_enabled=\u00bboff\u00bb button_two_text_size__hover=\u00bbnull\u00bb button_text_color__hover_enabled=\u00bbon\u00bb button_text_color__hover=\u00bb#002495&#8243; button_one_text_color__hover_enabled=\u00bboff\u00bb button_one_text_color__hover=\u00bbnull\u00bb button_two_text_color__hover_enabled=\u00bboff\u00bb button_two_text_color__hover=\u00bbnull\u00bb button_border_width__hover_enabled=\u00bboff\u00bb button_border_width__hover=\u00bbnull\u00bb button_one_border_width__hover_enabled=\u00bboff\u00bb button_one_border_width__hover=\u00bbnull\u00bb button_two_border_width__hover_enabled=\u00bboff\u00bb button_two_border_width__hover=\u00bbnull\u00bb button_border_color__hover_enabled=\u00bbon\u00bb button_border_color__hover=\u00bb#ffffff\u00bb button_one_border_color__hover_enabled=\u00bboff\u00bb button_one_border_color__hover=\u00bbnull\u00bb button_two_border_color__hover_enabled=\u00bboff\u00bb button_two_border_color__hover=\u00bbnull\u00bb button_border_radius__hover_enabled=\u00bbon\u00bb button_border_radius__hover=\u00bb1px\u00bb button_one_border_radius__hover_enabled=\u00bboff\u00bb button_one_border_radius__hover=\u00bbnull\u00bb button_two_border_radius__hover_enabled=\u00bboff\u00bb button_two_border_radius__hover=\u00bbnull\u00bb button_letter_spacing__hover_enabled=\u00bbon\u00bb button_letter_spacing__hover=\u00bb0px\u00bb button_one_letter_spacing__hover_enabled=\u00bboff\u00bb button_one_letter_spacing__hover=\u00bbnull\u00bb button_two_letter_spacing__hover_enabled=\u00bboff\u00bb button_two_letter_spacing__hover=\u00bbnull\u00bb button_bg_color__hover_enabled=\u00bbon\u00bb button_bg_color__hover=\u00bb#ffffff\u00bb button_one_bg_color__hover_enabled=\u00bboff\u00bb button_one_bg_color__hover=\u00bbnull\u00bb button_two_bg_color__hover_enabled=\u00bboff\u00bb button_two_bg_color__hover=\u00bbnull\u00bb]<\/p>\n<p>\n&nbsp;<\/p>\n<p>&nbsp;<\/p>\n<p>[\/et_pb_button][\/et_pb_column][\/et_pb_row][et_pb_row _builder_version=\u00bb4.16&#8243; z_index_tablet=\u00bb500&#8243; box_shadow_horizontal_tablet=\u00bb0px\u00bb box_shadow_vertical_tablet=\u00bb0px\u00bb box_shadow_blur_tablet=\u00bb40px\u00bb box_shadow_spread_tablet=\u00bb0px\u00bb global_colors_info=\u00bb{}\u00bb][et_pb_column type=\u00bb4_4&#8243; _builder_version=\u00bb4.16&#8243; custom_padding=\u00bb|||\u00bb global_colors_info=\u00bb{}\u00bb custom_padding__hover=\u00bb|||\u00bb][et_pb_image src=\u00bbhttps:\/\/aladresseducentreville.com\/wp-content\/uploads\/2019\/02\/chambre-du-gite.jpg\u00bb align_tablet=\u00bbcenter\u00bb align_phone=\u00bb\u00bb align_last_edited=\u00bbon|desktop\u00bb module_class=\u00bbtilt\u00bb _builder_version=\u00bb4.16&#8243; vertical_offset_tablet=\u00bb0&#8243; horizontal_offset_tablet=\u00bb0&#8243; animation_style=\u00bbslide\u00bb animation_direction=\u00bbtop\u00bb animation_duration=\u00bb500ms\u00bb animation_intensity_slide=\u00bb10%\u00bb z_index_tablet=\u00bb500&#8243; border_width_all=\u00bb2px\u00bb border_color_all=\u00bb#ffffff\u00bb box_shadow_horizontal_tablet=\u00bb0px\u00bb box_shadow_vertical_tablet=\u00bb0px\u00bb box_shadow_blur_tablet=\u00bb40px\u00bb box_shadow_spread_tablet=\u00bb0px\u00bb use_border_color=\u00bboff\u00bb global_colors_info=\u00bb{}\u00bb]<\/p>\n<p>\n&nbsp;<\/p>\n<p>&nbsp;<\/p>\n<p>[\/et_pb_image][et_pb_text admin_label=\u00bbTitre hebergement\u00bb module_class=\u00bb animated fadeInDownBig delay2 duration2 eds-on-scroll \u00bb _builder_version=\u00bb4.16&#8243; text_font=\u00bbOswald|||on|\u00bb text_font_size=\u00bb28&#8243; text_line_height=\u00bb1.1em\u00bb background_size=\u00bbinitial\u00bb background_position=\u00bbtop_left\u00bb background_repeat=\u00bbrepeat\u00bb text_orientation=\u00bbcenter\u00bb module_alignment=\u00bbcenter\u00bb use_border_color=\u00bboff\u00bb global_colors_info=\u00bb{}\u00bb]<\/p>\n<p>\nNuestras habitaciones<\/p>\n<p>[\/et_pb_text][et_pb_text admin_label=\u00bbTexte intro h\u00e9bergement\u00bb _builder_version=\u00bb4.16&#8243; text_text_color=\u00bb#444444&#8243; text_font_size=\u00bb16&#8243; text_line_height=\u00bb1.9em\u00bb background_size=\u00bbinitial\u00bb background_position=\u00bbtop_left\u00bb background_repeat=\u00bbrepeat\u00bb text_orientation=\u00bbcenter\u00bb module_alignment=\u00bbcenter\u00bb custom_padding=\u00bb|20px||20px\u00bb use_border_color=\u00bboff\u00bb global_colors_info=\u00bb{}\u00bb]<\/p>\n<p>\nNo solo habitaciones espaciosas, acogedoras y agradables, la pensi\u00f3n \u00c0 l\u2019Adresse du Centre-Ville ofrece la atm\u00f3sfera apacible, c\u00e1lida y familiar de un hogar donde es un placer disfrutar de momentos de relajaci\u00f3n y descanso.<\/p>\n<p>[\/et_pb_text][et_pb_button button_url=\u00bbhttps:\/\/aladresseducentreville.com\/es\/las-habitaciones-de-nuestra-pension\/\u00bb button_text=\u00bbVisitar\u00bb button_alignment=\u00bbcenter\u00bb module_class=\u00bbbutton-lift button-header\u00bb _builder_version=\u00bb4.16&#8243; custom_button=\u00bbon\u00bb button_text_size=\u00bb16px\u00bb button_text_color=\u00bb#ffffff\u00bb button_bg_color=\u00bb#002495&#8243; button_border_color=\u00bb#002495&#8243; button_border_radius=\u00bb1px\u00bb button_font=\u00bb|700||on|||||\u00bb button_icon=\u00bb&#x35;||divi||400&#8243; button_icon_color=\u00bb#ffffff\u00bb button_on_hover=\u00bboff\u00bb custom_css_main_element=\u00bbbox-shadow: 0 25px 55px 0 rgba(0, 0, 0, 0.21), 0 16px 28px 0 rgba(0, 0, 0, 0.22);\u00bb global_colors_info=\u00bb{}\u00bb button_text_size__hover_enabled=\u00bboff\u00bb button_text_size__hover=\u00bbnull\u00bb button_one_text_size__hover_enabled=\u00bboff\u00bb button_one_text_size__hover=\u00bbnull\u00bb button_two_text_size__hover_enabled=\u00bboff\u00bb button_two_text_size__hover=\u00bbnull\u00bb button_text_color__hover_enabled=\u00bbon\u00bb button_text_color__hover=\u00bb#002495&#8243; button_one_text_color__hover_enabled=\u00bboff\u00bb button_one_text_color__hover=\u00bbnull\u00bb button_two_text_color__hover_enabled=\u00bboff\u00bb button_two_text_color__hover=\u00bbnull\u00bb button_border_width__hover_enabled=\u00bboff\u00bb button_border_width__hover=\u00bbnull\u00bb button_one_border_width__hover_enabled=\u00bboff\u00bb button_one_border_width__hover=\u00bbnull\u00bb button_two_border_width__hover_enabled=\u00bboff\u00bb button_two_border_width__hover=\u00bbnull\u00bb button_border_color__hover_enabled=\u00bbon\u00bb button_border_color__hover=\u00bb#ffffff\u00bb button_one_border_color__hover_enabled=\u00bboff\u00bb button_one_border_color__hover=\u00bbnull\u00bb button_two_border_color__hover_enabled=\u00bboff\u00bb button_two_border_color__hover=\u00bbnull\u00bb button_border_radius__hover_enabled=\u00bbon\u00bb button_border_radius__hover=\u00bb1px\u00bb button_one_border_radius__hover_enabled=\u00bboff\u00bb button_one_border_radius__hover=\u00bbnull\u00bb button_two_border_radius__hover_enabled=\u00bboff\u00bb button_two_border_radius__hover=\u00bbnull\u00bb button_letter_spacing__hover_enabled=\u00bbon\u00bb button_letter_spacing__hover=\u00bb0px\u00bb button_one_letter_spacing__hover_enabled=\u00bboff\u00bb button_one_letter_spacing__hover=\u00bbnull\u00bb button_two_letter_spacing__hover_enabled=\u00bboff\u00bb button_two_letter_spacing__hover=\u00bbnull\u00bb button_bg_color__hover_enabled=\u00bbon\u00bb button_bg_color__hover=\u00bb#ffffff\u00bb button_one_bg_color__hover_enabled=\u00bboff\u00bb button_one_bg_color__hover=\u00bbnull\u00bb button_two_bg_color__hover_enabled=\u00bboff\u00bb button_two_bg_color__hover=\u00bbnull\u00bb]<\/p>\n<p>\n&nbsp;<\/p>\n<p>&nbsp;<\/p>\n<p>[\/et_pb_button][\/et_pb_column][\/et_pb_row][et_pb_row _builder_version=\u00bb4.16&#8243; global_colors_info=\u00bb{}\u00bb][et_pb_column type=\u00bb4_4&#8243; _builder_version=\u00bb4.16&#8243; custom_padding=\u00bb|||\u00bb global_colors_info=\u00bb{}\u00bb custom_padding__hover=\u00bb|||\u00bb][et_pb_image src=\u00bbhttps:\/\/aladresseducentreville.com\/wp-content\/uploads\/2019\/02\/oeufs-du-petit-dejeuner.jpg\u00bb align_tablet=\u00bbcenter\u00bb align_phone=\u00bb\u00bb align_last_edited=\u00bbon|desktop\u00bb module_class=\u00bbtilt\u00bb _builder_version=\u00bb4.16&#8243; vertical_offset_tablet=\u00bb0&#8243; horizontal_offset_tablet=\u00bb0&#8243; animation_style=\u00bbslide\u00bb animation_direction=\u00bbright\u00bb animation_duration=\u00bb500ms\u00bb animation_intensity_slide=\u00bb10%\u00bb z_index_tablet=\u00bb500&#8243; border_width_all=\u00bb2px\u00bb border_color_all=\u00bb#ffffff\u00bb box_shadow_horizontal_tablet=\u00bb0px\u00bb box_shadow_vertical_tablet=\u00bb0px\u00bb box_shadow_blur_tablet=\u00bb40px\u00bb box_shadow_spread_tablet=\u00bb0px\u00bb use_border_color=\u00bboff\u00bb global_colors_info=\u00bb{}\u00bb]<\/p>\n<p>\n&nbsp;<\/p>\n<p>&nbsp;<\/p>\n<p>[\/et_pb_image][et_pb_text admin_label=\u00bbtitre petit d\u00e9jeuner\u00bb module_class=\u00bb animated fadeInRightBig delay2 duration2 eds-on-scroll \u00bb _builder_version=\u00bb4.16&#8243; text_font=\u00bbOswald|||on|||||\u00bb text_font_size=\u00bb28&#8243; text_line_height=\u00bb1.1em\u00bb background_size=\u00bbinitial\u00bb background_position=\u00bbtop_left\u00bb background_repeat=\u00bbrepeat\u00bb text_orientation=\u00bbcenter\u00bb module_alignment=\u00bbcenter\u00bb use_border_color=\u00bboff\u00bb global_colors_info=\u00bb{}\u00bb]<\/p>\n<p>\nEl desayuno<\/p>\n<p>[\/et_pb_text][et_pb_text disabled_on=\u00bbon|on|on\u00bb admin_label=\u00bbTexte intro d\u00e9jeuners\u00bb _builder_version=\u00bb4.16&#8243; text_text_color=\u00bb#444444&#8243; text_font_size=\u00bb16&#8243; text_line_height=\u00bb1.9em\u00bb background_size=\u00bbinitial\u00bb background_position=\u00bbtop_left\u00bb background_repeat=\u00bbrepeat\u00bb text_orientation=\u00bbcenter\u00bb module_alignment=\u00bbcenter\u00bb custom_padding=\u00bb|20px||20px\u00bb use_border_color=\u00bboff\u00bb disabled=\u00bbon\u00bb global_colors_info=\u00bb{}\u00bb]<\/p>\n<p>\nContinuando con la tradici\u00f3n culinaria de Montreal, ciudad donde el amor por la gastronom\u00eda es omnipresente, la pensi\u00f3n \u00c0 l\u2019Adresse du Centre-Ville vibra desde hace m\u00e1s de 20 a\u00f1os al ritmo de sus desayunos, coloridos y variados, copiosos y creativos.<\/p>\n<p>[\/et_pb_text][et_pb_text admin_label=\u00bbTexte intro d\u00e9jeuners\u00bb _builder_version=\u00bb4.16&#8243; text_text_color=\u00bb#444444&#8243; text_font_size=\u00bb16px\u00bb text_line_height=\u00bb1.9em\u00bb background_size=\u00bbinitial\u00bb background_position=\u00bbtop_left\u00bb background_repeat=\u00bbrepeat\u00bb vertical_offset_tablet=\u00bb0&#8243; horizontal_offset_tablet=\u00bb0&#8243; text_orientation=\u00bbcenter\u00bb module_alignment=\u00bbcenter\u00bb custom_padding=\u00bb|20px||20px\u00bb z_index_tablet=\u00bb0&#8243; text_text_shadow_horizontal_length_tablet=\u00bb0px\u00bb text_text_shadow_vertical_length_tablet=\u00bb0px\u00bb text_text_shadow_blur_strength_tablet=\u00bb1px\u00bb link_text_shadow_horizontal_length_tablet=\u00bb0px\u00bb link_text_shadow_vertical_length_tablet=\u00bb0px\u00bb link_text_shadow_blur_strength_tablet=\u00bb1px\u00bb ul_text_shadow_horizontal_length_tablet=\u00bb0px\u00bb ul_text_shadow_vertical_length_tablet=\u00bb0px\u00bb ul_text_shadow_blur_strength_tablet=\u00bb1px\u00bb ol_text_shadow_horizontal_length_tablet=\u00bb0px\u00bb ol_text_shadow_vertical_length_tablet=\u00bb0px\u00bb ol_text_shadow_blur_strength_tablet=\u00bb1px\u00bb quote_text_shadow_horizontal_length_tablet=\u00bb0px\u00bb quote_text_shadow_vertical_length_tablet=\u00bb0px\u00bb quote_text_shadow_blur_strength_tablet=\u00bb1px\u00bb header_text_shadow_horizontal_length_tablet=\u00bb0px\u00bb header_text_shadow_vertical_length_tablet=\u00bb0px\u00bb header_text_shadow_blur_strength_tablet=\u00bb1px\u00bb header_2_text_shadow_horizontal_length_tablet=\u00bb0px\u00bb header_2_text_shadow_vertical_length_tablet=\u00bb0px\u00bb header_2_text_shadow_blur_strength_tablet=\u00bb1px\u00bb header_3_text_shadow_horizontal_length_tablet=\u00bb0px\u00bb header_3_text_shadow_vertical_length_tablet=\u00bb0px\u00bb header_3_text_shadow_blur_strength_tablet=\u00bb1px\u00bb header_4_text_shadow_horizontal_length_tablet=\u00bb0px\u00bb header_4_text_shadow_vertical_length_tablet=\u00bb0px\u00bb header_4_text_shadow_blur_strength_tablet=\u00bb1px\u00bb header_5_text_shadow_horizontal_length_tablet=\u00bb0px\u00bb header_5_text_shadow_vertical_length_tablet=\u00bb0px\u00bb header_5_text_shadow_blur_strength_tablet=\u00bb1px\u00bb header_6_text_shadow_horizontal_length_tablet=\u00bb0px\u00bb header_6_text_shadow_vertical_length_tablet=\u00bb0px\u00bb header_6_text_shadow_blur_strength_tablet=\u00bb1px\u00bb box_shadow_horizontal_tablet=\u00bb0px\u00bb box_shadow_vertical_tablet=\u00bb0px\u00bb box_shadow_blur_tablet=\u00bb40px\u00bb box_shadow_spread_tablet=\u00bb0px\u00bb use_border_color=\u00bboff\u00bb global_colors_info=\u00bb{}\u00bb]<\/p>\n<p>No servimos el desayuno en este momento. Gracias por su comprensi\u00f3n.<\/p>\n<p>[\/et_pb_text][et_pb_button button_url=\u00bbhttps:\/\/aladresseducentreville.com\/es\/fabulosos-desayunos-gastronomicos\/\u00bb button_text=\u00bbPara saber m\u00e1s\u00bb button_alignment=\u00bbcenter\u00bb disabled_on=\u00bbon|on|on\u00bb module_class=\u00bbbutton-lift button-header\u00bb _builder_version=\u00bb4.16&#8243; custom_button=\u00bbon\u00bb button_text_size=\u00bb16px\u00bb button_text_color=\u00bb#ffffff\u00bb button_bg_color=\u00bb#002495&#8243; button_border_color=\u00bb#002495&#8243; button_border_radius=\u00bb1px\u00bb button_font=\u00bb|700||on|||||\u00bb button_icon=\u00bb&#x35;||divi||400&#8243; button_icon_color=\u00bb#ffffff\u00bb button_on_hover=\u00bboff\u00bb custom_css_main_element=\u00bbbox-shadow: 0 25px 55px 0 rgba(0, 0, 0, 0.21), 0 16px 28px 0 rgba(0, 0, 0, 0.22);\u00bb disabled=\u00bbon\u00bb global_colors_info=\u00bb{}\u00bb button_text_size__hover_enabled=\u00bboff\u00bb button_text_size__hover=\u00bbnull\u00bb button_one_text_size__hover_enabled=\u00bboff\u00bb button_one_text_size__hover=\u00bbnull\u00bb button_two_text_size__hover_enabled=\u00bboff\u00bb button_two_text_size__hover=\u00bbnull\u00bb button_text_color__hover_enabled=\u00bbon\u00bb button_text_color__hover=\u00bb#002495&#8243; button_one_text_color__hover_enabled=\u00bboff\u00bb button_one_text_color__hover=\u00bbnull\u00bb button_two_text_color__hover_enabled=\u00bboff\u00bb button_two_text_color__hover=\u00bbnull\u00bb button_border_width__hover_enabled=\u00bboff\u00bb button_border_width__hover=\u00bbnull\u00bb button_one_border_width__hover_enabled=\u00bboff\u00bb button_one_border_width__hover=\u00bbnull\u00bb button_two_border_width__hover_enabled=\u00bboff\u00bb button_two_border_width__hover=\u00bbnull\u00bb button_border_color__hover_enabled=\u00bbon\u00bb button_border_color__hover=\u00bb#ffffff\u00bb button_one_border_color__hover_enabled=\u00bboff\u00bb button_one_border_color__hover=\u00bbnull\u00bb button_two_border_color__hover_enabled=\u00bboff\u00bb button_two_border_color__hover=\u00bbnull\u00bb button_border_radius__hover_enabled=\u00bbon\u00bb button_border_radius__hover=\u00bb1px\u00bb button_one_border_radius__hover_enabled=\u00bboff\u00bb button_one_border_radius__hover=\u00bbnull\u00bb button_two_border_radius__hover_enabled=\u00bboff\u00bb button_two_border_radius__hover=\u00bbnull\u00bb button_letter_spacing__hover_enabled=\u00bbon\u00bb button_letter_spacing__hover=\u00bb0px\u00bb button_one_letter_spacing__hover_enabled=\u00bboff\u00bb button_one_letter_spacing__hover=\u00bbnull\u00bb button_two_letter_spacing__hover_enabled=\u00bboff\u00bb button_two_letter_spacing__hover=\u00bbnull\u00bb button_bg_color__hover_enabled=\u00bbon\u00bb button_bg_color__hover=\u00bb#ffffff\u00bb button_one_bg_color__hover_enabled=\u00bboff\u00bb button_one_bg_color__hover=\u00bbnull\u00bb button_two_bg_color__hover_enabled=\u00bboff\u00bb button_two_bg_color__hover=\u00bbnull\u00bb]<\/p>\n<p>\n&nbsp;<\/p>\n<p>&nbsp;<\/p>\n<p>[\/et_pb_button][\/et_pb_column][\/et_pb_row][\/et_pb_section][et_pb_section fb_built=\u00bb1&#8243; _builder_version=\u00bb4.16&#8243; background_color=\u00bb#ffffff\u00bb global_colors_info=\u00bb{}\u00bb][et_pb_row column_structure=\u00bb1_5,3_5,1_5&#8243; _builder_version=\u00bb4.16&#8243; background_size=\u00bbinitial\u00bb background_position=\u00bbtop_left\u00bb background_repeat=\u00bbrepeat\u00bb global_colors_info=\u00bb{}\u00bb][et_pb_column type=\u00bb1_5&#8243; _builder_version=\u00bb4.16&#8243; custom_padding=\u00bb|||\u00bb global_colors_info=\u00bb{}\u00bb custom_padding__hover=\u00bb|||\u00bb][\/et_pb_column][et_pb_column type=\u00bb3_5&#8243; _builder_version=\u00bb4.16&#8243; custom_padding=\u00bb|||\u00bb global_colors_info=\u00bb{}\u00bb custom_padding__hover=\u00bb|||\u00bb][et_pb_text _builder_version=\u00bb4.16&#8243; text_text_color=\u00bb#000000&#8243; text_font_size=\u00bb18px\u00bb header_font=\u00bb|||on|||||\u00bb header_text_align=\u00bbcenter\u00bb header_text_color=\u00bb#000000&#8243; header_font_size=\u00bb35px\u00bb text_orientation=\u00bbcenter\u00bb text_font_size_tablet=\u00bb16px\u00bb text_font_size_phone=\u00bb14px\u00bb text_font_size_last_edited=\u00bbon|phone\u00bb header_font_size_tablet=\u00bb30px\u00bb header_font_size_phone=\u00bb28px\u00bb header_font_size_last_edited=\u00bbon|phone\u00bb global_colors_info=\u00bb{}\u00bb]<\/p>\n<h1>En pleno centro de Montreal<\/h1>\n<p>&nbsp;<\/p>\n<p>Situ\u00e9 \u00e0 deux minutes de marche de la station centrale du m\u00e9tro de Montr\u00e9al (Berri-UQAM), le G\u00eete est nich\u00e9 au coeur du Quartier Latin, lequel vibre au rythme des festivals et des institutions culturelles: le Th\u00e9\u00e2tre Saint-Denis, la Cin\u00e9math\u00e8que qu\u00e9b\u00e9coise, la Maison Th\u00e9\u00e2tre, le Th\u00e9\u00e2tre Prospero et la Grande Biblioth\u00e8que du Qu\u00e9bec, pour ne nommer que ceux-l\u00e0, accueillent les montr\u00e9alais et les visiteurs tout au long de l\u2019ann\u00e9e, c\u00f4toyant par ailleurs le festif et anim\u00e9 Quartier des spectacles, th\u00e9\u00e2tre de plus de quarante festivals tout au long de l\u2019ann\u00e9e.<\/p>\n<p>Le G\u00eete, dans la qui\u00e9tude de la rue Saint-Christophe, se trouve au c\u0153ur de l\u2019animation de Montr\u00e9al, \u00e0 distance de marche de la c\u00e9l\u00e8bre rue Sainte-Catherine, o\u00f9 se d\u00e9clinent caf\u00e9s, restaurants et terrasses color\u00e9es. Accessible par transport en commun situ\u00e9 \u00e0 proximit\u00e9, le G\u00eete constitue le rep\u00e8re id\u00e9al pour d\u00e9couvrir une ville unique, ludique et accueillante.<\/p>\n<p>&nbsp;<\/p>\n<p>[\/et_pb_text][\/et_pb_column][et_pb_column type=\u00bb1_5&#8243; _builder_version=\u00bb4.16&#8243; custom_padding=\u00bb|||\u00bb global_colors_info=\u00bb{}\u00bb custom_padding__hover=\u00bb|||\u00bb][\/et_pb_column][\/et_pb_row][et_pb_row column_structure=\u00bb1_3,1_3,1_3&#8243; make_equal=\u00bbon\u00bb _builder_version=\u00bb4.16&#8243; max_width=\u00bb1080px\u00bb custom_margin=\u00bb0px||0px|\u00bb custom_padding=\u00bb0px|10%|0px|10%\u00bb global_colors_info=\u00bb{}\u00bb][et_pb_column type=\u00bb1_3&#8243; _builder_version=\u00bb4.16&#8243; custom_padding=\u00bb|||\u00bb global_colors_info=\u00bb{}\u00bb custom_padding__hover=\u00bb|||\u00bb][et_pb_image src=\u00bbhttps:\/\/aladresseducentreville.com\/wp-content\/uploads\/2019\/05\/logo-gay-pride.svg\u00bb alt=\u00bbAlojamiento certificado tres estrellas \u00bb align=\u00bbcenter\u00bb align_tablet=\u00bbcenter\u00bb align_phone=\u00bb\u00bb align_last_edited=\u00bbon|desktop\u00bb admin_label=\u00bblogo gay friendly\u00bb _builder_version=\u00bb4.25.1&#8243; max_width=\u00bb60%\u00bb global_colors_info=\u00bb{}\u00bb][\/et_pb_image][\/et_pb_column][et_pb_column type=\u00bb1_3&#8243; _builder_version=\u00bb4.16&#8243; custom_padding=\u00bb3%|||\u00bb global_colors_info=\u00bb{}\u00bb custom_padding__hover=\u00bb|||\u00bb][et_pb_image src=\u00bbhttps:\/\/aladresseducentreville.com\/wp-content\/uploads\/2019\/02\/tourisme-montreal.svg\u00bb alt=\u00bbAlojamiento certificado tres estrellas \u00bb url=\u00bbhttps:\/\/www.mtl.org\/fr\u00bb url_new_window=\u00bbon\u00bb align=\u00bbcenter\u00bb align_tablet=\u00bbcenter\u00bb align_phone=\u00bb\u00bb align_last_edited=\u00bbon|desktop\u00bb admin_label=\u00bblogo tourisme montreal\u00bb _builder_version=\u00bb4.25.1&#8243; max_width=\u00bb60%\u00bb global_colors_info=\u00bb{}\u00bb][\/et_pb_image][\/et_pb_column][et_pb_column type=\u00bb1_3&#8243; _builder_version=\u00bb4.16&#8243; custom_padding=\u00bb|||\u00bb global_colors_info=\u00bb{}\u00bb custom_padding__hover=\u00bb|||\u00bb][et_pb_image src=\u00bbhttps:\/\/aladresseducentreville.com\/wp-content\/uploads\/2024\/06\/logo-citq.png\u00bb alt=\u00bbAlojamiento certificado tres estrellas \u00bb title_text=\u00bblogo citq\u00bb align=\u00bbcenter\u00bb align_tablet=\u00bbcenter\u00bb align_phone=\u00bb\u00bb align_last_edited=\u00bbon|desktop\u00bb admin_label=\u00bblogo attestation 3*\u00bb _builder_version=\u00bb4.25.1&#8243; max_width=\u00bb60%\u00bb global_colors_info=\u00bb{}\u00bb][\/et_pb_image][et_pb_text _builder_version=\u00bb4.25.1&#8243; _module_preset=\u00bbdefault\u00bb global_colors_info=\u00bb{}\u00bb]<\/p>\n<p style=\"text-align: center;\">#624186<\/p>\n<p>[\/et_pb_text][\/et_pb_column][\/et_pb_row][\/et_pb_section][et_pb_section fb_built=\u00bb1&#8243; custom_padding_last_edited=\u00bbon|desktop\u00bb admin_label=\u00bbsection\u00bb _builder_version=\u00bb4.16&#8243; background_color=\u00bbrgba(12,113,195,0.3)\u00bb background_image=\u00bbhttps:\/\/aladresseducentreville.com\/wp-content\/uploads\/2019\/02\/centre-ville-de-montreal-en-bleu.jpg\u00bb background_position=\u00bbtop_center\u00bb background_blend=\u00bboverlay\u00bb custom_padding=\u00bb25%||40px|\u00bb custom_padding_tablet=\u00bb\u00bb custom_padding_phone=\u00bb||160px|\u00bb transparent_background=\u00bboff\u00bb global_colors_info=\u00bb{}\u00bb][et_pb_row use_custom_gutter=\u00bbon\u00bb gutter_width=\u00bb2&#8243; make_equal=\u00bbon\u00bb admin_label=\u00bbrow\u00bb _builder_version=\u00bb4.16&#8243; background_size=\u00bbinitial\u00bb background_position=\u00bbtop_left\u00bb background_repeat=\u00bbrepeat\u00bb max_width=\u00bb1080px\u00bb custom_padding=\u00bb|||\u00bb global_colors_info=\u00bb{}\u00bb][et_pb_column type=\u00bb4_4&#8243; _builder_version=\u00bb4.16&#8243; custom_padding=\u00bb30px | 30px | 30px |30px\u00bb global_colors_info=\u00bb{}\u00bb custom_padding__hover=\u00bb|||\u00bb][et_pb_text module_class=\u00bb animated fadeInLeftBig delay1 duration2 eds-on-scroll \u00bb _builder_version=\u00bb4.16&#8243; text_font=\u00bbOswald|||on|\u00bb text_text_color=\u00bb#ffffff\u00bb text_font_size=\u00bb50px\u00bb text_line_height=\u00bb1.1em\u00bb header_text_color=\u00bb#ffffff\u00bb background_size=\u00bbinitial\u00bb background_position=\u00bbtop_left\u00bb background_repeat=\u00bbrepeat\u00bb text_orientation=\u00bbcenter\u00bb background_layout=\u00bbdark\u00bb module_alignment=\u00bbcenter\u00bb text_font_size_tablet=\u00bb35px\u00bb text_font_size_phone=\u00bb26px\u00bb text_font_size_last_edited=\u00bbon|phone\u00bb custom_css_main_element=\u00bbfont-weight: 100;\u00bb use_border_color=\u00bboff\u00bb border_style=\u00bbsolid\u00bb global_colors_info=\u00bb{}\u00bb]<\/p>\n<p>\nAl\u00f3jese en\u00a0<strong>L&#8217;Adresse du Centre-Ville<\/strong><\/p>\n<p>[\/et_pb_text][et_pb_blurb title=\u00bbMuy cercana a las atracciones tur\u00edsticas\u00bb use_icon=\u00bbon\u00bb font_icon=\u00bb&#xe081;||divi||400&#8243; icon_color=\u00bb#ffffff\u00bb image_icon_width=\u00bb36px\u00bb admin_label=\u00bbproximit\u00e9\u00bb module_class=\u00bbblurb-scale\u00bb _builder_version=\u00bb4.16&#8243; header_font=\u00bb|700||on|||||\u00bb header_text_color=\u00bb#ffffff\u00bb header_font_size=\u00bb24px\u00bb header_letter_spacing=\u00bb1px\u00bb header_line_height=\u00bb1.2em\u00bb body_text_color=\u00bb#ffffff\u00bb body_font_size=\u00bb16&#8243; body_line_height=\u00bb1.9em\u00bb background_size=\u00bbinitial\u00bb background_position=\u00bbtop_left\u00bb background_repeat=\u00bbrepeat\u00bb text_orientation=\u00bbcenter\u00bb custom_padding=\u00bb30px|20px|30px|20px\u00bb custom_padding_tablet=\u00bb\u00bb custom_padding_phone=\u00bb10px|10px|10px|10px\u00bb custom_padding_last_edited=\u00bbon|desktop\u00bb header_letter_spacing_tablet=\u00bb\u00bb header_letter_spacing_phone=\u00bb\u00bb header_letter_spacing_last_edited=\u00bbon|desktop\u00bb header_line_height_tablet=\u00bb1.1em\u00bb header_line_height_phone=\u00bb\u00bb header_line_height_last_edited=\u00bbon|desktop\u00bb custom_css_blurb_title=\u00bbpadding-bottom: 20px;\u00bb use_border_color=\u00bboff\u00bb border_color=\u00bb#ffffff\u00bb border_width=\u00bb3px\u00bb border_style=\u00bbsolid\u00bb icon_font_size=\u00bb36px\u00bb global_colors_info=\u00bb{}\u00bb]<\/p>\n<p>\nMontreal es una metr\u00f3poli viva y exaltante donde hay mucho que ver y hacer.<br \/>Aqu\u00ed hay algunas ideas para inspirarle en su pr\u00f3xima estancia en Montreal, \u00a1explore todas las posibilidades que le ofrece! Estos son solo algunos aperitivos para abrirle el apetito. Cuando nos visite, estaremos encantados de aconsejarle m\u00e1s actividades inolvidables.<\/p>\n<p>[\/et_pb_blurb][\/et_pb_column][\/et_pb_row][et_pb_row column_structure=\u00bb1_2,1_2&#8243; use_custom_gutter=\u00bbon\u00bb gutter_width=\u00bb2&#8243; make_equal=\u00bbon\u00bb disabled_on=\u00bbon||\u00bb admin_label=\u00bbrow\u00bb _builder_version=\u00bb4.16&#8243; background_size=\u00bbinitial\u00bb background_position=\u00bbtop_left\u00bb background_repeat=\u00bbrepeat\u00bb max_width=\u00bb1080px\u00bb custom_padding=\u00bb|||\u00bb global_colors_info=\u00bb{}\u00bb][et_pb_column type=\u00bb1_2&#8243; _builder_version=\u00bb4.16&#8243; custom_padding=\u00bb|||\u00bb custom_padding_tablet=\u00bb\u00bb custom_padding_phone=\u00bb30px|20px|30px|20px\u00bb custom_padding_last_edited=\u00bbon|desktop\u00bb global_colors_info=\u00bb{}\u00bb custom_padding__hover=\u00bb|||\u00bb][et_pb_toggle title=\u00bbPara saber m\u00e1s acerca del centro urbano de Montreal\u00bb open_toggle_text_color=\u00bb#002495&#8243; open_toggle_background_color=\u00bb#ffffff\u00bb closed_toggle_text_color=\u00bb#002495&#8243; closed_toggle_background_color=\u00bb#ffffff\u00bb icon_color=\u00bb#002495&#8243; open_icon_color=\u00bb#002495&#8243; admin_label=\u00bbBascule centre-ville\u00bb _builder_version=\u00bb4.16&#8243; custom_margin=\u00bb||2px|\u00bb custom_padding=\u00bb20px|10px|20px|10px\u00bb border_color_all=\u00bb#ffffff\u00bb global_colors_info=\u00bb{}\u00bb]<\/p>\n<p>\nEl centro de la ciudad es un sector muy animado con una fuerte personalidad. Cuenta con los mejores museos y los rascacielos m\u00e1s altos de la provincia, grandes almacenes, centros comerciales, boutiques, restaurantes y el Centre Bell, sede del m\u00edtico equipo de hockey hielo los Canadiens de Montreal.<br \/>Nos gusta ir de compras, especialmente en las galer\u00edas subterr\u00e1neas y nos tomamos un descanso a la hora del c\u00f3ctel y un ba\u00f1o de sol en la terraza siempre que la estaci\u00f3n se preste a ello.<\/p>\n<p>Aqu\u00ed algunas de las actividades que puede realizar.<\/p>\n<p>Disfrute de una vista panor\u00e1mica de la ciudad, del r\u00edo y de la regi\u00f3n desde el observatorio de <a href=\"https:\/\/www.mtl.org\/fr\/quoi-faire\/patrimoine-et-architecture\/observatoire-pvm-montreal\" target=\"_blank\" rel=\"noopener noreferrer\">Place Ville Marie<\/a>.<\/p>\n<p>Vaya de compras en la calle <a href=\"https:\/\/www.mtl.org\/fr\/quoi-faire\/shopping\/rue-sainte-catherine\" target=\"_blank\" rel=\"noopener noreferrer\">Sainte-Catherine<\/a>, la arteria comercial m\u00e1s larga de Canad\u00e1.<br \/>Vea exposiciones en los <a href=\"https:\/\/www.mtl.org\/fr\/experience\/affiche-musee-beaux-arts-montreal\" target=\"_blank\" rel=\"noopener noreferrer\">grandes museos<\/a> montrealeses y compre en sus magn\u00edficas tiendas.<br \/>Descubra la inmensa\u00a0<a href=\"https:\/\/www.mtl.org\/fr\/quoi-faire\/patrimoine-et-architecture\/reseau-pietonnier-interieur\" target=\"_blank\" rel=\"noopener noreferrer\">ciudad subterr\u00e1nea<\/a>\u00a0en la vasta red peatonal interior.<\/p>\n<p>\u00danase a los montrealeses para celebrar juntos uno de los numerosos festivales.<\/p>\n<p>[\/et_pb_toggle][et_pb_toggle title=\u00bbPara saber m\u00e1s acerca del Barrio Latino\u00bb open_toggle_text_color=\u00bb#002495&#8243; open_toggle_background_color=\u00bb#ffffff\u00bb closed_toggle_text_color=\u00bb#002495&#8243; closed_toggle_background_color=\u00bb#ffffff\u00bb icon_color=\u00bb#002495&#8243; open_icon_color=\u00bb#002495&#8243; admin_label=\u00bbBascule Quartier Latin\u00bb _builder_version=\u00bb4.16&#8243; custom_margin=\u00bb0px|||\u00bb custom_padding=\u00bb20px|10px|20px|10px\u00bb border_color_all=\u00bb#ffffff\u00bb global_colors_info=\u00bb{}\u00bb]<\/p>\n<p>\nEl Barrio latino posee una cara intelectual y acad\u00e9mica, notablemente por la presencia de sus instituciones de ense\u00f1anza, bien sean los numerosos pabellones de la Universidad de Quebec en Montreal, el C\u00e9gep du Vieux Montr\u00e9al, as\u00ed como el\u00a0Instituto Nacional de la Imagen y el Sonido (INIS), adem\u00e1s de diversas instituciones culturales como el Th\u00e9\u00e2tre Saint-Denis, la\u00a0Cin\u00e9math\u00e8que qu\u00e9b\u00e9coise, la Maison Th\u00e9\u00e2tre y, la apertura m\u00e1s reciente, la Biblioteca de los Archivos nacionales de Quebec (BAnQ), en 2006.<\/p>\n<p>Accesible desde la estaci\u00f3n de metro Berri-UQAM, la m\u00e1s concurrida\u00a0de la red, el Barrio latino es ahora un animado campus estudiantil con sus numerosos caf\u00e9s, restaurantes y bares. Tambi\u00e9n cuenta con m\u00e1s de sesenta terrazas, algunas en la calle y otras m\u00e1s discretas, que merecen ser descubiertas. Cada a\u00f1o, el Barrio latino acoge un gran n\u00famero de festivales, incluyendo el <a href=\"https:\/\/montrealcompletementcirque.com\/fr\/\" target=\"_blank\" rel=\"noopener noreferrer\">Montr\u00e9al Compl\u00e8tement Cirque<\/a>, as\u00ed como el festival OUMF, que celebra el inicio del nuevo a\u00f1o acad\u00e9mico a principios de septiembre.<\/p>\n<p>[\/et_pb_toggle][\/et_pb_column][et_pb_column type=\u00bb1_2&#8243; _builder_version=\u00bb4.16&#8243; custom_padding=\u00bb|||\u00bb custom_padding_tablet=\u00bb\u00bb custom_padding_phone=\u00bb30px|20px|30px|20px\u00bb custom_padding_last_edited=\u00bbon|desktop\u00bb global_colors_info=\u00bb{}\u00bb custom_padding__hover=\u00bb|||\u00bb][et_pb_toggle title=\u00bbPara saber m\u00e1s acerca del Barrio de los espect\u00e1culos\u00bb open_toggle_text_color=\u00bb#002495&#8243; open_toggle_background_color=\u00bb#ffffff\u00bb closed_toggle_text_color=\u00bb#002495&#8243; closed_toggle_background_color=\u00bb#ffffff\u00bb icon_color=\u00bb#002495&#8243; open_icon_color=\u00bb#002495&#8243; admin_label=\u00bbBascule quartier des spectacles\u00bb _builder_version=\u00bb4.16&#8243; custom_margin=\u00bb||2px|\u00bb custom_padding=\u00bb20px|10px|20px|10px\u00bb border_color_all=\u00bb#ffffff\u00bb global_colors_info=\u00bb{}\u00bb]<\/p>\n<p>\nEl Barrio de los espect\u00e1culos est\u00e1 situado en pleno centro de Montreal. Es el coraz\u00f3n cultural de la metr\u00f3poli y el lugar de Norteam\u00e9rica donde encontramos la mayor y m\u00e1s diversa concentraci\u00f3n de espacios culturales.<\/p>\n<p>En todas las estaciones, de d\u00eda como de noche, montrealeses y visitantes acuden en gran n\u00famero, seducidos y fascinados por sus 80 lugares de difusi\u00f3n, sus 8 plazas p\u00fablicas animadas y sus no menos de 40 festivales. Descubra el\u00a0<a href=\"https:\/\/www.quartierdesspectacles.com\/fr\/decouvrir-le-quartier\/\" target=\"_blank\" rel=\"noopener noreferrer\">Barrio de los espect\u00e1culos.<\/a><\/p>\n<p>[\/et_pb_toggle][et_pb_toggle title=\u00bbPara saber m\u00e1s acerca del Puerto viejo\u00bb open_toggle_text_color=\u00bb#002495&#8243; open_toggle_background_color=\u00bb#ffffff\u00bb closed_toggle_text_color=\u00bb#002495&#8243; closed_toggle_background_color=\u00bb#ffffff\u00bb icon_color=\u00bb#002495&#8243; open_icon_color=\u00bb#002495&#8243; admin_label=\u00bbBascule Vieux Port\u00bb _builder_version=\u00bb4.16&#8243; custom_margin=\u00bb0px|||\u00bb custom_padding=\u00bb20px|10px|20px|10px\u00bb border_color_all=\u00bb#ffffff\u00bb global_colors_info=\u00bb{}\u00bb]<\/p>\n<p>\nSiempre hay algo cautivador en el Puerto viejo. Los grandes acontecimientos indispensables se suceden unos a otros, a cual m\u00e1s dispar. Adem\u00e1s, el Centro de ciencias de Montreal y la Playa del reloj son las figuras principales de las numerosas atracciones visitadas por miles de montrealeses, quebequenses y viajeros. Destaca notablemente el\u00a0<a href=\"https:\/\/www.centredessciencesdemontreal.com\/\" target=\"_blank\" rel=\"noopener noreferrer\">Centro de ciencias de Montreal<\/a>.<\/p>\n<p>[\/et_pb_toggle][\/et_pb_column][\/et_pb_row][et_pb_row use_custom_gutter=\u00bbon\u00bb gutter_width=\u00bb2&#8243; make_equal=\u00bbon\u00bb disabled_on=\u00bb|on|on\u00bb admin_label=\u00bbrow\u00bb _builder_version=\u00bb4.16&#8243; background_size=\u00bbinitial\u00bb background_position=\u00bbtop_left\u00bb background_repeat=\u00bbrepeat\u00bb max_width=\u00bb1080px\u00bb custom_padding=\u00bb|||\u00bb global_colors_info=\u00bb{}\u00bb][et_pb_column type=\u00bb4_4&#8243; _builder_version=\u00bb4.16&#8243; custom_padding=\u00bb|||\u00bb custom_padding_tablet=\u00bb\u00bb custom_padding_phone=\u00bb30px|20px|30px|20px\u00bb custom_padding_last_edited=\u00bbon|desktop\u00bb global_colors_info=\u00bb{}\u00bb custom_padding__hover=\u00bb|||\u00bb][et_pb_toggle title=\u00bbPara saber m\u00e1s acerca del centro urbano de Montreal\u00bb open_toggle_text_color=\u00bb#002495&#8243; open_toggle_background_color=\u00bb#ffffff\u00bb closed_toggle_text_color=\u00bb#002495&#8243; closed_toggle_background_color=\u00bb#ffffff\u00bb icon_color=\u00bb#002495&#8243; open_icon_color=\u00bb#002495&#8243; admin_label=\u00bbBascule centre-ville\u00bb _builder_version=\u00bb4.16&#8243; custom_margin=\u00bb||2px|\u00bb custom_padding=\u00bb20px|10px|20px|10px\u00bb border_color_all=\u00bb#ffffff\u00bb global_colors_info=\u00bb{}\u00bb]<\/p>\n<p>\nEl centro de la ciudad es un sector muy animado con una fuerte personalidad. Cuenta con los mejores museos y los rascacielos m\u00e1s altos de la provincia, grandes almacenes, centros comerciales, boutiques, restaurantes y el Centre Bell, sede del m\u00edtico equipo de hockey hielo los Canadiens de Montreal.<br \/>Nos gusta ir de compras, especialmente en las galer\u00edas subterr\u00e1neas y nos tomamos un descanso a la hora del c\u00f3ctel y un ba\u00f1o de sol en la terraza siempre que la estaci\u00f3n se preste a ello.<\/p>\n<p>Aqu\u00ed algunas de las actividades que puede realizar.<\/p>\n<p>Disfrute de una vista panor\u00e1mica de la ciudad, del r\u00edo y de la regi\u00f3n desde el observatorio de <a href=\"https:\/\/www.mtl.org\/fr\/quoi-faire\/patrimoine-et-architecture\/observatoire-pvm-montreal\" target=\"_blank\" rel=\"noopener noreferrer\">Place Ville Marie<\/a>.<\/p>\n<p>Vaya de compras en la calle <a href=\"https:\/\/www.mtl.org\/fr\/quoi-faire\/shopping\/rue-sainte-catherine\" target=\"_blank\" rel=\"noopener noreferrer\">Sainte-Catherine<\/a>, la arteria comercial m\u00e1s larga de Canad\u00e1.<br \/>Vea exposiciones en los <a href=\"https:\/\/www.mtl.org\/fr\/experience\/affiche-musee-beaux-arts-montreal\" target=\"_blank\" rel=\"noopener noreferrer\">grandes museos<\/a> montrealeses y compre en sus magn\u00edficas tiendas.<br \/>Descubra la inmensa\u00a0<a href=\"https:\/\/www.mtl.org\/fr\/quoi-faire\/patrimoine-et-architecture\/reseau-pietonnier-interieur\" target=\"_blank\" rel=\"noopener noreferrer\">ciudad subterr\u00e1nea<\/a>\u00a0en la vasta red peatonal interior.<\/p>\n<p>\u00danase a los montrealeses para celebrar juntos uno de los numerosos festivales.<\/p>\n<p>[\/et_pb_toggle][et_pb_toggle title=\u00bbPara saber m\u00e1s acerca del Barrio Latino\u00bb open_toggle_text_color=\u00bb#002495&#8243; open_toggle_background_color=\u00bb#ffffff\u00bb closed_toggle_text_color=\u00bb#002495&#8243; closed_toggle_background_color=\u00bb#ffffff\u00bb icon_color=\u00bb#002495&#8243; open_icon_color=\u00bb#002495&#8243; admin_label=\u00bbBascule Quartier Latin\u00bb _builder_version=\u00bb4.16&#8243; custom_margin=\u00bb0px|||\u00bb custom_padding=\u00bb20px|10px|20px|10px\u00bb border_color_all=\u00bb#ffffff\u00bb global_colors_info=\u00bb{}\u00bb]<\/p>\n<p>\nEl Barrio latino posee una cara intelectual y acad\u00e9mica, notablemente por la presencia de sus instituciones de ense\u00f1anza, bien sean los numerosos pabellones de la Universidad de Quebec en Montreal, el C\u00e9gep du Vieux Montr\u00e9al, as\u00ed como el\u00a0Instituto Nacional de la Imagen y el Sonido (INIS), adem\u00e1s de diversas instituciones culturales como el Th\u00e9\u00e2tre Saint-Denis, la\u00a0Cin\u00e9math\u00e8que qu\u00e9b\u00e9coise, la Maison Th\u00e9\u00e2tre y, la apertura m\u00e1s reciente, la Biblioteca de los Archivos nacionales de Quebec (BAnQ), en 2006.<\/p>\n<p>Accesible desde la estaci\u00f3n de metro Berri-UQAM, la m\u00e1s concurrida\u00a0de la red, el Barrio latino es ahora un animado campus estudiantil con sus numerosos caf\u00e9s, restaurantes y bares. Tambi\u00e9n cuenta con m\u00e1s de sesenta terrazas, algunas en la calle y otras m\u00e1s discretas, que merecen ser descubiertas. Cada a\u00f1o, el Barrio latino acoge un gran n\u00famero de festivales, incluyendo el <a href=\"https:\/\/montrealcompletementcirque.com\/fr\/\" target=\"_blank\" rel=\"noopener noreferrer\">Montr\u00e9al Compl\u00e8tement Cirque<\/a>, as\u00ed como el festival OUMF, que celebra el inicio del nuevo a\u00f1o acad\u00e9mico a principios de septiembre.<\/p>\n<p>[\/et_pb_toggle][et_pb_toggle title=\u00bbPara saber m\u00e1s acerca del Barrio de los espect\u00e1culos\u00bb open_toggle_text_color=\u00bb#002495&#8243; open_toggle_background_color=\u00bb#ffffff\u00bb closed_toggle_text_color=\u00bb#002495&#8243; closed_toggle_background_color=\u00bb#ffffff\u00bb icon_color=\u00bb#002495&#8243; open_icon_color=\u00bb#002495&#8243; admin_label=\u00bbBascule quartier des spectacles\u00bb _builder_version=\u00bb4.16&#8243; custom_margin=\u00bb||2px|\u00bb custom_padding=\u00bb20px|10px|20px|10px\u00bb border_color_all=\u00bb#ffffff\u00bb global_colors_info=\u00bb{}\u00bb]<\/p>\n<p>\nEl Barrio de los espect\u00e1culos est\u00e1 situado en pleno centro de Montreal. Es el coraz\u00f3n cultural de la metr\u00f3poli y el lugar de Norteam\u00e9rica donde encontramos la mayor y m\u00e1s diversa concentraci\u00f3n de espacios culturales.<\/p>\n<p>En todas las estaciones, de d\u00eda como de noche, montrealeses y visitantes acuden en gran n\u00famero, seducidos y fascinados por sus 80 lugares de difusi\u00f3n, sus 8 plazas p\u00fablicas animadas y sus no menos de 40 festivales. Descubra el\u00a0<a href=\"https:\/\/www.quartierdesspectacles.com\/fr\/decouvrir-le-quartier\/\" target=\"_blank\" rel=\"noopener noreferrer\">Barrio de los espect\u00e1culos.<\/a><\/p>\n<p>[\/et_pb_toggle][et_pb_toggle title=\u00bbPara saber m\u00e1s acerca del Puerto viejo\u00bb open_toggle_text_color=\u00bb#002495&#8243; open_toggle_background_color=\u00bb#ffffff\u00bb closed_toggle_text_color=\u00bb#002495&#8243; closed_toggle_background_color=\u00bb#ffffff\u00bb icon_color=\u00bb#002495&#8243; open_icon_color=\u00bb#002495&#8243; admin_label=\u00bbBascule Vieux Port\u00bb _builder_version=\u00bb4.16&#8243; custom_margin=\u00bb0px|||\u00bb custom_padding=\u00bb20px|10px|20px|10px\u00bb border_color_all=\u00bb#ffffff\u00bb global_colors_info=\u00bb{}\u00bb]<\/p>\n<p>\nSiempre hay algo cautivador en el Puerto viejo. Los grandes acontecimientos indispensables se suceden unos a otros, a cual m\u00e1s dispar. Adem\u00e1s, el Centro de ciencias de Montreal y la Playa del reloj son las figuras principales de las numerosas atracciones visitadas por miles de montrealeses, quebequenses y viajeros. Destaca notablemente el\u00a0<a href=\"https:\/\/www.centredessciencesdemontreal.com\/\" target=\"_blank\" rel=\"noopener noreferrer\">Centro de ciencias de Montreal<\/a>.<\/p>\n<p>[\/et_pb_toggle][\/et_pb_column][\/et_pb_row][\/et_pb_section][et_pb_section fb_built=\u00bb1&#8243; _builder_version=\u00bb4.16&#8243; background_color=\u00bbrgba(0,0,0,0.1)\u00bb custom_margin=\u00bb0px|0px|0px|0px\u00bb custom_padding=\u00bb0px|0px|0px|0px\u00bb global_colors_info=\u00bb{}\u00bb][et_pb_row use_custom_gutter=\u00bbon\u00bb gutter_width=\u00bb2&#8243; module_class=\u00bb et_pb_row_fullwidth et_pb_row_fullwidth et_pb_row_fullwidth et_pb_row_fullwidth et_pb_row_fullwidth et_pb_row_fullwidth et_pb_row_fullwidth et_pb_row_fullwidth et_pb_row_fullwidth et_pb_row_fullwidth et_pb_row_fullwidth et_pb_row_fullwidth\u00bb _builder_version=\u00bb4.16&#8243; width=\u00bb94%\u00bb width_tablet=\u00bb80%\u00bb width_phone=\u00bb\u00bb width_last_edited=\u00bbon|desktop\u00bb max_width=\u00bb94%\u00bb max_width_tablet=\u00bb80%\u00bb max_width_phone=\u00bb\u00bb max_width_last_edited=\u00bbon|desktop\u00bb make_fullwidth=\u00bbon\u00bb global_colors_info=\u00bb{}\u00bb][et_pb_column type=\u00bb4_4&#8243; _builder_version=\u00bb4.16&#8243; custom_padding=\u00bb|||\u00bb custom_padding_tablet=\u00bb\u00bb custom_padding_phone=\u00bb30px|20px|30px|20px\u00bb custom_padding_last_edited=\u00bbon|desktop\u00bb global_colors_info=\u00bb{}\u00bb custom_padding__hover=\u00bb|||\u00bb][et_pb_text admin_label=\u00bbtrip advisor\u00bb _builder_version=\u00bb4.16&#8243; global_colors_info=\u00bb{}\u00bb]<\/p>\n<p>\n<img loading=\"lazy\" decoding=\"async\" class=\"alignnone wp-image-1245 aligncenter\" src=\"https:\/\/aladresseducentreville.com\/wp-content\/uploads\/2019\/02\/logo-trip-advisor-2019-bleu.svg\" alt=\"\" width=\"243\" height=\"150\" \/><\/p>\n<p><img loading=\"lazy\" decoding=\"async\" class=\"size-full wp-image-1635 aligncenter\" src=\"https:\/\/aladresseducentreville.com\/wp-content\/uploads\/2019\/05\/cote-trip-advisor.png\" alt=\"\" width=\"287\" height=\"200\" \/><\/p>\n<p>[\/et_pb_text][\/et_pb_column][\/et_pb_row][et_pb_row column_structure=\u00bb1_2,1_2&#8243; custom_padding_last_edited=\u00bbon|tablet\u00bb _builder_version=\u00bb4.16&#8243; max_width=\u00bb1080px\u00bb custom_padding=\u00bb|5%||5%\u00bb custom_padding_tablet=\u00bb\u00bb custom_padding_phone=\u00bb\u00bb global_colors_info=\u00bb{}\u00bb][et_pb_column type=\u00bb1_2&#8243; _builder_version=\u00bb4.16&#8243; custom_padding=\u00bb|||\u00bb custom_padding_tablet=\u00bb\u00bb custom_padding_phone=\u00bb30px|20px|30px|20px\u00bb custom_padding_last_edited=\u00bbon|desktop\u00bb global_colors_info=\u00bb{}\u00bb custom_padding__hover=\u00bb|||\u00bb][et_pb_button button_url=\u00bbhttps:\/\/www.facebook.com\/pg\/Gite-Bed-Breakfast-aladresseducentreville-316469111548\/reviews\/?ref=page_internal\u00bb url_new_window=\u00bbon\u00bb button_text=\u00bbCONSULTE LAS OPINIONES EN FACEBOOK\u00bb button_alignment=\u00bbcenter\u00bb admin_label=\u00bbBouton VERS FACEBOOK\u00bb _builder_version=\u00bb4.16&#8243; custom_button=\u00bbon\u00bb button_text_color=\u00bb#ffffff\u00bb button_bg_color=\u00bb#002495&#8243; button_use_icon=\u00bboff\u00bb custom_padding=\u00bb10px|10px|10px|10px\u00bb global_colors_info=\u00bb{}\u00bb][\/et_pb_button][\/et_pb_column][et_pb_column type=\u00bb1_2&#8243; _builder_version=\u00bb4.16&#8243; custom_padding=\u00bb|||\u00bb custom_padding_tablet=\u00bb\u00bb custom_padding_phone=\u00bb30px|20px|30px|20px\u00bb custom_padding_last_edited=\u00bbon|desktop\u00bb global_colors_info=\u00bb{}\u00bb custom_padding__hover=\u00bb|||\u00bb][et_pb_button button_url=\u00bbhttps:\/\/fr.tripadvisor.ca\/Hotel_Review-g155032-d586681-Reviews-or5-A_l_Adresse_du_Centre_Ville-Montreal_Quebec.html#REVIEWS\u00bb url_new_window=\u00bbon\u00bb button_text=\u00bbCONSULTE LAS OPINIONES EN TRIPADVISOR\u00bb button_alignment=\u00bbcenter\u00bb admin_label=\u00bbBouton VERS TRIP ADVISOR\u00bb _builder_version=\u00bb4.16&#8243; custom_button=\u00bbon\u00bb button_text_color=\u00bb#ffffff\u00bb button_bg_color=\u00bb#002495&#8243; button_use_icon=\u00bboff\u00bb custom_padding=\u00bb10px|10px|10px|10px\u00bb global_colors_info=\u00bb{}\u00bb][\/et_pb_button][\/et_pb_column][\/et_pb_row][et_pb_row column_structure=\u00bb1_4,1_4,1_4,1_4&#8243; use_custom_gutter=\u00bbon\u00bb gutter_width=\u00bb2&#8243; module_class=\u00bb et_pb_row_fullwidth et_pb_row_fullwidth et_pb_row_fullwidth et_pb_row_fullwidth et_pb_row_fullwidth et_pb_row_fullwidth et_pb_row_fullwidth et_pb_row_fullwidth et_pb_row_fullwidth et_pb_row_fullwidth et_pb_row_fullwidth et_pb_row_fullwidth\u00bb _builder_version=\u00bb4.16&#8243; width=\u00bb94%\u00bb width_tablet=\u00bb80%\u00bb width_phone=\u00bb\u00bb width_last_edited=\u00bbon|desktop\u00bb max_width=\u00bb94%\u00bb max_width_tablet=\u00bb80%\u00bb max_width_phone=\u00bb\u00bb max_width_last_edited=\u00bbon|desktop\u00bb make_fullwidth=\u00bbon\u00bb global_colors_info=\u00bb{}\u00bb][et_pb_column type=\u00bb1_4&#8243; _builder_version=\u00bb4.16&#8243; custom_padding=\u00bb|||\u00bb global_colors_info=\u00bb{}\u00bb custom_padding__hover=\u00bb|||\u00bb][et_pb_testimonial author=\u00bbPascale B.\u00bb job_title=\u00bbBourgtheroulde-Infreville\u00bb company_name=\u00bbFrancia\u00bb url=\u00bbhttps:\/\/fr.tripadvisor.ca\/Hotel_Review-g155032-d586681-Reviews-or15-A_l_Adresse_du_Centre_Ville-Montreal_Quebec.html#REVIEWS\u00bb url_new_window=\u00bbon\u00bb portrait_url=\u00bbhttps:\/\/aladresseducentreville.com\/wp-content\/uploads\/2019\/05\/pascale-b.png\u00bb admin_label=\u00bbT\u00e9moignage 1&#8243; _builder_version=\u00bb4.16&#8243; link_option_url=\u00bbhttps:\/\/fr.tripadvisor.ca\/Hotel_Review-g155032-d586681-Reviews-or15-A_l_Adresse_du_Centre_Ville-Montreal_Quebec.html#REVIEWS\u00bb link_option_url_new_window=\u00bbon\u00bb border_width_all=\u00bb2px\u00bb border_color_all=\u00bb#002495&#8243; global_colors_info=\u00bb{}\u00bb]<\/p>\n<p>\n<strong>Ahora y siempre la mejor direcci\u00f3n en Montreal<\/strong><\/p>\n<p>Desde nuestra primera visita en el a\u00f1o 2000, hemos regresado regularmente sin nunca decepcionarnos. Esta vez alquilamos el apartamento para Navidad. Como \u00e9ramos siete, quer\u00edamos poder cocinar. Perfecto llegar del aeropuerto en autob\u00fas o en autom\u00f3vil y \u00a1luego se puede hacer todo a pie! En metro o en autob\u00fas si no eres muy caminante \ud83d\ude09<br \/>Bienvenida por Nathalie siempre con buenos consejos, bueno ya sab\u00edamos que no ten\u00eda desayuno el apartamento, una pena, pero nuestros almuerzos familiares fueron igual de buenos. S\u00faper bien instalados, pasamos una Navidad inolvidable all\u00ed. No dude, pensi\u00f3n o apartamento, es all\u00ed donde debe ir. Ya es hora de partir, pero con la sonrisa de Robert para despedirse. Ya volveremos. \u00a1No cambi\u00e9is nada!<\/p>\n<p>[\/et_pb_testimonial][\/et_pb_column][et_pb_column type=\u00bb1_4&#8243; _builder_version=\u00bb4.16&#8243; custom_padding=\u00bb|||\u00bb global_colors_info=\u00bb{}\u00bb custom_padding__hover=\u00bb|||\u00bb][et_pb_testimonial author=\u00bbCharlotte 4&#8243; job_title=\u00bbQuebec\u00bb company_name=\u00bbCanad\u00e1\u00bb url=\u00bbhttps:\/\/fr.tripadvisor.ca\/Hotel_Review-g155032-d586681-Reviews-or15-A_l_Adresse_du_Centre_Ville-Montreal_Quebec.html#REVIEWS\u00bb url_new_window=\u00bbon\u00bb portrait_url=\u00bbhttps:\/\/aladresseducentreville.com\/wp-content\/uploads\/2019\/05\/muraille-de-chine.jpg\u00bb admin_label=\u00bbT\u00e9moignage 2&#8243; _builder_version=\u00bb4.16&#8243; link_option_url=\u00bbhttps:\/\/fr.tripadvisor.ca\/Hotel_Review-g155032-d586681-Reviews-or15-A_l_Adresse_du_Centre_Ville-Montreal_Quebec.html#REVIEWS\u00bb link_option_url_new_window=\u00bbon\u00bb border_width_all=\u00bb2px\u00bb border_color_all=\u00bb#002495&#8243; border_color_all_portrait=\u00bb#0c71c3&#8243; global_colors_info=\u00bb{}\u00bb]<\/p>\n<p>\n<strong>Un hermoso encuentro<\/strong><\/p>\n<p>Nos quedamos 4 noches, Nathalie y Robert son unos anfitriones de una amabilidad ejemplar. Esta casa bonita, tranquila y acogedora est\u00e1 muy bien situada. La estaci\u00f3n de metro y de autobuses de Berri est\u00e1 a pocos pasos. Nathalie es una persona a la que hay que conocer, \u00a1qu\u00e9 amabilidad, qu\u00e9 personalidad! Sus desayunos son excelentes con mil aromas. Mermeladas originales y deliciosas. \u00a1Volver\u00e9, lo prometo! Gracias por estos hermosos momentos y este hermoso encuentro \ud83d\ude42<\/p>\n<p>[\/et_pb_testimonial][\/et_pb_column][et_pb_column type=\u00bb1_4&#8243; _builder_version=\u00bb4.16&#8243; custom_padding=\u00bb|||\u00bb global_colors_info=\u00bb{}\u00bb custom_padding__hover=\u00bb|||\u00bb][et_pb_testimonial author=\u00bbXavier P.\u00bb job_title=\u00bbPar\u00eds\u00bb company_name=\u00bbFrancia\u00bb url=\u00bbhttps:\/\/fr.tripadvisor.ca\/Hotel_Review-g155032-d586681-Reviews-or15-A_l_Adresse_du_Centre_Ville-Montreal_Quebec.html#REVIEWS\u00bb url_new_window=\u00bbon\u00bb portrait_url=\u00bbhttps:\/\/aladresseducentreville.com\/wp-content\/uploads\/2019\/05\/amarula.jpeg\u00bb admin_label=\u00bbT\u00e9moignage 3&#8243; _builder_version=\u00bb4.16&#8243; link_option_url=\u00bbhttps:\/\/fr.tripadvisor.ca\/Hotel_Review-g155032-d586681-Reviews-or15-A_l_Adresse_du_Centre_Ville-Montreal_Quebec.html#REVIEWS\u00bb link_option_url_new_window=\u00bbon\u00bb border_width_all=\u00bb2px\u00bb border_color_all=\u00bb#002495&#8243; border_color_all_portrait=\u00bb#0c71c3&#8243; global_colors_info=\u00bb{}\u00bb]<\/p>\n<p>\n<strong>Amabilidad y mermeladas<\/strong><\/p>\n<p>Una direcci\u00f3n muy bien situada, y anfitriones encantadores. Las habitaciones son coquetas y sobre todo los desayunos son excepcionales. Se pueden comprar las mermeladas que se sirven all\u00ed, hechas en casa por Nathalie, deliciosas y originales, nos ayudaron a soportar la vuelta a Francia.<\/p>\n<p>[\/et_pb_testimonial][\/et_pb_column][et_pb_column type=\u00bb1_4&#8243; _builder_version=\u00bb4.16&#8243; custom_padding=\u00bb|||\u00bb global_colors_info=\u00bb{}\u00bb custom_padding__hover=\u00bb|||\u00bb][et_pb_testimonial author=\u00bbSteffanie P.\u00bb company_name=\u00bbFrancia\u00bb url=\u00bbhttps:\/\/fr.tripadvisor.ca\/Hotel_Review-g155032-d586681-Reviews-or15-A_l_Adresse_du_Centre_Ville-Montreal_Quebec.html#REVIEWS\u00bb url_new_window=\u00bbon\u00bb portrait_url=\u00bbhttps:\/\/aladresseducentreville.com\/wp-content\/uploads\/2019\/05\/chaloupe.jpg\u00bb admin_label=\u00bbT\u00e9moignage 4&#8243; _builder_version=\u00bb4.16&#8243; link_option_url=\u00bbhttps:\/\/fr.tripadvisor.ca\/Hotel_Review-g155032-d586681-Reviews-or15-A_l_Adresse_du_Centre_Ville-Montreal_Quebec.html#REVIEWS\u00bb link_option_url_new_window=\u00bbon\u00bb border_width_all=\u00bb2px\u00bb border_color_all=\u00bb#002495&#8243; border_color_all_portrait=\u00bb#0c71c3&#8243; global_colors_info=\u00bb{}\u00bb]<\/p>\n<p>\n<strong>Como en casa de unos amigos<\/strong><\/p>\n<p>Llegamos a las 11 de la noche, la habitaci\u00f3n nos esperaba con una peque\u00f1a luz tenue&#8230; estamos all\u00ed&#8230; Conoc\u00ed esta pensi\u00f3n hace 16 a\u00f1os y me promet\u00ed que volver\u00eda cuando regresara a Montreal. Fue en familia con nuestras hijas de 4 y 6 a\u00f1os que pasamos por aqu\u00ed este verano. Por d\u00f3nde empezar, hay tantas cosas buenas que decir. En cuanto nos despertamos, nos encontramos con Nathalie como si nos hubi\u00e9ramos ido ayer. Llevaba m\u00e1s de una hora en la cocina, pero tiene una sonrisa maravillosa. Disfrutamos de una comida de tres platos. Un desayuno fresco, hermoso y delicioso. La habitaci\u00f3n es perfecta, espaciosa y climatizada. Cuarto de ba\u00f1o con ba\u00f1era, toallas cambiadas durante nuestra estancia de 3 noches. Los consejos de los anfitriones para las visitas y los trucos sobre Montreal fueron de un valor incalculable. Y en lugar de un restaurante por la noche con los ni\u00f1os cansados del d\u00eda, podemos tomar un aperitivo en la terraza y luego un picnic tranquilo. Siempre hay un peque\u00f1o rinc\u00f3n en la nevera para nosotros. Es hora de irse. Robert nos ayuda con el equipaje y todav\u00eda toma tiempo para nosotros. Gracias, gracias, gracias, gracias a los dos, gracias a su generosidad y a su dedicaci\u00f3n tuvimos una estancia maravillosa&#8230;.y nunca 2 sin 3, as\u00ed que prometimos que volveremos a casa de los amigos.<\/p>\n<p>[\/et_pb_testimonial][\/et_pb_column][\/et_pb_row][\/et_pb_section][et_pb_section fb_built=\u00bb1&#8243; admin_label=\u00bbsection\u00bb _builder_version=\u00bb4.16&#8243; background_color=\u00bbrgba(22,12,211,0.71)\u00bb background_image=\u00bbhttps:\/\/aladresseducentreville.com\/wp-content\/uploads\/2019\/02\/photo-Caroline-Roberge-bonaventure.jpg\u00bb background_blend=\u00bbmultiply\u00bb custom_margin=\u00bb||0px|\u00bb custom_padding=\u00bb40px||0px|\u00bb transparent_background=\u00bboff\u00bb global_colors_info=\u00bb{}\u00bb][et_pb_row column_structure=\u00bb1_2,1_2&#8243; module_class=\u00bb et_pb_row_fullwidth et_pb_row_fullwidth et_pb_row_fullwidth et_pb_row_fullwidth et_pb_row_fullwidth et_pb_row_fullwidth et_pb_row_fullwidth et_pb_row_fullwidth et_pb_row_fullwidth et_pb_row_fullwidth et_pb_row_fullwidth et_pb_row_fullwidth\u00bb _builder_version=\u00bb4.16&#8243; width=\u00bb89%\u00bb width_tablet=\u00bb80%\u00bb width_phone=\u00bb\u00bb width_last_edited=\u00bbon|desktop\u00bb max_width=\u00bb89%\u00bb max_width_tablet=\u00bb80%\u00bb max_width_phone=\u00bb\u00bb max_width_last_edited=\u00bbon|desktop\u00bb custom_margin=\u00bb||0px|\u00bb custom_padding=\u00bb0px|||\u00bb make_fullwidth=\u00bbon\u00bb global_colors_info=\u00bb{}\u00bb][et_pb_column type=\u00bb1_2&#8243; _builder_version=\u00bb4.16&#8243; custom_padding=\u00bb|||\u00bb custom_padding_tablet=\u00bb\u00bb custom_padding_phone=\u00bb30px|20px|30px|20px\u00bb custom_padding_last_edited=\u00bbon|desktop\u00bb global_colors_info=\u00bb{}\u00bb custom_padding__hover=\u00bb|||\u00bb][\/et_pb_column][et_pb_column type=\u00bb1_2&#8243; _builder_version=\u00bb4.16&#8243; custom_padding=\u00bb|||\u00bb custom_padding_tablet=\u00bb\u00bb custom_padding_phone=\u00bb30px|20px|30px|20px\u00bb custom_padding_last_edited=\u00bbon|desktop\u00bb global_colors_info=\u00bb{}\u00bb custom_padding__hover=\u00bb|||\u00bb][et_pb_text _builder_version=\u00bb4.16&#8243; text_font=\u00bbOswald|||on|\u00bb text_text_color=\u00bb#ffffff\u00bb text_font_size=\u00bb64px\u00bb text_line_height=\u00bb1.1em\u00bb background_size=\u00bbinitial\u00bb background_position=\u00bbtop_left\u00bb background_repeat=\u00bbrepeat\u00bb text_orientation=\u00bbcenter\u00bb background_layout=\u00bbdark\u00bb custom_padding=\u00bb0px|||\u00bb text_font_size_tablet=\u00bb55&#8243; text_font_size_phone=\u00bb30&#8243; text_font_size_last_edited=\u00bbon|phone\u00bb z_index_tablet=\u00bb500&#8243; custom_css_main_element=\u00bbfont-weight: 100;\u00bb text_text_shadow_horizontal_length_tablet=\u00bb0px\u00bb text_text_shadow_vertical_length_tablet=\u00bb0px\u00bb text_text_shadow_blur_strength_tablet=\u00bb1px\u00bb link_text_shadow_horizontal_length_tablet=\u00bb0px\u00bb link_text_shadow_vertical_length_tablet=\u00bb0px\u00bb link_text_shadow_blur_strength_tablet=\u00bb1px\u00bb ul_text_shadow_horizontal_length_tablet=\u00bb0px\u00bb ul_text_shadow_vertical_length_tablet=\u00bb0px\u00bb ul_text_shadow_blur_strength_tablet=\u00bb1px\u00bb ol_text_shadow_horizontal_length_tablet=\u00bb0px\u00bb ol_text_shadow_vertical_length_tablet=\u00bb0px\u00bb ol_text_shadow_blur_strength_tablet=\u00bb1px\u00bb quote_text_shadow_horizontal_length_tablet=\u00bb0px\u00bb quote_text_shadow_vertical_length_tablet=\u00bb0px\u00bb quote_text_shadow_blur_strength_tablet=\u00bb1px\u00bb header_text_shadow_horizontal_length_tablet=\u00bb0px\u00bb header_text_shadow_vertical_length_tablet=\u00bb0px\u00bb header_text_shadow_blur_strength_tablet=\u00bb1px\u00bb header_2_text_shadow_horizontal_length_tablet=\u00bb0px\u00bb header_2_text_shadow_vertical_length_tablet=\u00bb0px\u00bb header_2_text_shadow_blur_strength_tablet=\u00bb1px\u00bb header_3_text_shadow_horizontal_length_tablet=\u00bb0px\u00bb header_3_text_shadow_vertical_length_tablet=\u00bb0px\u00bb header_3_text_shadow_blur_strength_tablet=\u00bb1px\u00bb header_4_text_shadow_horizontal_length_tablet=\u00bb0px\u00bb header_4_text_shadow_vertical_length_tablet=\u00bb0px\u00bb header_4_text_shadow_blur_strength_tablet=\u00bb1px\u00bb header_5_text_shadow_horizontal_length_tablet=\u00bb0px\u00bb header_5_text_shadow_vertical_length_tablet=\u00bb0px\u00bb header_5_text_shadow_blur_strength_tablet=\u00bb1px\u00bb header_6_text_shadow_horizontal_length_tablet=\u00bb0px\u00bb header_6_text_shadow_vertical_length_tablet=\u00bb0px\u00bb header_6_text_shadow_blur_strength_tablet=\u00bb1px\u00bb box_shadow_horizontal_tablet=\u00bb0px\u00bb box_shadow_vertical_tablet=\u00bb0px\u00bb box_shadow_blur_tablet=\u00bb40px\u00bb box_shadow_spread_tablet=\u00bb0px\u00bb use_border_color=\u00bboff\u00bb border_style=\u00bbsolid\u00bb global_colors_info=\u00bb{}\u00bb]<\/p>\n<p>Llegar hasta\u00a0<strong>nuestra pensi\u00f3n<\/strong><\/p>\n<p>[\/et_pb_text][et_pb_blurb title=\u00bbDIRECCI\u00d3N\u00bb use_icon=\u00bbon\u00bb font_icon=\u00bb&#xe01d;||divi||400&#8243; icon_color=\u00bb#ffffff\u00bb image_icon_width=\u00bb36px\u00bb module_class=\u00bbblurb-scale\u00bb _builder_version=\u00bb4.16&#8243; header_text_color=\u00bb#ffffff\u00bb header_font_size=\u00bb36px\u00bb header_line_height=\u00bb1.1em\u00bb body_text_color=\u00bb#ffffff\u00bb body_font_size=\u00bb18px\u00bb body_line_height=\u00bb1.6em\u00bb background_size=\u00bbinitial\u00bb background_position=\u00bbtop_left\u00bb background_repeat=\u00bbrepeat\u00bb text_orientation=\u00bbcenter\u00bb background_layout=\u00bbdark\u00bb custom_padding=\u00bb30px|20px|30px|20px\u00bb header_font_size_tablet=\u00bb\u00bb header_font_size_phone=\u00bb26px\u00bb header_font_size_last_edited=\u00bbon|desktop\u00bb body_font_size_tablet=\u00bb\u00bb body_font_size_phone=\u00bb14px\u00bb body_font_size_last_edited=\u00bbon|desktop\u00bb custom_css_blurb_title=\u00bbpadding-bottom: 40px;\u00bb use_border_color=\u00bboff\u00bb border_color=\u00bb#ffffff\u00bb border_width=\u00bb3px\u00bb border_style=\u00bbsolid\u00bb icon_font_size=\u00bb36px\u00bb global_colors_info=\u00bb{}\u00bb]<\/p>\n<p>\n1673 rue Saint-Christophe<br \/>Montreal, Quebec, Canad\u00e1, H2L 3W7<\/p>\n<p>[\/et_pb_blurb][et_pb_blurb title=\u00bbTEL\u00c9FONO\u00bb use_icon=\u00bbon\u00bb font_icon=\u00bb&#xe00b;||divi||400&#8243; icon_color=\u00bb#ffffff\u00bb image_icon_width=\u00bb36px\u00bb image_icon_width_tablet=\u00bb\u00bb image_icon_width_phone=\u00bb\u00bb image_icon_width_last_edited=\u00bbon|desktop\u00bb module_class=\u00bbblurb-scale\u00bb _builder_version=\u00bb4.16&#8243; header_text_color=\u00bb#ffffff\u00bb header_font_size=\u00bb36px\u00bb header_line_height=\u00bb1.1em\u00bb body_text_color=\u00bb#ffffff\u00bb body_font_size=\u00bb18px\u00bb body_line_height=\u00bb1.6em\u00bb background_size=\u00bbinitial\u00bb background_position=\u00bbtop_left\u00bb background_repeat=\u00bbrepeat\u00bb text_orientation=\u00bbcenter\u00bb background_layout=\u00bbdark\u00bb custom_padding=\u00bb30px|20px|30px|20px\u00bb header_font_size_tablet=\u00bb\u00bb header_font_size_phone=\u00bb26px\u00bb header_font_size_last_edited=\u00bbon|desktop\u00bb body_font_size_tablet=\u00bb\u00bb body_font_size_phone=\u00bb14px\u00bb body_font_size_last_edited=\u00bbon|desktop\u00bb custom_css_blurb_title=\u00bbpadding-bottom: 20px;\u00bb use_border_color=\u00bboff\u00bb border_color=\u00bb#ffffff\u00bb border_width=\u00bb3px\u00bb border_style=\u00bbsolid\u00bb icon_font_size=\u00bb36px\u00bb icon_font_size_tablet=\u00bb\u00bb icon_font_size_phone=\u00bb\u00bb icon_font_size_last_edited=\u00bbon|desktop\u00bb global_colors_info=\u00bb{}\u00bb]<\/p>\n<p>\nTel\u00e9fono:\u00a0<span class=\"mlr__sub-text\" tabindex=\"0\">514-528-9516<\/span><br \/>N\u00famero gratuito:\u00a0<span class=\"mlr__sub-text\" tabindex=\"0\">1-866-528-9516<\/span><\/p>\n<p>[\/et_pb_blurb][et_pb_text _builder_version=\u00bb4.16&#8243; header_text_align=\u00bbcenter\u00bb header_text_color=\u00bb#ffffff\u00bb global_colors_info=\u00bb{}\u00bb]<\/p>\n<h1>Para llegar hasta la pensi\u00f3n \u00c0 l&#8217;Adresse du Centre-Ville&#8230;<\/h1>\n<p>[\/et_pb_text][et_pb_toggle title=\u00bbEn autom\u00f3vil o a pie\u00bb open_toggle_text_color=\u00bb#002495&#8243; open_toggle_background_color=\u00bb#ffffff\u00bb closed_toggle_text_color=\u00bb#002495&#8243; closed_toggle_background_color=\u00bb#ffffff\u00bb icon_color=\u00bb#002495&#8243; open_icon_color=\u00bb#002495&#8243; admin_label=\u00bbBascule Voiture\u00bb _builder_version=\u00bb4.16&#8243; title_text_color=\u00bb#000000&#8243; custom_margin=\u00bb0px||2px|\u00bb custom_padding=\u00bb20px|10px|20px|10px\u00bb z_index_tablet=\u00bb500&#8243; title_text_shadow_horizontal_length_tablet=\u00bb0px\u00bb title_text_shadow_vertical_length_tablet=\u00bb0px\u00bb title_text_shadow_blur_strength_tablet=\u00bb1px\u00bb closed_title_text_shadow_horizontal_length_tablet=\u00bb0px\u00bb closed_title_text_shadow_vertical_length_tablet=\u00bb0px\u00bb closed_title_text_shadow_blur_strength_tablet=\u00bb1px\u00bb body_text_shadow_horizontal_length_tablet=\u00bb0px\u00bb body_text_shadow_vertical_length_tablet=\u00bb0px\u00bb body_text_shadow_blur_strength_tablet=\u00bb1px\u00bb body_link_text_shadow_horizontal_length_tablet=\u00bb0px\u00bb body_link_text_shadow_vertical_length_tablet=\u00bb0px\u00bb body_link_text_shadow_blur_strength_tablet=\u00bb1px\u00bb body_ul_text_shadow_horizontal_length_tablet=\u00bb0px\u00bb body_ul_text_shadow_vertical_length_tablet=\u00bb0px\u00bb body_ul_text_shadow_blur_strength_tablet=\u00bb1px\u00bb body_ol_text_shadow_horizontal_length_tablet=\u00bb0px\u00bb body_ol_text_shadow_vertical_length_tablet=\u00bb0px\u00bb body_ol_text_shadow_blur_strength_tablet=\u00bb1px\u00bb body_quote_text_shadow_horizontal_length_tablet=\u00bb0px\u00bb body_quote_text_shadow_vertical_length_tablet=\u00bb0px\u00bb body_quote_text_shadow_blur_strength_tablet=\u00bb1px\u00bb border_color_all=\u00bb#ffffff\u00bb box_shadow_horizontal_tablet=\u00bb0px\u00bb box_shadow_vertical_tablet=\u00bb0px\u00bb box_shadow_blur_tablet=\u00bb40px\u00bb box_shadow_spread_tablet=\u00bb0px\u00bb text_shadow_horizontal_length_tablet=\u00bb0px\u00bb text_shadow_vertical_length_tablet=\u00bb0px\u00bb text_shadow_blur_strength_tablet=\u00bb1px\u00bb global_colors_info=\u00bb{}\u00bb]<\/p>\n<h1 style=\"text-align: center;\">Haga clic en el mapa para acceder a Google Maps<\/h1>\n<p><a href=\"https:\/\/www.google.com\/maps\/place\/1673+Rue+Saint-Christophe,+Montr%C3%A9al,+QC+H2L+3W7\/@45.5176038,-73.5621087,19z\/data=!4m5!3m4!1s0x4cc91bb3a3082d6d:0x224eb4fd93167f53!8m2!3d45.517446!4d-73.56165\"><img loading=\"lazy\" decoding=\"async\" class=\"aligncenter wp-image-1604 size-large\" src=\"https:\/\/aladresseducentreville.com\/wp-content\/uploads\/2019\/05\/carte-du-gite-1-1024x558.jpg\" alt=\"carte du gite\" width=\"1024\" height=\"558\" srcset=\"https:\/\/aladresseducentreville.com\/wp-content\/uploads\/2019\/05\/carte-du-gite-1-1024x558.jpg 1024w, https:\/\/aladresseducentreville.com\/wp-content\/uploads\/2019\/05\/carte-du-gite-1-300x164.jpg 300w, https:\/\/aladresseducentreville.com\/wp-content\/uploads\/2019\/05\/carte-du-gite-1-768x419.jpg 768w, https:\/\/aladresseducentreville.com\/wp-content\/uploads\/2019\/05\/carte-du-gite-1-1080x589.jpg 1080w, https:\/\/aladresseducentreville.com\/wp-content\/uploads\/2019\/05\/carte-du-gite-1.jpg 1247w\" sizes=\"(max-width: 1024px) 100vw, 1024px\" \/><\/a><\/p>\n<p>[\/et_pb_toggle][et_pb_toggle title=\u00bbUtilizando el transporte p\u00fablico\u00bb open_toggle_text_color=\u00bb#002495&#8243; open_toggle_background_color=\u00bb#ffffff\u00bb closed_toggle_text_color=\u00bb#002495&#8243; closed_toggle_background_color=\u00bb#ffffff\u00bb icon_color=\u00bb#002495&#8243; open_icon_color=\u00bb#002495&#8243; admin_label=\u00bbBascule transport en commun\u00bb _builder_version=\u00bb4.16&#8243; custom_margin=\u00bb0px|||\u00bb custom_padding=\u00bb20px|10px|20px|10px\u00bb border_color_all=\u00bb#ffffff\u00bb global_colors_info=\u00bb{}\u00bb]<\/p>\n<p>\nEstamos situados a pocos minutos a pie de la estaci\u00f3n de metro Berri-UQAM. Para conocer el itinerario que debe tomar desde su ubicaci\u00f3n, consulte con el sitio web de la Sociedad de transportes de Montreal\u00a0<a href=\"http:\/\/www.stm.info\/fr\" target=\"_blank\" rel=\"noopener noreferrer\">aqu\u00ed<\/a>.<\/p>\n<p>[\/et_pb_toggle][\/et_pb_column][\/et_pb_row][\/et_pb_section][et_pb_section fb_built=\u00bb1&#8243; _builder_version=\u00bb4.16&#8243; global_colors_info=\u00bb{}\u00bb][et_pb_row use_custom_gutter=\u00bbon\u00bb gutter_width=\u00bb1&#8243; module_class=\u00bbds-carousel et_pb_row_fullwidth et_pb_row_fullwidth et_pb_row_fullwidth et_pb_row_fullwidth et_pb_row_fullwidth et_pb_row_fullwidth et_pb_row_fullwidth et_pb_row_fullwidth et_pb_row_fullwidth et_pb_row_fullwidth et_pb_row_fullwidth et_pb_row_fullwidth et_pb_row_fullwidth et_pb_row_fullwidth\u00bb _builder_version=\u00bb4.16&#8243; width=\u00bb100%\u00bb width_tablet=\u00bb100%\u00bb width_phone=\u00bb\u00bb width_last_edited=\u00bbon|desktop\u00bb max_width=\u00bb100%\u00bb max_width_tablet=\u00bb100%\u00bb max_width_phone=\u00bb\u00bb max_width_last_edited=\u00bbon|desktop\u00bb make_fullwidth=\u00bbon\u00bb global_colors_info=\u00bb{}\u00bb][et_pb_column type=\u00bb4_4&#8243; _builder_version=\u00bb4.16&#8243; custom_padding=\u00bb|||\u00bb custom_padding_tablet=\u00bb\u00bb custom_padding_phone=\u00bb30px|20px|30px|20px\u00bb custom_padding_last_edited=\u00bbon|desktop\u00bb global_colors_info=\u00bb{}\u00bb custom_padding__hover=\u00bb|||\u00bb][et_pb_image src=\u00bbhttps:\/\/aladresseducentreville.com\/wp-content\/uploads\/2019\/01\/logo-place-des-arts-de-montreal.jpeg\u00bb alt=\u00bbPlaces des Arts de Montreal\u00bb url=\u00bbhttps:\/\/placedesarts.com\/fr\u00bb url_new_window=\u00bbon\u00bb align=\u00bbcenter\u00bb align_tablet=\u00bbcenter\u00bb align_phone=\u00bb\u00bb align_last_edited=\u00bbon|desktop\u00bb admin_label=\u00bbImage place des arts avec lien\u00bb _builder_version=\u00bb4.16&#8243; max_width=\u00bb54%\u00bb module_alignment=\u00bbcenter\u00bb custom_margin=\u00bb||0px|\u00bb custom_padding=\u00bb0px|30px|0px|30px\u00bb global_colors_info=\u00bb{}\u00bb][\/et_pb_image][et_pb_image src=\u00bbhttps:\/\/aladresseducentreville.com\/wp-content\/uploads\/2019\/03\/basilique-notre-dame-de-montreal.png\u00bb alt=\u00bbBas\u00edlica Notre-Dame de Montreal\u00bb url=\u00bbhttps:\/\/www.basiliquenotredame.ca\/fr\/\u00bb url_new_window=\u00bbon\u00bb align=\u00bbcenter\u00bb align_tablet=\u00bbcenter\u00bb align_phone=\u00bb\u00bb align_last_edited=\u00bbon|desktop\u00bb admin_label=\u00bbImage basilique\u00bb _builder_version=\u00bb4.16&#8243; module_alignment=\u00bbcenter\u00bb custom_margin=\u00bb||0px|\u00bb custom_padding=\u00bb0px|30px|0px|30px\u00bb global_colors_info=\u00bb{}\u00bb][\/et_pb_image][et_pb_image src=\u00bbhttps:\/\/aladresseducentreville.com\/wp-content\/uploads\/2019\/01\/logo-centre-eaton-de-montreal.jpg\u00bb alt=\u00bbCentre Eaton de Montreal\u00bb url=\u00bbhttps:\/\/www.centreeatondemontreal.com\/fr\/\u00bb url_new_window=\u00bbon\u00bb align=\u00bbcenter\u00bb align_tablet=\u00bbcenter\u00bb align_phone=\u00bb\u00bb align_last_edited=\u00bbon|desktop\u00bb admin_label=\u00bbImage Centre eaton\u00bb _builder_version=\u00bb4.16&#8243; max_width=\u00bb80%\u00bb module_alignment=\u00bbcenter\u00bb custom_margin=\u00bb||0px|\u00bb custom_padding=\u00bb0px|30px|0px|30px\u00bb global_colors_info=\u00bb{}\u00bb][\/et_pb_image][et_pb_image src=\u00bbhttps:\/\/aladresseducentreville.com\/wp-content\/uploads\/2019\/01\/montreal_en_lumiere-logo.jpg\u00bb alt=\u00bbFestival Montr\u00e9al en Lumi\u00e8re\u00bb url=\u00bbhttps:\/\/www.montrealenlumiere.com\/\u00bb url_new_window=\u00bbon\u00bb align=\u00bbcenter\u00bb align_tablet=\u00bbcenter\u00bb align_phone=\u00bb\u00bb align_last_edited=\u00bbon|desktop\u00bb admin_label=\u00bbImage MTL en lumi\u00e8re\u00bb _builder_version=\u00bb4.16&#8243; module_alignment=\u00bbcenter\u00bb custom_margin=\u00bb||0px|\u00bb custom_padding=\u00bb0px|30px|0px|30px\u00bb global_colors_info=\u00bb{}\u00bb][\/et_pb_image][et_pb_image src=\u00bbhttps:\/\/aladresseducentreville.com\/wp-content\/uploads\/2019\/01\/festival-de-jazz-de-montreal.png\u00bb alt=\u00bbFestival de jazz de Montreal\u00bb url=\u00bbhttps:\/\/www.montrealjazzfest.com\/\u00bb url_new_window=\u00bbon\u00bb align=\u00bbcenter\u00bb align_tablet=\u00bbcenter\u00bb align_phone=\u00bb\u00bb align_last_edited=\u00bbon|desktop\u00bb admin_label=\u00bbImage festival de jazz \u00bb _builder_version=\u00bb4.16&#8243; max_width=\u00bb55%\u00bb module_alignment=\u00bbcenter\u00bb custom_margin=\u00bb||0px|\u00bb custom_padding=\u00bb0px|30px|0px|30px\u00bb global_colors_info=\u00bb{}\u00bb][\/et_pb_image][et_pb_image src=\u00bbhttps:\/\/aladresseducentreville.com\/wp-content\/uploads\/2019\/01\/logo-vieux-port-de-montreal.png\u00bb alt=\u00bbPuerto viejo de Montreal\u00bb url=\u00bbhttps:\/\/www.societeduvieuxport.com\/la-societe-du-vieux-port\u00bb url_new_window=\u00bbon\u00bb align=\u00bbcenter\u00bb align_tablet=\u00bbcenter\u00bb align_phone=\u00bb\u00bb align_last_edited=\u00bbon|desktop\u00bb admin_label=\u00bbImage vieux port \u00bb _builder_version=\u00bb4.16&#8243; module_alignment=\u00bbcenter\u00bb custom_margin=\u00bb||0px|\u00bb custom_padding=\u00bb0px|30px|0px|30px\u00bb global_colors_info=\u00bb{}\u00bb][\/et_pb_image][et_pb_image src=\u00bbhttps:\/\/aladresseducentreville.com\/wp-content\/uploads\/2019\/01\/logo-quartier-latin-de-montreal.png\u00bb alt=\u00bbBarrio latino de Montreal\u00bb url=\u00bbhttp:\/\/www.quartierlatin.ca\/fr\u00bb url_new_window=\u00bbon\u00bb align=\u00bbcenter\u00bb align_tablet=\u00bbcenter\u00bb align_phone=\u00bb\u00bb align_last_edited=\u00bbon|desktop\u00bb admin_label=\u00bbImage quartier latin\u00bb _builder_version=\u00bb4.16&#8243; max_width=\u00bb85%\u00bb module_alignment=\u00bbcenter\u00bb custom_margin=\u00bb||0px|\u00bb custom_padding=\u00bb0px|30px|0px|30px\u00bb global_colors_info=\u00bb{}\u00bb][\/et_pb_image][et_pb_image src=\u00bbhttps:\/\/aladresseducentreville.com\/wp-content\/uploads\/2019\/01\/logo-quartier-des-spectacles.png\u00bb alt=\u00bbBarrio de los espect\u00e1culos de Montreal\u00bb url=\u00bbhttps:\/\/www.quartierdesspectacles.com\/fr\/\u00bb url_new_window=\u00bbon\u00bb align=\u00bbcenter\u00bb align_tablet=\u00bbcenter\u00bb align_phone=\u00bb\u00bb align_last_edited=\u00bbon|desktop\u00bb admin_label=\u00bbImage quartier des spectacles\u00bb _builder_version=\u00bb4.16&#8243; module_alignment=\u00bbcenter\u00bb custom_margin=\u00bb||0px|\u00bb custom_padding=\u00bb0px|30px|0px|30px\u00bb global_colors_info=\u00bb{}\u00bb][\/et_pb_image][et_pb_image src=\u00bbhttps:\/\/aladresseducentreville.com\/wp-content\/uploads\/2019\/01\/logo-place-des-arts-de-montreal.jpeg\u00bb alt=\u00bbPlaces des Arts de Montreal\u00bb url=\u00bbhttps:\/\/placedesarts.com\/fr\u00bb url_new_window=\u00bbon\u00bb align=\u00bbcenter\u00bb align_tablet=\u00bbcenter\u00bb align_phone=\u00bb\u00bb align_last_edited=\u00bbon|desktop\u00bb admin_label=\u00bbImage place des arts avec lien\u00bb _builder_version=\u00bb4.16&#8243; max_width=\u00bb55%\u00bb module_alignment=\u00bbcenter\u00bb custom_margin=\u00bb||0px|\u00bb custom_padding=\u00bb0px|30px|0px|30px\u00bb global_colors_info=\u00bb{}\u00bb][\/et_pb_image][et_pb_image src=\u00bbhttps:\/\/aladresseducentreville.com\/wp-content\/uploads\/2019\/03\/basilique-notre-dame-de-montreal.png\u00bb alt=\u00bbBas\u00edlica Notre-Dame de Montreal\u00bb url=\u00bbhttps:\/\/www.basiliquenotredame.ca\/fr\/\u00bb url_new_window=\u00bbon\u00bb align=\u00bbcenter\u00bb align_tablet=\u00bbcenter\u00bb align_phone=\u00bb\u00bb align_last_edited=\u00bbon|desktop\u00bb admin_label=\u00bbImage basilique\u00bb _builder_version=\u00bb4.16&#8243; module_alignment=\u00bbcenter\u00bb custom_margin=\u00bb||0px|\u00bb custom_padding=\u00bb0px|30px|0px|30px\u00bb global_colors_info=\u00bb{}\u00bb][\/et_pb_image][et_pb_image src=\u00bbhttps:\/\/aladresseducentreville.com\/wp-content\/uploads\/2019\/01\/logo-centre-eaton-de-montreal.jpg\u00bb alt=\u00bbCentre Eaton de Montreal\u00bb url=\u00bbhttps:\/\/www.centreeatondemontreal.com\/fr\/\u00bb url_new_window=\u00bbon\u00bb align=\u00bbcenter\u00bb align_tablet=\u00bbcenter\u00bb align_phone=\u00bb\u00bb align_last_edited=\u00bbon|desktop\u00bb admin_label=\u00bbImage Centre eaton\u00bb _builder_version=\u00bb4.16&#8243; max_width=\u00bb80%\u00bb module_alignment=\u00bbcenter\u00bb custom_margin=\u00bb||0px|\u00bb custom_padding=\u00bb0px|30px|0px|30px\u00bb global_colors_info=\u00bb{}\u00bb][\/et_pb_image][et_pb_image src=\u00bbhttps:\/\/aladresseducentreville.com\/wp-content\/uploads\/2019\/01\/montreal_en_lumiere-logo.jpg\u00bb alt=\u00bbFestival Montr\u00e9al en Lumi\u00e8re\u00bb url=\u00bbhttps:\/\/www.montrealenlumiere.com\/\u00bb url_new_window=\u00bbon\u00bb align=\u00bbcenter\u00bb align_tablet=\u00bbcenter\u00bb align_phone=\u00bb\u00bb align_last_edited=\u00bbon|desktop\u00bb admin_label=\u00bbImage MTL en lumi\u00e8re\u00bb _builder_version=\u00bb4.16&#8243; module_alignment=\u00bbcenter\u00bb custom_margin=\u00bb||0px|\u00bb custom_padding=\u00bb0px|30px|0px|30px\u00bb global_colors_info=\u00bb{}\u00bb][\/et_pb_image][et_pb_image src=\u00bbhttps:\/\/aladresseducentreville.com\/wp-content\/uploads\/2019\/01\/festival-de-jazz-de-montreal.png\u00bb alt=\u00bbFestival de jazz de Montreal\u00bb url=\u00bbhttps:\/\/www.montrealjazzfest.com\/\u00bb url_new_window=\u00bbon\u00bb align=\u00bbcenter\u00bb align_tablet=\u00bbcenter\u00bb align_phone=\u00bb\u00bb align_last_edited=\u00bbon|desktop\u00bb admin_label=\u00bbImage festival de jazz \u00bb _builder_version=\u00bb4.16&#8243; max_width=\u00bb55%\u00bb module_alignment=\u00bbcenter\u00bb custom_margin=\u00bb||0px|\u00bb custom_padding=\u00bb0px|30px|0px|30px\u00bb global_colors_info=\u00bb{}\u00bb][\/et_pb_image][et_pb_image src=\u00bbhttps:\/\/aladresseducentreville.com\/wp-content\/uploads\/2019\/01\/logo-vieux-port-de-montreal.png\u00bb alt=\u00bbPuerto viejo de Montreal\u00bb url=\u00bbhttps:\/\/www.societeduvieuxport.com\/la-societe-du-vieux-port\u00bb url_new_window=\u00bbon\u00bb align=\u00bbcenter\u00bb align_tablet=\u00bbcenter\u00bb align_phone=\u00bb\u00bb align_last_edited=\u00bbon|desktop\u00bb admin_label=\u00bbImage vieux port \u00bb _builder_version=\u00bb4.16&#8243; module_alignment=\u00bbcenter\u00bb custom_margin=\u00bb||0px|\u00bb custom_padding=\u00bb0px|30px|0px|30px\u00bb global_colors_info=\u00bb{}\u00bb][\/et_pb_image][et_pb_image src=\u00bbhttps:\/\/aladresseducentreville.com\/wp-content\/uploads\/2019\/01\/logo-quartier-latin-de-montreal.png\u00bb alt=\u00bbBarrio latino de Montreal\u00bb url=\u00bbhttp:\/\/www.quartierlatin.ca\/fr\u00bb url_new_window=\u00bbon\u00bb align=\u00bbcenter\u00bb align_tablet=\u00bbcenter\u00bb align_phone=\u00bb\u00bb align_last_edited=\u00bbon|desktop\u00bb admin_label=\u00bbImage quartier latin\u00bb _builder_version=\u00bb4.16&#8243; max_width=\u00bb85%\u00bb module_alignment=\u00bbcenter\u00bb custom_margin=\u00bb||0px|\u00bb custom_padding=\u00bb0px|30px|0px|30px\u00bb global_colors_info=\u00bb{}\u00bb][\/et_pb_image][et_pb_image src=\u00bbhttps:\/\/aladresseducentreville.com\/wp-content\/uploads\/2019\/01\/logo-quartier-des-spectacles.png\u00bb alt=\u00bbBarrio de los espect\u00e1culos de Montreal\u00bb url=\u00bbhttps:\/\/www.quartierdesspectacles.com\/fr\/\u00bb url_new_window=\u00bbon\u00bb align=\u00bbcenter\u00bb align_tablet=\u00bbcenter\u00bb align_phone=\u00bb\u00bb align_last_edited=\u00bbon|desktop\u00bb admin_label=\u00bbImage quartier des spectacles\u00bb _builder_version=\u00bb4.16&#8243; module_alignment=\u00bbcenter\u00bb custom_margin=\u00bb||0px|\u00bb custom_padding=\u00bb0px|30px|0px|30px\u00bb global_colors_info=\u00bb{}\u00bb][\/et_pb_image][\/et_pb_column][\/et_pb_row][\/et_pb_section][et_pb_section fb_built=\u00bb1&#8243; _builder_version=\u00bb4.16&#8243; background_color=\u00bb#ffffff\u00bb custom_margin=\u00bb0px|||\u00bb custom_padding=\u00bb0px|||\u00bb global_colors_info=\u00bb{}\u00bb][et_pb_row column_structure=\u00bb3_5,2_5&#8243; use_custom_gutter=\u00bbon\u00bb gutter_width=\u00bb2&#8243; make_equal=\u00bbon\u00bb admin_label=\u00bbrow\u00bb module_id=\u00bbcontact\u00bb module_class=\u00bb et_pb_row_fullwidth et_pb_row_fullwidth et_pb_row_fullwidth et_pb_row_fullwidth et_pb_row_fullwidth et_pb_row_fullwidth et_pb_row_fullwidth et_pb_row_fullwidth et_pb_row_fullwidth et_pb_row_fullwidth et_pb_row_fullwidth et_pb_row_fullwidth\u00bb _builder_version=\u00bb4.16&#8243; background_size=\u00bbinitial\u00bb background_position=\u00bbtop_left\u00bb background_repeat=\u00bbrepeat\u00bb width=\u00bb94%\u00bb width_tablet=\u00bb80%\u00bb width_phone=\u00bb\u00bb width_last_edited=\u00bbon|desktop\u00bb max_width=\u00bb94%\u00bb max_width_tablet=\u00bb80%\u00bb max_width_phone=\u00bb\u00bb max_width_last_edited=\u00bbon|desktop\u00bb custom_padding=\u00bb0px|||\u00bb make_fullwidth=\u00bbon\u00bb global_colors_info=\u00bb{}\u00bb][et_pb_column type=\u00bb3_5&#8243; _builder_version=\u00bb4.16&#8243; custom_padding=\u00bb|||\u00bb custom_padding_tablet=\u00bb\u00bb custom_padding_phone=\u00bb10px|10px|10px|10px\u00bb custom_padding_last_edited=\u00bbon|desktop\u00bb global_colors_info=\u00bb{}\u00bb custom_padding__hover=\u00bb|||\u00bb][et_pb_image src=\u00bbhttps:\/\/aladresseducentreville.com\/wp-content\/uploads\/2019\/05\/carte-adresse-du-centre-ville.svg\u00bb alt=\u00bbCentro urbano de Montreal\u00bb force_fullwidth=\u00bbon\u00bb align_tablet=\u00bbcenter\u00bb align_phone=\u00bb\u00bb align_last_edited=\u00bbon|desktop\u00bb admin_label=\u00bbImage carte g\u00e9ographique\u00bb _builder_version=\u00bb4.16&#8243; global_colors_info=\u00bb{}\u00bb]<\/p>\n<p>\n&nbsp;<\/p>\n<p>&nbsp;<\/p>\n<p>[\/et_pb_image][\/et_pb_column][et_pb_column type=\u00bb2_5&#8243; _builder_version=\u00bb4.16&#8243; custom_padding=\u00bb|||\u00bb custom_padding_tablet=\u00bb\u00bb custom_padding_phone=\u00bb|10px||10px\u00bb custom_padding_last_edited=\u00bbon|desktop\u00bb global_colors_info=\u00bb{}\u00bb custom_padding__hover=\u00bb|||\u00bb][et_pb_text admin_label=\u00bbtitre contactez-nous\u00bb _builder_version=\u00bb4.16&#8243; text_font=\u00bbOswald|||on|\u00bb text_text_color=\u00bb#3c3950&#8243; text_font_size=\u00bb64px\u00bb text_line_height=\u00bb1.1em\u00bb background_size=\u00bbinitial\u00bb background_position=\u00bbtop_left\u00bb background_repeat=\u00bbrepeat\u00bb text_orientation=\u00bbcenter\u00bb background_layout=\u00bbdark\u00bb custom_padding=\u00bb0px||30px|\u00bb text_font_size_tablet=\u00bb55&#8243; text_font_size_phone=\u00bb30&#8243; text_font_size_last_edited=\u00bbon|phone\u00bb z_index_tablet=\u00bb500&#8243; custom_css_main_element=\u00bbfont-weight: 100;\u00bb text_text_shadow_horizontal_length_tablet=\u00bb0px\u00bb text_text_shadow_vertical_length_tablet=\u00bb0px\u00bb text_text_shadow_blur_strength_tablet=\u00bb1px\u00bb link_text_shadow_horizontal_length_tablet=\u00bb0px\u00bb link_text_shadow_vertical_length_tablet=\u00bb0px\u00bb link_text_shadow_blur_strength_tablet=\u00bb1px\u00bb ul_text_shadow_horizontal_length_tablet=\u00bb0px\u00bb ul_text_shadow_vertical_length_tablet=\u00bb0px\u00bb ul_text_shadow_blur_strength_tablet=\u00bb1px\u00bb ol_text_shadow_horizontal_length_tablet=\u00bb0px\u00bb ol_text_shadow_vertical_length_tablet=\u00bb0px\u00bb ol_text_shadow_blur_strength_tablet=\u00bb1px\u00bb quote_text_shadow_horizontal_length_tablet=\u00bb0px\u00bb quote_text_shadow_vertical_length_tablet=\u00bb0px\u00bb quote_text_shadow_blur_strength_tablet=\u00bb1px\u00bb header_text_shadow_horizontal_length_tablet=\u00bb0px\u00bb header_text_shadow_vertical_length_tablet=\u00bb0px\u00bb header_text_shadow_blur_strength_tablet=\u00bb1px\u00bb header_2_text_shadow_horizontal_length_tablet=\u00bb0px\u00bb header_2_text_shadow_vertical_length_tablet=\u00bb0px\u00bb header_2_text_shadow_blur_strength_tablet=\u00bb1px\u00bb header_3_text_shadow_horizontal_length_tablet=\u00bb0px\u00bb header_3_text_shadow_vertical_length_tablet=\u00bb0px\u00bb header_3_text_shadow_blur_strength_tablet=\u00bb1px\u00bb header_4_text_shadow_horizontal_length_tablet=\u00bb0px\u00bb header_4_text_shadow_vertical_length_tablet=\u00bb0px\u00bb header_4_text_shadow_blur_strength_tablet=\u00bb1px\u00bb header_5_text_shadow_horizontal_length_tablet=\u00bb0px\u00bb header_5_text_shadow_vertical_length_tablet=\u00bb0px\u00bb header_5_text_shadow_blur_strength_tablet=\u00bb1px\u00bb header_6_text_shadow_horizontal_length_tablet=\u00bb0px\u00bb header_6_text_shadow_vertical_length_tablet=\u00bb0px\u00bb header_6_text_shadow_blur_strength_tablet=\u00bb1px\u00bb box_shadow_horizontal_tablet=\u00bb0px\u00bb box_shadow_vertical_tablet=\u00bb0px\u00bb box_shadow_blur_tablet=\u00bb40px\u00bb box_shadow_spread_tablet=\u00bb0px\u00bb use_border_color=\u00bboff\u00bb border_style=\u00bbsolid\u00bb global_colors_info=\u00bb{}\u00bb]<\/p>\n<p><strong>Cont\u00e1ctenos<\/strong><\/p>\n<p>[\/et_pb_text][et_pb_text admin_label=\u00bbformulaire de contact\u00bb _builder_version=\u00bb4.27.3&#8243; header_text_color=\u00bb#002495&#8243; hover_enabled=\u00bb0&#8243; z_index_tablet=\u00bb500&#8243; text_text_shadow_horizontal_length_tablet=\u00bb0px\u00bb text_text_shadow_vertical_length_tablet=\u00bb0px\u00bb text_text_shadow_blur_strength_tablet=\u00bb1px\u00bb link_text_shadow_horizontal_length_tablet=\u00bb0px\u00bb link_text_shadow_vertical_length_tablet=\u00bb0px\u00bb link_text_shadow_blur_strength_tablet=\u00bb1px\u00bb ul_text_shadow_horizontal_length_tablet=\u00bb0px\u00bb ul_text_shadow_vertical_length_tablet=\u00bb0px\u00bb ul_text_shadow_blur_strength_tablet=\u00bb1px\u00bb ol_text_shadow_horizontal_length_tablet=\u00bb0px\u00bb ol_text_shadow_vertical_length_tablet=\u00bb0px\u00bb ol_text_shadow_blur_strength_tablet=\u00bb1px\u00bb quote_text_shadow_horizontal_length_tablet=\u00bb0px\u00bb quote_text_shadow_vertical_length_tablet=\u00bb0px\u00bb quote_text_shadow_blur_strength_tablet=\u00bb1px\u00bb header_text_shadow_horizontal_length_tablet=\u00bb0px\u00bb header_text_shadow_vertical_length_tablet=\u00bb0px\u00bb header_text_shadow_blur_strength_tablet=\u00bb1px\u00bb header_2_text_shadow_horizontal_length_tablet=\u00bb0px\u00bb header_2_text_shadow_vertical_length_tablet=\u00bb0px\u00bb header_2_text_shadow_blur_strength_tablet=\u00bb1px\u00bb header_3_text_shadow_horizontal_length_tablet=\u00bb0px\u00bb header_3_text_shadow_vertical_length_tablet=\u00bb0px\u00bb header_3_text_shadow_blur_strength_tablet=\u00bb1px\u00bb header_4_text_shadow_horizontal_length_tablet=\u00bb0px\u00bb header_4_text_shadow_vertical_length_tablet=\u00bb0px\u00bb header_4_text_shadow_blur_strength_tablet=\u00bb1px\u00bb header_5_text_shadow_horizontal_length_tablet=\u00bb0px\u00bb header_5_text_shadow_vertical_length_tablet=\u00bb0px\u00bb header_5_text_shadow_blur_strength_tablet=\u00bb1px\u00bb header_6_text_shadow_horizontal_length_tablet=\u00bb0px\u00bb header_6_text_shadow_vertical_length_tablet=\u00bb0px\u00bb header_6_text_shadow_blur_strength_tablet=\u00bb1px\u00bb box_shadow_horizontal_tablet=\u00bb0px\u00bb box_shadow_vertical_tablet=\u00bb0px\u00bb box_shadow_blur_tablet=\u00bb40px\u00bb box_shadow_spread_tablet=\u00bb0px\u00bb global_colors_info=\u00bb{}\u00bb sticky_enabled=\u00bb0&#8243;][\/et_pb_text][\/et_pb_column][\/et_pb_row][\/et_pb_section]<\/p>\n","protected":false},"excerpt":{"rendered":"<p>C\u00f3modas habitaciones para hu\u00e9spedes en una pensi\u00f3n situada en pleno coraz\u00f3n del barrio de los espect\u00e1culos de Montreal &nbsp; &nbsp; la pensi\u00f3n Hermosa, festiva y colorida: la calle Saint-Christophe, a imagen de Montreal, era el lugar indicado para que en 1998 Nathalie y Robert lograsen hacer realidad el sue\u00f1o que compart\u00edan al adquirir su pensi\u00f3n, [&hellip;]<\/p>\n","protected":false},"author":1,"featured_media":0,"parent":0,"menu_order":0,"comment_status":"closed","ping_status":"closed","template":"","meta":{"_et_pb_use_builder":"on","_et_pb_old_content":"","_et_gb_content_width":"","inline_featured_image":false,"footnotes":""},"class_list":["post-1976","page","type-page","status-publish","hentry"],"yoast_head":"<!-- This site is optimized with the Yoast SEO plugin v27.5 - https:\/\/yoast.com\/product\/yoast-seo-wordpress\/ -->\n<title>Agradable y c\u00f3moda pensi\u00f3n en Montreal | G\u00eete Adresse du Centre-ville<\/title>\n<meta name=\"description\" content=\"Habitaciones espaciosas, acogedoras y agradables en la atm\u00f3sfera apacible, c\u00e1lida y familiar de una casa ancestral de Montreal.\" \/>\n<meta name=\"robots\" content=\"index, follow, max-snippet:-1, max-image-preview:large, max-video-preview:-1\" \/>\n<link rel=\"canonical\" href=\"https:\/\/aladresseducentreville.com\/es\/\" \/>\n<meta property=\"og:locale\" content=\"es_ES\" \/>\n<meta property=\"og:type\" content=\"article\" \/>\n<meta property=\"og:title\" content=\"Agradable y c\u00f3moda pensi\u00f3n en Montreal | G\u00eete Adresse du Centre-ville\" \/>\n<meta property=\"og:description\" content=\"Habitaciones espaciosas, acogedoras y agradables en la atm\u00f3sfera apacible, c\u00e1lida y familiar de una casa ancestral de Montreal.\" \/>\n<meta property=\"og:url\" content=\"https:\/\/aladresseducentreville.com\/es\/\" \/>\n<meta property=\"og:site_name\" content=\"G\u00eete Adresse du Centre-ville\" \/>\n<meta property=\"article:modified_time\" content=\"2024-11-25T18:17:57+00:00\" \/>\n<meta property=\"og:image\" content=\"https:\/\/aladresseducentreville.com\/wp-content\/uploads\/2019\/01\/logo-blanc.svg\" \/>\n<meta name=\"twitter:card\" content=\"summary_large_image\" \/>\n<meta name=\"twitter:label1\" content=\"Tiempo de lectura\" \/>\n\t<meta name=\"twitter:data1\" content=\"17 minutos\" \/>\n<script type=\"application\/ld+json\" class=\"yoast-schema-graph\">{\"@context\":\"https:\\\/\\\/schema.org\",\"@graph\":[{\"@type\":\"WebPage\",\"@id\":\"https:\\\/\\\/aladresseducentreville.com\\\/es\\\/\",\"url\":\"https:\\\/\\\/aladresseducentreville.com\\\/es\\\/\",\"name\":\"Agradable y c\u00f3moda pensi\u00f3n en Montreal | G\u00eete Adresse du Centre-ville\",\"isPartOf\":{\"@id\":\"https:\\\/\\\/aladresseducentreville.com\\\/es\\\/#website\"},\"primaryImageOfPage\":{\"@id\":\"https:\\\/\\\/aladresseducentreville.com\\\/es\\\/#primaryimage\"},\"image\":{\"@id\":\"https:\\\/\\\/aladresseducentreville.com\\\/es\\\/#primaryimage\"},\"thumbnailUrl\":\"https:\\\/\\\/aladresseducentreville.com\\\/wp-content\\\/uploads\\\/2019\\\/01\\\/logo-blanc.svg\",\"datePublished\":\"2019-07-25T01:30:21+00:00\",\"dateModified\":\"2024-11-25T18:17:57+00:00\",\"description\":\"Habitaciones espaciosas, acogedoras y agradables en la atm\u00f3sfera apacible, c\u00e1lida y familiar de una casa ancestral de Montreal.\",\"breadcrumb\":{\"@id\":\"https:\\\/\\\/aladresseducentreville.com\\\/es\\\/#breadcrumb\"},\"inLanguage\":\"es\",\"potentialAction\":[{\"@type\":\"ReadAction\",\"target\":[\"https:\\\/\\\/aladresseducentreville.com\\\/es\\\/\"]}]},{\"@type\":\"ImageObject\",\"inLanguage\":\"es\",\"@id\":\"https:\\\/\\\/aladresseducentreville.com\\\/es\\\/#primaryimage\",\"url\":\"https:\\\/\\\/aladresseducentreville.com\\\/wp-content\\\/uploads\\\/2019\\\/01\\\/logo-blanc.svg\",\"contentUrl\":\"https:\\\/\\\/aladresseducentreville.com\\\/wp-content\\\/uploads\\\/2019\\\/01\\\/logo-blanc.svg\"},{\"@type\":\"BreadcrumbList\",\"@id\":\"https:\\\/\\\/aladresseducentreville.com\\\/es\\\/#breadcrumb\",\"itemListElement\":[{\"@type\":\"ListItem\",\"position\":1,\"name\":\"Home\",\"item\":\"https:\\\/\\\/aladresseducentreville.com\\\/es\\\/\"},{\"@type\":\"ListItem\",\"position\":2,\"name\":\"Agradable y c\u00f3moda pensi\u00f3n en Montreal\"}]},{\"@type\":\"WebSite\",\"@id\":\"https:\\\/\\\/aladresseducentreville.com\\\/es\\\/#website\",\"url\":\"https:\\\/\\\/aladresseducentreville.com\\\/es\\\/\",\"name\":\"\u00c0 l'adresse du Centre-ville\",\"description\":\"Charmant G\u00eete B&amp;B situ\u00e9 \u00e0 Montr\u00e9al\",\"publisher\":{\"@id\":\"https:\\\/\\\/aladresseducentreville.com\\\/es\\\/#organization\"},\"potentialAction\":[{\"@type\":\"SearchAction\",\"target\":{\"@type\":\"EntryPoint\",\"urlTemplate\":\"https:\\\/\\\/aladresseducentreville.com\\\/es\\\/?s={search_term_string}\"},\"query-input\":{\"@type\":\"PropertyValueSpecification\",\"valueRequired\":true,\"valueName\":\"search_term_string\"}}],\"inLanguage\":\"es\"},{\"@type\":\"Organization\",\"@id\":\"https:\\\/\\\/aladresseducentreville.com\\\/es\\\/#organization\",\"name\":\"\u00c0 l'adresse du Centre-Ville\",\"url\":\"https:\\\/\\\/aladresseducentreville.com\\\/es\\\/\",\"logo\":{\"@type\":\"ImageObject\",\"inLanguage\":\"es\",\"@id\":\"https:\\\/\\\/aladresseducentreville.com\\\/es\\\/#\\\/schema\\\/logo\\\/image\\\/\",\"url\":\"https:\\\/\\\/aladresseducentreville.com\\\/wp-content\\\/uploads\\\/2019\\\/01\\\/logo-final-2.svg\",\"contentUrl\":\"https:\\\/\\\/aladresseducentreville.com\\\/wp-content\\\/uploads\\\/2019\\\/01\\\/logo-final-2.svg\",\"width\":1,\"height\":1,\"caption\":\"\u00c0 l'adresse du Centre-Ville\"},\"image\":{\"@id\":\"https:\\\/\\\/aladresseducentreville.com\\\/es\\\/#\\\/schema\\\/logo\\\/image\\\/\"}}]}<\/script>\n<!-- \/ Yoast SEO plugin. -->","yoast_head_json":{"title":"Agradable y c\u00f3moda pensi\u00f3n en Montreal | G\u00eete Adresse du Centre-ville","description":"Habitaciones espaciosas, acogedoras y agradables en la atm\u00f3sfera apacible, c\u00e1lida y familiar de una casa ancestral de Montreal.","robots":{"index":"index","follow":"follow","max-snippet":"max-snippet:-1","max-image-preview":"max-image-preview:large","max-video-preview":"max-video-preview:-1"},"canonical":"https:\/\/aladresseducentreville.com\/es\/","og_locale":"es_ES","og_type":"article","og_title":"Agradable y c\u00f3moda pensi\u00f3n en Montreal | G\u00eete Adresse du Centre-ville","og_description":"Habitaciones espaciosas, acogedoras y agradables en la atm\u00f3sfera apacible, c\u00e1lida y familiar de una casa ancestral de Montreal.","og_url":"https:\/\/aladresseducentreville.com\/es\/","og_site_name":"G\u00eete Adresse du Centre-ville","article_modified_time":"2024-11-25T18:17:57+00:00","og_image":[{"url":"https:\/\/aladresseducentreville.com\/wp-content\/uploads\/2019\/01\/logo-blanc.svg","type":"","width":"","height":""}],"twitter_card":"summary_large_image","twitter_misc":{"Tiempo de lectura":"17 minutos"},"schema":{"@context":"https:\/\/schema.org","@graph":[{"@type":"WebPage","@id":"https:\/\/aladresseducentreville.com\/es\/","url":"https:\/\/aladresseducentreville.com\/es\/","name":"Agradable y c\u00f3moda pensi\u00f3n en Montreal | G\u00eete Adresse du Centre-ville","isPartOf":{"@id":"https:\/\/aladresseducentreville.com\/es\/#website"},"primaryImageOfPage":{"@id":"https:\/\/aladresseducentreville.com\/es\/#primaryimage"},"image":{"@id":"https:\/\/aladresseducentreville.com\/es\/#primaryimage"},"thumbnailUrl":"https:\/\/aladresseducentreville.com\/wp-content\/uploads\/2019\/01\/logo-blanc.svg","datePublished":"2019-07-25T01:30:21+00:00","dateModified":"2024-11-25T18:17:57+00:00","description":"Habitaciones espaciosas, acogedoras y agradables en la atm\u00f3sfera apacible, c\u00e1lida y familiar de una casa ancestral de Montreal.","breadcrumb":{"@id":"https:\/\/aladresseducentreville.com\/es\/#breadcrumb"},"inLanguage":"es","potentialAction":[{"@type":"ReadAction","target":["https:\/\/aladresseducentreville.com\/es\/"]}]},{"@type":"ImageObject","inLanguage":"es","@id":"https:\/\/aladresseducentreville.com\/es\/#primaryimage","url":"https:\/\/aladresseducentreville.com\/wp-content\/uploads\/2019\/01\/logo-blanc.svg","contentUrl":"https:\/\/aladresseducentreville.com\/wp-content\/uploads\/2019\/01\/logo-blanc.svg"},{"@type":"BreadcrumbList","@id":"https:\/\/aladresseducentreville.com\/es\/#breadcrumb","itemListElement":[{"@type":"ListItem","position":1,"name":"Home","item":"https:\/\/aladresseducentreville.com\/es\/"},{"@type":"ListItem","position":2,"name":"Agradable y c\u00f3moda pensi\u00f3n en Montreal"}]},{"@type":"WebSite","@id":"https:\/\/aladresseducentreville.com\/es\/#website","url":"https:\/\/aladresseducentreville.com\/es\/","name":"\u00c0 l'adresse du Centre-ville","description":"Charmant G\u00eete B&amp;B situ\u00e9 \u00e0 Montr\u00e9al","publisher":{"@id":"https:\/\/aladresseducentreville.com\/es\/#organization"},"potentialAction":[{"@type":"SearchAction","target":{"@type":"EntryPoint","urlTemplate":"https:\/\/aladresseducentreville.com\/es\/?s={search_term_string}"},"query-input":{"@type":"PropertyValueSpecification","valueRequired":true,"valueName":"search_term_string"}}],"inLanguage":"es"},{"@type":"Organization","@id":"https:\/\/aladresseducentreville.com\/es\/#organization","name":"\u00c0 l'adresse du Centre-Ville","url":"https:\/\/aladresseducentreville.com\/es\/","logo":{"@type":"ImageObject","inLanguage":"es","@id":"https:\/\/aladresseducentreville.com\/es\/#\/schema\/logo\/image\/","url":"https:\/\/aladresseducentreville.com\/wp-content\/uploads\/2019\/01\/logo-final-2.svg","contentUrl":"https:\/\/aladresseducentreville.com\/wp-content\/uploads\/2019\/01\/logo-final-2.svg","width":1,"height":1,"caption":"\u00c0 l'adresse du Centre-Ville"},"image":{"@id":"https:\/\/aladresseducentreville.com\/es\/#\/schema\/logo\/image\/"}}]}},"_links":{"self":[{"href":"https:\/\/aladresseducentreville.com\/es\/wp-json\/wp\/v2\/pages\/1976","targetHints":{"allow":["GET"]}}],"collection":[{"href":"https:\/\/aladresseducentreville.com\/es\/wp-json\/wp\/v2\/pages"}],"about":[{"href":"https:\/\/aladresseducentreville.com\/es\/wp-json\/wp\/v2\/types\/page"}],"author":[{"embeddable":true,"href":"https:\/\/aladresseducentreville.com\/es\/wp-json\/wp\/v2\/users\/1"}],"replies":[{"embeddable":true,"href":"https:\/\/aladresseducentreville.com\/es\/wp-json\/wp\/v2\/comments?post=1976"}],"version-history":[{"count":0,"href":"https:\/\/aladresseducentreville.com\/es\/wp-json\/wp\/v2\/pages\/1976\/revisions"}],"wp:attachment":[{"href":"https:\/\/aladresseducentreville.com\/es\/wp-json\/wp\/v2\/media?parent=1976"}],"curies":[{"name":"wp","href":"https:\/\/api.w.org\/{rel}","templated":true}]}}